{"id":44956,"date":"2025-01-14T10:58:49","date_gmt":"2025-01-14T09:58:49","guid":{"rendered":"https:\/\/foretnature.be\/?post_type=resume-foret-mail&#038;p=44956"},"modified":"2025-01-15T11:37:55","modified_gmt":"2025-01-15T10:37:55","slug":"la-smcc-en-basque-et-hongrois","status":"publish","type":"resume-foret-mail","link":"https:\/\/foretnature.be\/en\/resume-foret-mail\/la-smcc-en-basque-et-hongrois\/","title":{"rendered":"Un outil de r\u00e9f\u00e9rence For\u00eat.Nature traduit en basque et hongrois"},"content":{"rendered":"<p>La brochure technique de pr\u00e9sentation de la SMCC en lien avec la circulaire Pro\u202fSilva du DNF (\u00ab\u202fLa sylviculture m\u00e9lang\u00e9e \u00e0 couvert continu en pratique. Exemple de la circulaire n\u00b0\u202f2718 du DNF en Wallonie\u202f\u00bb) n\u2019en finit pas d\u2019inspirer nos voisins europ\u00e9ens. Apr\u00e8s avoir \u00e9t\u00e9 traduite en anglais, en allemand et en n\u00e9erlandais, c\u2019est en hongrois et en basque qu\u2019elle voit le jour en ce d\u00e9but d\u2019ann\u00e9e 2025.<\/p>","protected":false},"excerpt":{"rendered":"<p>La brochure technique de pr\u00e9sentation de la SMCC en lien avec la circulaire Pro\u202fSilva du DNF (\u00ab\u202fLa sylviculture m\u00e9lang\u00e9e \u00e0 couvert continu en pratique. Exemple de la circulaire n\u00b0\u202f2718 du DNF en Wallonie\u202f\u00bb) n\u2019en finit pas d\u2019inspirer nos voisins europ\u00e9ens. Apr\u00e8s avoir \u00e9t\u00e9 traduite en anglais, en allemand et en n\u00e9erlandais, c\u2019est en hongrois et [&hellip;]<\/p>","protected":false},"featured_media":44957,"template":"","categories":[50],"acf":[],"yoast_head":"<!-- This site is optimized with the Yoast SEO plugin v23.2 - https:\/\/yoast.com\/wordpress\/plugins\/seo\/ -->\n<title>Un outil de r\u00e9f\u00e9rence For\u00eat.Nature traduit en basque et hongrois - For\u00eat.Nature<\/title>\n<meta name=\"robots\" content=\"index, follow, max-snippet:-1, max-image-preview:large, max-video-preview:-1\" \/>\n<link rel=\"canonical\" href=\"https:\/\/foretnature.be\/en\/resume-foret-mail\/la-smcc-en-basque-et-hongrois\/\" \/>\n<meta property=\"og:locale\" content=\"en_GB\" \/>\n<meta property=\"og:type\" content=\"article\" \/>\n<meta property=\"og:title\" content=\"Un outil de r\u00e9f\u00e9rence For\u00eat.Nature traduit en basque et hongrois - For\u00eat.Nature\" \/>\n<meta property=\"og:description\" content=\"La brochure technique de pr\u00e9sentation de la SMCC en lien avec la circulaire Pro\u202fSilva du DNF (\u00ab\u202fLa sylviculture m\u00e9lang\u00e9e \u00e0 couvert continu en pratique. Exemple de la circulaire n\u00b0\u202f2718 du DNF en Wallonie\u202f\u00bb) n\u2019en finit pas d\u2019inspirer nos voisins europ\u00e9ens. Apr\u00e8s avoir \u00e9t\u00e9 traduite en anglais, en allemand et en n\u00e9erlandais, c\u2019est en hongrois et [&hellip;]\" \/>\n<meta property=\"og:url\" content=\"https:\/\/foretnature.be\/en\/resume-foret-mail\/la-smcc-en-basque-et-hongrois\/\" \/>\n<meta property=\"og:site_name\" content=\"For\u00eat.Nature\" \/>\n<meta property=\"article:modified_time\" content=\"2025-01-15T10:37:55+00:00\" \/>\n<meta property=\"og:image\" content=\"https:\/\/foretnature.be\/wp-content\/uploads\/2025\/01\/Capture-decran-2025-01-14-a-10.50.38.png\" \/>\n\t<meta property=\"og:image:width\" content=\"1203\" \/>\n\t<meta property=\"og:image:height\" content=\"871\" \/>\n\t<meta property=\"og:image:type\" content=\"image\/png\" \/>\n<meta name=\"twitter:card\" content=\"summary_large_image\" \/>\n<meta name=\"twitter:label1\" content=\"Estimated reading time\" \/>\n\t<meta name=\"twitter:data1\" content=\"1 minute\" \/>\n<script type=\"application\/ld+json\" class=\"yoast-schema-graph\">{\"@context\":\"https:\/\/schema.org\",\"@graph\":[{\"@type\":\"WebPage\",\"@id\":\"https:\/\/foretnature.be\/en\/resume-foret-mail\/la-smcc-en-basque-et-hongrois\/\",\"url\":\"https:\/\/foretnature.be\/en\/resume-foret-mail\/la-smcc-en-basque-et-hongrois\/\",\"name\":\"Un outil de r\u00e9f\u00e9rence For\u00eat.Nature traduit en basque et hongrois - For\u00eat.Nature\",\"isPartOf\":{\"@id\":\"https:\/\/foretnature.be\/#website\"},\"primaryImageOfPage\":{\"@id\":\"https:\/\/foretnature.be\/en\/resume-foret-mail\/la-smcc-en-basque-et-hongrois\/#primaryimage\"},\"image\":{\"@id\":\"https:\/\/foretnature.be\/en\/resume-foret-mail\/la-smcc-en-basque-et-hongrois\/#primaryimage\"},\"thumbnailUrl\":\"https:\/\/foretnature.be\/wp-content\/uploads\/2025\/01\/Capture-decran-2025-01-14-a-10.50.38.png\",\"datePublished\":\"2025-01-14T09:58:49+00:00\",\"dateModified\":\"2025-01-15T10:37:55+00:00\",\"breadcrumb\":{\"@id\":\"https:\/\/foretnature.be\/en\/resume-foret-mail\/la-smcc-en-basque-et-hongrois\/#breadcrumb\"},\"inLanguage\":\"en-GB\",\"potentialAction\":[{\"@type\":\"ReadAction\",\"target\":[\"https:\/\/foretnature.be\/en\/resume-foret-mail\/la-smcc-en-basque-et-hongrois\/\"]}]},{\"@type\":\"ImageObject\",\"inLanguage\":\"en-GB\",\"@id\":\"https:\/\/foretnature.be\/en\/resume-foret-mail\/la-smcc-en-basque-et-hongrois\/#primaryimage\",\"url\":\"https:\/\/foretnature.be\/wp-content\/uploads\/2025\/01\/Capture-decran-2025-01-14-a-10.50.38.png\",\"contentUrl\":\"https:\/\/foretnature.be\/wp-content\/uploads\/2025\/01\/Capture-decran-2025-01-14-a-10.50.38.png\",\"width\":1203,\"height\":871},{\"@type\":\"BreadcrumbList\",\"@id\":\"https:\/\/foretnature.be\/en\/resume-foret-mail\/la-smcc-en-basque-et-hongrois\/#breadcrumb\",\"itemListElement\":[{\"@type\":\"ListItem\",\"position\":1,\"name\":\"Home\",\"item\":\"https:\/\/foretnature.be\/\"},{\"@type\":\"ListItem\",\"position\":2,\"name\":\"Un outil de r\u00e9f\u00e9rence For\u00eat.Nature traduit en basque et hongrois\"}]},{\"@type\":\"WebSite\",\"@id\":\"https:\/\/foretnature.be\/#website\",\"url\":\"https:\/\/foretnature.be\/\",\"name\":\"For\u00eat.Nature\",\"description\":\"Une \u00e9quipe technique au service de la for\u00eat\",\"publisher\":{\"@id\":\"https:\/\/foretnature.be\/#organization\"},\"potentialAction\":[{\"@type\":\"SearchAction\",\"target\":{\"@type\":\"EntryPoint\",\"urlTemplate\":\"https:\/\/foretnature.be\/?s={search_term_string}\"},\"query-input\":\"required name=search_term_string\"}],\"inLanguage\":\"en-GB\"},{\"@type\":\"Organization\",\"@id\":\"https:\/\/foretnature.be\/#organization\",\"name\":\"For\u00eat.Nature\",\"url\":\"https:\/\/foretnature.be\/\",\"logo\":{\"@type\":\"ImageObject\",\"inLanguage\":\"en-GB\",\"@id\":\"https:\/\/foretnature.be\/#\/schema\/logo\/image\/\",\"url\":\"https:\/\/foretnature.be\/wp-content\/uploads\/2021\/01\/logoFOblanc.png\",\"contentUrl\":\"https:\/\/foretnature.be\/wp-content\/uploads\/2021\/01\/logoFOblanc.png\",\"width\":300,\"height\":151,\"caption\":\"For\u00eat.Nature\"},\"image\":{\"@id\":\"https:\/\/foretnature.be\/#\/schema\/logo\/image\/\"}}]}<\/script>\n<!-- \/ Yoast SEO plugin. -->","yoast_head_json":{"title":"Un outil de r\u00e9f\u00e9rence For\u00eat.Nature traduit en basque et hongrois - For\u00eat.Nature","robots":{"index":"index","follow":"follow","max-snippet":"max-snippet:-1","max-image-preview":"max-image-preview:large","max-video-preview":"max-video-preview:-1"},"canonical":"https:\/\/foretnature.be\/en\/resume-foret-mail\/la-smcc-en-basque-et-hongrois\/","og_locale":"en_GB","og_type":"article","og_title":"Un outil de r\u00e9f\u00e9rence For\u00eat.Nature traduit en basque et hongrois - For\u00eat.Nature","og_description":"La brochure technique de pr\u00e9sentation de la SMCC en lien avec la circulaire Pro\u202fSilva du DNF (\u00ab\u202fLa sylviculture m\u00e9lang\u00e9e \u00e0 couvert continu en pratique. Exemple de la circulaire n\u00b0\u202f2718 du DNF en Wallonie\u202f\u00bb) n\u2019en finit pas d\u2019inspirer nos voisins europ\u00e9ens. Apr\u00e8s avoir \u00e9t\u00e9 traduite en anglais, en allemand et en n\u00e9erlandais, c\u2019est en hongrois et [&hellip;]","og_url":"https:\/\/foretnature.be\/en\/resume-foret-mail\/la-smcc-en-basque-et-hongrois\/","og_site_name":"For\u00eat.Nature","article_modified_time":"2025-01-15T10:37:55+00:00","og_image":[{"width":1203,"height":871,"url":"https:\/\/foretnature.be\/wp-content\/uploads\/2025\/01\/Capture-decran-2025-01-14-a-10.50.38.png","type":"image\/png"}],"twitter_card":"summary_large_image","twitter_misc":{"Estimated reading time":"1 minute"},"schema":{"@context":"https:\/\/schema.org","@graph":[{"@type":"WebPage","@id":"https:\/\/foretnature.be\/en\/resume-foret-mail\/la-smcc-en-basque-et-hongrois\/","url":"https:\/\/foretnature.be\/en\/resume-foret-mail\/la-smcc-en-basque-et-hongrois\/","name":"Un outil de r\u00e9f\u00e9rence For\u00eat.Nature traduit en basque et hongrois - For\u00eat.Nature","isPartOf":{"@id":"https:\/\/foretnature.be\/#website"},"primaryImageOfPage":{"@id":"https:\/\/foretnature.be\/en\/resume-foret-mail\/la-smcc-en-basque-et-hongrois\/#primaryimage"},"image":{"@id":"https:\/\/foretnature.be\/en\/resume-foret-mail\/la-smcc-en-basque-et-hongrois\/#primaryimage"},"thumbnailUrl":"https:\/\/foretnature.be\/wp-content\/uploads\/2025\/01\/Capture-decran-2025-01-14-a-10.50.38.png","datePublished":"2025-01-14T09:58:49+00:00","dateModified":"2025-01-15T10:37:55+00:00","breadcrumb":{"@id":"https:\/\/foretnature.be\/en\/resume-foret-mail\/la-smcc-en-basque-et-hongrois\/#breadcrumb"},"inLanguage":"en-GB","potentialAction":[{"@type":"ReadAction","target":["https:\/\/foretnature.be\/en\/resume-foret-mail\/la-smcc-en-basque-et-hongrois\/"]}]},{"@type":"ImageObject","inLanguage":"en-GB","@id":"https:\/\/foretnature.be\/en\/resume-foret-mail\/la-smcc-en-basque-et-hongrois\/#primaryimage","url":"https:\/\/foretnature.be\/wp-content\/uploads\/2025\/01\/Capture-decran-2025-01-14-a-10.50.38.png","contentUrl":"https:\/\/foretnature.be\/wp-content\/uploads\/2025\/01\/Capture-decran-2025-01-14-a-10.50.38.png","width":1203,"height":871},{"@type":"BreadcrumbList","@id":"https:\/\/foretnature.be\/en\/resume-foret-mail\/la-smcc-en-basque-et-hongrois\/#breadcrumb","itemListElement":[{"@type":"ListItem","position":1,"name":"Home","item":"https:\/\/foretnature.be\/"},{"@type":"ListItem","position":2,"name":"Un outil de r\u00e9f\u00e9rence For\u00eat.Nature traduit en basque et hongrois"}]},{"@type":"WebSite","@id":"https:\/\/foretnature.be\/#website","url":"https:\/\/foretnature.be\/","name":"For\u00eat.Nature","description":"Une \u00e9quipe technique au service de la for\u00eat","publisher":{"@id":"https:\/\/foretnature.be\/#organization"},"potentialAction":[{"@type":"SearchAction","target":{"@type":"EntryPoint","urlTemplate":"https:\/\/foretnature.be\/?s={search_term_string}"},"query-input":"required name=search_term_string"}],"inLanguage":"en-GB"},{"@type":"Organization","@id":"https:\/\/foretnature.be\/#organization","name":"For\u00eat.Nature","url":"https:\/\/foretnature.be\/","logo":{"@type":"ImageObject","inLanguage":"en-GB","@id":"https:\/\/foretnature.be\/#\/schema\/logo\/image\/","url":"https:\/\/foretnature.be\/wp-content\/uploads\/2021\/01\/logoFOblanc.png","contentUrl":"https:\/\/foretnature.be\/wp-content\/uploads\/2021\/01\/logoFOblanc.png","width":300,"height":151,"caption":"For\u00eat.Nature"},"image":{"@id":"https:\/\/foretnature.be\/#\/schema\/logo\/image\/"}}]}},"_links":{"self":[{"href":"https:\/\/foretnature.be\/en\/wp-json\/wp\/v2\/resume-foret-mail\/44956"}],"collection":[{"href":"https:\/\/foretnature.be\/en\/wp-json\/wp\/v2\/resume-foret-mail"}],"about":[{"href":"https:\/\/foretnature.be\/en\/wp-json\/wp\/v2\/types\/resume-foret-mail"}],"version-history":[{"count":2,"href":"https:\/\/foretnature.be\/en\/wp-json\/wp\/v2\/resume-foret-mail\/44956\/revisions"}],"predecessor-version":[{"id":44989,"href":"https:\/\/foretnature.be\/en\/wp-json\/wp\/v2\/resume-foret-mail\/44956\/revisions\/44989"}],"wp:featuredmedia":[{"embeddable":true,"href":"https:\/\/foretnature.be\/en\/wp-json\/wp\/v2\/media\/44957"}],"wp:attachment":[{"href":"https:\/\/foretnature.be\/en\/wp-json\/wp\/v2\/media?parent=44956"}],"wp:term":[{"taxonomy":"category","embeddable":true,"href":"https:\/\/foretnature.be\/en\/wp-json\/wp\/v2\/categories?post=44956"}],"curies":[{"name":"wp","href":"https:\/\/api.w.org\/{rel}","templated":true}]}}