{"id":44944,"date":"2025-01-14T10:45:20","date_gmt":"2025-01-14T09:45:20","guid":{"rendered":"https:\/\/foretnature.be\/?post_type=resume-foret-mail&#038;p=44944"},"modified":"2025-01-15T09:36:28","modified_gmt":"2025-01-15T08:36:28","slug":"la-smcc-dans-les-forets-boreales","status":"publish","type":"resume-foret-mail","link":"https:\/\/foretnature.be\/en\/resume-foret-mail\/la-smcc-dans-les-forets-boreales\/","title":{"rendered":"Le point sur la SMCC dans les for\u00eats bor\u00e9ales"},"content":{"rendered":"<p>Ce livre en acc\u00e8s libre compile les recherches r\u00e9centes sur la gestion en couvert continu des for\u00eats bor\u00e9ales, mettant en lumi\u00e8re ses opportunit\u00e9s et ses d\u00e9fis. Les experts abordent des th\u00e8mes vari\u00e9s : r\u00e9g\u00e9n\u00e9ration foresti\u00e8re, impacts g\u00e9n\u00e9tiques, production de bois, biodiversit\u00e9, cycle du carbone, \u00e9conomie, m\u00e9thodes de planification et attitudes des propri\u00e9taires forestiers.<\/p>\n<p>Face aux enjeux croissants de gestion durable des for\u00eats, cette m\u00e9thode innovante, en contraste avec la gestion classique en peuplements \u00e9quiennes, gagne en popularit\u00e9.<\/p>\n<p>Bien qu\u2019une synth\u00e8se compl\u00e8te reste \u00e0 venir, ce livre constitue une base essentielle pour les chercheurs, d\u00e9cideurs et gestionnaires forestiers souhaitant suivre les avanc\u00e9es dans ce domaine.<\/p>","protected":false},"excerpt":{"rendered":"<p>Ce livre en acc\u00e8s libre compile les recherches r\u00e9centes sur la gestion en couvert continu des for\u00eats bor\u00e9ales, mettant en lumi\u00e8re ses opportunit\u00e9s et ses d\u00e9fis. Les experts abordent des th\u00e8mes vari\u00e9s : r\u00e9g\u00e9n\u00e9ration foresti\u00e8re, impacts g\u00e9n\u00e9tiques, production de bois, biodiversit\u00e9, cycle du carbone, \u00e9conomie, m\u00e9thodes de planification et attitudes des propri\u00e9taires forestiers. Face aux [&hellip;]<\/p>","protected":false},"featured_media":44946,"template":"","categories":[50],"acf":[],"yoast_head":"<!-- This site is optimized with the Yoast SEO plugin v23.2 - https:\/\/yoast.com\/wordpress\/plugins\/seo\/ -->\n<title>Le point sur la SMCC dans les for\u00eats bor\u00e9ales - For\u00eat.Nature<\/title>\n<meta name=\"robots\" content=\"index, follow, max-snippet:-1, max-image-preview:large, max-video-preview:-1\" \/>\n<link rel=\"canonical\" href=\"https:\/\/foretnature.be\/en\/resume-foret-mail\/la-smcc-dans-les-forets-boreales\/\" \/>\n<meta property=\"og:locale\" content=\"en_GB\" \/>\n<meta property=\"og:type\" content=\"article\" \/>\n<meta property=\"og:title\" content=\"Le point sur la SMCC dans les for\u00eats bor\u00e9ales - For\u00eat.Nature\" \/>\n<meta property=\"og:description\" content=\"Ce livre en acc\u00e8s libre compile les recherches r\u00e9centes sur la gestion en couvert continu des for\u00eats bor\u00e9ales, mettant en lumi\u00e8re ses opportunit\u00e9s et ses d\u00e9fis. Les experts abordent des th\u00e8mes vari\u00e9s : r\u00e9g\u00e9n\u00e9ration foresti\u00e8re, impacts g\u00e9n\u00e9tiques, production de bois, biodiversit\u00e9, cycle du carbone, \u00e9conomie, m\u00e9thodes de planification et attitudes des propri\u00e9taires forestiers. Face aux [&hellip;]\" \/>\n<meta property=\"og:url\" content=\"https:\/\/foretnature.be\/en\/resume-foret-mail\/la-smcc-dans-les-forets-boreales\/\" \/>\n<meta property=\"og:site_name\" content=\"For\u00eat.Nature\" \/>\n<meta property=\"article:modified_time\" content=\"2025-01-15T08:36:28+00:00\" \/>\n<meta property=\"og:image\" content=\"https:\/\/foretnature.be\/wp-content\/uploads\/2025\/01\/2616.png\" \/>\n\t<meta property=\"og:image:width\" content=\"900\" \/>\n\t<meta property=\"og:image:height\" content=\"584\" \/>\n\t<meta property=\"og:image:type\" content=\"image\/png\" \/>\n<meta name=\"twitter:card\" content=\"summary_large_image\" \/>\n<meta name=\"twitter:label1\" content=\"Estimated reading time\" \/>\n\t<meta name=\"twitter:data1\" content=\"1 minute\" \/>\n<script type=\"application\/ld+json\" class=\"yoast-schema-graph\">{\"@context\":\"https:\/\/schema.org\",\"@graph\":[{\"@type\":\"WebPage\",\"@id\":\"https:\/\/foretnature.be\/en\/resume-foret-mail\/la-smcc-dans-les-forets-boreales\/\",\"url\":\"https:\/\/foretnature.be\/en\/resume-foret-mail\/la-smcc-dans-les-forets-boreales\/\",\"name\":\"Le point sur la SMCC dans les for\u00eats bor\u00e9ales - For\u00eat.Nature\",\"isPartOf\":{\"@id\":\"https:\/\/foretnature.be\/#website\"},\"primaryImageOfPage\":{\"@id\":\"https:\/\/foretnature.be\/en\/resume-foret-mail\/la-smcc-dans-les-forets-boreales\/#primaryimage\"},\"image\":{\"@id\":\"https:\/\/foretnature.be\/en\/resume-foret-mail\/la-smcc-dans-les-forets-boreales\/#primaryimage\"},\"thumbnailUrl\":\"https:\/\/foretnature.be\/wp-content\/uploads\/2025\/01\/2616.png\",\"datePublished\":\"2025-01-14T09:45:20+00:00\",\"dateModified\":\"2025-01-15T08:36:28+00:00\",\"breadcrumb\":{\"@id\":\"https:\/\/foretnature.be\/en\/resume-foret-mail\/la-smcc-dans-les-forets-boreales\/#breadcrumb\"},\"inLanguage\":\"en-GB\",\"potentialAction\":[{\"@type\":\"ReadAction\",\"target\":[\"https:\/\/foretnature.be\/en\/resume-foret-mail\/la-smcc-dans-les-forets-boreales\/\"]}]},{\"@type\":\"ImageObject\",\"inLanguage\":\"en-GB\",\"@id\":\"https:\/\/foretnature.be\/en\/resume-foret-mail\/la-smcc-dans-les-forets-boreales\/#primaryimage\",\"url\":\"https:\/\/foretnature.be\/wp-content\/uploads\/2025\/01\/2616.png\",\"contentUrl\":\"https:\/\/foretnature.be\/wp-content\/uploads\/2025\/01\/2616.png\",\"width\":900,\"height\":584},{\"@type\":\"BreadcrumbList\",\"@id\":\"https:\/\/foretnature.be\/en\/resume-foret-mail\/la-smcc-dans-les-forets-boreales\/#breadcrumb\",\"itemListElement\":[{\"@type\":\"ListItem\",\"position\":1,\"name\":\"Home\",\"item\":\"https:\/\/foretnature.be\/\"},{\"@type\":\"ListItem\",\"position\":2,\"name\":\"Le point sur la SMCC dans les for\u00eats bor\u00e9ales\"}]},{\"@type\":\"WebSite\",\"@id\":\"https:\/\/foretnature.be\/#website\",\"url\":\"https:\/\/foretnature.be\/\",\"name\":\"For\u00eat.Nature\",\"description\":\"Une \u00e9quipe technique au service de la for\u00eat\",\"publisher\":{\"@id\":\"https:\/\/foretnature.be\/#organization\"},\"potentialAction\":[{\"@type\":\"SearchAction\",\"target\":{\"@type\":\"EntryPoint\",\"urlTemplate\":\"https:\/\/foretnature.be\/?s={search_term_string}\"},\"query-input\":\"required name=search_term_string\"}],\"inLanguage\":\"en-GB\"},{\"@type\":\"Organization\",\"@id\":\"https:\/\/foretnature.be\/#organization\",\"name\":\"For\u00eat.Nature\",\"url\":\"https:\/\/foretnature.be\/\",\"logo\":{\"@type\":\"ImageObject\",\"inLanguage\":\"en-GB\",\"@id\":\"https:\/\/foretnature.be\/#\/schema\/logo\/image\/\",\"url\":\"https:\/\/foretnature.be\/wp-content\/uploads\/2021\/01\/logoFOblanc.png\",\"contentUrl\":\"https:\/\/foretnature.be\/wp-content\/uploads\/2021\/01\/logoFOblanc.png\",\"width\":300,\"height\":151,\"caption\":\"For\u00eat.Nature\"},\"image\":{\"@id\":\"https:\/\/foretnature.be\/#\/schema\/logo\/image\/\"}}]}<\/script>\n<!-- \/ Yoast SEO plugin. -->","yoast_head_json":{"title":"Le point sur la SMCC dans les for\u00eats bor\u00e9ales - For\u00eat.Nature","robots":{"index":"index","follow":"follow","max-snippet":"max-snippet:-1","max-image-preview":"max-image-preview:large","max-video-preview":"max-video-preview:-1"},"canonical":"https:\/\/foretnature.be\/en\/resume-foret-mail\/la-smcc-dans-les-forets-boreales\/","og_locale":"en_GB","og_type":"article","og_title":"Le point sur la SMCC dans les for\u00eats bor\u00e9ales - For\u00eat.Nature","og_description":"Ce livre en acc\u00e8s libre compile les recherches r\u00e9centes sur la gestion en couvert continu des for\u00eats bor\u00e9ales, mettant en lumi\u00e8re ses opportunit\u00e9s et ses d\u00e9fis. Les experts abordent des th\u00e8mes vari\u00e9s : r\u00e9g\u00e9n\u00e9ration foresti\u00e8re, impacts g\u00e9n\u00e9tiques, production de bois, biodiversit\u00e9, cycle du carbone, \u00e9conomie, m\u00e9thodes de planification et attitudes des propri\u00e9taires forestiers. Face aux [&hellip;]","og_url":"https:\/\/foretnature.be\/en\/resume-foret-mail\/la-smcc-dans-les-forets-boreales\/","og_site_name":"For\u00eat.Nature","article_modified_time":"2025-01-15T08:36:28+00:00","og_image":[{"width":900,"height":584,"url":"https:\/\/foretnature.be\/wp-content\/uploads\/2025\/01\/2616.png","type":"image\/png"}],"twitter_card":"summary_large_image","twitter_misc":{"Estimated reading time":"1 minute"},"schema":{"@context":"https:\/\/schema.org","@graph":[{"@type":"WebPage","@id":"https:\/\/foretnature.be\/en\/resume-foret-mail\/la-smcc-dans-les-forets-boreales\/","url":"https:\/\/foretnature.be\/en\/resume-foret-mail\/la-smcc-dans-les-forets-boreales\/","name":"Le point sur la SMCC dans les for\u00eats bor\u00e9ales - For\u00eat.Nature","isPartOf":{"@id":"https:\/\/foretnature.be\/#website"},"primaryImageOfPage":{"@id":"https:\/\/foretnature.be\/en\/resume-foret-mail\/la-smcc-dans-les-forets-boreales\/#primaryimage"},"image":{"@id":"https:\/\/foretnature.be\/en\/resume-foret-mail\/la-smcc-dans-les-forets-boreales\/#primaryimage"},"thumbnailUrl":"https:\/\/foretnature.be\/wp-content\/uploads\/2025\/01\/2616.png","datePublished":"2025-01-14T09:45:20+00:00","dateModified":"2025-01-15T08:36:28+00:00","breadcrumb":{"@id":"https:\/\/foretnature.be\/en\/resume-foret-mail\/la-smcc-dans-les-forets-boreales\/#breadcrumb"},"inLanguage":"en-GB","potentialAction":[{"@type":"ReadAction","target":["https:\/\/foretnature.be\/en\/resume-foret-mail\/la-smcc-dans-les-forets-boreales\/"]}]},{"@type":"ImageObject","inLanguage":"en-GB","@id":"https:\/\/foretnature.be\/en\/resume-foret-mail\/la-smcc-dans-les-forets-boreales\/#primaryimage","url":"https:\/\/foretnature.be\/wp-content\/uploads\/2025\/01\/2616.png","contentUrl":"https:\/\/foretnature.be\/wp-content\/uploads\/2025\/01\/2616.png","width":900,"height":584},{"@type":"BreadcrumbList","@id":"https:\/\/foretnature.be\/en\/resume-foret-mail\/la-smcc-dans-les-forets-boreales\/#breadcrumb","itemListElement":[{"@type":"ListItem","position":1,"name":"Home","item":"https:\/\/foretnature.be\/"},{"@type":"ListItem","position":2,"name":"Le point sur la SMCC dans les for\u00eats bor\u00e9ales"}]},{"@type":"WebSite","@id":"https:\/\/foretnature.be\/#website","url":"https:\/\/foretnature.be\/","name":"For\u00eat.Nature","description":"Une \u00e9quipe technique au service de la for\u00eat","publisher":{"@id":"https:\/\/foretnature.be\/#organization"},"potentialAction":[{"@type":"SearchAction","target":{"@type":"EntryPoint","urlTemplate":"https:\/\/foretnature.be\/?s={search_term_string}"},"query-input":"required name=search_term_string"}],"inLanguage":"en-GB"},{"@type":"Organization","@id":"https:\/\/foretnature.be\/#organization","name":"For\u00eat.Nature","url":"https:\/\/foretnature.be\/","logo":{"@type":"ImageObject","inLanguage":"en-GB","@id":"https:\/\/foretnature.be\/#\/schema\/logo\/image\/","url":"https:\/\/foretnature.be\/wp-content\/uploads\/2021\/01\/logoFOblanc.png","contentUrl":"https:\/\/foretnature.be\/wp-content\/uploads\/2021\/01\/logoFOblanc.png","width":300,"height":151,"caption":"For\u00eat.Nature"},"image":{"@id":"https:\/\/foretnature.be\/#\/schema\/logo\/image\/"}}]}},"_links":{"self":[{"href":"https:\/\/foretnature.be\/en\/wp-json\/wp\/v2\/resume-foret-mail\/44944"}],"collection":[{"href":"https:\/\/foretnature.be\/en\/wp-json\/wp\/v2\/resume-foret-mail"}],"about":[{"href":"https:\/\/foretnature.be\/en\/wp-json\/wp\/v2\/types\/resume-foret-mail"}],"version-history":[{"count":2,"href":"https:\/\/foretnature.be\/en\/wp-json\/wp\/v2\/resume-foret-mail\/44944\/revisions"}],"predecessor-version":[{"id":44978,"href":"https:\/\/foretnature.be\/en\/wp-json\/wp\/v2\/resume-foret-mail\/44944\/revisions\/44978"}],"wp:featuredmedia":[{"embeddable":true,"href":"https:\/\/foretnature.be\/en\/wp-json\/wp\/v2\/media\/44946"}],"wp:attachment":[{"href":"https:\/\/foretnature.be\/en\/wp-json\/wp\/v2\/media?parent=44944"}],"wp:term":[{"taxonomy":"category","embeddable":true,"href":"https:\/\/foretnature.be\/en\/wp-json\/wp\/v2\/categories?post=44944"}],"curies":[{"name":"wp","href":"https:\/\/api.w.org\/{rel}","templated":true}]}}