{"id":44574,"date":"2024-11-07T16:18:19","date_gmt":"2024-11-07T15:18:19","guid":{"rendered":"https:\/\/foretnature.be\/?post_type=resume-foret-mail&#038;p=44574"},"modified":"2024-11-07T16:18:19","modified_gmt":"2024-11-07T15:18:19","slug":"parlons-forets-et-meme-forets-melangees","status":"publish","type":"resume-foret-mail","link":"https:\/\/foretnature.be\/en\/resume-foret-mail\/parlons-forets-et-meme-forets-melangees\/","title":{"rendered":"\u00ab Parlons For\u00eats \u00bb et m\u00eame, for\u00eats m\u00e9lang\u00e9es !"},"content":{"rendered":"<p>Le CNPF Auvergne-Rh\u00f4ne-Alpes consacre le n\u00b0 28 de sa revue \u00ab Parlons For\u00eats \u00bb aux for\u00eats m\u00e9lang\u00e9es, \u00e0 travers un grand dossier rassemblant plusieurs t\u00e9moignages de propri\u00e9taires dans divers contextes. Les for\u00eats m\u00e9lang\u00e9es sont annonc\u00e9es comme une des cl\u00e9s pour la r\u00e9silience des \u00e9cosyst\u00e8mes forestiers, permettant de pr\u00e9server au mieux la disponibilit\u00e9 potentielle de la ressource bois.<\/p>\n<p>D\u00e8s la premi\u00e8re page d\u2019\u00e9ditorial, un point d\u2019attention important est \u00e9nonc\u00e9 : il ne s\u2019agit pas, comme on peut parfois l\u2019entendre, de simplement laisser faire la nature. \u00ab La fore\u0302t me\u0301lange\u0301e rele\u0300ve d\u2019une sylviculture de\u0301licate et exigeante. Elle n\u00e9cessite un diagnostic fin pour bien choisir et favoriser les bons me\u0301langes d\u2019espe\u0300ces, e\u0301ventuellement les enrichir, et intervenir de fac\u0327on approprie\u0301e. \u00bb<\/p>\n<p>Pour favoriser la diversification des peuplements, la r\u00e9g\u00e9n\u00e9ration naturelle est privil\u00e9gi\u00e9e et inscrite au c\u0153ur d\u2019une sylviculture m\u00e9lang\u00e9e \u00e0 couvert continu. \u00c0 travers des interviews de propri\u00e9taires, les int\u00e9r\u00eats, les contraintes et les points de vigilance de cette sylviculture sont abord\u00e9s. Les int\u00e9r\u00eats pointent une am\u00e9lioration de la r\u00e9silience, un gain de qualit\u00e9 des bois avec des essences secondaires gainant les arbres d\u2019avenir, une meilleure qualit\u00e9 de la r\u00e9g\u00e9n\u00e9ration et un \u00e9vitement de co\u00fbts de plantation. Plusieurs contraintes sont aussi identifi\u00e9es par les propri\u00e9taires, comme accepter de laisser sur pied des gros bois en tant que semenciers, la difficult\u00e9 d\u2019identifier les essences-objectifs ou le faible taux de pr\u00e9l\u00e8vement sur le volume lors des coupes. Le dossier aborde \u00e9galement d\u2019autres techniques pouvant intervenir dans la diversification des for\u00eats, telles les enrichissements ou les plantations.<\/p>","protected":false},"excerpt":{"rendered":"<p>Le CNPF Auvergne-Rh\u00f4ne-Alpes consacre le n\u00b0 28 de sa revue \u00ab Parlons For\u00eats \u00bb aux for\u00eats m\u00e9lang\u00e9es, \u00e0 travers un grand dossier rassemblant plusieurs t\u00e9moignages de propri\u00e9taires dans divers contextes. Les for\u00eats m\u00e9lang\u00e9es sont annonc\u00e9es comme une des cl\u00e9s pour la r\u00e9silience des \u00e9cosyst\u00e8mes forestiers, permettant de pr\u00e9server au mieux la disponibilit\u00e9 potentielle de la [&hellip;]<\/p>","protected":false},"featured_media":44553,"template":"","categories":[50],"acf":[],"yoast_head":"<!-- This site is optimized with the Yoast SEO plugin v23.2 - https:\/\/yoast.com\/wordpress\/plugins\/seo\/ -->\n<title>\u00ab Parlons For\u00eats \u00bb et m\u00eame, for\u00eats m\u00e9lang\u00e9es ! - For\u00eat.Nature<\/title>\n<meta name=\"robots\" content=\"index, follow, max-snippet:-1, max-image-preview:large, max-video-preview:-1\" \/>\n<link rel=\"canonical\" href=\"https:\/\/foretnature.be\/en\/resume-foret-mail\/parlons-forets-et-meme-forets-melangees\/\" \/>\n<meta property=\"og:locale\" content=\"en_GB\" \/>\n<meta property=\"og:type\" content=\"article\" \/>\n<meta property=\"og:title\" content=\"\u00ab Parlons For\u00eats \u00bb et m\u00eame, for\u00eats m\u00e9lang\u00e9es ! - For\u00eat.Nature\" \/>\n<meta property=\"og:description\" content=\"Le CNPF Auvergne-Rh\u00f4ne-Alpes consacre le n\u00b0 28 de sa revue \u00ab Parlons For\u00eats \u00bb aux for\u00eats m\u00e9lang\u00e9es, \u00e0 travers un grand dossier rassemblant plusieurs t\u00e9moignages de propri\u00e9taires dans divers contextes. Les for\u00eats m\u00e9lang\u00e9es sont annonc\u00e9es comme une des cl\u00e9s pour la r\u00e9silience des \u00e9cosyst\u00e8mes forestiers, permettant de pr\u00e9server au mieux la disponibilit\u00e9 potentielle de la [&hellip;]\" \/>\n<meta property=\"og:url\" content=\"https:\/\/foretnature.be\/en\/resume-foret-mail\/parlons-forets-et-meme-forets-melangees\/\" \/>\n<meta property=\"og:site_name\" content=\"For\u00eat.Nature\" \/>\n<meta property=\"og:image\" content=\"https:\/\/foretnature.be\/wp-content\/uploads\/2024\/11\/2604.jpeg\" \/>\n\t<meta property=\"og:image:width\" content=\"900\" \/>\n\t<meta property=\"og:image:height\" content=\"675\" \/>\n\t<meta property=\"og:image:type\" content=\"image\/jpeg\" \/>\n<meta name=\"twitter:card\" content=\"summary_large_image\" \/>\n<meta name=\"twitter:label1\" content=\"Estimated reading time\" \/>\n\t<meta name=\"twitter:data1\" content=\"2 minutes\" \/>\n<script type=\"application\/ld+json\" class=\"yoast-schema-graph\">{\"@context\":\"https:\/\/schema.org\",\"@graph\":[{\"@type\":\"WebPage\",\"@id\":\"https:\/\/foretnature.be\/en\/resume-foret-mail\/parlons-forets-et-meme-forets-melangees\/\",\"url\":\"https:\/\/foretnature.be\/en\/resume-foret-mail\/parlons-forets-et-meme-forets-melangees\/\",\"name\":\"\u00ab Parlons For\u00eats \u00bb et m\u00eame, for\u00eats m\u00e9lang\u00e9es ! - For\u00eat.Nature\",\"isPartOf\":{\"@id\":\"https:\/\/foretnature.be\/#website\"},\"primaryImageOfPage\":{\"@id\":\"https:\/\/foretnature.be\/en\/resume-foret-mail\/parlons-forets-et-meme-forets-melangees\/#primaryimage\"},\"image\":{\"@id\":\"https:\/\/foretnature.be\/en\/resume-foret-mail\/parlons-forets-et-meme-forets-melangees\/#primaryimage\"},\"thumbnailUrl\":\"https:\/\/foretnature.be\/wp-content\/uploads\/2024\/11\/2604.jpeg\",\"datePublished\":\"2024-11-07T15:18:19+00:00\",\"dateModified\":\"2024-11-07T15:18:19+00:00\",\"breadcrumb\":{\"@id\":\"https:\/\/foretnature.be\/en\/resume-foret-mail\/parlons-forets-et-meme-forets-melangees\/#breadcrumb\"},\"inLanguage\":\"en-GB\",\"potentialAction\":[{\"@type\":\"ReadAction\",\"target\":[\"https:\/\/foretnature.be\/en\/resume-foret-mail\/parlons-forets-et-meme-forets-melangees\/\"]}]},{\"@type\":\"ImageObject\",\"inLanguage\":\"en-GB\",\"@id\":\"https:\/\/foretnature.be\/en\/resume-foret-mail\/parlons-forets-et-meme-forets-melangees\/#primaryimage\",\"url\":\"https:\/\/foretnature.be\/wp-content\/uploads\/2024\/11\/2604.jpeg\",\"contentUrl\":\"https:\/\/foretnature.be\/wp-content\/uploads\/2024\/11\/2604.jpeg\",\"width\":900,\"height\":675},{\"@type\":\"BreadcrumbList\",\"@id\":\"https:\/\/foretnature.be\/en\/resume-foret-mail\/parlons-forets-et-meme-forets-melangees\/#breadcrumb\",\"itemListElement\":[{\"@type\":\"ListItem\",\"position\":1,\"name\":\"Home\",\"item\":\"https:\/\/foretnature.be\/\"},{\"@type\":\"ListItem\",\"position\":2,\"name\":\"\u00ab Parlons For\u00eats \u00bb et m\u00eame, for\u00eats m\u00e9lang\u00e9es !\"}]},{\"@type\":\"WebSite\",\"@id\":\"https:\/\/foretnature.be\/#website\",\"url\":\"https:\/\/foretnature.be\/\",\"name\":\"For\u00eat.Nature\",\"description\":\"Une \u00e9quipe technique au service de la for\u00eat\",\"publisher\":{\"@id\":\"https:\/\/foretnature.be\/#organization\"},\"potentialAction\":[{\"@type\":\"SearchAction\",\"target\":{\"@type\":\"EntryPoint\",\"urlTemplate\":\"https:\/\/foretnature.be\/?s={search_term_string}\"},\"query-input\":\"required name=search_term_string\"}],\"inLanguage\":\"en-GB\"},{\"@type\":\"Organization\",\"@id\":\"https:\/\/foretnature.be\/#organization\",\"name\":\"For\u00eat.Nature\",\"url\":\"https:\/\/foretnature.be\/\",\"logo\":{\"@type\":\"ImageObject\",\"inLanguage\":\"en-GB\",\"@id\":\"https:\/\/foretnature.be\/#\/schema\/logo\/image\/\",\"url\":\"https:\/\/foretnature.be\/wp-content\/uploads\/2021\/01\/logoFOblanc.png\",\"contentUrl\":\"https:\/\/foretnature.be\/wp-content\/uploads\/2021\/01\/logoFOblanc.png\",\"width\":300,\"height\":151,\"caption\":\"For\u00eat.Nature\"},\"image\":{\"@id\":\"https:\/\/foretnature.be\/#\/schema\/logo\/image\/\"}}]}<\/script>\n<!-- \/ Yoast SEO plugin. -->","yoast_head_json":{"title":"\u00ab Parlons For\u00eats \u00bb et m\u00eame, for\u00eats m\u00e9lang\u00e9es ! - For\u00eat.Nature","robots":{"index":"index","follow":"follow","max-snippet":"max-snippet:-1","max-image-preview":"max-image-preview:large","max-video-preview":"max-video-preview:-1"},"canonical":"https:\/\/foretnature.be\/en\/resume-foret-mail\/parlons-forets-et-meme-forets-melangees\/","og_locale":"en_GB","og_type":"article","og_title":"\u00ab Parlons For\u00eats \u00bb et m\u00eame, for\u00eats m\u00e9lang\u00e9es ! - For\u00eat.Nature","og_description":"Le CNPF Auvergne-Rh\u00f4ne-Alpes consacre le n\u00b0 28 de sa revue \u00ab Parlons For\u00eats \u00bb aux for\u00eats m\u00e9lang\u00e9es, \u00e0 travers un grand dossier rassemblant plusieurs t\u00e9moignages de propri\u00e9taires dans divers contextes. Les for\u00eats m\u00e9lang\u00e9es sont annonc\u00e9es comme une des cl\u00e9s pour la r\u00e9silience des \u00e9cosyst\u00e8mes forestiers, permettant de pr\u00e9server au mieux la disponibilit\u00e9 potentielle de la [&hellip;]","og_url":"https:\/\/foretnature.be\/en\/resume-foret-mail\/parlons-forets-et-meme-forets-melangees\/","og_site_name":"For\u00eat.Nature","og_image":[{"width":900,"height":675,"url":"https:\/\/foretnature.be\/wp-content\/uploads\/2024\/11\/2604.jpeg","type":"image\/jpeg"}],"twitter_card":"summary_large_image","twitter_misc":{"Estimated reading time":"2 minutes"},"schema":{"@context":"https:\/\/schema.org","@graph":[{"@type":"WebPage","@id":"https:\/\/foretnature.be\/en\/resume-foret-mail\/parlons-forets-et-meme-forets-melangees\/","url":"https:\/\/foretnature.be\/en\/resume-foret-mail\/parlons-forets-et-meme-forets-melangees\/","name":"\u00ab Parlons For\u00eats \u00bb et m\u00eame, for\u00eats m\u00e9lang\u00e9es ! - For\u00eat.Nature","isPartOf":{"@id":"https:\/\/foretnature.be\/#website"},"primaryImageOfPage":{"@id":"https:\/\/foretnature.be\/en\/resume-foret-mail\/parlons-forets-et-meme-forets-melangees\/#primaryimage"},"image":{"@id":"https:\/\/foretnature.be\/en\/resume-foret-mail\/parlons-forets-et-meme-forets-melangees\/#primaryimage"},"thumbnailUrl":"https:\/\/foretnature.be\/wp-content\/uploads\/2024\/11\/2604.jpeg","datePublished":"2024-11-07T15:18:19+00:00","dateModified":"2024-11-07T15:18:19+00:00","breadcrumb":{"@id":"https:\/\/foretnature.be\/en\/resume-foret-mail\/parlons-forets-et-meme-forets-melangees\/#breadcrumb"},"inLanguage":"en-GB","potentialAction":[{"@type":"ReadAction","target":["https:\/\/foretnature.be\/en\/resume-foret-mail\/parlons-forets-et-meme-forets-melangees\/"]}]},{"@type":"ImageObject","inLanguage":"en-GB","@id":"https:\/\/foretnature.be\/en\/resume-foret-mail\/parlons-forets-et-meme-forets-melangees\/#primaryimage","url":"https:\/\/foretnature.be\/wp-content\/uploads\/2024\/11\/2604.jpeg","contentUrl":"https:\/\/foretnature.be\/wp-content\/uploads\/2024\/11\/2604.jpeg","width":900,"height":675},{"@type":"BreadcrumbList","@id":"https:\/\/foretnature.be\/en\/resume-foret-mail\/parlons-forets-et-meme-forets-melangees\/#breadcrumb","itemListElement":[{"@type":"ListItem","position":1,"name":"Home","item":"https:\/\/foretnature.be\/"},{"@type":"ListItem","position":2,"name":"\u00ab Parlons For\u00eats \u00bb et m\u00eame, for\u00eats m\u00e9lang\u00e9es !"}]},{"@type":"WebSite","@id":"https:\/\/foretnature.be\/#website","url":"https:\/\/foretnature.be\/","name":"For\u00eat.Nature","description":"Une \u00e9quipe technique au service de la for\u00eat","publisher":{"@id":"https:\/\/foretnature.be\/#organization"},"potentialAction":[{"@type":"SearchAction","target":{"@type":"EntryPoint","urlTemplate":"https:\/\/foretnature.be\/?s={search_term_string}"},"query-input":"required name=search_term_string"}],"inLanguage":"en-GB"},{"@type":"Organization","@id":"https:\/\/foretnature.be\/#organization","name":"For\u00eat.Nature","url":"https:\/\/foretnature.be\/","logo":{"@type":"ImageObject","inLanguage":"en-GB","@id":"https:\/\/foretnature.be\/#\/schema\/logo\/image\/","url":"https:\/\/foretnature.be\/wp-content\/uploads\/2021\/01\/logoFOblanc.png","contentUrl":"https:\/\/foretnature.be\/wp-content\/uploads\/2021\/01\/logoFOblanc.png","width":300,"height":151,"caption":"For\u00eat.Nature"},"image":{"@id":"https:\/\/foretnature.be\/#\/schema\/logo\/image\/"}}]}},"_links":{"self":[{"href":"https:\/\/foretnature.be\/en\/wp-json\/wp\/v2\/resume-foret-mail\/44574"}],"collection":[{"href":"https:\/\/foretnature.be\/en\/wp-json\/wp\/v2\/resume-foret-mail"}],"about":[{"href":"https:\/\/foretnature.be\/en\/wp-json\/wp\/v2\/types\/resume-foret-mail"}],"version-history":[{"count":1,"href":"https:\/\/foretnature.be\/en\/wp-json\/wp\/v2\/resume-foret-mail\/44574\/revisions"}],"predecessor-version":[{"id":44575,"href":"https:\/\/foretnature.be\/en\/wp-json\/wp\/v2\/resume-foret-mail\/44574\/revisions\/44575"}],"wp:featuredmedia":[{"embeddable":true,"href":"https:\/\/foretnature.be\/en\/wp-json\/wp\/v2\/media\/44553"}],"wp:attachment":[{"href":"https:\/\/foretnature.be\/en\/wp-json\/wp\/v2\/media?parent=44574"}],"wp:term":[{"taxonomy":"category","embeddable":true,"href":"https:\/\/foretnature.be\/en\/wp-json\/wp\/v2\/categories?post=44574"}],"curies":[{"name":"wp","href":"https:\/\/api.w.org\/{rel}","templated":true}]}}