{"id":41335,"date":"2024-09-10T15:37:26","date_gmt":"2024-09-10T13:37:26","guid":{"rendered":"https:\/\/foretnature.be\/?post_type=resume-foret-mail&#038;p=41335"},"modified":"2024-09-12T09:50:21","modified_gmt":"2024-09-12T07:50:21","slug":"comment-percevons-nous-les-deperissements-forestiers","status":"publish","type":"resume-foret-mail","link":"https:\/\/foretnature.be\/en\/resume-foret-mail\/comment-percevons-nous-les-deperissements-forestiers\/","title":{"rendered":"Comment percevons-nous les d\u00e9p\u00e9rissements forestiers ?"},"content":{"rendered":"<p>Depuis de nombreuses ann\u00e9es, la d\u00e9gradation de la for\u00eat inqui\u00e8te le grand public. Les m\u00e9dias ont \u00e9galement tendance \u00e0 exacerber ces inqui\u00e9tudes et plus particuli\u00e8rement aupr\u00e8s des plus jeunes. Les titres de la presse se focalisant en effet davantage sur les effets \u00e0 court terme des d\u00e9p\u00e9rissements forestiers dans le but d\u2019\u00e9mouvoir le plus grand nombre.<\/p>\n<p>Une certaine \u00e9volution a tout de m\u00eame \u00e9t\u00e9 progressivement constat\u00e9e depuis les ann\u00e9es \u201880 : le langage m\u00e9dical utilis\u00e9 lors de cette p\u00e9riode a ainsi \u00e9t\u00e9 progressivement d\u00e9laiss\u00e9 pour un vocabulaire plus repr\u00e9sentatif de la communaut\u00e9 scientifique actuelle. Les journalistes utilisent dor\u00e9navant plus de supports et la localisation exacte du peuplement touch\u00e9 est souvent \u00e9voqu\u00e9e.<\/p>\n<p>L\u2019approche scientifique concernant les d\u00e9p\u00e9rissements forestiers a \u00e9galement \u00e9volu\u00e9 au fil du temps : l\u2019ensemble du socio-\u00e9cosyst\u00e8me est maintenant pris en consid\u00e9ration. Les scientifiques tentent d\u2019informer la soci\u00e9t\u00e9 sur les diff\u00e9rentes composantes de la sant\u00e9 de nos for\u00eats. En effet, int\u00e9grer l\u2019ensemble des acteurs impact\u00e9s dans les \u00e9changes permet une approche plus r\u00e9flexive et proactive face aux enjeux actuels.<\/p>\n<p>R\u00e9fl\u00e9chir ensemble et ouvrir le d\u00e9bat avec la communaut\u00e9 scientifique, m\u00e9diatique et politique nous permettra d\u2019\u00e9chapper \u00e0 cette \u00e9co-anxi\u00e9t\u00e9 grandissante et \u00e0 nous tourner vers une for\u00eat plus r\u00e9siliente face aux d\u00e9p\u00e9rissements \u00e0 venir.<\/p>","protected":false},"excerpt":{"rendered":"<p>Depuis de nombreuses ann\u00e9es, la d\u00e9gradation de la for\u00eat inqui\u00e8te le grand public. Les m\u00e9dias ont \u00e9galement tendance \u00e0 exacerber ces inqui\u00e9tudes et plus particuli\u00e8rement aupr\u00e8s des plus jeunes. Les titres de la presse se focalisant en effet davantage sur les effets \u00e0 court terme des d\u00e9p\u00e9rissements forestiers dans le but d\u2019\u00e9mouvoir le plus grand [&hellip;]<\/p>","protected":false},"featured_media":41353,"template":"","categories":[50],"acf":[],"yoast_head":"<!-- This site is optimized with the Yoast SEO plugin v23.2 - https:\/\/yoast.com\/wordpress\/plugins\/seo\/ -->\n<title>Comment percevons-nous les d\u00e9p\u00e9rissements forestiers ? - For\u00eat.Nature<\/title>\n<meta name=\"robots\" content=\"index, follow, max-snippet:-1, max-image-preview:large, max-video-preview:-1\" \/>\n<link rel=\"canonical\" href=\"https:\/\/foretnature.be\/en\/resume-foret-mail\/comment-percevons-nous-les-deperissements-forestiers\/\" \/>\n<meta property=\"og:locale\" content=\"en_GB\" \/>\n<meta property=\"og:type\" content=\"article\" \/>\n<meta property=\"og:title\" content=\"Comment percevons-nous les d\u00e9p\u00e9rissements forestiers ? - For\u00eat.Nature\" \/>\n<meta property=\"og:description\" content=\"Depuis de nombreuses ann\u00e9es, la d\u00e9gradation de la for\u00eat inqui\u00e8te le grand public. Les m\u00e9dias ont \u00e9galement tendance \u00e0 exacerber ces inqui\u00e9tudes et plus particuli\u00e8rement aupr\u00e8s des plus jeunes. Les titres de la presse se focalisant en effet davantage sur les effets \u00e0 court terme des d\u00e9p\u00e9rissements forestiers dans le but d\u2019\u00e9mouvoir le plus grand [&hellip;]\" \/>\n<meta property=\"og:url\" content=\"https:\/\/foretnature.be\/en\/resume-foret-mail\/comment-percevons-nous-les-deperissements-forestiers\/\" \/>\n<meta property=\"og:site_name\" content=\"For\u00eat.Nature\" \/>\n<meta property=\"article:modified_time\" content=\"2024-09-12T07:50:21+00:00\" \/>\n<meta property=\"og:image\" content=\"https:\/\/foretnature.be\/wp-content\/uploads\/2024\/09\/AdobeStock_294018956.jpeg\" \/>\n\t<meta property=\"og:image:width\" content=\"900\" \/>\n\t<meta property=\"og:image:height\" content=\"600\" \/>\n\t<meta property=\"og:image:type\" content=\"image\/jpeg\" \/>\n<meta name=\"twitter:card\" content=\"summary_large_image\" \/>\n<meta name=\"twitter:label1\" content=\"Estimated reading time\" \/>\n\t<meta name=\"twitter:data1\" content=\"2 minutes\" \/>\n<script type=\"application\/ld+json\" class=\"yoast-schema-graph\">{\"@context\":\"https:\/\/schema.org\",\"@graph\":[{\"@type\":\"WebPage\",\"@id\":\"https:\/\/foretnature.be\/en\/resume-foret-mail\/comment-percevons-nous-les-deperissements-forestiers\/\",\"url\":\"https:\/\/foretnature.be\/en\/resume-foret-mail\/comment-percevons-nous-les-deperissements-forestiers\/\",\"name\":\"Comment percevons-nous les d\u00e9p\u00e9rissements forestiers ? - For\u00eat.Nature\",\"isPartOf\":{\"@id\":\"https:\/\/foretnature.be\/en\/#website\"},\"primaryImageOfPage\":{\"@id\":\"https:\/\/foretnature.be\/en\/resume-foret-mail\/comment-percevons-nous-les-deperissements-forestiers\/#primaryimage\"},\"image\":{\"@id\":\"https:\/\/foretnature.be\/en\/resume-foret-mail\/comment-percevons-nous-les-deperissements-forestiers\/#primaryimage\"},\"thumbnailUrl\":\"https:\/\/foretnature.be\/wp-content\/uploads\/2024\/09\/AdobeStock_294018956.jpeg\",\"datePublished\":\"2024-09-10T13:37:26+00:00\",\"dateModified\":\"2024-09-12T07:50:21+00:00\",\"breadcrumb\":{\"@id\":\"https:\/\/foretnature.be\/en\/resume-foret-mail\/comment-percevons-nous-les-deperissements-forestiers\/#breadcrumb\"},\"inLanguage\":\"en-GB\",\"potentialAction\":[{\"@type\":\"ReadAction\",\"target\":[\"https:\/\/foretnature.be\/en\/resume-foret-mail\/comment-percevons-nous-les-deperissements-forestiers\/\"]}]},{\"@type\":\"ImageObject\",\"inLanguage\":\"en-GB\",\"@id\":\"https:\/\/foretnature.be\/en\/resume-foret-mail\/comment-percevons-nous-les-deperissements-forestiers\/#primaryimage\",\"url\":\"https:\/\/foretnature.be\/wp-content\/uploads\/2024\/09\/AdobeStock_294018956.jpeg\",\"contentUrl\":\"https:\/\/foretnature.be\/wp-content\/uploads\/2024\/09\/AdobeStock_294018956.jpeg\",\"width\":900,\"height\":600},{\"@type\":\"BreadcrumbList\",\"@id\":\"https:\/\/foretnature.be\/en\/resume-foret-mail\/comment-percevons-nous-les-deperissements-forestiers\/#breadcrumb\",\"itemListElement\":[{\"@type\":\"ListItem\",\"position\":1,\"name\":\"Home\",\"item\":\"https:\/\/foretnature.be\/en\/\"},{\"@type\":\"ListItem\",\"position\":2,\"name\":\"Comment percevons-nous les d\u00e9p\u00e9rissements forestiers ?\"}]},{\"@type\":\"WebSite\",\"@id\":\"https:\/\/foretnature.be\/en\/#website\",\"url\":\"https:\/\/foretnature.be\/en\/\",\"name\":\"For\u00eat.Nature\",\"description\":\"Une \u00e9quipe technique au service de la for\u00eat\",\"publisher\":{\"@id\":\"https:\/\/foretnature.be\/en\/#organization\"},\"potentialAction\":[{\"@type\":\"SearchAction\",\"target\":{\"@type\":\"EntryPoint\",\"urlTemplate\":\"https:\/\/foretnature.be\/en\/?s={search_term_string}\"},\"query-input\":\"required name=search_term_string\"}],\"inLanguage\":\"en-GB\"},{\"@type\":\"Organization\",\"@id\":\"https:\/\/foretnature.be\/en\/#organization\",\"name\":\"For\u00eat.Nature\",\"url\":\"https:\/\/foretnature.be\/en\/\",\"logo\":{\"@type\":\"ImageObject\",\"inLanguage\":\"en-GB\",\"@id\":\"https:\/\/foretnature.be\/en\/#\/schema\/logo\/image\/\",\"url\":\"https:\/\/foretnature.be\/wp-content\/uploads\/2021\/01\/logoFOblanc.png\",\"contentUrl\":\"https:\/\/foretnature.be\/wp-content\/uploads\/2021\/01\/logoFOblanc.png\",\"width\":300,\"height\":151,\"caption\":\"For\u00eat.Nature\"},\"image\":{\"@id\":\"https:\/\/foretnature.be\/en\/#\/schema\/logo\/image\/\"}}]}<\/script>\n<!-- \/ Yoast SEO plugin. -->","yoast_head_json":{"title":"Comment percevons-nous les d\u00e9p\u00e9rissements forestiers ? - For\u00eat.Nature","robots":{"index":"index","follow":"follow","max-snippet":"max-snippet:-1","max-image-preview":"max-image-preview:large","max-video-preview":"max-video-preview:-1"},"canonical":"https:\/\/foretnature.be\/en\/resume-foret-mail\/comment-percevons-nous-les-deperissements-forestiers\/","og_locale":"en_GB","og_type":"article","og_title":"Comment percevons-nous les d\u00e9p\u00e9rissements forestiers ? - For\u00eat.Nature","og_description":"Depuis de nombreuses ann\u00e9es, la d\u00e9gradation de la for\u00eat inqui\u00e8te le grand public. Les m\u00e9dias ont \u00e9galement tendance \u00e0 exacerber ces inqui\u00e9tudes et plus particuli\u00e8rement aupr\u00e8s des plus jeunes. Les titres de la presse se focalisant en effet davantage sur les effets \u00e0 court terme des d\u00e9p\u00e9rissements forestiers dans le but d\u2019\u00e9mouvoir le plus grand [&hellip;]","og_url":"https:\/\/foretnature.be\/en\/resume-foret-mail\/comment-percevons-nous-les-deperissements-forestiers\/","og_site_name":"For\u00eat.Nature","article_modified_time":"2024-09-12T07:50:21+00:00","og_image":[{"width":900,"height":600,"url":"https:\/\/foretnature.be\/wp-content\/uploads\/2024\/09\/AdobeStock_294018956.jpeg","type":"image\/jpeg"}],"twitter_card":"summary_large_image","twitter_misc":{"Estimated reading time":"2 minutes"},"schema":{"@context":"https:\/\/schema.org","@graph":[{"@type":"WebPage","@id":"https:\/\/foretnature.be\/en\/resume-foret-mail\/comment-percevons-nous-les-deperissements-forestiers\/","url":"https:\/\/foretnature.be\/en\/resume-foret-mail\/comment-percevons-nous-les-deperissements-forestiers\/","name":"Comment percevons-nous les d\u00e9p\u00e9rissements forestiers ? - For\u00eat.Nature","isPartOf":{"@id":"https:\/\/foretnature.be\/en\/#website"},"primaryImageOfPage":{"@id":"https:\/\/foretnature.be\/en\/resume-foret-mail\/comment-percevons-nous-les-deperissements-forestiers\/#primaryimage"},"image":{"@id":"https:\/\/foretnature.be\/en\/resume-foret-mail\/comment-percevons-nous-les-deperissements-forestiers\/#primaryimage"},"thumbnailUrl":"https:\/\/foretnature.be\/wp-content\/uploads\/2024\/09\/AdobeStock_294018956.jpeg","datePublished":"2024-09-10T13:37:26+00:00","dateModified":"2024-09-12T07:50:21+00:00","breadcrumb":{"@id":"https:\/\/foretnature.be\/en\/resume-foret-mail\/comment-percevons-nous-les-deperissements-forestiers\/#breadcrumb"},"inLanguage":"en-GB","potentialAction":[{"@type":"ReadAction","target":["https:\/\/foretnature.be\/en\/resume-foret-mail\/comment-percevons-nous-les-deperissements-forestiers\/"]}]},{"@type":"ImageObject","inLanguage":"en-GB","@id":"https:\/\/foretnature.be\/en\/resume-foret-mail\/comment-percevons-nous-les-deperissements-forestiers\/#primaryimage","url":"https:\/\/foretnature.be\/wp-content\/uploads\/2024\/09\/AdobeStock_294018956.jpeg","contentUrl":"https:\/\/foretnature.be\/wp-content\/uploads\/2024\/09\/AdobeStock_294018956.jpeg","width":900,"height":600},{"@type":"BreadcrumbList","@id":"https:\/\/foretnature.be\/en\/resume-foret-mail\/comment-percevons-nous-les-deperissements-forestiers\/#breadcrumb","itemListElement":[{"@type":"ListItem","position":1,"name":"Home","item":"https:\/\/foretnature.be\/en\/"},{"@type":"ListItem","position":2,"name":"Comment percevons-nous les d\u00e9p\u00e9rissements forestiers ?"}]},{"@type":"WebSite","@id":"https:\/\/foretnature.be\/en\/#website","url":"https:\/\/foretnature.be\/en\/","name":"For\u00eat.Nature","description":"Une \u00e9quipe technique au service de la for\u00eat","publisher":{"@id":"https:\/\/foretnature.be\/en\/#organization"},"potentialAction":[{"@type":"SearchAction","target":{"@type":"EntryPoint","urlTemplate":"https:\/\/foretnature.be\/en\/?s={search_term_string}"},"query-input":"required name=search_term_string"}],"inLanguage":"en-GB"},{"@type":"Organization","@id":"https:\/\/foretnature.be\/en\/#organization","name":"For\u00eat.Nature","url":"https:\/\/foretnature.be\/en\/","logo":{"@type":"ImageObject","inLanguage":"en-GB","@id":"https:\/\/foretnature.be\/en\/#\/schema\/logo\/image\/","url":"https:\/\/foretnature.be\/wp-content\/uploads\/2021\/01\/logoFOblanc.png","contentUrl":"https:\/\/foretnature.be\/wp-content\/uploads\/2021\/01\/logoFOblanc.png","width":300,"height":151,"caption":"For\u00eat.Nature"},"image":{"@id":"https:\/\/foretnature.be\/en\/#\/schema\/logo\/image\/"}}]}},"_links":{"self":[{"href":"https:\/\/foretnature.be\/en\/wp-json\/wp\/v2\/resume-foret-mail\/41335"}],"collection":[{"href":"https:\/\/foretnature.be\/en\/wp-json\/wp\/v2\/resume-foret-mail"}],"about":[{"href":"https:\/\/foretnature.be\/en\/wp-json\/wp\/v2\/types\/resume-foret-mail"}],"version-history":[{"count":1,"href":"https:\/\/foretnature.be\/en\/wp-json\/wp\/v2\/resume-foret-mail\/41335\/revisions"}],"predecessor-version":[{"id":41336,"href":"https:\/\/foretnature.be\/en\/wp-json\/wp\/v2\/resume-foret-mail\/41335\/revisions\/41336"}],"wp:featuredmedia":[{"embeddable":true,"href":"https:\/\/foretnature.be\/en\/wp-json\/wp\/v2\/media\/41353"}],"wp:attachment":[{"href":"https:\/\/foretnature.be\/en\/wp-json\/wp\/v2\/media?parent=41335"}],"wp:term":[{"taxonomy":"category","embeddable":true,"href":"https:\/\/foretnature.be\/en\/wp-json\/wp\/v2\/categories?post=41335"}],"curies":[{"name":"wp","href":"https:\/\/api.w.org\/{rel}","templated":true}]}}