{"id":41156,"date":"2024-07-10T11:53:08","date_gmt":"2024-07-10T09:53:08","guid":{"rendered":"https:\/\/foretnature.be\/?post_type=resume-foret-mail&#038;p=41156"},"modified":"2024-07-10T12:00:50","modified_gmt":"2024-07-10T10:00:50","slug":"les-objectifs-biodiversite-du-parc-national-de-lentre-sambre-et-meuse","status":"publish","type":"resume-foret-mail","link":"https:\/\/foretnature.be\/en\/resume-foret-mail\/les-objectifs-biodiversite-du-parc-national-de-lentre-sambre-et-meuse\/","title":{"rendered":"Les objectifs biodiversit\u00e9 du Parc national de l\u2019Entre-Sambre-et-Meuse"},"content":{"rendered":"<p>Le Parc national de l\u2019Entre-Sambre-et-Meuse aimerait augmenter la r\u00e9silience de ses for\u00eats gr\u00e2ce \u00e0 une approche plus naturelle, ax\u00e9e sur la biodiversit\u00e9. La charte foresti\u00e8re du Parc national est d\u2019ailleurs bas\u00e9e sur deux param\u00e8tres r\u00e9v\u00e9lateurs de diversit\u00e9 biologique : les arbres-habitats et le bois mort.<\/p>\n<p>D\u2019une part, lorsqu\u2019on parle d\u2019arbres-habitats, il s\u2019agit d\u2019arbres qui offrent au moins un dendromicrohabitat. En effet, ce sont des singularit\u00e9s morphologiques des arbres qui permettent \u00e0 de multiples esp\u00e8ces de b\u00e9n\u00e9ficier d\u2019un abri (une fissure dans le bois par exemple). D\u2019autre part, le bois mort poss\u00e8de de multiples vertus : de la multiplication d\u2019auxiliaires contre les ravageurs (les scolytes par exemple), \u00e0 la r\u00e9g\u00e9n\u00e9ration des for\u00eats en ajoutant des nutriments dans le sol lors de sa d\u00e9composition ou bien encore \u00e0 une meilleure r\u00e9sistance face aux s\u00e9cheresses (r\u00e9tention d\u2019eau dans les sous-bois), il renforce la r\u00e9silience des for\u00eats face aux changements climatiques.<\/p>\n<p>Il est cependant important de savoir qu\u2019il existe plusieurs niveaux de gestion au sein de la charte foresti\u00e8re du Parc national ESEM. En effet, une partie (niveau 3) est certifi\u00e9e PEFC et respecte uniquement les normes des for\u00eats publiques wallonnes. Ensuite, dans la majeure partie de la for\u00eat du Parc national (niveau 2), les gestionnaires doivent pr\u00e9server davantage d\u2019arbres-habitats (objectif : maintenir 5 arbres par hectare) et conserver plus de bois mort sur pied et au sol (objectif : 20 m\u00b3 de bois mort par hectare).<\/p>\n<p>Enfin, une partie non n\u00e9gligeable b\u00e9n\u00e9ficie du statut de r\u00e9serve biologique int\u00e9grale (RBI) : pas moins de 1700 hectares sont donc \u00ab laiss\u00e9s \u00bb en libre \u00e9volution sans aucune exploitation humaine ! Car si l\u2019exploitation humaine et ses apports \u00e9conomiques jouent un r\u00f4le dans l\u2019avenir de nos territoires, notamment gr\u00e2ce aux fili\u00e8res du bois-\u00e9nergie et du bois-mat\u00e9riau, il est essentiel que leur \u00e9volution ne compromette pas les \u00e9cosyst\u00e8mes forestiers et leur r\u00f4le dans la transition \u00e9cologique \u00e0 venir.<\/p>","protected":false},"excerpt":{"rendered":"<p>Le Parc national de l\u2019Entre-Sambre-et-Meuse aimerait augmenter la r\u00e9silience de ses for\u00eats gr\u00e2ce \u00e0 une approche plus naturelle, ax\u00e9e sur la biodiversit\u00e9. La charte foresti\u00e8re du Parc national est d\u2019ailleurs bas\u00e9e sur deux param\u00e8tres r\u00e9v\u00e9lateurs de diversit\u00e9 biologique : les arbres-habitats et le bois mort. D\u2019une part, lorsqu\u2019on parle d\u2019arbres-habitats, il s\u2019agit d\u2019arbres qui offrent [&hellip;]<\/p>","protected":false},"featured_media":41157,"template":"","categories":[50],"acf":[],"yoast_head":"<!-- This site is optimized with the Yoast SEO plugin v23.2 - https:\/\/yoast.com\/wordpress\/plugins\/seo\/ -->\n<title>Les objectifs biodiversit\u00e9 du Parc national de l\u2019Entre-Sambre-et-Meuse - For\u00eat.Nature<\/title>\n<meta name=\"robots\" content=\"index, follow, max-snippet:-1, max-image-preview:large, max-video-preview:-1\" \/>\n<link rel=\"canonical\" href=\"https:\/\/foretnature.be\/en\/resume-foret-mail\/les-objectifs-biodiversite-du-parc-national-de-lentre-sambre-et-meuse\/\" \/>\n<meta property=\"og:locale\" content=\"en_GB\" \/>\n<meta property=\"og:type\" content=\"article\" \/>\n<meta property=\"og:title\" content=\"Les objectifs biodiversit\u00e9 du Parc national de l\u2019Entre-Sambre-et-Meuse - For\u00eat.Nature\" \/>\n<meta property=\"og:description\" content=\"Le Parc national de l\u2019Entre-Sambre-et-Meuse aimerait augmenter la r\u00e9silience de ses for\u00eats gr\u00e2ce \u00e0 une approche plus naturelle, ax\u00e9e sur la biodiversit\u00e9. La charte foresti\u00e8re du Parc national est d\u2019ailleurs bas\u00e9e sur deux param\u00e8tres r\u00e9v\u00e9lateurs de diversit\u00e9 biologique : les arbres-habitats et le bois mort. D\u2019une part, lorsqu\u2019on parle d\u2019arbres-habitats, il s\u2019agit d\u2019arbres qui offrent [&hellip;]\" \/>\n<meta property=\"og:url\" content=\"https:\/\/foretnature.be\/en\/resume-foret-mail\/les-objectifs-biodiversite-du-parc-national-de-lentre-sambre-et-meuse\/\" \/>\n<meta property=\"og:site_name\" content=\"For\u00eat.Nature\" \/>\n<meta property=\"article:modified_time\" content=\"2024-07-10T10:00:50+00:00\" \/>\n<meta property=\"og:image\" content=\"https:\/\/foretnature.be\/wp-content\/uploads\/2024\/07\/cvPJsKrz47RS.jpeg\" \/>\n\t<meta property=\"og:image:width\" content=\"900\" \/>\n\t<meta property=\"og:image:height\" content=\"677\" \/>\n\t<meta property=\"og:image:type\" content=\"image\/jpeg\" \/>\n<meta name=\"twitter:card\" content=\"summary_large_image\" \/>\n<meta name=\"twitter:label1\" content=\"Estimated reading time\" \/>\n\t<meta name=\"twitter:data1\" content=\"2 minutes\" \/>\n<script type=\"application\/ld+json\" class=\"yoast-schema-graph\">{\"@context\":\"https:\/\/schema.org\",\"@graph\":[{\"@type\":\"WebPage\",\"@id\":\"https:\/\/foretnature.be\/en\/resume-foret-mail\/les-objectifs-biodiversite-du-parc-national-de-lentre-sambre-et-meuse\/\",\"url\":\"https:\/\/foretnature.be\/en\/resume-foret-mail\/les-objectifs-biodiversite-du-parc-national-de-lentre-sambre-et-meuse\/\",\"name\":\"Les objectifs biodiversit\u00e9 du Parc national de l\u2019Entre-Sambre-et-Meuse - For\u00eat.Nature\",\"isPartOf\":{\"@id\":\"https:\/\/foretnature.be\/#website\"},\"primaryImageOfPage\":{\"@id\":\"https:\/\/foretnature.be\/en\/resume-foret-mail\/les-objectifs-biodiversite-du-parc-national-de-lentre-sambre-et-meuse\/#primaryimage\"},\"image\":{\"@id\":\"https:\/\/foretnature.be\/en\/resume-foret-mail\/les-objectifs-biodiversite-du-parc-national-de-lentre-sambre-et-meuse\/#primaryimage\"},\"thumbnailUrl\":\"https:\/\/foretnature.be\/wp-content\/uploads\/2024\/07\/cvPJsKrz47RS.jpeg\",\"datePublished\":\"2024-07-10T09:53:08+00:00\",\"dateModified\":\"2024-07-10T10:00:50+00:00\",\"breadcrumb\":{\"@id\":\"https:\/\/foretnature.be\/en\/resume-foret-mail\/les-objectifs-biodiversite-du-parc-national-de-lentre-sambre-et-meuse\/#breadcrumb\"},\"inLanguage\":\"en-GB\",\"potentialAction\":[{\"@type\":\"ReadAction\",\"target\":[\"https:\/\/foretnature.be\/en\/resume-foret-mail\/les-objectifs-biodiversite-du-parc-national-de-lentre-sambre-et-meuse\/\"]}]},{\"@type\":\"ImageObject\",\"inLanguage\":\"en-GB\",\"@id\":\"https:\/\/foretnature.be\/en\/resume-foret-mail\/les-objectifs-biodiversite-du-parc-national-de-lentre-sambre-et-meuse\/#primaryimage\",\"url\":\"https:\/\/foretnature.be\/wp-content\/uploads\/2024\/07\/cvPJsKrz47RS.jpeg\",\"contentUrl\":\"https:\/\/foretnature.be\/wp-content\/uploads\/2024\/07\/cvPJsKrz47RS.jpeg\",\"width\":900,\"height\":677,\"caption\":\"European green woodpecker perched on a branch.\"},{\"@type\":\"BreadcrumbList\",\"@id\":\"https:\/\/foretnature.be\/en\/resume-foret-mail\/les-objectifs-biodiversite-du-parc-national-de-lentre-sambre-et-meuse\/#breadcrumb\",\"itemListElement\":[{\"@type\":\"ListItem\",\"position\":1,\"name\":\"Home\",\"item\":\"https:\/\/foretnature.be\/\"},{\"@type\":\"ListItem\",\"position\":2,\"name\":\"Les objectifs biodiversit\u00e9 du Parc national de l\u2019Entre-Sambre-et-Meuse\"}]},{\"@type\":\"WebSite\",\"@id\":\"https:\/\/foretnature.be\/#website\",\"url\":\"https:\/\/foretnature.be\/\",\"name\":\"For\u00eat.Nature\",\"description\":\"Une \u00e9quipe technique au service de la for\u00eat\",\"publisher\":{\"@id\":\"https:\/\/foretnature.be\/#organization\"},\"potentialAction\":[{\"@type\":\"SearchAction\",\"target\":{\"@type\":\"EntryPoint\",\"urlTemplate\":\"https:\/\/foretnature.be\/?s={search_term_string}\"},\"query-input\":\"required name=search_term_string\"}],\"inLanguage\":\"en-GB\"},{\"@type\":\"Organization\",\"@id\":\"https:\/\/foretnature.be\/#organization\",\"name\":\"For\u00eat.Nature\",\"url\":\"https:\/\/foretnature.be\/\",\"logo\":{\"@type\":\"ImageObject\",\"inLanguage\":\"en-GB\",\"@id\":\"https:\/\/foretnature.be\/#\/schema\/logo\/image\/\",\"url\":\"https:\/\/foretnature.be\/wp-content\/uploads\/2021\/01\/logoFOblanc.png\",\"contentUrl\":\"https:\/\/foretnature.be\/wp-content\/uploads\/2021\/01\/logoFOblanc.png\",\"width\":300,\"height\":151,\"caption\":\"For\u00eat.Nature\"},\"image\":{\"@id\":\"https:\/\/foretnature.be\/#\/schema\/logo\/image\/\"}}]}<\/script>\n<!-- \/ Yoast SEO plugin. -->","yoast_head_json":{"title":"Les objectifs biodiversit\u00e9 du Parc national de l\u2019Entre-Sambre-et-Meuse - For\u00eat.Nature","robots":{"index":"index","follow":"follow","max-snippet":"max-snippet:-1","max-image-preview":"max-image-preview:large","max-video-preview":"max-video-preview:-1"},"canonical":"https:\/\/foretnature.be\/en\/resume-foret-mail\/les-objectifs-biodiversite-du-parc-national-de-lentre-sambre-et-meuse\/","og_locale":"en_GB","og_type":"article","og_title":"Les objectifs biodiversit\u00e9 du Parc national de l\u2019Entre-Sambre-et-Meuse - For\u00eat.Nature","og_description":"Le Parc national de l\u2019Entre-Sambre-et-Meuse aimerait augmenter la r\u00e9silience de ses for\u00eats gr\u00e2ce \u00e0 une approche plus naturelle, ax\u00e9e sur la biodiversit\u00e9. La charte foresti\u00e8re du Parc national est d\u2019ailleurs bas\u00e9e sur deux param\u00e8tres r\u00e9v\u00e9lateurs de diversit\u00e9 biologique : les arbres-habitats et le bois mort. D\u2019une part, lorsqu\u2019on parle d\u2019arbres-habitats, il s\u2019agit d\u2019arbres qui offrent [&hellip;]","og_url":"https:\/\/foretnature.be\/en\/resume-foret-mail\/les-objectifs-biodiversite-du-parc-national-de-lentre-sambre-et-meuse\/","og_site_name":"For\u00eat.Nature","article_modified_time":"2024-07-10T10:00:50+00:00","og_image":[{"width":900,"height":677,"url":"https:\/\/foretnature.be\/wp-content\/uploads\/2024\/07\/cvPJsKrz47RS.jpeg","type":"image\/jpeg"}],"twitter_card":"summary_large_image","twitter_misc":{"Estimated reading time":"2 minutes"},"schema":{"@context":"https:\/\/schema.org","@graph":[{"@type":"WebPage","@id":"https:\/\/foretnature.be\/en\/resume-foret-mail\/les-objectifs-biodiversite-du-parc-national-de-lentre-sambre-et-meuse\/","url":"https:\/\/foretnature.be\/en\/resume-foret-mail\/les-objectifs-biodiversite-du-parc-national-de-lentre-sambre-et-meuse\/","name":"Les objectifs biodiversit\u00e9 du Parc national de l\u2019Entre-Sambre-et-Meuse - For\u00eat.Nature","isPartOf":{"@id":"https:\/\/foretnature.be\/#website"},"primaryImageOfPage":{"@id":"https:\/\/foretnature.be\/en\/resume-foret-mail\/les-objectifs-biodiversite-du-parc-national-de-lentre-sambre-et-meuse\/#primaryimage"},"image":{"@id":"https:\/\/foretnature.be\/en\/resume-foret-mail\/les-objectifs-biodiversite-du-parc-national-de-lentre-sambre-et-meuse\/#primaryimage"},"thumbnailUrl":"https:\/\/foretnature.be\/wp-content\/uploads\/2024\/07\/cvPJsKrz47RS.jpeg","datePublished":"2024-07-10T09:53:08+00:00","dateModified":"2024-07-10T10:00:50+00:00","breadcrumb":{"@id":"https:\/\/foretnature.be\/en\/resume-foret-mail\/les-objectifs-biodiversite-du-parc-national-de-lentre-sambre-et-meuse\/#breadcrumb"},"inLanguage":"en-GB","potentialAction":[{"@type":"ReadAction","target":["https:\/\/foretnature.be\/en\/resume-foret-mail\/les-objectifs-biodiversite-du-parc-national-de-lentre-sambre-et-meuse\/"]}]},{"@type":"ImageObject","inLanguage":"en-GB","@id":"https:\/\/foretnature.be\/en\/resume-foret-mail\/les-objectifs-biodiversite-du-parc-national-de-lentre-sambre-et-meuse\/#primaryimage","url":"https:\/\/foretnature.be\/wp-content\/uploads\/2024\/07\/cvPJsKrz47RS.jpeg","contentUrl":"https:\/\/foretnature.be\/wp-content\/uploads\/2024\/07\/cvPJsKrz47RS.jpeg","width":900,"height":677,"caption":"European green woodpecker perched on a branch."},{"@type":"BreadcrumbList","@id":"https:\/\/foretnature.be\/en\/resume-foret-mail\/les-objectifs-biodiversite-du-parc-national-de-lentre-sambre-et-meuse\/#breadcrumb","itemListElement":[{"@type":"ListItem","position":1,"name":"Home","item":"https:\/\/foretnature.be\/"},{"@type":"ListItem","position":2,"name":"Les objectifs biodiversit\u00e9 du Parc national de l\u2019Entre-Sambre-et-Meuse"}]},{"@type":"WebSite","@id":"https:\/\/foretnature.be\/#website","url":"https:\/\/foretnature.be\/","name":"For\u00eat.Nature","description":"Une \u00e9quipe technique au service de la for\u00eat","publisher":{"@id":"https:\/\/foretnature.be\/#organization"},"potentialAction":[{"@type":"SearchAction","target":{"@type":"EntryPoint","urlTemplate":"https:\/\/foretnature.be\/?s={search_term_string}"},"query-input":"required name=search_term_string"}],"inLanguage":"en-GB"},{"@type":"Organization","@id":"https:\/\/foretnature.be\/#organization","name":"For\u00eat.Nature","url":"https:\/\/foretnature.be\/","logo":{"@type":"ImageObject","inLanguage":"en-GB","@id":"https:\/\/foretnature.be\/#\/schema\/logo\/image\/","url":"https:\/\/foretnature.be\/wp-content\/uploads\/2021\/01\/logoFOblanc.png","contentUrl":"https:\/\/foretnature.be\/wp-content\/uploads\/2021\/01\/logoFOblanc.png","width":300,"height":151,"caption":"For\u00eat.Nature"},"image":{"@id":"https:\/\/foretnature.be\/#\/schema\/logo\/image\/"}}]}},"_links":{"self":[{"href":"https:\/\/foretnature.be\/en\/wp-json\/wp\/v2\/resume-foret-mail\/41156"}],"collection":[{"href":"https:\/\/foretnature.be\/en\/wp-json\/wp\/v2\/resume-foret-mail"}],"about":[{"href":"https:\/\/foretnature.be\/en\/wp-json\/wp\/v2\/types\/resume-foret-mail"}],"version-history":[{"count":1,"href":"https:\/\/foretnature.be\/en\/wp-json\/wp\/v2\/resume-foret-mail\/41156\/revisions"}],"predecessor-version":[{"id":41158,"href":"https:\/\/foretnature.be\/en\/wp-json\/wp\/v2\/resume-foret-mail\/41156\/revisions\/41158"}],"wp:featuredmedia":[{"embeddable":true,"href":"https:\/\/foretnature.be\/en\/wp-json\/wp\/v2\/media\/41157"}],"wp:attachment":[{"href":"https:\/\/foretnature.be\/en\/wp-json\/wp\/v2\/media?parent=41156"}],"wp:term":[{"taxonomy":"category","embeddable":true,"href":"https:\/\/foretnature.be\/en\/wp-json\/wp\/v2\/categories?post=41156"}],"curies":[{"name":"wp","href":"https:\/\/api.w.org\/{rel}","templated":true}]}}