{"id":41147,"date":"2024-07-10T11:47:02","date_gmt":"2024-07-10T09:47:02","guid":{"rendered":"https:\/\/foretnature.be\/?post_type=resume-foret-mail&#038;p=41147"},"modified":"2024-07-10T11:47:02","modified_gmt":"2024-07-10T09:47:02","slug":"europe-consensus-approuve-pour-la-loi-sur-la-restauration-de-la-nature","status":"publish","type":"resume-foret-mail","link":"https:\/\/foretnature.be\/en\/resume-foret-mail\/europe-consensus-approuve-pour-la-loi-sur-la-restauration-de-la-nature\/","title":{"rendered":"Europe : consensus approuv\u00e9 pour la loi sur la restauration de la nature"},"content":{"rendered":"<p>Apr\u00e8s des mois de n\u00e9gociations entre les \u00c9tats membres de l\u2019Union europ\u00e9enne, les Ministres de l&rsquo;environnement ont vot\u00e9 en faveur de la loi sur la restauration de la nature.<\/p>\n<p>Via Natura 2000, les \u00c9tats membres s\u2019\u00e9taient engag\u00e9s \u00e0 restaurer la nature exceptionnelle, c\u2019est-\u00e0-dire 200 \u00e9cosyst\u00e8mes de grand int\u00e9r\u00eat biologique sur les 2200 recens\u00e9s \u00e0 l\u2019\u00e9chelle europ\u00e9enne. Le nouvel engagement de ce 17 juin 2024 vise la restauration des \u00e9cosyst\u00e8mes ordinaires. Ce sont donc les territoires agricoles, forestiers, marins et urbains, jouant un r\u00f4le important dans la soci\u00e9t\u00e9 humaine, qui font l\u2019objet de ces mesures de restauration.<\/p>\n<p>La loi porte sur la protection de la biodiversit\u00e9 et la restauration des fonctions \u00e9cologiques sur 20 % du territoire terrestre et maritime d&rsquo;ici \u00e0 2030. Ceci en plus des 30 % de restauration des \u00e9cosyst\u00e8mes exceptionnels en mauvais \u00e9tat vis\u00e9s par Natura 2000. Une diff\u00e9rence fondamentale de la strat\u00e9gie r\u00e9side dans la vision \u00e0 l\u2019\u00e9chelle de l\u2019Union europ\u00e9enne et non plus pays par pays.<\/p>\n<p>Les cours d\u2019eau sont \u00e9galement pris en compte, avec l\u2019objectif d\u2019atteindre au moins 25 000 km de cours d\u2019eau \u00ab libres \u00bb de circulation pour les esp\u00e8ces aquatiques, d\u2019ici \u00e0 2030.<\/p>\n<p>Cette l\u00e9gislation est primordiale afin d&rsquo;enrayer l\u2019effondrement de la biodiversit\u00e9 \u00e9troitement li\u00e9 \u00e0 nos modes de vie. Pour rappel, 25 % des oiseaux ont disparu en Europe au cours des 40 derni\u00e8res ann\u00e9es, 60 % en zone agricole. Actuellement, 25 % des esp\u00e8ces \u00e9tudi\u00e9es sont menac\u00e9es d\u2019extinction en Europe et ce chiffre est m\u00eame estim\u00e9 \u00e0 30 % pour la Wallonie.<\/p>","protected":false},"excerpt":{"rendered":"<p>Apr\u00e8s des mois de n\u00e9gociations entre les \u00c9tats membres de l\u2019Union europ\u00e9enne, les Ministres de l&rsquo;environnement ont vot\u00e9 en faveur de la loi sur la restauration de la nature. Via Natura 2000, les \u00c9tats membres s\u2019\u00e9taient engag\u00e9s \u00e0 restaurer la nature exceptionnelle, c\u2019est-\u00e0-dire 200 \u00e9cosyst\u00e8mes de grand int\u00e9r\u00eat biologique sur les 2200 recens\u00e9s \u00e0 l\u2019\u00e9chelle [&hellip;]<\/p>","protected":false},"featured_media":41148,"template":"","categories":[50],"acf":[],"yoast_head":"<!-- This site is optimized with the Yoast SEO plugin v23.2 - https:\/\/yoast.com\/wordpress\/plugins\/seo\/ -->\n<title>Europe : consensus approuv\u00e9 pour la loi sur la restauration de la nature - For\u00eat.Nature<\/title>\n<meta name=\"robots\" content=\"index, follow, max-snippet:-1, max-image-preview:large, max-video-preview:-1\" \/>\n<link rel=\"canonical\" href=\"https:\/\/foretnature.be\/en\/resume-foret-mail\/europe-consensus-approuve-pour-la-loi-sur-la-restauration-de-la-nature\/\" \/>\n<meta property=\"og:locale\" content=\"en_GB\" \/>\n<meta property=\"og:type\" content=\"article\" \/>\n<meta property=\"og:title\" content=\"Europe : consensus approuv\u00e9 pour la loi sur la restauration de la nature - For\u00eat.Nature\" \/>\n<meta property=\"og:description\" content=\"Apr\u00e8s des mois de n\u00e9gociations entre les \u00c9tats membres de l\u2019Union europ\u00e9enne, les Ministres de l&rsquo;environnement ont vot\u00e9 en faveur de la loi sur la restauration de la nature. Via Natura 2000, les \u00c9tats membres s\u2019\u00e9taient engag\u00e9s \u00e0 restaurer la nature exceptionnelle, c\u2019est-\u00e0-dire 200 \u00e9cosyst\u00e8mes de grand int\u00e9r\u00eat biologique sur les 2200 recens\u00e9s \u00e0 l\u2019\u00e9chelle [&hellip;]\" \/>\n<meta property=\"og:url\" content=\"https:\/\/foretnature.be\/en\/resume-foret-mail\/europe-consensus-approuve-pour-la-loi-sur-la-restauration-de-la-nature\/\" \/>\n<meta property=\"og:site_name\" content=\"For\u00eat.Nature\" \/>\n<meta property=\"og:image\" content=\"https:\/\/foretnature.be\/wp-content\/uploads\/2024\/07\/K_licarUX1Qr.jpeg\" \/>\n\t<meta property=\"og:image:width\" content=\"900\" \/>\n\t<meta property=\"og:image:height\" content=\"506\" \/>\n\t<meta property=\"og:image:type\" content=\"image\/jpeg\" \/>\n<meta name=\"twitter:card\" content=\"summary_large_image\" \/>\n<meta name=\"twitter:label1\" content=\"Estimated reading time\" \/>\n\t<meta name=\"twitter:data1\" content=\"2 minutes\" \/>\n<script type=\"application\/ld+json\" class=\"yoast-schema-graph\">{\"@context\":\"https:\/\/schema.org\",\"@graph\":[{\"@type\":\"WebPage\",\"@id\":\"https:\/\/foretnature.be\/resume-foret-mail\/europe-consensus-approuve-pour-la-loi-sur-la-restauration-de-la-nature\/\",\"url\":\"https:\/\/foretnature.be\/resume-foret-mail\/europe-consensus-approuve-pour-la-loi-sur-la-restauration-de-la-nature\/\",\"name\":\"Europe : consensus approuv\u00e9 pour la loi sur la restauration de la nature - For\u00eat.Nature\",\"isPartOf\":{\"@id\":\"https:\/\/foretnature.be\/#website\"},\"primaryImageOfPage\":{\"@id\":\"https:\/\/foretnature.be\/resume-foret-mail\/europe-consensus-approuve-pour-la-loi-sur-la-restauration-de-la-nature\/#primaryimage\"},\"image\":{\"@id\":\"https:\/\/foretnature.be\/resume-foret-mail\/europe-consensus-approuve-pour-la-loi-sur-la-restauration-de-la-nature\/#primaryimage\"},\"thumbnailUrl\":\"https:\/\/foretnature.be\/wp-content\/uploads\/2024\/07\/K_licarUX1Qr.jpeg\",\"datePublished\":\"2024-07-10T09:47:02+00:00\",\"dateModified\":\"2024-07-10T09:47:02+00:00\",\"breadcrumb\":{\"@id\":\"https:\/\/foretnature.be\/resume-foret-mail\/europe-consensus-approuve-pour-la-loi-sur-la-restauration-de-la-nature\/#breadcrumb\"},\"inLanguage\":\"en-GB\",\"potentialAction\":[{\"@type\":\"ReadAction\",\"target\":[\"https:\/\/foretnature.be\/resume-foret-mail\/europe-consensus-approuve-pour-la-loi-sur-la-restauration-de-la-nature\/\"]}]},{\"@type\":\"ImageObject\",\"inLanguage\":\"en-GB\",\"@id\":\"https:\/\/foretnature.be\/resume-foret-mail\/europe-consensus-approuve-pour-la-loi-sur-la-restauration-de-la-nature\/#primaryimage\",\"url\":\"https:\/\/foretnature.be\/wp-content\/uploads\/2024\/07\/K_licarUX1Qr.jpeg\",\"contentUrl\":\"https:\/\/foretnature.be\/wp-content\/uploads\/2024\/07\/K_licarUX1Qr.jpeg\",\"width\":900,\"height\":506},{\"@type\":\"BreadcrumbList\",\"@id\":\"https:\/\/foretnature.be\/resume-foret-mail\/europe-consensus-approuve-pour-la-loi-sur-la-restauration-de-la-nature\/#breadcrumb\",\"itemListElement\":[{\"@type\":\"ListItem\",\"position\":1,\"name\":\"Home\",\"item\":\"https:\/\/foretnature.be\/\"},{\"@type\":\"ListItem\",\"position\":2,\"name\":\"Europe : consensus approuv\u00e9 pour la loi sur la restauration de la nature\"}]},{\"@type\":\"WebSite\",\"@id\":\"https:\/\/foretnature.be\/#website\",\"url\":\"https:\/\/foretnature.be\/\",\"name\":\"For\u00eat.Nature\",\"description\":\"Une \u00e9quipe technique au service de la for\u00eat\",\"publisher\":{\"@id\":\"https:\/\/foretnature.be\/#organization\"},\"potentialAction\":[{\"@type\":\"SearchAction\",\"target\":{\"@type\":\"EntryPoint\",\"urlTemplate\":\"https:\/\/foretnature.be\/?s={search_term_string}\"},\"query-input\":\"required name=search_term_string\"}],\"inLanguage\":\"en-GB\"},{\"@type\":\"Organization\",\"@id\":\"https:\/\/foretnature.be\/#organization\",\"name\":\"For\u00eat.Nature\",\"url\":\"https:\/\/foretnature.be\/\",\"logo\":{\"@type\":\"ImageObject\",\"inLanguage\":\"en-GB\",\"@id\":\"https:\/\/foretnature.be\/#\/schema\/logo\/image\/\",\"url\":\"https:\/\/foretnature.be\/wp-content\/uploads\/2021\/01\/logoFOblanc.png\",\"contentUrl\":\"https:\/\/foretnature.be\/wp-content\/uploads\/2021\/01\/logoFOblanc.png\",\"width\":300,\"height\":151,\"caption\":\"For\u00eat.Nature\"},\"image\":{\"@id\":\"https:\/\/foretnature.be\/#\/schema\/logo\/image\/\"}}]}<\/script>\n<!-- \/ Yoast SEO plugin. -->","yoast_head_json":{"title":"Europe : consensus approuv\u00e9 pour la loi sur la restauration de la nature - For\u00eat.Nature","robots":{"index":"index","follow":"follow","max-snippet":"max-snippet:-1","max-image-preview":"max-image-preview:large","max-video-preview":"max-video-preview:-1"},"canonical":"https:\/\/foretnature.be\/en\/resume-foret-mail\/europe-consensus-approuve-pour-la-loi-sur-la-restauration-de-la-nature\/","og_locale":"en_GB","og_type":"article","og_title":"Europe : consensus approuv\u00e9 pour la loi sur la restauration de la nature - For\u00eat.Nature","og_description":"Apr\u00e8s des mois de n\u00e9gociations entre les \u00c9tats membres de l\u2019Union europ\u00e9enne, les Ministres de l&rsquo;environnement ont vot\u00e9 en faveur de la loi sur la restauration de la nature. Via Natura 2000, les \u00c9tats membres s\u2019\u00e9taient engag\u00e9s \u00e0 restaurer la nature exceptionnelle, c\u2019est-\u00e0-dire 200 \u00e9cosyst\u00e8mes de grand int\u00e9r\u00eat biologique sur les 2200 recens\u00e9s \u00e0 l\u2019\u00e9chelle [&hellip;]","og_url":"https:\/\/foretnature.be\/en\/resume-foret-mail\/europe-consensus-approuve-pour-la-loi-sur-la-restauration-de-la-nature\/","og_site_name":"For\u00eat.Nature","og_image":[{"width":900,"height":506,"url":"https:\/\/foretnature.be\/wp-content\/uploads\/2024\/07\/K_licarUX1Qr.jpeg","type":"image\/jpeg"}],"twitter_card":"summary_large_image","twitter_misc":{"Estimated reading time":"2 minutes"},"schema":{"@context":"https:\/\/schema.org","@graph":[{"@type":"WebPage","@id":"https:\/\/foretnature.be\/resume-foret-mail\/europe-consensus-approuve-pour-la-loi-sur-la-restauration-de-la-nature\/","url":"https:\/\/foretnature.be\/resume-foret-mail\/europe-consensus-approuve-pour-la-loi-sur-la-restauration-de-la-nature\/","name":"Europe : consensus approuv\u00e9 pour la loi sur la restauration de la nature - For\u00eat.Nature","isPartOf":{"@id":"https:\/\/foretnature.be\/#website"},"primaryImageOfPage":{"@id":"https:\/\/foretnature.be\/resume-foret-mail\/europe-consensus-approuve-pour-la-loi-sur-la-restauration-de-la-nature\/#primaryimage"},"image":{"@id":"https:\/\/foretnature.be\/resume-foret-mail\/europe-consensus-approuve-pour-la-loi-sur-la-restauration-de-la-nature\/#primaryimage"},"thumbnailUrl":"https:\/\/foretnature.be\/wp-content\/uploads\/2024\/07\/K_licarUX1Qr.jpeg","datePublished":"2024-07-10T09:47:02+00:00","dateModified":"2024-07-10T09:47:02+00:00","breadcrumb":{"@id":"https:\/\/foretnature.be\/resume-foret-mail\/europe-consensus-approuve-pour-la-loi-sur-la-restauration-de-la-nature\/#breadcrumb"},"inLanguage":"en-GB","potentialAction":[{"@type":"ReadAction","target":["https:\/\/foretnature.be\/resume-foret-mail\/europe-consensus-approuve-pour-la-loi-sur-la-restauration-de-la-nature\/"]}]},{"@type":"ImageObject","inLanguage":"en-GB","@id":"https:\/\/foretnature.be\/resume-foret-mail\/europe-consensus-approuve-pour-la-loi-sur-la-restauration-de-la-nature\/#primaryimage","url":"https:\/\/foretnature.be\/wp-content\/uploads\/2024\/07\/K_licarUX1Qr.jpeg","contentUrl":"https:\/\/foretnature.be\/wp-content\/uploads\/2024\/07\/K_licarUX1Qr.jpeg","width":900,"height":506},{"@type":"BreadcrumbList","@id":"https:\/\/foretnature.be\/resume-foret-mail\/europe-consensus-approuve-pour-la-loi-sur-la-restauration-de-la-nature\/#breadcrumb","itemListElement":[{"@type":"ListItem","position":1,"name":"Home","item":"https:\/\/foretnature.be\/"},{"@type":"ListItem","position":2,"name":"Europe : consensus approuv\u00e9 pour la loi sur la restauration de la nature"}]},{"@type":"WebSite","@id":"https:\/\/foretnature.be\/#website","url":"https:\/\/foretnature.be\/","name":"For\u00eat.Nature","description":"Une \u00e9quipe technique au service de la for\u00eat","publisher":{"@id":"https:\/\/foretnature.be\/#organization"},"potentialAction":[{"@type":"SearchAction","target":{"@type":"EntryPoint","urlTemplate":"https:\/\/foretnature.be\/?s={search_term_string}"},"query-input":"required name=search_term_string"}],"inLanguage":"en-GB"},{"@type":"Organization","@id":"https:\/\/foretnature.be\/#organization","name":"For\u00eat.Nature","url":"https:\/\/foretnature.be\/","logo":{"@type":"ImageObject","inLanguage":"en-GB","@id":"https:\/\/foretnature.be\/#\/schema\/logo\/image\/","url":"https:\/\/foretnature.be\/wp-content\/uploads\/2021\/01\/logoFOblanc.png","contentUrl":"https:\/\/foretnature.be\/wp-content\/uploads\/2021\/01\/logoFOblanc.png","width":300,"height":151,"caption":"For\u00eat.Nature"},"image":{"@id":"https:\/\/foretnature.be\/#\/schema\/logo\/image\/"}}]}},"_links":{"self":[{"href":"https:\/\/foretnature.be\/en\/wp-json\/wp\/v2\/resume-foret-mail\/41147"}],"collection":[{"href":"https:\/\/foretnature.be\/en\/wp-json\/wp\/v2\/resume-foret-mail"}],"about":[{"href":"https:\/\/foretnature.be\/en\/wp-json\/wp\/v2\/types\/resume-foret-mail"}],"version-history":[{"count":1,"href":"https:\/\/foretnature.be\/en\/wp-json\/wp\/v2\/resume-foret-mail\/41147\/revisions"}],"predecessor-version":[{"id":41149,"href":"https:\/\/foretnature.be\/en\/wp-json\/wp\/v2\/resume-foret-mail\/41147\/revisions\/41149"}],"wp:featuredmedia":[{"embeddable":true,"href":"https:\/\/foretnature.be\/en\/wp-json\/wp\/v2\/media\/41148"}],"wp:attachment":[{"href":"https:\/\/foretnature.be\/en\/wp-json\/wp\/v2\/media?parent=41147"}],"wp:term":[{"taxonomy":"category","embeddable":true,"href":"https:\/\/foretnature.be\/en\/wp-json\/wp\/v2\/categories?post=41147"}],"curies":[{"name":"wp","href":"https:\/\/api.w.org\/{rel}","templated":true}]}}