{"id":41144,"date":"2024-07-10T11:45:07","date_gmt":"2024-07-10T09:45:07","guid":{"rendered":"https:\/\/foretnature.be\/?post_type=resume-foret-mail&#038;p=41144"},"modified":"2024-07-10T11:45:07","modified_gmt":"2024-07-10T09:45:07","slug":"vers-une-amelioration-des-indicateurs-de-biodiversite-de-forest-europe","status":"publish","type":"resume-foret-mail","link":"https:\/\/foretnature.be\/en\/resume-foret-mail\/vers-une-amelioration-des-indicateurs-de-biodiversite-de-forest-europe\/","title":{"rendered":"Vers une am\u00e9lioration des indicateurs de biodiversit\u00e9 de Forest Europe"},"content":{"rendered":"<p>Il y a 30 ans, plusieurs crit\u00e8res et indicateurs pour la gestion durable des for\u00eats europ\u00e9ennes ont \u00e9t\u00e9 d\u00e9velopp\u00e9s par Forest Europe, la Conf\u00e9rence minist\u00e9rielle sur la protection des for\u00eats en Europe. Parmi eux, un sous-ensemble de dix indicateurs cl\u00e9s relatifs \u00e0 la conservation de la diversit\u00e9 biologique en for\u00eat a \u00e9t\u00e9 d\u00e9fini. Depuis, ceux-ci sont largement utilis\u00e9s par plusieurs pays pour leurs inventaires nationaux et l\u2019\u00e9laboration de leurs politiques foresti\u00e8res.<\/p>\n<p>Toutefois, au vu des changements climatiques, des modifications d&rsquo;habitats et de la perte de biodiversit\u00e9 en cours, un processus de r\u00e9vision de ces indicateurs a \u00e9t\u00e9 entrepris r\u00e9cemment par Forest Europe.<\/p>\n<p>Dans leur rapport publi\u00e9 en mars dernier, des (sous-)indicateurs additionnels ont \u00e9t\u00e9 d\u00e9crits. Au sein du crit\u00e8re de diversit\u00e9 des essences, il a notamment \u00e9t\u00e9 propos\u00e9 d\u2019ajouter un param\u00e8tre estimant la proportion d\u2019essences r\u00e9silientes sur le site consid\u00e9r\u00e9. Au sein du crit\u00e8re de naturalit\u00e9, Forest Europe sugg\u00e8re d\u2019\u00e9valuer la proportion de vieilles for\u00eats et de for\u00eats \u00ab proches de la nature \u00bb. Plusieurs nouveaux indicateurs relevant de la gestion foresti\u00e8re ont \u00e9galement \u00e9t\u00e9 propos\u00e9s, visant \u00e0 \u00e9valuer les surfaces de for\u00eats g\u00e9r\u00e9es sous diff\u00e9rents r\u00e9gimes : couvert continu, libre \u00e9volution, agroforesterie, gestion traditionnelle, coupe \u00e0 blanc, taillis, etc. En effet, suivre ces indicateurs est crucial pour mettre en \u00e9vidence l\u2019impact des diff\u00e9rentes approches de gestion sur la biodiversit\u00e9 foresti\u00e8re, et ainsi soutenir la prise de d\u00e9cision et faciliter le d\u00e9veloppement de strat\u00e9gies en faveur d\u2019une gestion durable des for\u00eats.<\/p>","protected":false},"excerpt":{"rendered":"<p>Il y a 30 ans, plusieurs crit\u00e8res et indicateurs pour la gestion durable des for\u00eats europ\u00e9ennes ont \u00e9t\u00e9 d\u00e9velopp\u00e9s par Forest Europe, la Conf\u00e9rence minist\u00e9rielle sur la protection des for\u00eats en Europe. Parmi eux, un sous-ensemble de dix indicateurs cl\u00e9s relatifs \u00e0 la conservation de la diversit\u00e9 biologique en for\u00eat a \u00e9t\u00e9 d\u00e9fini. Depuis, ceux-ci [&hellip;]<\/p>","protected":false},"featured_media":41145,"template":"","categories":[50],"acf":[],"yoast_head":"<!-- This site is optimized with the Yoast SEO plugin v23.2 - https:\/\/yoast.com\/wordpress\/plugins\/seo\/ -->\n<title>Vers une am\u00e9lioration des indicateurs de biodiversit\u00e9 de Forest Europe - For\u00eat.Nature<\/title>\n<meta name=\"robots\" content=\"index, follow, max-snippet:-1, max-image-preview:large, max-video-preview:-1\" \/>\n<link rel=\"canonical\" href=\"https:\/\/foretnature.be\/en\/resume-foret-mail\/vers-une-amelioration-des-indicateurs-de-biodiversite-de-forest-europe\/\" \/>\n<meta property=\"og:locale\" content=\"en_GB\" \/>\n<meta property=\"og:type\" content=\"article\" \/>\n<meta property=\"og:title\" content=\"Vers une am\u00e9lioration des indicateurs de biodiversit\u00e9 de Forest Europe - For\u00eat.Nature\" \/>\n<meta property=\"og:description\" content=\"Il y a 30 ans, plusieurs crit\u00e8res et indicateurs pour la gestion durable des for\u00eats europ\u00e9ennes ont \u00e9t\u00e9 d\u00e9velopp\u00e9s par Forest Europe, la Conf\u00e9rence minist\u00e9rielle sur la protection des for\u00eats en Europe. Parmi eux, un sous-ensemble de dix indicateurs cl\u00e9s relatifs \u00e0 la conservation de la diversit\u00e9 biologique en for\u00eat a \u00e9t\u00e9 d\u00e9fini. Depuis, ceux-ci [&hellip;]\" \/>\n<meta property=\"og:url\" content=\"https:\/\/foretnature.be\/en\/resume-foret-mail\/vers-une-amelioration-des-indicateurs-de-biodiversite-de-forest-europe\/\" \/>\n<meta property=\"og:site_name\" content=\"For\u00eat.Nature\" \/>\n<meta property=\"og:image\" content=\"https:\/\/foretnature.be\/wp-content\/uploads\/2024\/07\/tZwMeMfmCi7O.jpg\" \/>\n\t<meta property=\"og:image:width\" content=\"900\" \/>\n\t<meta property=\"og:image:height\" content=\"600\" \/>\n\t<meta property=\"og:image:type\" content=\"image\/jpeg\" \/>\n<meta name=\"twitter:card\" content=\"summary_large_image\" \/>\n<meta name=\"twitter:label1\" content=\"Estimated reading time\" \/>\n\t<meta name=\"twitter:data1\" content=\"2 minutes\" \/>\n<script type=\"application\/ld+json\" class=\"yoast-schema-graph\">{\"@context\":\"https:\/\/schema.org\",\"@graph\":[{\"@type\":\"WebPage\",\"@id\":\"https:\/\/foretnature.be\/resume-foret-mail\/vers-une-amelioration-des-indicateurs-de-biodiversite-de-forest-europe\/\",\"url\":\"https:\/\/foretnature.be\/resume-foret-mail\/vers-une-amelioration-des-indicateurs-de-biodiversite-de-forest-europe\/\",\"name\":\"Vers une am\u00e9lioration des indicateurs de biodiversit\u00e9 de Forest Europe - For\u00eat.Nature\",\"isPartOf\":{\"@id\":\"https:\/\/foretnature.be\/#website\"},\"primaryImageOfPage\":{\"@id\":\"https:\/\/foretnature.be\/resume-foret-mail\/vers-une-amelioration-des-indicateurs-de-biodiversite-de-forest-europe\/#primaryimage\"},\"image\":{\"@id\":\"https:\/\/foretnature.be\/resume-foret-mail\/vers-une-amelioration-des-indicateurs-de-biodiversite-de-forest-europe\/#primaryimage\"},\"thumbnailUrl\":\"https:\/\/foretnature.be\/wp-content\/uploads\/2024\/07\/tZwMeMfmCi7O.jpg\",\"datePublished\":\"2024-07-10T09:45:07+00:00\",\"dateModified\":\"2024-07-10T09:45:07+00:00\",\"breadcrumb\":{\"@id\":\"https:\/\/foretnature.be\/resume-foret-mail\/vers-une-amelioration-des-indicateurs-de-biodiversite-de-forest-europe\/#breadcrumb\"},\"inLanguage\":\"en-GB\",\"potentialAction\":[{\"@type\":\"ReadAction\",\"target\":[\"https:\/\/foretnature.be\/resume-foret-mail\/vers-une-amelioration-des-indicateurs-de-biodiversite-de-forest-europe\/\"]}]},{\"@type\":\"ImageObject\",\"inLanguage\":\"en-GB\",\"@id\":\"https:\/\/foretnature.be\/resume-foret-mail\/vers-une-amelioration-des-indicateurs-de-biodiversite-de-forest-europe\/#primaryimage\",\"url\":\"https:\/\/foretnature.be\/wp-content\/uploads\/2024\/07\/tZwMeMfmCi7O.jpg\",\"contentUrl\":\"https:\/\/foretnature.be\/wp-content\/uploads\/2024\/07\/tZwMeMfmCi7O.jpg\",\"width\":900,\"height\":600},{\"@type\":\"BreadcrumbList\",\"@id\":\"https:\/\/foretnature.be\/resume-foret-mail\/vers-une-amelioration-des-indicateurs-de-biodiversite-de-forest-europe\/#breadcrumb\",\"itemListElement\":[{\"@type\":\"ListItem\",\"position\":1,\"name\":\"Home\",\"item\":\"https:\/\/foretnature.be\/\"},{\"@type\":\"ListItem\",\"position\":2,\"name\":\"Vers une am\u00e9lioration des indicateurs de biodiversit\u00e9 de Forest Europe\"}]},{\"@type\":\"WebSite\",\"@id\":\"https:\/\/foretnature.be\/#website\",\"url\":\"https:\/\/foretnature.be\/\",\"name\":\"For\u00eat.Nature\",\"description\":\"Une \u00e9quipe technique au service de la for\u00eat\",\"publisher\":{\"@id\":\"https:\/\/foretnature.be\/#organization\"},\"potentialAction\":[{\"@type\":\"SearchAction\",\"target\":{\"@type\":\"EntryPoint\",\"urlTemplate\":\"https:\/\/foretnature.be\/?s={search_term_string}\"},\"query-input\":\"required name=search_term_string\"}],\"inLanguage\":\"en-GB\"},{\"@type\":\"Organization\",\"@id\":\"https:\/\/foretnature.be\/#organization\",\"name\":\"For\u00eat.Nature\",\"url\":\"https:\/\/foretnature.be\/\",\"logo\":{\"@type\":\"ImageObject\",\"inLanguage\":\"en-GB\",\"@id\":\"https:\/\/foretnature.be\/#\/schema\/logo\/image\/\",\"url\":\"https:\/\/foretnature.be\/wp-content\/uploads\/2021\/01\/logoFOblanc.png\",\"contentUrl\":\"https:\/\/foretnature.be\/wp-content\/uploads\/2021\/01\/logoFOblanc.png\",\"width\":300,\"height\":151,\"caption\":\"For\u00eat.Nature\"},\"image\":{\"@id\":\"https:\/\/foretnature.be\/#\/schema\/logo\/image\/\"}}]}<\/script>\n<!-- \/ Yoast SEO plugin. -->","yoast_head_json":{"title":"Vers une am\u00e9lioration des indicateurs de biodiversit\u00e9 de Forest Europe - For\u00eat.Nature","robots":{"index":"index","follow":"follow","max-snippet":"max-snippet:-1","max-image-preview":"max-image-preview:large","max-video-preview":"max-video-preview:-1"},"canonical":"https:\/\/foretnature.be\/en\/resume-foret-mail\/vers-une-amelioration-des-indicateurs-de-biodiversite-de-forest-europe\/","og_locale":"en_GB","og_type":"article","og_title":"Vers une am\u00e9lioration des indicateurs de biodiversit\u00e9 de Forest Europe - For\u00eat.Nature","og_description":"Il y a 30 ans, plusieurs crit\u00e8res et indicateurs pour la gestion durable des for\u00eats europ\u00e9ennes ont \u00e9t\u00e9 d\u00e9velopp\u00e9s par Forest Europe, la Conf\u00e9rence minist\u00e9rielle sur la protection des for\u00eats en Europe. Parmi eux, un sous-ensemble de dix indicateurs cl\u00e9s relatifs \u00e0 la conservation de la diversit\u00e9 biologique en for\u00eat a \u00e9t\u00e9 d\u00e9fini. Depuis, ceux-ci [&hellip;]","og_url":"https:\/\/foretnature.be\/en\/resume-foret-mail\/vers-une-amelioration-des-indicateurs-de-biodiversite-de-forest-europe\/","og_site_name":"For\u00eat.Nature","og_image":[{"width":900,"height":600,"url":"https:\/\/foretnature.be\/wp-content\/uploads\/2024\/07\/tZwMeMfmCi7O.jpg","type":"image\/jpeg"}],"twitter_card":"summary_large_image","twitter_misc":{"Estimated reading time":"2 minutes"},"schema":{"@context":"https:\/\/schema.org","@graph":[{"@type":"WebPage","@id":"https:\/\/foretnature.be\/resume-foret-mail\/vers-une-amelioration-des-indicateurs-de-biodiversite-de-forest-europe\/","url":"https:\/\/foretnature.be\/resume-foret-mail\/vers-une-amelioration-des-indicateurs-de-biodiversite-de-forest-europe\/","name":"Vers une am\u00e9lioration des indicateurs de biodiversit\u00e9 de Forest Europe - For\u00eat.Nature","isPartOf":{"@id":"https:\/\/foretnature.be\/#website"},"primaryImageOfPage":{"@id":"https:\/\/foretnature.be\/resume-foret-mail\/vers-une-amelioration-des-indicateurs-de-biodiversite-de-forest-europe\/#primaryimage"},"image":{"@id":"https:\/\/foretnature.be\/resume-foret-mail\/vers-une-amelioration-des-indicateurs-de-biodiversite-de-forest-europe\/#primaryimage"},"thumbnailUrl":"https:\/\/foretnature.be\/wp-content\/uploads\/2024\/07\/tZwMeMfmCi7O.jpg","datePublished":"2024-07-10T09:45:07+00:00","dateModified":"2024-07-10T09:45:07+00:00","breadcrumb":{"@id":"https:\/\/foretnature.be\/resume-foret-mail\/vers-une-amelioration-des-indicateurs-de-biodiversite-de-forest-europe\/#breadcrumb"},"inLanguage":"en-GB","potentialAction":[{"@type":"ReadAction","target":["https:\/\/foretnature.be\/resume-foret-mail\/vers-une-amelioration-des-indicateurs-de-biodiversite-de-forest-europe\/"]}]},{"@type":"ImageObject","inLanguage":"en-GB","@id":"https:\/\/foretnature.be\/resume-foret-mail\/vers-une-amelioration-des-indicateurs-de-biodiversite-de-forest-europe\/#primaryimage","url":"https:\/\/foretnature.be\/wp-content\/uploads\/2024\/07\/tZwMeMfmCi7O.jpg","contentUrl":"https:\/\/foretnature.be\/wp-content\/uploads\/2024\/07\/tZwMeMfmCi7O.jpg","width":900,"height":600},{"@type":"BreadcrumbList","@id":"https:\/\/foretnature.be\/resume-foret-mail\/vers-une-amelioration-des-indicateurs-de-biodiversite-de-forest-europe\/#breadcrumb","itemListElement":[{"@type":"ListItem","position":1,"name":"Home","item":"https:\/\/foretnature.be\/"},{"@type":"ListItem","position":2,"name":"Vers une am\u00e9lioration des indicateurs de biodiversit\u00e9 de Forest Europe"}]},{"@type":"WebSite","@id":"https:\/\/foretnature.be\/#website","url":"https:\/\/foretnature.be\/","name":"For\u00eat.Nature","description":"Une \u00e9quipe technique au service de la for\u00eat","publisher":{"@id":"https:\/\/foretnature.be\/#organization"},"potentialAction":[{"@type":"SearchAction","target":{"@type":"EntryPoint","urlTemplate":"https:\/\/foretnature.be\/?s={search_term_string}"},"query-input":"required name=search_term_string"}],"inLanguage":"en-GB"},{"@type":"Organization","@id":"https:\/\/foretnature.be\/#organization","name":"For\u00eat.Nature","url":"https:\/\/foretnature.be\/","logo":{"@type":"ImageObject","inLanguage":"en-GB","@id":"https:\/\/foretnature.be\/#\/schema\/logo\/image\/","url":"https:\/\/foretnature.be\/wp-content\/uploads\/2021\/01\/logoFOblanc.png","contentUrl":"https:\/\/foretnature.be\/wp-content\/uploads\/2021\/01\/logoFOblanc.png","width":300,"height":151,"caption":"For\u00eat.Nature"},"image":{"@id":"https:\/\/foretnature.be\/#\/schema\/logo\/image\/"}}]}},"_links":{"self":[{"href":"https:\/\/foretnature.be\/en\/wp-json\/wp\/v2\/resume-foret-mail\/41144"}],"collection":[{"href":"https:\/\/foretnature.be\/en\/wp-json\/wp\/v2\/resume-foret-mail"}],"about":[{"href":"https:\/\/foretnature.be\/en\/wp-json\/wp\/v2\/types\/resume-foret-mail"}],"version-history":[{"count":1,"href":"https:\/\/foretnature.be\/en\/wp-json\/wp\/v2\/resume-foret-mail\/41144\/revisions"}],"predecessor-version":[{"id":41146,"href":"https:\/\/foretnature.be\/en\/wp-json\/wp\/v2\/resume-foret-mail\/41144\/revisions\/41146"}],"wp:featuredmedia":[{"embeddable":true,"href":"https:\/\/foretnature.be\/en\/wp-json\/wp\/v2\/media\/41145"}],"wp:attachment":[{"href":"https:\/\/foretnature.be\/en\/wp-json\/wp\/v2\/media?parent=41144"}],"wp:term":[{"taxonomy":"category","embeddable":true,"href":"https:\/\/foretnature.be\/en\/wp-json\/wp\/v2\/categories?post=41144"}],"curies":[{"name":"wp","href":"https:\/\/api.w.org\/{rel}","templated":true}]}}