{"id":41087,"date":"2024-06-13T11:48:47","date_gmt":"2024-06-13T09:48:47","guid":{"rendered":"https:\/\/foretnature.be\/?post_type=resume-foret-mail&#038;p=41087"},"modified":"2024-06-13T14:58:55","modified_gmt":"2024-06-13T12:58:55","slug":"baux-de-chasse-non-renouveles-sur-une-partie-du-plateau-des-hautes-fagnes","status":"publish","type":"resume-foret-mail","link":"https:\/\/foretnature.be\/en\/resume-foret-mail\/baux-de-chasse-non-renouveles-sur-une-partie-du-plateau-des-hautes-fagnes\/","title":{"rendered":"Une partie du plateau des Hautes Fagnes ne sera plus chass\u00e9"},"content":{"rendered":"<p>La commune de Waimes et la R\u00e9gion wallonne ont d\u00e9cid\u00e9 de ne plus remettre en location le droit de chasse sur une superficie de 708 ha du plateau des Hautes Fagnes, soit une partie seulement de la r\u00e9serve naturelle. La production \u00e0 tout prix des surfaces foresti\u00e8res a laiss\u00e9 la place \u00e0 la restauration foresti\u00e8re et \u00e0 la r\u00e9g\u00e9n\u00e9ration naturelle, laissant plus de place \u00e0 la grande faune. La fonction socio-r\u00e9cr\u00e9ative s&rsquo;est fortement d\u00e9velopp\u00e9e et les touristes sont de plus en plus nombreux \u00e0 venir visiter ce haut lieu de biodiversit\u00e9. Il devenait donc de plus en plus compliqu\u00e9 de concilier chasse et tourisme sans mettre en jeu la s\u00e9curit\u00e9 des promeneurs.<\/p>\n<p>La situation sera r\u00e9\u00e9valu\u00e9e r\u00e9guli\u00e8rement et les gestionnaires n&rsquo;excluent pas de pratiquer si n\u00e9cessaire une chasse en r\u00e9gie. Il est \u00e0 noter aussi que le retour du loup sur le plateau depuis 2018 joue un r\u00f4le dans la r\u00e9gulation de la grande faune.<\/p>","protected":false},"excerpt":{"rendered":"<p>La commune de Waimes et la R\u00e9gion wallonne ont d\u00e9cid\u00e9 de ne plus remettre en location le droit de chasse sur une superficie de 708 ha du plateau des Hautes Fagnes, soit une partie seulement de la r\u00e9serve naturelle. La production \u00e0 tout prix des surfaces foresti\u00e8res a laiss\u00e9 la place \u00e0 la restauration foresti\u00e8re [&hellip;]<\/p>","protected":false},"featured_media":41088,"template":"","categories":[50],"acf":[],"yoast_head":"<!-- This site is optimized with the Yoast SEO plugin v23.2 - https:\/\/yoast.com\/wordpress\/plugins\/seo\/ -->\n<title>Une partie du plateau des Hautes Fagnes ne sera plus chass\u00e9 - For\u00eat.Nature<\/title>\n<meta name=\"robots\" content=\"index, follow, max-snippet:-1, max-image-preview:large, max-video-preview:-1\" \/>\n<link rel=\"canonical\" href=\"https:\/\/foretnature.be\/en\/resume-foret-mail\/baux-de-chasse-non-renouveles-sur-une-partie-du-plateau-des-hautes-fagnes\/\" \/>\n<meta property=\"og:locale\" content=\"en_GB\" \/>\n<meta property=\"og:type\" content=\"article\" \/>\n<meta property=\"og:title\" content=\"Une partie du plateau des Hautes Fagnes ne sera plus chass\u00e9 - For\u00eat.Nature\" \/>\n<meta property=\"og:description\" content=\"La commune de Waimes et la R\u00e9gion wallonne ont d\u00e9cid\u00e9 de ne plus remettre en location le droit de chasse sur une superficie de 708 ha du plateau des Hautes Fagnes, soit une partie seulement de la r\u00e9serve naturelle. La production \u00e0 tout prix des surfaces foresti\u00e8res a laiss\u00e9 la place \u00e0 la restauration foresti\u00e8re [&hellip;]\" \/>\n<meta property=\"og:url\" content=\"https:\/\/foretnature.be\/en\/resume-foret-mail\/baux-de-chasse-non-renouveles-sur-une-partie-du-plateau-des-hautes-fagnes\/\" \/>\n<meta property=\"og:site_name\" content=\"For\u00eat.Nature\" \/>\n<meta property=\"article:modified_time\" content=\"2024-06-13T12:58:55+00:00\" \/>\n<meta property=\"og:image\" content=\"https:\/\/foretnature.be\/wp-content\/uploads\/2024\/06\/64da4c388b1312867515c83dee31e234b9e76bc20b1c58b0f754716d8f7eb52e.jpg\" \/>\n\t<meta property=\"og:image:width\" content=\"900\" \/>\n\t<meta property=\"og:image:height\" content=\"505\" \/>\n\t<meta property=\"og:image:type\" content=\"image\/jpeg\" \/>\n<meta name=\"twitter:card\" content=\"summary_large_image\" \/>\n<meta name=\"twitter:label1\" content=\"Estimated reading time\" \/>\n\t<meta name=\"twitter:data1\" content=\"1 minute\" \/>\n<script type=\"application\/ld+json\" class=\"yoast-schema-graph\">{\"@context\":\"https:\/\/schema.org\",\"@graph\":[{\"@type\":\"WebPage\",\"@id\":\"https:\/\/foretnature.be\/resume-foret-mail\/baux-de-chasse-non-renouveles-sur-une-partie-du-plateau-des-hautes-fagnes\/\",\"url\":\"https:\/\/foretnature.be\/resume-foret-mail\/baux-de-chasse-non-renouveles-sur-une-partie-du-plateau-des-hautes-fagnes\/\",\"name\":\"Une partie du plateau des Hautes Fagnes ne sera plus chass\u00e9 - For\u00eat.Nature\",\"isPartOf\":{\"@id\":\"https:\/\/foretnature.be\/#website\"},\"primaryImageOfPage\":{\"@id\":\"https:\/\/foretnature.be\/resume-foret-mail\/baux-de-chasse-non-renouveles-sur-une-partie-du-plateau-des-hautes-fagnes\/#primaryimage\"},\"image\":{\"@id\":\"https:\/\/foretnature.be\/resume-foret-mail\/baux-de-chasse-non-renouveles-sur-une-partie-du-plateau-des-hautes-fagnes\/#primaryimage\"},\"thumbnailUrl\":\"https:\/\/foretnature.be\/wp-content\/uploads\/2024\/06\/64da4c388b1312867515c83dee31e234b9e76bc20b1c58b0f754716d8f7eb52e.jpg\",\"datePublished\":\"2024-06-13T09:48:47+00:00\",\"dateModified\":\"2024-06-13T12:58:55+00:00\",\"breadcrumb\":{\"@id\":\"https:\/\/foretnature.be\/resume-foret-mail\/baux-de-chasse-non-renouveles-sur-une-partie-du-plateau-des-hautes-fagnes\/#breadcrumb\"},\"inLanguage\":\"en-GB\",\"potentialAction\":[{\"@type\":\"ReadAction\",\"target\":[\"https:\/\/foretnature.be\/resume-foret-mail\/baux-de-chasse-non-renouveles-sur-une-partie-du-plateau-des-hautes-fagnes\/\"]}]},{\"@type\":\"ImageObject\",\"inLanguage\":\"en-GB\",\"@id\":\"https:\/\/foretnature.be\/resume-foret-mail\/baux-de-chasse-non-renouveles-sur-une-partie-du-plateau-des-hautes-fagnes\/#primaryimage\",\"url\":\"https:\/\/foretnature.be\/wp-content\/uploads\/2024\/06\/64da4c388b1312867515c83dee31e234b9e76bc20b1c58b0f754716d8f7eb52e.jpg\",\"contentUrl\":\"https:\/\/foretnature.be\/wp-content\/uploads\/2024\/06\/64da4c388b1312867515c83dee31e234b9e76bc20b1c58b0f754716d8f7eb52e.jpg\",\"width\":900,\"height\":505},{\"@type\":\"BreadcrumbList\",\"@id\":\"https:\/\/foretnature.be\/resume-foret-mail\/baux-de-chasse-non-renouveles-sur-une-partie-du-plateau-des-hautes-fagnes\/#breadcrumb\",\"itemListElement\":[{\"@type\":\"ListItem\",\"position\":1,\"name\":\"Home\",\"item\":\"https:\/\/foretnature.be\/\"},{\"@type\":\"ListItem\",\"position\":2,\"name\":\"Une partie du plateau des Hautes Fagnes ne sera plus chass\u00e9\"}]},{\"@type\":\"WebSite\",\"@id\":\"https:\/\/foretnature.be\/#website\",\"url\":\"https:\/\/foretnature.be\/\",\"name\":\"For\u00eat.Nature\",\"description\":\"Une \u00e9quipe technique au service de la for\u00eat\",\"publisher\":{\"@id\":\"https:\/\/foretnature.be\/#organization\"},\"potentialAction\":[{\"@type\":\"SearchAction\",\"target\":{\"@type\":\"EntryPoint\",\"urlTemplate\":\"https:\/\/foretnature.be\/?s={search_term_string}\"},\"query-input\":\"required name=search_term_string\"}],\"inLanguage\":\"en-GB\"},{\"@type\":\"Organization\",\"@id\":\"https:\/\/foretnature.be\/#organization\",\"name\":\"For\u00eat.Nature\",\"url\":\"https:\/\/foretnature.be\/\",\"logo\":{\"@type\":\"ImageObject\",\"inLanguage\":\"en-GB\",\"@id\":\"https:\/\/foretnature.be\/#\/schema\/logo\/image\/\",\"url\":\"https:\/\/foretnature.be\/wp-content\/uploads\/2021\/01\/logoFOblanc.png\",\"contentUrl\":\"https:\/\/foretnature.be\/wp-content\/uploads\/2021\/01\/logoFOblanc.png\",\"width\":300,\"height\":151,\"caption\":\"For\u00eat.Nature\"},\"image\":{\"@id\":\"https:\/\/foretnature.be\/#\/schema\/logo\/image\/\"}}]}<\/script>\n<!-- \/ Yoast SEO plugin. -->","yoast_head_json":{"title":"Une partie du plateau des Hautes Fagnes ne sera plus chass\u00e9 - For\u00eat.Nature","robots":{"index":"index","follow":"follow","max-snippet":"max-snippet:-1","max-image-preview":"max-image-preview:large","max-video-preview":"max-video-preview:-1"},"canonical":"https:\/\/foretnature.be\/en\/resume-foret-mail\/baux-de-chasse-non-renouveles-sur-une-partie-du-plateau-des-hautes-fagnes\/","og_locale":"en_GB","og_type":"article","og_title":"Une partie du plateau des Hautes Fagnes ne sera plus chass\u00e9 - For\u00eat.Nature","og_description":"La commune de Waimes et la R\u00e9gion wallonne ont d\u00e9cid\u00e9 de ne plus remettre en location le droit de chasse sur une superficie de 708 ha du plateau des Hautes Fagnes, soit une partie seulement de la r\u00e9serve naturelle. La production \u00e0 tout prix des surfaces foresti\u00e8res a laiss\u00e9 la place \u00e0 la restauration foresti\u00e8re [&hellip;]","og_url":"https:\/\/foretnature.be\/en\/resume-foret-mail\/baux-de-chasse-non-renouveles-sur-une-partie-du-plateau-des-hautes-fagnes\/","og_site_name":"For\u00eat.Nature","article_modified_time":"2024-06-13T12:58:55+00:00","og_image":[{"width":900,"height":505,"url":"https:\/\/foretnature.be\/wp-content\/uploads\/2024\/06\/64da4c388b1312867515c83dee31e234b9e76bc20b1c58b0f754716d8f7eb52e.jpg","type":"image\/jpeg"}],"twitter_card":"summary_large_image","twitter_misc":{"Estimated reading time":"1 minute"},"schema":{"@context":"https:\/\/schema.org","@graph":[{"@type":"WebPage","@id":"https:\/\/foretnature.be\/resume-foret-mail\/baux-de-chasse-non-renouveles-sur-une-partie-du-plateau-des-hautes-fagnes\/","url":"https:\/\/foretnature.be\/resume-foret-mail\/baux-de-chasse-non-renouveles-sur-une-partie-du-plateau-des-hautes-fagnes\/","name":"Une partie du plateau des Hautes Fagnes ne sera plus chass\u00e9 - For\u00eat.Nature","isPartOf":{"@id":"https:\/\/foretnature.be\/#website"},"primaryImageOfPage":{"@id":"https:\/\/foretnature.be\/resume-foret-mail\/baux-de-chasse-non-renouveles-sur-une-partie-du-plateau-des-hautes-fagnes\/#primaryimage"},"image":{"@id":"https:\/\/foretnature.be\/resume-foret-mail\/baux-de-chasse-non-renouveles-sur-une-partie-du-plateau-des-hautes-fagnes\/#primaryimage"},"thumbnailUrl":"https:\/\/foretnature.be\/wp-content\/uploads\/2024\/06\/64da4c388b1312867515c83dee31e234b9e76bc20b1c58b0f754716d8f7eb52e.jpg","datePublished":"2024-06-13T09:48:47+00:00","dateModified":"2024-06-13T12:58:55+00:00","breadcrumb":{"@id":"https:\/\/foretnature.be\/resume-foret-mail\/baux-de-chasse-non-renouveles-sur-une-partie-du-plateau-des-hautes-fagnes\/#breadcrumb"},"inLanguage":"en-GB","potentialAction":[{"@type":"ReadAction","target":["https:\/\/foretnature.be\/resume-foret-mail\/baux-de-chasse-non-renouveles-sur-une-partie-du-plateau-des-hautes-fagnes\/"]}]},{"@type":"ImageObject","inLanguage":"en-GB","@id":"https:\/\/foretnature.be\/resume-foret-mail\/baux-de-chasse-non-renouveles-sur-une-partie-du-plateau-des-hautes-fagnes\/#primaryimage","url":"https:\/\/foretnature.be\/wp-content\/uploads\/2024\/06\/64da4c388b1312867515c83dee31e234b9e76bc20b1c58b0f754716d8f7eb52e.jpg","contentUrl":"https:\/\/foretnature.be\/wp-content\/uploads\/2024\/06\/64da4c388b1312867515c83dee31e234b9e76bc20b1c58b0f754716d8f7eb52e.jpg","width":900,"height":505},{"@type":"BreadcrumbList","@id":"https:\/\/foretnature.be\/resume-foret-mail\/baux-de-chasse-non-renouveles-sur-une-partie-du-plateau-des-hautes-fagnes\/#breadcrumb","itemListElement":[{"@type":"ListItem","position":1,"name":"Home","item":"https:\/\/foretnature.be\/"},{"@type":"ListItem","position":2,"name":"Une partie du plateau des Hautes Fagnes ne sera plus chass\u00e9"}]},{"@type":"WebSite","@id":"https:\/\/foretnature.be\/#website","url":"https:\/\/foretnature.be\/","name":"For\u00eat.Nature","description":"Une \u00e9quipe technique au service de la for\u00eat","publisher":{"@id":"https:\/\/foretnature.be\/#organization"},"potentialAction":[{"@type":"SearchAction","target":{"@type":"EntryPoint","urlTemplate":"https:\/\/foretnature.be\/?s={search_term_string}"},"query-input":"required name=search_term_string"}],"inLanguage":"en-GB"},{"@type":"Organization","@id":"https:\/\/foretnature.be\/#organization","name":"For\u00eat.Nature","url":"https:\/\/foretnature.be\/","logo":{"@type":"ImageObject","inLanguage":"en-GB","@id":"https:\/\/foretnature.be\/#\/schema\/logo\/image\/","url":"https:\/\/foretnature.be\/wp-content\/uploads\/2021\/01\/logoFOblanc.png","contentUrl":"https:\/\/foretnature.be\/wp-content\/uploads\/2021\/01\/logoFOblanc.png","width":300,"height":151,"caption":"For\u00eat.Nature"},"image":{"@id":"https:\/\/foretnature.be\/#\/schema\/logo\/image\/"}}]}},"_links":{"self":[{"href":"https:\/\/foretnature.be\/en\/wp-json\/wp\/v2\/resume-foret-mail\/41087"}],"collection":[{"href":"https:\/\/foretnature.be\/en\/wp-json\/wp\/v2\/resume-foret-mail"}],"about":[{"href":"https:\/\/foretnature.be\/en\/wp-json\/wp\/v2\/types\/resume-foret-mail"}],"version-history":[{"count":2,"href":"https:\/\/foretnature.be\/en\/wp-json\/wp\/v2\/resume-foret-mail\/41087\/revisions"}],"predecessor-version":[{"id":41090,"href":"https:\/\/foretnature.be\/en\/wp-json\/wp\/v2\/resume-foret-mail\/41087\/revisions\/41090"}],"wp:featuredmedia":[{"embeddable":true,"href":"https:\/\/foretnature.be\/en\/wp-json\/wp\/v2\/media\/41088"}],"wp:attachment":[{"href":"https:\/\/foretnature.be\/en\/wp-json\/wp\/v2\/media?parent=41087"}],"wp:term":[{"taxonomy":"category","embeddable":true,"href":"https:\/\/foretnature.be\/en\/wp-json\/wp\/v2\/categories?post=41087"}],"curies":[{"name":"wp","href":"https:\/\/api.w.org\/{rel}","templated":true}]}}