{"id":40424,"date":"2024-02-12T14:48:16","date_gmt":"2024-02-12T13:48:16","guid":{"rendered":"https:\/\/foretnature.be\/?post_type=resume-foret-mail&#038;p=40424"},"modified":"2024-02-12T14:48:16","modified_gmt":"2024-02-12T13:48:16","slug":"laisser-son-chat-en-liberte-une-bonne-idee","status":"publish","type":"resume-foret-mail","link":"https:\/\/foretnature.be\/en\/resume-foret-mail\/laisser-son-chat-en-liberte-une-bonne-idee\/","title":{"rendered":"Laisser son chat en libert\u00e9, une bonne id\u00e9e ?"},"content":{"rendered":"<p>Selon une \u00e9tude r\u00e9cente, les chats domestiques en libert\u00e9 auraient un impact n\u00e9gatif sur la biodiversit\u00e9. Ils perturbent les \u00e9cosyst\u00e8mes en interagissant avec des esp\u00e8ces natives.<\/p>\n<p>Ainsi, 15 % des esp\u00e8ces chass\u00e9es par le chat seraient des esp\u00e8ces en voie d\u2019extinction ou en passe de l\u2019\u00eatre, avec une pr\u00e9valence d\u2019esp\u00e8ces insulaires plut\u00f4t que continentales. Sans surprise, les esp\u00e8ces les plus menac\u00e9es par ces carnivores invasifs seraient les oiseaux, suivis de pr\u00e8s par les mammif\u00e8res et les reptiles.<br \/>\nIl est \u00e9galement important de noter qu\u2019en plus de leur r\u00e9gime alimentaire, n\u00e9faste \u00e0 bien des \u00e9gards, ils peuvent aussi \u00eatre porteurs de nombreuses maladies (toxoplasmose, rage\u2026).<\/p>\n<p>Gr\u00e2ce \u00e0 ces \u00e9l\u00e9ments maintenant reconnus, de nouvelles initiatives pourront peut-\u00eatre voir le jour afin de r\u00e9duire l\u2019impact n\u00e9gatif du chat domestique en libert\u00e9.<\/p>","protected":false},"excerpt":{"rendered":"<p>Selon une \u00e9tude r\u00e9cente, les chats domestiques en libert\u00e9 auraient un impact n\u00e9gatif sur la biodiversit\u00e9. Ils perturbent les \u00e9cosyst\u00e8mes en interagissant avec des esp\u00e8ces natives. Ainsi, 15 % des esp\u00e8ces chass\u00e9es par le chat seraient des esp\u00e8ces en voie d\u2019extinction ou en passe de l\u2019\u00eatre, avec une pr\u00e9valence d\u2019esp\u00e8ces insulaires plut\u00f4t que continentales. Sans [&hellip;]<\/p>\n","protected":false},"featured_media":40412,"template":"","categories":[50],"class_list":["post-40424","resume-foret-mail","type-resume-foret-mail","status-publish","has-post-thumbnail","hentry","category-foret-mail"],"acf":[],"_links":{"self":[{"href":"https:\/\/foretnature.be\/en\/wp-json\/wp\/v2\/resume-foret-mail\/40424","targetHints":{"allow":["GET"]}}],"collection":[{"href":"https:\/\/foretnature.be\/en\/wp-json\/wp\/v2\/resume-foret-mail"}],"about":[{"href":"https:\/\/foretnature.be\/en\/wp-json\/wp\/v2\/types\/resume-foret-mail"}],"version-history":[{"count":1,"href":"https:\/\/foretnature.be\/en\/wp-json\/wp\/v2\/resume-foret-mail\/40424\/revisions"}],"predecessor-version":[{"id":40425,"href":"https:\/\/foretnature.be\/en\/wp-json\/wp\/v2\/resume-foret-mail\/40424\/revisions\/40425"}],"wp:featuredmedia":[{"embeddable":true,"href":"https:\/\/foretnature.be\/en\/wp-json\/wp\/v2\/media\/40412"}],"wp:attachment":[{"href":"https:\/\/foretnature.be\/en\/wp-json\/wp\/v2\/media?parent=40424"}],"wp:term":[{"taxonomy":"category","embeddable":true,"href":"https:\/\/foretnature.be\/en\/wp-json\/wp\/v2\/categories?post=40424"}],"curies":[{"name":"wp","href":"https:\/\/api.w.org\/{rel}","templated":true}]}}