{"id":40124,"date":"2023-12-11T13:20:52","date_gmt":"2023-12-11T12:20:52","guid":{"rendered":"https:\/\/foretnature.be\/?post_type=resume-foret-mail&#038;p=40124"},"modified":"2023-12-11T13:20:52","modified_gmt":"2023-12-11T12:20:52","slug":"lengouement-pour-le-cedre-justifie","status":"publish","type":"resume-foret-mail","link":"https:\/\/foretnature.be\/en\/resume-foret-mail\/lengouement-pour-le-cedre-justifie\/","title":{"rendered":"L\u2019engouement pour le c\u00e8dre, justifi\u00e9 ?"},"content":{"rendered":"<p>Le dernier num\u00e9ro de For\u00eats de France de novembre 2023 inclut un dossier de 15 pages sur le c\u00e8dre. Cette essence tr\u00e8s embl\u00e9matique dans de nombreuses civilisations est aujourd\u2019hui consid\u00e9r\u00e9e comme une option int\u00e9ressante face aux changements climatiques, notamment gr\u00e2ce \u00e0 sa r\u00e9sistance \u00e0 la s\u00e8cheresse. L\u2019article rappelle n\u00e9anmoins que l\u2019enthousiasme doit s\u2019accompagner de prudence : \u00ab il ne s\u2019agit pas d\u2019une essence miracle, il faut respecter ses conditions \u00e9cologiques et ne pas vouloir la mettre partout comme on a pu le faire par le pass\u00e9 avec certains r\u00e9sineux \u00bb.<\/p>\n<p>Le dossier revient sur sa place symbolique et historique et sur l\u2019origine de son introduction en France. Une fiche synth\u00e9tique reprend les diff\u00e9rentes esp\u00e8ces et sous-esp\u00e8ces qui pr\u00e9sentent des capacit\u00e9s d\u2019adaptation bien distinctes : le c\u00e8dre de l\u2019Atlas, de Chypre, du Liban et de l\u2019Himalaya. Le reste du dossier se focalise sur le c\u00e8dre de l\u2019Atlas, qui est consid\u00e9r\u00e9 en France comme le candidat d\u2019avenir dans un contexte de r\u00e9chauffement climatique. Son profil \u00e9cologique et son caract\u00e8re potentiellement envahissant sont pr\u00e9sent\u00e9s. L\u2019auteur rappelle que le c\u00e8dre craint les gel\u00e9es tardives, les neiges collantes et le vent (son bois est cassant).<\/p>\n<p>De nombreux travaux et exp\u00e9rimentations ont vu le jour autour du c\u00e8dre et sont d\u00e9taill\u00e9s dans le dossier. La sylviculture du c\u00e8dre, encore exp\u00e9rimentale, montre que le c\u00e8dre se porte bien en peuplement m\u00e9lang\u00e9.<\/p>\n<p>Le dossier se termine par un aper\u00e7u des nombreux usages pour le c\u00e8dre, que ce soit en bois de construction ou en menuiserie, allant jusqu\u2019aux huiles essentielles.<\/p>","protected":false},"excerpt":{"rendered":"<p>Le dernier num\u00e9ro de For\u00eats de France de novembre 2023 inclut un dossier de 15 pages sur le c\u00e8dre. Cette essence tr\u00e8s embl\u00e9matique dans de nombreuses civilisations est aujourd\u2019hui consid\u00e9r\u00e9e comme une option int\u00e9ressante face aux changements climatiques, notamment gr\u00e2ce \u00e0 sa r\u00e9sistance \u00e0 la s\u00e8cheresse. L\u2019article rappelle n\u00e9anmoins que l\u2019enthousiasme doit s\u2019accompagner de prudence [&hellip;]<\/p>","protected":false},"featured_media":40102,"template":"","categories":[50],"acf":[],"yoast_head":"<!-- This site is optimized with the Yoast SEO plugin v23.2 - https:\/\/yoast.com\/wordpress\/plugins\/seo\/ -->\n<title>L\u2019engouement pour le c\u00e8dre, justifi\u00e9 ? - For\u00eat.Nature<\/title>\n<meta name=\"robots\" content=\"index, follow, max-snippet:-1, max-image-preview:large, max-video-preview:-1\" \/>\n<link rel=\"canonical\" href=\"https:\/\/foretnature.be\/en\/resume-foret-mail\/lengouement-pour-le-cedre-justifie\/\" \/>\n<meta property=\"og:locale\" content=\"en_GB\" \/>\n<meta property=\"og:type\" content=\"article\" \/>\n<meta property=\"og:title\" content=\"L\u2019engouement pour le c\u00e8dre, justifi\u00e9 ? - For\u00eat.Nature\" \/>\n<meta property=\"og:description\" content=\"Le dernier num\u00e9ro de For\u00eats de France de novembre 2023 inclut un dossier de 15 pages sur le c\u00e8dre. Cette essence tr\u00e8s embl\u00e9matique dans de nombreuses civilisations est aujourd\u2019hui consid\u00e9r\u00e9e comme une option int\u00e9ressante face aux changements climatiques, notamment gr\u00e2ce \u00e0 sa r\u00e9sistance \u00e0 la s\u00e8cheresse. L\u2019article rappelle n\u00e9anmoins que l\u2019enthousiasme doit s\u2019accompagner de prudence [&hellip;]\" \/>\n<meta property=\"og:url\" content=\"https:\/\/foretnature.be\/en\/resume-foret-mail\/lengouement-pour-le-cedre-justifie\/\" \/>\n<meta property=\"og:site_name\" content=\"For\u00eat.Nature\" \/>\n<meta property=\"og:image\" content=\"https:\/\/foretnature.be\/wp-content\/uploads\/2023\/12\/2506.jpeg\" \/>\n\t<meta property=\"og:image:width\" content=\"900\" \/>\n\t<meta property=\"og:image:height\" content=\"600\" \/>\n\t<meta property=\"og:image:type\" content=\"image\/jpeg\" \/>\n<meta name=\"twitter:card\" content=\"summary_large_image\" \/>\n<meta name=\"twitter:label1\" content=\"Estimated reading time\" \/>\n\t<meta name=\"twitter:data1\" content=\"2 minutes\" \/>\n<script type=\"application\/ld+json\" class=\"yoast-schema-graph\">{\"@context\":\"https:\/\/schema.org\",\"@graph\":[{\"@type\":\"WebPage\",\"@id\":\"https:\/\/foretnature.be\/en\/resume-foret-mail\/lengouement-pour-le-cedre-justifie\/\",\"url\":\"https:\/\/foretnature.be\/en\/resume-foret-mail\/lengouement-pour-le-cedre-justifie\/\",\"name\":\"L\u2019engouement pour le c\u00e8dre, justifi\u00e9 ? - For\u00eat.Nature\",\"isPartOf\":{\"@id\":\"https:\/\/foretnature.be\/#website\"},\"primaryImageOfPage\":{\"@id\":\"https:\/\/foretnature.be\/en\/resume-foret-mail\/lengouement-pour-le-cedre-justifie\/#primaryimage\"},\"image\":{\"@id\":\"https:\/\/foretnature.be\/en\/resume-foret-mail\/lengouement-pour-le-cedre-justifie\/#primaryimage\"},\"thumbnailUrl\":\"https:\/\/foretnature.be\/wp-content\/uploads\/2023\/12\/2506.jpeg\",\"datePublished\":\"2023-12-11T12:20:52+00:00\",\"dateModified\":\"2023-12-11T12:20:52+00:00\",\"breadcrumb\":{\"@id\":\"https:\/\/foretnature.be\/en\/resume-foret-mail\/lengouement-pour-le-cedre-justifie\/#breadcrumb\"},\"inLanguage\":\"en-GB\",\"potentialAction\":[{\"@type\":\"ReadAction\",\"target\":[\"https:\/\/foretnature.be\/en\/resume-foret-mail\/lengouement-pour-le-cedre-justifie\/\"]}]},{\"@type\":\"ImageObject\",\"inLanguage\":\"en-GB\",\"@id\":\"https:\/\/foretnature.be\/en\/resume-foret-mail\/lengouement-pour-le-cedre-justifie\/#primaryimage\",\"url\":\"https:\/\/foretnature.be\/wp-content\/uploads\/2023\/12\/2506.jpeg\",\"contentUrl\":\"https:\/\/foretnature.be\/wp-content\/uploads\/2023\/12\/2506.jpeg\",\"width\":900,\"height\":600,\"caption\":\"Atlas cedar (Cedrus atlantica f. Glauca).\"},{\"@type\":\"BreadcrumbList\",\"@id\":\"https:\/\/foretnature.be\/en\/resume-foret-mail\/lengouement-pour-le-cedre-justifie\/#breadcrumb\",\"itemListElement\":[{\"@type\":\"ListItem\",\"position\":1,\"name\":\"Home\",\"item\":\"https:\/\/foretnature.be\/\"},{\"@type\":\"ListItem\",\"position\":2,\"name\":\"L\u2019engouement pour le c\u00e8dre, justifi\u00e9 ?\"}]},{\"@type\":\"WebSite\",\"@id\":\"https:\/\/foretnature.be\/#website\",\"url\":\"https:\/\/foretnature.be\/\",\"name\":\"For\u00eat.Nature\",\"description\":\"Une \u00e9quipe technique au service de la for\u00eat\",\"publisher\":{\"@id\":\"https:\/\/foretnature.be\/#organization\"},\"potentialAction\":[{\"@type\":\"SearchAction\",\"target\":{\"@type\":\"EntryPoint\",\"urlTemplate\":\"https:\/\/foretnature.be\/?s={search_term_string}\"},\"query-input\":\"required name=search_term_string\"}],\"inLanguage\":\"en-GB\"},{\"@type\":\"Organization\",\"@id\":\"https:\/\/foretnature.be\/#organization\",\"name\":\"For\u00eat.Nature\",\"url\":\"https:\/\/foretnature.be\/\",\"logo\":{\"@type\":\"ImageObject\",\"inLanguage\":\"en-GB\",\"@id\":\"https:\/\/foretnature.be\/#\/schema\/logo\/image\/\",\"url\":\"https:\/\/foretnature.be\/wp-content\/uploads\/2021\/01\/logoFOblanc.png\",\"contentUrl\":\"https:\/\/foretnature.be\/wp-content\/uploads\/2021\/01\/logoFOblanc.png\",\"width\":300,\"height\":151,\"caption\":\"For\u00eat.Nature\"},\"image\":{\"@id\":\"https:\/\/foretnature.be\/#\/schema\/logo\/image\/\"}}]}<\/script>\n<!-- \/ Yoast SEO plugin. -->","yoast_head_json":{"title":"L\u2019engouement pour le c\u00e8dre, justifi\u00e9 ? - For\u00eat.Nature","robots":{"index":"index","follow":"follow","max-snippet":"max-snippet:-1","max-image-preview":"max-image-preview:large","max-video-preview":"max-video-preview:-1"},"canonical":"https:\/\/foretnature.be\/en\/resume-foret-mail\/lengouement-pour-le-cedre-justifie\/","og_locale":"en_GB","og_type":"article","og_title":"L\u2019engouement pour le c\u00e8dre, justifi\u00e9 ? - For\u00eat.Nature","og_description":"Le dernier num\u00e9ro de For\u00eats de France de novembre 2023 inclut un dossier de 15 pages sur le c\u00e8dre. Cette essence tr\u00e8s embl\u00e9matique dans de nombreuses civilisations est aujourd\u2019hui consid\u00e9r\u00e9e comme une option int\u00e9ressante face aux changements climatiques, notamment gr\u00e2ce \u00e0 sa r\u00e9sistance \u00e0 la s\u00e8cheresse. L\u2019article rappelle n\u00e9anmoins que l\u2019enthousiasme doit s\u2019accompagner de prudence [&hellip;]","og_url":"https:\/\/foretnature.be\/en\/resume-foret-mail\/lengouement-pour-le-cedre-justifie\/","og_site_name":"For\u00eat.Nature","og_image":[{"width":900,"height":600,"url":"https:\/\/foretnature.be\/wp-content\/uploads\/2023\/12\/2506.jpeg","type":"image\/jpeg"}],"twitter_card":"summary_large_image","twitter_misc":{"Estimated reading time":"2 minutes"},"schema":{"@context":"https:\/\/schema.org","@graph":[{"@type":"WebPage","@id":"https:\/\/foretnature.be\/en\/resume-foret-mail\/lengouement-pour-le-cedre-justifie\/","url":"https:\/\/foretnature.be\/en\/resume-foret-mail\/lengouement-pour-le-cedre-justifie\/","name":"L\u2019engouement pour le c\u00e8dre, justifi\u00e9 ? - For\u00eat.Nature","isPartOf":{"@id":"https:\/\/foretnature.be\/#website"},"primaryImageOfPage":{"@id":"https:\/\/foretnature.be\/en\/resume-foret-mail\/lengouement-pour-le-cedre-justifie\/#primaryimage"},"image":{"@id":"https:\/\/foretnature.be\/en\/resume-foret-mail\/lengouement-pour-le-cedre-justifie\/#primaryimage"},"thumbnailUrl":"https:\/\/foretnature.be\/wp-content\/uploads\/2023\/12\/2506.jpeg","datePublished":"2023-12-11T12:20:52+00:00","dateModified":"2023-12-11T12:20:52+00:00","breadcrumb":{"@id":"https:\/\/foretnature.be\/en\/resume-foret-mail\/lengouement-pour-le-cedre-justifie\/#breadcrumb"},"inLanguage":"en-GB","potentialAction":[{"@type":"ReadAction","target":["https:\/\/foretnature.be\/en\/resume-foret-mail\/lengouement-pour-le-cedre-justifie\/"]}]},{"@type":"ImageObject","inLanguage":"en-GB","@id":"https:\/\/foretnature.be\/en\/resume-foret-mail\/lengouement-pour-le-cedre-justifie\/#primaryimage","url":"https:\/\/foretnature.be\/wp-content\/uploads\/2023\/12\/2506.jpeg","contentUrl":"https:\/\/foretnature.be\/wp-content\/uploads\/2023\/12\/2506.jpeg","width":900,"height":600,"caption":"Atlas cedar (Cedrus atlantica f. Glauca)."},{"@type":"BreadcrumbList","@id":"https:\/\/foretnature.be\/en\/resume-foret-mail\/lengouement-pour-le-cedre-justifie\/#breadcrumb","itemListElement":[{"@type":"ListItem","position":1,"name":"Home","item":"https:\/\/foretnature.be\/"},{"@type":"ListItem","position":2,"name":"L\u2019engouement pour le c\u00e8dre, justifi\u00e9 ?"}]},{"@type":"WebSite","@id":"https:\/\/foretnature.be\/#website","url":"https:\/\/foretnature.be\/","name":"For\u00eat.Nature","description":"Une \u00e9quipe technique au service de la for\u00eat","publisher":{"@id":"https:\/\/foretnature.be\/#organization"},"potentialAction":[{"@type":"SearchAction","target":{"@type":"EntryPoint","urlTemplate":"https:\/\/foretnature.be\/?s={search_term_string}"},"query-input":"required name=search_term_string"}],"inLanguage":"en-GB"},{"@type":"Organization","@id":"https:\/\/foretnature.be\/#organization","name":"For\u00eat.Nature","url":"https:\/\/foretnature.be\/","logo":{"@type":"ImageObject","inLanguage":"en-GB","@id":"https:\/\/foretnature.be\/#\/schema\/logo\/image\/","url":"https:\/\/foretnature.be\/wp-content\/uploads\/2021\/01\/logoFOblanc.png","contentUrl":"https:\/\/foretnature.be\/wp-content\/uploads\/2021\/01\/logoFOblanc.png","width":300,"height":151,"caption":"For\u00eat.Nature"},"image":{"@id":"https:\/\/foretnature.be\/#\/schema\/logo\/image\/"}}]}},"_links":{"self":[{"href":"https:\/\/foretnature.be\/en\/wp-json\/wp\/v2\/resume-foret-mail\/40124"}],"collection":[{"href":"https:\/\/foretnature.be\/en\/wp-json\/wp\/v2\/resume-foret-mail"}],"about":[{"href":"https:\/\/foretnature.be\/en\/wp-json\/wp\/v2\/types\/resume-foret-mail"}],"version-history":[{"count":1,"href":"https:\/\/foretnature.be\/en\/wp-json\/wp\/v2\/resume-foret-mail\/40124\/revisions"}],"predecessor-version":[{"id":40125,"href":"https:\/\/foretnature.be\/en\/wp-json\/wp\/v2\/resume-foret-mail\/40124\/revisions\/40125"}],"wp:featuredmedia":[{"embeddable":true,"href":"https:\/\/foretnature.be\/en\/wp-json\/wp\/v2\/media\/40102"}],"wp:attachment":[{"href":"https:\/\/foretnature.be\/en\/wp-json\/wp\/v2\/media?parent=40124"}],"wp:term":[{"taxonomy":"category","embeddable":true,"href":"https:\/\/foretnature.be\/en\/wp-json\/wp\/v2\/categories?post=40124"}],"curies":[{"name":"wp","href":"https:\/\/api.w.org\/{rel}","templated":true}]}}