{"id":40122,"date":"2023-12-11T13:19:15","date_gmt":"2023-12-11T12:19:15","guid":{"rendered":"https:\/\/foretnature.be\/?post_type=resume-foret-mail&#038;p=40122"},"modified":"2023-12-11T13:19:15","modified_gmt":"2023-12-11T12:19:15","slug":"la-deforestation-mondiale-une-histoire-sans-fin","status":"publish","type":"resume-foret-mail","link":"https:\/\/foretnature.be\/en\/resume-foret-mail\/la-deforestation-mondiale-une-histoire-sans-fin\/","title":{"rendered":"La d\u00e9forestation mondiale : une histoire sans fin ?"},"content":{"rendered":"<p>Lors de la 26e conf\u00e9rence mondiale pour le climat (COP26), qui s&rsquo;est tenue en \u00c9cosse en 2021, les chefs d&rsquo;\u00c9tat et de gouvernement de 145 pays se sont engag\u00e9s \u00e0 mettre un terme \u00e0 la d\u00e9forestation mondiale d&rsquo;ici 2030.<\/p>\n<p>N\u00e9anmoins, le rapport \u00ab \u00c9valuation de la d\u00e9gradation pour les for\u00eats\u00bb de 2022, publi\u00e9 chaque ann\u00e9e par une large coalition d&rsquo;ONG et d&rsquo;instituts de recherche, indique que la d\u00e9forestation mondiale a augment\u00e9 de 4 % en 2022 par rapport \u00e0 2021. Sur environ 6,6 millions d&rsquo;hectares de terres d\u00e9grad\u00e9es, 4,1 millions d&rsquo;hectares sont des for\u00eats tropicales primaires. Les pays o\u00f9 la superficie d\u00e9forest\u00e9e a \u00e9t\u00e9 la plus importante sont le Br\u00e9sil, la Bolivie, la R\u00e9publique D\u00e9mocratique du Congo et l&rsquo;Indon\u00e9sie.<\/p>","protected":false},"excerpt":{"rendered":"<p>Lors de la 26e conf\u00e9rence mondiale pour le climat (COP26), qui s&rsquo;est tenue en \u00c9cosse en 2021, les chefs d&rsquo;\u00c9tat et de gouvernement de 145 pays se sont engag\u00e9s \u00e0 mettre un terme \u00e0 la d\u00e9forestation mondiale d&rsquo;ici 2030. N\u00e9anmoins, le rapport \u00ab \u00c9valuation de la d\u00e9gradation pour les for\u00eats\u00bb de 2022, publi\u00e9 chaque ann\u00e9e [&hellip;]<\/p>","protected":false},"featured_media":40101,"template":"","categories":[50],"acf":[],"yoast_head":"<!-- This site is optimized with the Yoast SEO plugin v23.2 - https:\/\/yoast.com\/wordpress\/plugins\/seo\/ -->\n<title>La d\u00e9forestation mondiale : une histoire sans fin ? - For\u00eat.Nature<\/title>\n<meta name=\"robots\" content=\"index, follow, max-snippet:-1, max-image-preview:large, max-video-preview:-1\" \/>\n<link rel=\"canonical\" href=\"https:\/\/foretnature.be\/en\/resume-foret-mail\/la-deforestation-mondiale-une-histoire-sans-fin\/\" \/>\n<meta property=\"og:locale\" content=\"en_GB\" \/>\n<meta property=\"og:type\" content=\"article\" \/>\n<meta property=\"og:title\" content=\"La d\u00e9forestation mondiale : une histoire sans fin ? - For\u00eat.Nature\" \/>\n<meta property=\"og:description\" content=\"Lors de la 26e conf\u00e9rence mondiale pour le climat (COP26), qui s&rsquo;est tenue en \u00c9cosse en 2021, les chefs d&rsquo;\u00c9tat et de gouvernement de 145 pays se sont engag\u00e9s \u00e0 mettre un terme \u00e0 la d\u00e9forestation mondiale d&rsquo;ici 2030. N\u00e9anmoins, le rapport \u00ab \u00c9valuation de la d\u00e9gradation pour les for\u00eats\u00bb de 2022, publi\u00e9 chaque ann\u00e9e [&hellip;]\" \/>\n<meta property=\"og:url\" content=\"https:\/\/foretnature.be\/en\/resume-foret-mail\/la-deforestation-mondiale-une-histoire-sans-fin\/\" \/>\n<meta property=\"og:site_name\" content=\"For\u00eat.Nature\" \/>\n<meta property=\"og:image\" content=\"https:\/\/foretnature.be\/wp-content\/uploads\/2023\/12\/2505.jpg\" \/>\n\t<meta property=\"og:image:width\" content=\"900\" \/>\n\t<meta property=\"og:image:height\" content=\"601\" \/>\n\t<meta property=\"og:image:type\" content=\"image\/jpeg\" \/>\n<meta name=\"twitter:card\" content=\"summary_large_image\" \/>\n<meta name=\"twitter:label1\" content=\"Estimated reading time\" \/>\n\t<meta name=\"twitter:data1\" content=\"1 minute\" \/>\n<script type=\"application\/ld+json\" class=\"yoast-schema-graph\">{\"@context\":\"https:\/\/schema.org\",\"@graph\":[{\"@type\":\"WebPage\",\"@id\":\"https:\/\/foretnature.be\/en\/resume-foret-mail\/la-deforestation-mondiale-une-histoire-sans-fin\/\",\"url\":\"https:\/\/foretnature.be\/en\/resume-foret-mail\/la-deforestation-mondiale-une-histoire-sans-fin\/\",\"name\":\"La d\u00e9forestation mondiale : une histoire sans fin ? - For\u00eat.Nature\",\"isPartOf\":{\"@id\":\"https:\/\/foretnature.be\/#website\"},\"primaryImageOfPage\":{\"@id\":\"https:\/\/foretnature.be\/en\/resume-foret-mail\/la-deforestation-mondiale-une-histoire-sans-fin\/#primaryimage\"},\"image\":{\"@id\":\"https:\/\/foretnature.be\/en\/resume-foret-mail\/la-deforestation-mondiale-une-histoire-sans-fin\/#primaryimage\"},\"thumbnailUrl\":\"https:\/\/foretnature.be\/wp-content\/uploads\/2023\/12\/2505.jpg\",\"datePublished\":\"2023-12-11T12:19:15+00:00\",\"dateModified\":\"2023-12-11T12:19:15+00:00\",\"breadcrumb\":{\"@id\":\"https:\/\/foretnature.be\/en\/resume-foret-mail\/la-deforestation-mondiale-une-histoire-sans-fin\/#breadcrumb\"},\"inLanguage\":\"en-GB\",\"potentialAction\":[{\"@type\":\"ReadAction\",\"target\":[\"https:\/\/foretnature.be\/en\/resume-foret-mail\/la-deforestation-mondiale-une-histoire-sans-fin\/\"]}]},{\"@type\":\"ImageObject\",\"inLanguage\":\"en-GB\",\"@id\":\"https:\/\/foretnature.be\/en\/resume-foret-mail\/la-deforestation-mondiale-une-histoire-sans-fin\/#primaryimage\",\"url\":\"https:\/\/foretnature.be\/wp-content\/uploads\/2023\/12\/2505.jpg\",\"contentUrl\":\"https:\/\/foretnature.be\/wp-content\/uploads\/2023\/12\/2505.jpg\",\"width\":900,\"height\":601,\"caption\":\"Fires burn near a large farm that produces soy, corn and other commodities in Uru\u00e7u\u00ed, Piau\u00ed, in the region of Brazil's Cerrado. MARIA MAGDALENA ARR\u00c9LLAGA POUR \u00abLE MONDE\u00bb\"},{\"@type\":\"BreadcrumbList\",\"@id\":\"https:\/\/foretnature.be\/en\/resume-foret-mail\/la-deforestation-mondiale-une-histoire-sans-fin\/#breadcrumb\",\"itemListElement\":[{\"@type\":\"ListItem\",\"position\":1,\"name\":\"Home\",\"item\":\"https:\/\/foretnature.be\/\"},{\"@type\":\"ListItem\",\"position\":2,\"name\":\"La d\u00e9forestation mondiale : une histoire sans fin ?\"}]},{\"@type\":\"WebSite\",\"@id\":\"https:\/\/foretnature.be\/#website\",\"url\":\"https:\/\/foretnature.be\/\",\"name\":\"For\u00eat.Nature\",\"description\":\"Une \u00e9quipe technique au service de la for\u00eat\",\"publisher\":{\"@id\":\"https:\/\/foretnature.be\/#organization\"},\"potentialAction\":[{\"@type\":\"SearchAction\",\"target\":{\"@type\":\"EntryPoint\",\"urlTemplate\":\"https:\/\/foretnature.be\/?s={search_term_string}\"},\"query-input\":\"required name=search_term_string\"}],\"inLanguage\":\"en-GB\"},{\"@type\":\"Organization\",\"@id\":\"https:\/\/foretnature.be\/#organization\",\"name\":\"For\u00eat.Nature\",\"url\":\"https:\/\/foretnature.be\/\",\"logo\":{\"@type\":\"ImageObject\",\"inLanguage\":\"en-GB\",\"@id\":\"https:\/\/foretnature.be\/#\/schema\/logo\/image\/\",\"url\":\"https:\/\/foretnature.be\/wp-content\/uploads\/2021\/01\/logoFOblanc.png\",\"contentUrl\":\"https:\/\/foretnature.be\/wp-content\/uploads\/2021\/01\/logoFOblanc.png\",\"width\":300,\"height\":151,\"caption\":\"For\u00eat.Nature\"},\"image\":{\"@id\":\"https:\/\/foretnature.be\/#\/schema\/logo\/image\/\"}}]}<\/script>\n<!-- \/ Yoast SEO plugin. -->","yoast_head_json":{"title":"La d\u00e9forestation mondiale : une histoire sans fin ? - For\u00eat.Nature","robots":{"index":"index","follow":"follow","max-snippet":"max-snippet:-1","max-image-preview":"max-image-preview:large","max-video-preview":"max-video-preview:-1"},"canonical":"https:\/\/foretnature.be\/en\/resume-foret-mail\/la-deforestation-mondiale-une-histoire-sans-fin\/","og_locale":"en_GB","og_type":"article","og_title":"La d\u00e9forestation mondiale : une histoire sans fin ? - For\u00eat.Nature","og_description":"Lors de la 26e conf\u00e9rence mondiale pour le climat (COP26), qui s&rsquo;est tenue en \u00c9cosse en 2021, les chefs d&rsquo;\u00c9tat et de gouvernement de 145 pays se sont engag\u00e9s \u00e0 mettre un terme \u00e0 la d\u00e9forestation mondiale d&rsquo;ici 2030. N\u00e9anmoins, le rapport \u00ab \u00c9valuation de la d\u00e9gradation pour les for\u00eats\u00bb de 2022, publi\u00e9 chaque ann\u00e9e [&hellip;]","og_url":"https:\/\/foretnature.be\/en\/resume-foret-mail\/la-deforestation-mondiale-une-histoire-sans-fin\/","og_site_name":"For\u00eat.Nature","og_image":[{"width":900,"height":601,"url":"https:\/\/foretnature.be\/wp-content\/uploads\/2023\/12\/2505.jpg","type":"image\/jpeg"}],"twitter_card":"summary_large_image","twitter_misc":{"Estimated reading time":"1 minute"},"schema":{"@context":"https:\/\/schema.org","@graph":[{"@type":"WebPage","@id":"https:\/\/foretnature.be\/en\/resume-foret-mail\/la-deforestation-mondiale-une-histoire-sans-fin\/","url":"https:\/\/foretnature.be\/en\/resume-foret-mail\/la-deforestation-mondiale-une-histoire-sans-fin\/","name":"La d\u00e9forestation mondiale : une histoire sans fin ? - For\u00eat.Nature","isPartOf":{"@id":"https:\/\/foretnature.be\/#website"},"primaryImageOfPage":{"@id":"https:\/\/foretnature.be\/en\/resume-foret-mail\/la-deforestation-mondiale-une-histoire-sans-fin\/#primaryimage"},"image":{"@id":"https:\/\/foretnature.be\/en\/resume-foret-mail\/la-deforestation-mondiale-une-histoire-sans-fin\/#primaryimage"},"thumbnailUrl":"https:\/\/foretnature.be\/wp-content\/uploads\/2023\/12\/2505.jpg","datePublished":"2023-12-11T12:19:15+00:00","dateModified":"2023-12-11T12:19:15+00:00","breadcrumb":{"@id":"https:\/\/foretnature.be\/en\/resume-foret-mail\/la-deforestation-mondiale-une-histoire-sans-fin\/#breadcrumb"},"inLanguage":"en-GB","potentialAction":[{"@type":"ReadAction","target":["https:\/\/foretnature.be\/en\/resume-foret-mail\/la-deforestation-mondiale-une-histoire-sans-fin\/"]}]},{"@type":"ImageObject","inLanguage":"en-GB","@id":"https:\/\/foretnature.be\/en\/resume-foret-mail\/la-deforestation-mondiale-une-histoire-sans-fin\/#primaryimage","url":"https:\/\/foretnature.be\/wp-content\/uploads\/2023\/12\/2505.jpg","contentUrl":"https:\/\/foretnature.be\/wp-content\/uploads\/2023\/12\/2505.jpg","width":900,"height":601,"caption":"Fires burn near a large farm that produces soy, corn and other commodities in Uru\u00e7u\u00ed, Piau\u00ed, in the region of Brazil's Cerrado. MARIA MAGDALENA ARR\u00c9LLAGA POUR \u00abLE MONDE\u00bb"},{"@type":"BreadcrumbList","@id":"https:\/\/foretnature.be\/en\/resume-foret-mail\/la-deforestation-mondiale-une-histoire-sans-fin\/#breadcrumb","itemListElement":[{"@type":"ListItem","position":1,"name":"Home","item":"https:\/\/foretnature.be\/"},{"@type":"ListItem","position":2,"name":"La d\u00e9forestation mondiale : une histoire sans fin ?"}]},{"@type":"WebSite","@id":"https:\/\/foretnature.be\/#website","url":"https:\/\/foretnature.be\/","name":"For\u00eat.Nature","description":"Une \u00e9quipe technique au service de la for\u00eat","publisher":{"@id":"https:\/\/foretnature.be\/#organization"},"potentialAction":[{"@type":"SearchAction","target":{"@type":"EntryPoint","urlTemplate":"https:\/\/foretnature.be\/?s={search_term_string}"},"query-input":"required name=search_term_string"}],"inLanguage":"en-GB"},{"@type":"Organization","@id":"https:\/\/foretnature.be\/#organization","name":"For\u00eat.Nature","url":"https:\/\/foretnature.be\/","logo":{"@type":"ImageObject","inLanguage":"en-GB","@id":"https:\/\/foretnature.be\/#\/schema\/logo\/image\/","url":"https:\/\/foretnature.be\/wp-content\/uploads\/2021\/01\/logoFOblanc.png","contentUrl":"https:\/\/foretnature.be\/wp-content\/uploads\/2021\/01\/logoFOblanc.png","width":300,"height":151,"caption":"For\u00eat.Nature"},"image":{"@id":"https:\/\/foretnature.be\/#\/schema\/logo\/image\/"}}]}},"_links":{"self":[{"href":"https:\/\/foretnature.be\/en\/wp-json\/wp\/v2\/resume-foret-mail\/40122"}],"collection":[{"href":"https:\/\/foretnature.be\/en\/wp-json\/wp\/v2\/resume-foret-mail"}],"about":[{"href":"https:\/\/foretnature.be\/en\/wp-json\/wp\/v2\/types\/resume-foret-mail"}],"version-history":[{"count":1,"href":"https:\/\/foretnature.be\/en\/wp-json\/wp\/v2\/resume-foret-mail\/40122\/revisions"}],"predecessor-version":[{"id":40123,"href":"https:\/\/foretnature.be\/en\/wp-json\/wp\/v2\/resume-foret-mail\/40122\/revisions\/40123"}],"wp:featuredmedia":[{"embeddable":true,"href":"https:\/\/foretnature.be\/en\/wp-json\/wp\/v2\/media\/40101"}],"wp:attachment":[{"href":"https:\/\/foretnature.be\/en\/wp-json\/wp\/v2\/media?parent=40122"}],"wp:term":[{"taxonomy":"category","embeddable":true,"href":"https:\/\/foretnature.be\/en\/wp-json\/wp\/v2\/categories?post=40122"}],"curies":[{"name":"wp","href":"https:\/\/api.w.org\/{rel}","templated":true}]}}