{"id":39981,"date":"2023-10-09T16:36:40","date_gmt":"2023-10-09T14:36:40","guid":{"rendered":"https:\/\/foretnature.be\/?post_type=resume-foret-mail&#038;p=39981"},"modified":"2023-10-09T16:36:40","modified_gmt":"2023-10-09T14:36:40","slug":"bientot-une-seconde-vie-pour-nos-panneaux-en-fibres-de-bois","status":"publish","type":"resume-foret-mail","link":"https:\/\/foretnature.be\/en\/resume-foret-mail\/bientot-une-seconde-vie-pour-nos-panneaux-en-fibres-de-bois\/","title":{"rendered":"Bient\u00f4t une seconde vie pour nos panneaux en fibres de bois ?"},"content":{"rendered":"<p>Les panneaux en fibres de bois sont des mat\u00e9riaux appr\u00e9ci\u00e9s dans l\u2019ameublement, l\u2019am\u00e9nagement int\u00e9rieur ou l\u2019isolation thermique. Ils sont fabriqu\u00e9s \u00e0 partir de bois d\u2019\u00e9claircies, de chablis ou de dosses. Selon leur utilisation, le temps est plus ou moins long avant qu\u2019ils ne deviennent des d\u00e9chets. En Europe, on estime \u00e0 60 millions de tonnes les d\u00e9chets de panneaux de fibres de bois durant ces cinq derni\u00e8res ann\u00e9es.<\/p>\n<p>Au travers du projet EcoReFibre, regroupant 19 partenaires europ\u00e9ens (industriels, chercheurs, \u00e9coles\u2026), la fili\u00e8re se mobilise pour valoriser cette ressource et r\u00e9pondre aux exigences de circularit\u00e9 et de sobri\u00e9t\u00e9.<\/p>\n<p>Le projet vise \u00e0 d\u00e9velopper des \u00e9quipements pour mieux trier et des technologies intelligentes pour extraire les fibres de bois et les convertir en nouveaux panneaux. L\u2019objectif est d\u2019atteindre un taux de 25 % de fibres recycl\u00e9es dans le march\u00e9 europ\u00e9en des panneaux de fibres de bois.<\/p>","protected":false},"excerpt":{"rendered":"<p>Les panneaux en fibres de bois sont des mat\u00e9riaux appr\u00e9ci\u00e9s dans l\u2019ameublement, l\u2019am\u00e9nagement int\u00e9rieur ou l\u2019isolation thermique. Ils sont fabriqu\u00e9s \u00e0 partir de bois d\u2019\u00e9claircies, de chablis ou de dosses. Selon leur utilisation, le temps est plus ou moins long avant qu\u2019ils ne deviennent des d\u00e9chets. En Europe, on estime \u00e0 60 millions de tonnes [&hellip;]<\/p>","protected":false},"featured_media":39967,"template":"","categories":[50],"acf":[],"yoast_head":"<!-- This site is optimized with the Yoast SEO plugin v23.2 - https:\/\/yoast.com\/wordpress\/plugins\/seo\/ -->\n<title>Bient\u00f4t une seconde vie pour nos panneaux en fibres de bois ? - For\u00eat.Nature<\/title>\n<meta name=\"robots\" content=\"index, follow, max-snippet:-1, max-image-preview:large, max-video-preview:-1\" \/>\n<link rel=\"canonical\" href=\"https:\/\/foretnature.be\/en\/resume-foret-mail\/bientot-une-seconde-vie-pour-nos-panneaux-en-fibres-de-bois\/\" \/>\n<meta property=\"og:locale\" content=\"en_GB\" \/>\n<meta property=\"og:type\" content=\"article\" \/>\n<meta property=\"og:title\" content=\"Bient\u00f4t une seconde vie pour nos panneaux en fibres de bois ? - For\u00eat.Nature\" \/>\n<meta property=\"og:description\" content=\"Les panneaux en fibres de bois sont des mat\u00e9riaux appr\u00e9ci\u00e9s dans l\u2019ameublement, l\u2019am\u00e9nagement int\u00e9rieur ou l\u2019isolation thermique. Ils sont fabriqu\u00e9s \u00e0 partir de bois d\u2019\u00e9claircies, de chablis ou de dosses. Selon leur utilisation, le temps est plus ou moins long avant qu\u2019ils ne deviennent des d\u00e9chets. En Europe, on estime \u00e0 60 millions de tonnes [&hellip;]\" \/>\n<meta property=\"og:url\" content=\"https:\/\/foretnature.be\/en\/resume-foret-mail\/bientot-une-seconde-vie-pour-nos-panneaux-en-fibres-de-bois\/\" \/>\n<meta property=\"og:site_name\" content=\"For\u00eat.Nature\" \/>\n<meta property=\"og:image\" content=\"https:\/\/foretnature.be\/wp-content\/uploads\/2023\/10\/2486.jpg\" \/>\n\t<meta property=\"og:image:width\" content=\"900\" \/>\n\t<meta property=\"og:image:height\" content=\"603\" \/>\n\t<meta property=\"og:image:type\" content=\"image\/jpeg\" \/>\n<meta name=\"twitter:card\" content=\"summary_large_image\" \/>\n<meta name=\"twitter:label1\" content=\"Estimated reading time\" \/>\n\t<meta name=\"twitter:data1\" content=\"1 minute\" \/>\n<script type=\"application\/ld+json\" class=\"yoast-schema-graph\">{\"@context\":\"https:\/\/schema.org\",\"@graph\":[{\"@type\":\"WebPage\",\"@id\":\"https:\/\/foretnature.be\/en\/resume-foret-mail\/bientot-une-seconde-vie-pour-nos-panneaux-en-fibres-de-bois\/\",\"url\":\"https:\/\/foretnature.be\/en\/resume-foret-mail\/bientot-une-seconde-vie-pour-nos-panneaux-en-fibres-de-bois\/\",\"name\":\"Bient\u00f4t une seconde vie pour nos panneaux en fibres de bois ? - For\u00eat.Nature\",\"isPartOf\":{\"@id\":\"https:\/\/foretnature.be\/#website\"},\"primaryImageOfPage\":{\"@id\":\"https:\/\/foretnature.be\/en\/resume-foret-mail\/bientot-une-seconde-vie-pour-nos-panneaux-en-fibres-de-bois\/#primaryimage\"},\"image\":{\"@id\":\"https:\/\/foretnature.be\/en\/resume-foret-mail\/bientot-une-seconde-vie-pour-nos-panneaux-en-fibres-de-bois\/#primaryimage\"},\"thumbnailUrl\":\"https:\/\/foretnature.be\/wp-content\/uploads\/2023\/10\/2486.jpg\",\"datePublished\":\"2023-10-09T14:36:40+00:00\",\"dateModified\":\"2023-10-09T14:36:40+00:00\",\"breadcrumb\":{\"@id\":\"https:\/\/foretnature.be\/en\/resume-foret-mail\/bientot-une-seconde-vie-pour-nos-panneaux-en-fibres-de-bois\/#breadcrumb\"},\"inLanguage\":\"en-GB\",\"potentialAction\":[{\"@type\":\"ReadAction\",\"target\":[\"https:\/\/foretnature.be\/en\/resume-foret-mail\/bientot-une-seconde-vie-pour-nos-panneaux-en-fibres-de-bois\/\"]}]},{\"@type\":\"ImageObject\",\"inLanguage\":\"en-GB\",\"@id\":\"https:\/\/foretnature.be\/en\/resume-foret-mail\/bientot-une-seconde-vie-pour-nos-panneaux-en-fibres-de-bois\/#primaryimage\",\"url\":\"https:\/\/foretnature.be\/wp-content\/uploads\/2023\/10\/2486.jpg\",\"contentUrl\":\"https:\/\/foretnature.be\/wp-content\/uploads\/2023\/10\/2486.jpg\",\"width\":900,\"height\":603},{\"@type\":\"BreadcrumbList\",\"@id\":\"https:\/\/foretnature.be\/en\/resume-foret-mail\/bientot-une-seconde-vie-pour-nos-panneaux-en-fibres-de-bois\/#breadcrumb\",\"itemListElement\":[{\"@type\":\"ListItem\",\"position\":1,\"name\":\"Home\",\"item\":\"https:\/\/foretnature.be\/\"},{\"@type\":\"ListItem\",\"position\":2,\"name\":\"Bient\u00f4t une seconde vie pour nos panneaux en fibres de bois ?\"}]},{\"@type\":\"WebSite\",\"@id\":\"https:\/\/foretnature.be\/#website\",\"url\":\"https:\/\/foretnature.be\/\",\"name\":\"For\u00eat.Nature\",\"description\":\"Une \u00e9quipe technique au service de la for\u00eat\",\"publisher\":{\"@id\":\"https:\/\/foretnature.be\/#organization\"},\"potentialAction\":[{\"@type\":\"SearchAction\",\"target\":{\"@type\":\"EntryPoint\",\"urlTemplate\":\"https:\/\/foretnature.be\/?s={search_term_string}\"},\"query-input\":\"required name=search_term_string\"}],\"inLanguage\":\"en-GB\"},{\"@type\":\"Organization\",\"@id\":\"https:\/\/foretnature.be\/#organization\",\"name\":\"For\u00eat.Nature\",\"url\":\"https:\/\/foretnature.be\/\",\"logo\":{\"@type\":\"ImageObject\",\"inLanguage\":\"en-GB\",\"@id\":\"https:\/\/foretnature.be\/#\/schema\/logo\/image\/\",\"url\":\"https:\/\/foretnature.be\/wp-content\/uploads\/2021\/01\/logoFOblanc.png\",\"contentUrl\":\"https:\/\/foretnature.be\/wp-content\/uploads\/2021\/01\/logoFOblanc.png\",\"width\":300,\"height\":151,\"caption\":\"For\u00eat.Nature\"},\"image\":{\"@id\":\"https:\/\/foretnature.be\/#\/schema\/logo\/image\/\"}}]}<\/script>\n<!-- \/ Yoast SEO plugin. -->","yoast_head_json":{"title":"Bient\u00f4t une seconde vie pour nos panneaux en fibres de bois ? - For\u00eat.Nature","robots":{"index":"index","follow":"follow","max-snippet":"max-snippet:-1","max-image-preview":"max-image-preview:large","max-video-preview":"max-video-preview:-1"},"canonical":"https:\/\/foretnature.be\/en\/resume-foret-mail\/bientot-une-seconde-vie-pour-nos-panneaux-en-fibres-de-bois\/","og_locale":"en_GB","og_type":"article","og_title":"Bient\u00f4t une seconde vie pour nos panneaux en fibres de bois ? - For\u00eat.Nature","og_description":"Les panneaux en fibres de bois sont des mat\u00e9riaux appr\u00e9ci\u00e9s dans l\u2019ameublement, l\u2019am\u00e9nagement int\u00e9rieur ou l\u2019isolation thermique. Ils sont fabriqu\u00e9s \u00e0 partir de bois d\u2019\u00e9claircies, de chablis ou de dosses. Selon leur utilisation, le temps est plus ou moins long avant qu\u2019ils ne deviennent des d\u00e9chets. En Europe, on estime \u00e0 60 millions de tonnes [&hellip;]","og_url":"https:\/\/foretnature.be\/en\/resume-foret-mail\/bientot-une-seconde-vie-pour-nos-panneaux-en-fibres-de-bois\/","og_site_name":"For\u00eat.Nature","og_image":[{"width":900,"height":603,"url":"https:\/\/foretnature.be\/wp-content\/uploads\/2023\/10\/2486.jpg","type":"image\/jpeg"}],"twitter_card":"summary_large_image","twitter_misc":{"Estimated reading time":"1 minute"},"schema":{"@context":"https:\/\/schema.org","@graph":[{"@type":"WebPage","@id":"https:\/\/foretnature.be\/en\/resume-foret-mail\/bientot-une-seconde-vie-pour-nos-panneaux-en-fibres-de-bois\/","url":"https:\/\/foretnature.be\/en\/resume-foret-mail\/bientot-une-seconde-vie-pour-nos-panneaux-en-fibres-de-bois\/","name":"Bient\u00f4t une seconde vie pour nos panneaux en fibres de bois ? - For\u00eat.Nature","isPartOf":{"@id":"https:\/\/foretnature.be\/#website"},"primaryImageOfPage":{"@id":"https:\/\/foretnature.be\/en\/resume-foret-mail\/bientot-une-seconde-vie-pour-nos-panneaux-en-fibres-de-bois\/#primaryimage"},"image":{"@id":"https:\/\/foretnature.be\/en\/resume-foret-mail\/bientot-une-seconde-vie-pour-nos-panneaux-en-fibres-de-bois\/#primaryimage"},"thumbnailUrl":"https:\/\/foretnature.be\/wp-content\/uploads\/2023\/10\/2486.jpg","datePublished":"2023-10-09T14:36:40+00:00","dateModified":"2023-10-09T14:36:40+00:00","breadcrumb":{"@id":"https:\/\/foretnature.be\/en\/resume-foret-mail\/bientot-une-seconde-vie-pour-nos-panneaux-en-fibres-de-bois\/#breadcrumb"},"inLanguage":"en-GB","potentialAction":[{"@type":"ReadAction","target":["https:\/\/foretnature.be\/en\/resume-foret-mail\/bientot-une-seconde-vie-pour-nos-panneaux-en-fibres-de-bois\/"]}]},{"@type":"ImageObject","inLanguage":"en-GB","@id":"https:\/\/foretnature.be\/en\/resume-foret-mail\/bientot-une-seconde-vie-pour-nos-panneaux-en-fibres-de-bois\/#primaryimage","url":"https:\/\/foretnature.be\/wp-content\/uploads\/2023\/10\/2486.jpg","contentUrl":"https:\/\/foretnature.be\/wp-content\/uploads\/2023\/10\/2486.jpg","width":900,"height":603},{"@type":"BreadcrumbList","@id":"https:\/\/foretnature.be\/en\/resume-foret-mail\/bientot-une-seconde-vie-pour-nos-panneaux-en-fibres-de-bois\/#breadcrumb","itemListElement":[{"@type":"ListItem","position":1,"name":"Home","item":"https:\/\/foretnature.be\/"},{"@type":"ListItem","position":2,"name":"Bient\u00f4t une seconde vie pour nos panneaux en fibres de bois ?"}]},{"@type":"WebSite","@id":"https:\/\/foretnature.be\/#website","url":"https:\/\/foretnature.be\/","name":"For\u00eat.Nature","description":"Une \u00e9quipe technique au service de la for\u00eat","publisher":{"@id":"https:\/\/foretnature.be\/#organization"},"potentialAction":[{"@type":"SearchAction","target":{"@type":"EntryPoint","urlTemplate":"https:\/\/foretnature.be\/?s={search_term_string}"},"query-input":"required name=search_term_string"}],"inLanguage":"en-GB"},{"@type":"Organization","@id":"https:\/\/foretnature.be\/#organization","name":"For\u00eat.Nature","url":"https:\/\/foretnature.be\/","logo":{"@type":"ImageObject","inLanguage":"en-GB","@id":"https:\/\/foretnature.be\/#\/schema\/logo\/image\/","url":"https:\/\/foretnature.be\/wp-content\/uploads\/2021\/01\/logoFOblanc.png","contentUrl":"https:\/\/foretnature.be\/wp-content\/uploads\/2021\/01\/logoFOblanc.png","width":300,"height":151,"caption":"For\u00eat.Nature"},"image":{"@id":"https:\/\/foretnature.be\/#\/schema\/logo\/image\/"}}]}},"_links":{"self":[{"href":"https:\/\/foretnature.be\/en\/wp-json\/wp\/v2\/resume-foret-mail\/39981"}],"collection":[{"href":"https:\/\/foretnature.be\/en\/wp-json\/wp\/v2\/resume-foret-mail"}],"about":[{"href":"https:\/\/foretnature.be\/en\/wp-json\/wp\/v2\/types\/resume-foret-mail"}],"version-history":[{"count":1,"href":"https:\/\/foretnature.be\/en\/wp-json\/wp\/v2\/resume-foret-mail\/39981\/revisions"}],"predecessor-version":[{"id":39982,"href":"https:\/\/foretnature.be\/en\/wp-json\/wp\/v2\/resume-foret-mail\/39981\/revisions\/39982"}],"wp:featuredmedia":[{"embeddable":true,"href":"https:\/\/foretnature.be\/en\/wp-json\/wp\/v2\/media\/39967"}],"wp:attachment":[{"href":"https:\/\/foretnature.be\/en\/wp-json\/wp\/v2\/media?parent=39981"}],"wp:term":[{"taxonomy":"category","embeddable":true,"href":"https:\/\/foretnature.be\/en\/wp-json\/wp\/v2\/categories?post=39981"}],"curies":[{"name":"wp","href":"https:\/\/api.w.org\/{rel}","templated":true}]}}