{"id":39947,"date":"2023-09-11T09:55:51","date_gmt":"2023-09-11T07:55:51","guid":{"rendered":"https:\/\/foretnature.be\/?post_type=resume-foret-mail&#038;p=39947"},"modified":"2023-09-11T09:55:51","modified_gmt":"2023-09-11T07:55:51","slug":"foret-boreale-quand-ne-pas-gerer-est-economiquement-viable","status":"publish","type":"resume-foret-mail","link":"https:\/\/foretnature.be\/en\/resume-foret-mail\/foret-boreale-quand-ne-pas-gerer-est-economiquement-viable\/","title":{"rendered":"For\u00eat bor\u00e9ale : quand ne pas g\u00e9rer est \u00e9conomiquement viable"},"content":{"rendered":"<p>Cette \u00e9tude men\u00e9e en Su\u00e8de avait pour objectif d\u2019\u00e9valuer la production de bois et la rentabilit\u00e9 dans des peuplements m\u00e9lang\u00e9s r\u00e9g\u00e9n\u00e9r\u00e9s spontan\u00e9ment et ayant pr\u00e9c\u00e9demment fait l\u2019objet d\u2019une coupe \u00e0 blanc. Deux sites ont \u00e9t\u00e9 \u00e9tudi\u00e9s, \u00e9voluant sur des sols m\u00e9siques de till glaciaire. Les peuplements en question sont domin\u00e9s par le bouleau verruqueux et le bouleau pubescent, en m\u00e9lange avec l\u2019\u00e9pic\u00e9a commun.<\/p>\n<p>Trois strat\u00e9gies de gestion diff\u00e9rentes ont \u00e9t\u00e9 test\u00e9es, permettant soit d\u2019obtenir un peuplement pur d\u2019\u00e9pic\u00e9as, soit un peuplement pur de bouleaux soit un m\u00e9lange \u00e9pic\u00e9as-bouleaux. Des \u00e9claircies des arbres de petites dimensions sont pratiqu\u00e9es dans les trois cas. Une parcelle t\u00e9moin, o\u00f9 aucune \u00e9claircie n\u2019est r\u00e9alis\u00e9e, est \u00e9galement \u00e9tudi\u00e9e.<\/p>\n<p>Les principaux r\u00e9sultats montrent que, pour ce peuplement de 42 ans, le t\u00e9moin non \u00e9clairci a produit le volume total le plus \u00e9lev\u00e9. \u00c0 des taux d&rsquo;int\u00e9r\u00eat de 2 % ou plus, une for\u00eat non g\u00e9r\u00e9e \u00e9tait donc une strat\u00e9gie \u00e9conomiquement viable, m\u00eame compar\u00e9e \u00e0 une strat\u00e9gie de gestion intensive avec une essence marchande privil\u00e9gi\u00e9e. En effet, dans ce contexte, les co\u00fbts initiaux \u00e9lev\u00e9s et les longues rotations en gestion intensive sont difficiles \u00e0 surmonter. \u00c0 un taux d\u2019int\u00e9r\u00eat plus faible (1 %) toutefois, une gestion intensive avec plantation artificielle peut \u00eatre un meilleur choix du point de vue \u00e9conomique.<\/p>\n<p>Cette \u00e9tude montre \u00e9galement que lorsque la r\u00e9g\u00e9n\u00e9ration spontan\u00e9e est r\u00e9ussie et dense, le premier d\u00e9gagement de la concurrence peut avoir un impact important sur le d\u00e9veloppement des futurs arbres de r\u00e9colte et sur le m\u00e9lange d&rsquo;esp\u00e8ces. L\u2019effet de ce d\u00e9gagement \u00e9tait n\u00e9gatif sur la production totale de tiges, sauf dans le cas de futures cultures d\u2019\u00e9pic\u00e9as, o\u00f9 son impact \u00e9tait, ici, positif. Finalement, la strat\u00e9gie de gestion visant un m\u00e9lange \u00e9pic\u00e9as-bouleaux a fourni la plus grande extraction de biomasse (biocarburant, bois de trituration et bois d&rsquo;\u0153uvre combin\u00e9s) au cours d&rsquo;une p\u00e9riode de rotation.<\/p>\n<p>Les auteurs concluent que m\u00eame si les pratiques de r\u00e9g\u00e9n\u00e9ration artificielle en for\u00eat bor\u00e9ale ont pu se r\u00e9v\u00e9ler efficaces, la r\u00e9g\u00e9n\u00e9ration spontan\u00e9e est une r\u00e9elle opportunit\u00e9 de combiner la production et la biodiversit\u00e9 sur la m\u00eame coupe \u00e0 blanc, en laissant diff\u00e9rentes essences pendant l&rsquo;\u00e9claircie pr\u00e9commerciale pour cr\u00e9er, in fine, un peuplement mixte.<\/p>","protected":false},"excerpt":{"rendered":"<p>Cette \u00e9tude men\u00e9e en Su\u00e8de avait pour objectif d\u2019\u00e9valuer la production de bois et la rentabilit\u00e9 dans des peuplements m\u00e9lang\u00e9s r\u00e9g\u00e9n\u00e9r\u00e9s spontan\u00e9ment et ayant pr\u00e9c\u00e9demment fait l\u2019objet d\u2019une coupe \u00e0 blanc. Deux sites ont \u00e9t\u00e9 \u00e9tudi\u00e9s, \u00e9voluant sur des sols m\u00e9siques de till glaciaire. Les peuplements en question sont domin\u00e9s par le bouleau verruqueux et [&hellip;]<\/p>","protected":false},"featured_media":39929,"template":"","categories":[50],"acf":[],"yoast_head":"<!-- This site is optimized with the Yoast SEO plugin v23.2 - https:\/\/yoast.com\/wordpress\/plugins\/seo\/ -->\n<title>For\u00eat bor\u00e9ale : quand ne pas g\u00e9rer est \u00e9conomiquement viable - For\u00eat.Nature<\/title>\n<meta name=\"robots\" content=\"index, follow, max-snippet:-1, max-image-preview:large, max-video-preview:-1\" \/>\n<link rel=\"canonical\" href=\"https:\/\/foretnature.be\/en\/resume-foret-mail\/foret-boreale-quand-ne-pas-gerer-est-economiquement-viable\/\" \/>\n<meta property=\"og:locale\" content=\"en_GB\" \/>\n<meta property=\"og:type\" content=\"article\" \/>\n<meta property=\"og:title\" content=\"For\u00eat bor\u00e9ale : quand ne pas g\u00e9rer est \u00e9conomiquement viable - For\u00eat.Nature\" \/>\n<meta property=\"og:description\" content=\"Cette \u00e9tude men\u00e9e en Su\u00e8de avait pour objectif d\u2019\u00e9valuer la production de bois et la rentabilit\u00e9 dans des peuplements m\u00e9lang\u00e9s r\u00e9g\u00e9n\u00e9r\u00e9s spontan\u00e9ment et ayant pr\u00e9c\u00e9demment fait l\u2019objet d\u2019une coupe \u00e0 blanc. Deux sites ont \u00e9t\u00e9 \u00e9tudi\u00e9s, \u00e9voluant sur des sols m\u00e9siques de till glaciaire. Les peuplements en question sont domin\u00e9s par le bouleau verruqueux et [&hellip;]\" \/>\n<meta property=\"og:url\" content=\"https:\/\/foretnature.be\/en\/resume-foret-mail\/foret-boreale-quand-ne-pas-gerer-est-economiquement-viable\/\" \/>\n<meta property=\"og:site_name\" content=\"For\u00eat.Nature\" \/>\n<meta property=\"og:image\" content=\"https:\/\/foretnature.be\/wp-content\/uploads\/2023\/09\/2479.jpeg\" \/>\n\t<meta property=\"og:image:width\" content=\"900\" \/>\n\t<meta property=\"og:image:height\" content=\"568\" \/>\n\t<meta property=\"og:image:type\" content=\"image\/jpeg\" \/>\n<meta name=\"twitter:card\" content=\"summary_large_image\" \/>\n<meta name=\"twitter:label1\" content=\"Estimated reading time\" \/>\n\t<meta name=\"twitter:data1\" content=\"2 minutes\" \/>\n<script type=\"application\/ld+json\" class=\"yoast-schema-graph\">{\"@context\":\"https:\/\/schema.org\",\"@graph\":[{\"@type\":\"WebPage\",\"@id\":\"https:\/\/foretnature.be\/en\/resume-foret-mail\/foret-boreale-quand-ne-pas-gerer-est-economiquement-viable\/\",\"url\":\"https:\/\/foretnature.be\/en\/resume-foret-mail\/foret-boreale-quand-ne-pas-gerer-est-economiquement-viable\/\",\"name\":\"For\u00eat bor\u00e9ale : quand ne pas g\u00e9rer est \u00e9conomiquement viable - For\u00eat.Nature\",\"isPartOf\":{\"@id\":\"https:\/\/foretnature.be\/#website\"},\"primaryImageOfPage\":{\"@id\":\"https:\/\/foretnature.be\/en\/resume-foret-mail\/foret-boreale-quand-ne-pas-gerer-est-economiquement-viable\/#primaryimage\"},\"image\":{\"@id\":\"https:\/\/foretnature.be\/en\/resume-foret-mail\/foret-boreale-quand-ne-pas-gerer-est-economiquement-viable\/#primaryimage\"},\"thumbnailUrl\":\"https:\/\/foretnature.be\/wp-content\/uploads\/2023\/09\/2479.jpeg\",\"datePublished\":\"2023-09-11T07:55:51+00:00\",\"dateModified\":\"2023-09-11T07:55:51+00:00\",\"breadcrumb\":{\"@id\":\"https:\/\/foretnature.be\/en\/resume-foret-mail\/foret-boreale-quand-ne-pas-gerer-est-economiquement-viable\/#breadcrumb\"},\"inLanguage\":\"en-GB\",\"potentialAction\":[{\"@type\":\"ReadAction\",\"target\":[\"https:\/\/foretnature.be\/en\/resume-foret-mail\/foret-boreale-quand-ne-pas-gerer-est-economiquement-viable\/\"]}]},{\"@type\":\"ImageObject\",\"inLanguage\":\"en-GB\",\"@id\":\"https:\/\/foretnature.be\/en\/resume-foret-mail\/foret-boreale-quand-ne-pas-gerer-est-economiquement-viable\/#primaryimage\",\"url\":\"https:\/\/foretnature.be\/wp-content\/uploads\/2023\/09\/2479.jpeg\",\"contentUrl\":\"https:\/\/foretnature.be\/wp-content\/uploads\/2023\/09\/2479.jpeg\",\"width\":900,\"height\":568},{\"@type\":\"BreadcrumbList\",\"@id\":\"https:\/\/foretnature.be\/en\/resume-foret-mail\/foret-boreale-quand-ne-pas-gerer-est-economiquement-viable\/#breadcrumb\",\"itemListElement\":[{\"@type\":\"ListItem\",\"position\":1,\"name\":\"Home\",\"item\":\"https:\/\/foretnature.be\/\"},{\"@type\":\"ListItem\",\"position\":2,\"name\":\"For\u00eat bor\u00e9ale : quand ne pas g\u00e9rer est \u00e9conomiquement viable\"}]},{\"@type\":\"WebSite\",\"@id\":\"https:\/\/foretnature.be\/#website\",\"url\":\"https:\/\/foretnature.be\/\",\"name\":\"For\u00eat.Nature\",\"description\":\"Une \u00e9quipe technique au service de la for\u00eat\",\"publisher\":{\"@id\":\"https:\/\/foretnature.be\/#organization\"},\"potentialAction\":[{\"@type\":\"SearchAction\",\"target\":{\"@type\":\"EntryPoint\",\"urlTemplate\":\"https:\/\/foretnature.be\/?s={search_term_string}\"},\"query-input\":\"required name=search_term_string\"}],\"inLanguage\":\"en-GB\"},{\"@type\":\"Organization\",\"@id\":\"https:\/\/foretnature.be\/#organization\",\"name\":\"For\u00eat.Nature\",\"url\":\"https:\/\/foretnature.be\/\",\"logo\":{\"@type\":\"ImageObject\",\"inLanguage\":\"en-GB\",\"@id\":\"https:\/\/foretnature.be\/#\/schema\/logo\/image\/\",\"url\":\"https:\/\/foretnature.be\/wp-content\/uploads\/2021\/01\/logoFOblanc.png\",\"contentUrl\":\"https:\/\/foretnature.be\/wp-content\/uploads\/2021\/01\/logoFOblanc.png\",\"width\":300,\"height\":151,\"caption\":\"For\u00eat.Nature\"},\"image\":{\"@id\":\"https:\/\/foretnature.be\/#\/schema\/logo\/image\/\"}}]}<\/script>\n<!-- \/ Yoast SEO plugin. -->","yoast_head_json":{"title":"For\u00eat bor\u00e9ale : quand ne pas g\u00e9rer est \u00e9conomiquement viable - For\u00eat.Nature","robots":{"index":"index","follow":"follow","max-snippet":"max-snippet:-1","max-image-preview":"max-image-preview:large","max-video-preview":"max-video-preview:-1"},"canonical":"https:\/\/foretnature.be\/en\/resume-foret-mail\/foret-boreale-quand-ne-pas-gerer-est-economiquement-viable\/","og_locale":"en_GB","og_type":"article","og_title":"For\u00eat bor\u00e9ale : quand ne pas g\u00e9rer est \u00e9conomiquement viable - For\u00eat.Nature","og_description":"Cette \u00e9tude men\u00e9e en Su\u00e8de avait pour objectif d\u2019\u00e9valuer la production de bois et la rentabilit\u00e9 dans des peuplements m\u00e9lang\u00e9s r\u00e9g\u00e9n\u00e9r\u00e9s spontan\u00e9ment et ayant pr\u00e9c\u00e9demment fait l\u2019objet d\u2019une coupe \u00e0 blanc. Deux sites ont \u00e9t\u00e9 \u00e9tudi\u00e9s, \u00e9voluant sur des sols m\u00e9siques de till glaciaire. Les peuplements en question sont domin\u00e9s par le bouleau verruqueux et [&hellip;]","og_url":"https:\/\/foretnature.be\/en\/resume-foret-mail\/foret-boreale-quand-ne-pas-gerer-est-economiquement-viable\/","og_site_name":"For\u00eat.Nature","og_image":[{"width":900,"height":568,"url":"https:\/\/foretnature.be\/wp-content\/uploads\/2023\/09\/2479.jpeg","type":"image\/jpeg"}],"twitter_card":"summary_large_image","twitter_misc":{"Estimated reading time":"2 minutes"},"schema":{"@context":"https:\/\/schema.org","@graph":[{"@type":"WebPage","@id":"https:\/\/foretnature.be\/en\/resume-foret-mail\/foret-boreale-quand-ne-pas-gerer-est-economiquement-viable\/","url":"https:\/\/foretnature.be\/en\/resume-foret-mail\/foret-boreale-quand-ne-pas-gerer-est-economiquement-viable\/","name":"For\u00eat bor\u00e9ale : quand ne pas g\u00e9rer est \u00e9conomiquement viable - For\u00eat.Nature","isPartOf":{"@id":"https:\/\/foretnature.be\/#website"},"primaryImageOfPage":{"@id":"https:\/\/foretnature.be\/en\/resume-foret-mail\/foret-boreale-quand-ne-pas-gerer-est-economiquement-viable\/#primaryimage"},"image":{"@id":"https:\/\/foretnature.be\/en\/resume-foret-mail\/foret-boreale-quand-ne-pas-gerer-est-economiquement-viable\/#primaryimage"},"thumbnailUrl":"https:\/\/foretnature.be\/wp-content\/uploads\/2023\/09\/2479.jpeg","datePublished":"2023-09-11T07:55:51+00:00","dateModified":"2023-09-11T07:55:51+00:00","breadcrumb":{"@id":"https:\/\/foretnature.be\/en\/resume-foret-mail\/foret-boreale-quand-ne-pas-gerer-est-economiquement-viable\/#breadcrumb"},"inLanguage":"en-GB","potentialAction":[{"@type":"ReadAction","target":["https:\/\/foretnature.be\/en\/resume-foret-mail\/foret-boreale-quand-ne-pas-gerer-est-economiquement-viable\/"]}]},{"@type":"ImageObject","inLanguage":"en-GB","@id":"https:\/\/foretnature.be\/en\/resume-foret-mail\/foret-boreale-quand-ne-pas-gerer-est-economiquement-viable\/#primaryimage","url":"https:\/\/foretnature.be\/wp-content\/uploads\/2023\/09\/2479.jpeg","contentUrl":"https:\/\/foretnature.be\/wp-content\/uploads\/2023\/09\/2479.jpeg","width":900,"height":568},{"@type":"BreadcrumbList","@id":"https:\/\/foretnature.be\/en\/resume-foret-mail\/foret-boreale-quand-ne-pas-gerer-est-economiquement-viable\/#breadcrumb","itemListElement":[{"@type":"ListItem","position":1,"name":"Home","item":"https:\/\/foretnature.be\/"},{"@type":"ListItem","position":2,"name":"For\u00eat bor\u00e9ale : quand ne pas g\u00e9rer est \u00e9conomiquement viable"}]},{"@type":"WebSite","@id":"https:\/\/foretnature.be\/#website","url":"https:\/\/foretnature.be\/","name":"For\u00eat.Nature","description":"Une \u00e9quipe technique au service de la for\u00eat","publisher":{"@id":"https:\/\/foretnature.be\/#organization"},"potentialAction":[{"@type":"SearchAction","target":{"@type":"EntryPoint","urlTemplate":"https:\/\/foretnature.be\/?s={search_term_string}"},"query-input":"required name=search_term_string"}],"inLanguage":"en-GB"},{"@type":"Organization","@id":"https:\/\/foretnature.be\/#organization","name":"For\u00eat.Nature","url":"https:\/\/foretnature.be\/","logo":{"@type":"ImageObject","inLanguage":"en-GB","@id":"https:\/\/foretnature.be\/#\/schema\/logo\/image\/","url":"https:\/\/foretnature.be\/wp-content\/uploads\/2021\/01\/logoFOblanc.png","contentUrl":"https:\/\/foretnature.be\/wp-content\/uploads\/2021\/01\/logoFOblanc.png","width":300,"height":151,"caption":"For\u00eat.Nature"},"image":{"@id":"https:\/\/foretnature.be\/#\/schema\/logo\/image\/"}}]}},"_links":{"self":[{"href":"https:\/\/foretnature.be\/en\/wp-json\/wp\/v2\/resume-foret-mail\/39947"}],"collection":[{"href":"https:\/\/foretnature.be\/en\/wp-json\/wp\/v2\/resume-foret-mail"}],"about":[{"href":"https:\/\/foretnature.be\/en\/wp-json\/wp\/v2\/types\/resume-foret-mail"}],"version-history":[{"count":1,"href":"https:\/\/foretnature.be\/en\/wp-json\/wp\/v2\/resume-foret-mail\/39947\/revisions"}],"predecessor-version":[{"id":39948,"href":"https:\/\/foretnature.be\/en\/wp-json\/wp\/v2\/resume-foret-mail\/39947\/revisions\/39948"}],"wp:featuredmedia":[{"embeddable":true,"href":"https:\/\/foretnature.be\/en\/wp-json\/wp\/v2\/media\/39929"}],"wp:attachment":[{"href":"https:\/\/foretnature.be\/en\/wp-json\/wp\/v2\/media?parent=39947"}],"wp:term":[{"taxonomy":"category","embeddable":true,"href":"https:\/\/foretnature.be\/en\/wp-json\/wp\/v2\/categories?post=39947"}],"curies":[{"name":"wp","href":"https:\/\/api.w.org\/{rel}","templated":true}]}}