{"id":39936,"date":"2023-09-11T09:48:55","date_gmt":"2023-09-11T07:48:55","guid":{"rendered":"https:\/\/foretnature.be\/?post_type=resume-foret-mail&#038;p=39936"},"modified":"2023-09-11T09:48:55","modified_gmt":"2023-09-11T07:48:55","slug":"les-forets-francaises-face-au-changement-climatique-rapport-de-lacademie-des-sciences","status":"publish","type":"resume-foret-mail","link":"https:\/\/foretnature.be\/en\/resume-foret-mail\/les-forets-francaises-face-au-changement-climatique-rapport-de-lacademie-des-sciences\/","title":{"rendered":"Les for\u00eats fran\u00e7aises face au changement climatique : rapport de l\u2019Acad\u00e9mie des sciences"},"content":{"rendered":"<p>Dans son rapport consacr\u00e9 aux for\u00eats fran\u00e7aises face au changement climatique publi\u00e9 en juin dernier, l\u2019Acad\u00e9mie des sciences offre une synth\u00e8se de l\u2019\u00e9tat sanitaire des for\u00eats fran\u00e7aises et pr\u00e9sente une s\u00e9rie de recommandations concr\u00e8tes \u00e0 destination du monde acad\u00e9mique, des gestionnaires forestiers, des professionnels de la fili\u00e8re bois et des politiques publiques. Ce rapport rappelle le r\u00f4le des for\u00eats dans la poursuite de la Strat\u00e9gie Nationale Bas Carbone de la France et insiste sur la n\u00e9cessit\u00e9 de d\u00e9velopper des outils d\u2019aide \u00e0 la d\u00e9cision, int\u00e9grant notamment le potentiel d\u2019adaptation des peuplements, dans un contexte o\u00f9 le taux de mortalit\u00e9, y compris des jeunes plantations, pourrait continuer d\u2019augmenter dans les d\u00e9cennies \u00e0 venir.<\/p>","protected":false},"excerpt":{"rendered":"<p>Dans son rapport consacr\u00e9 aux for\u00eats fran\u00e7aises face au changement climatique publi\u00e9 en juin dernier, l\u2019Acad\u00e9mie des sciences offre une synth\u00e8se de l\u2019\u00e9tat sanitaire des for\u00eats fran\u00e7aises et pr\u00e9sente une s\u00e9rie de recommandations concr\u00e8tes \u00e0 destination du monde acad\u00e9mique, des gestionnaires forestiers, des professionnels de la fili\u00e8re bois et des politiques publiques. Ce rapport rappelle [&hellip;]<\/p>","protected":false},"featured_media":39925,"template":"","categories":[50],"acf":[],"yoast_head":"<!-- This site is optimized with the Yoast SEO plugin v23.2 - https:\/\/yoast.com\/wordpress\/plugins\/seo\/ -->\n<title>Les for\u00eats fran\u00e7aises face au changement climatique : rapport de l\u2019Acad\u00e9mie des sciences - For\u00eat.Nature<\/title>\n<meta name=\"robots\" content=\"index, follow, max-snippet:-1, max-image-preview:large, max-video-preview:-1\" \/>\n<link rel=\"canonical\" href=\"https:\/\/foretnature.be\/en\/resume-foret-mail\/les-forets-francaises-face-au-changement-climatique-rapport-de-lacademie-des-sciences\/\" \/>\n<meta property=\"og:locale\" content=\"en_GB\" \/>\n<meta property=\"og:type\" content=\"article\" \/>\n<meta property=\"og:title\" content=\"Les for\u00eats fran\u00e7aises face au changement climatique : rapport de l\u2019Acad\u00e9mie des sciences - For\u00eat.Nature\" \/>\n<meta property=\"og:description\" content=\"Dans son rapport consacr\u00e9 aux for\u00eats fran\u00e7aises face au changement climatique publi\u00e9 en juin dernier, l\u2019Acad\u00e9mie des sciences offre une synth\u00e8se de l\u2019\u00e9tat sanitaire des for\u00eats fran\u00e7aises et pr\u00e9sente une s\u00e9rie de recommandations concr\u00e8tes \u00e0 destination du monde acad\u00e9mique, des gestionnaires forestiers, des professionnels de la fili\u00e8re bois et des politiques publiques. Ce rapport rappelle [&hellip;]\" \/>\n<meta property=\"og:url\" content=\"https:\/\/foretnature.be\/en\/resume-foret-mail\/les-forets-francaises-face-au-changement-climatique-rapport-de-lacademie-des-sciences\/\" \/>\n<meta property=\"og:site_name\" content=\"For\u00eat.Nature\" \/>\n<meta property=\"og:image\" content=\"https:\/\/foretnature.be\/wp-content\/uploads\/2023\/09\/2475.jpeg\" \/>\n\t<meta property=\"og:image:width\" content=\"900\" \/>\n\t<meta property=\"og:image:height\" content=\"675\" \/>\n\t<meta property=\"og:image:type\" content=\"image\/jpeg\" \/>\n<meta name=\"twitter:card\" content=\"summary_large_image\" \/>\n<meta name=\"twitter:label1\" content=\"Estimated reading time\" \/>\n\t<meta name=\"twitter:data1\" content=\"1 minute\" \/>\n<script type=\"application\/ld+json\" class=\"yoast-schema-graph\">{\"@context\":\"https:\/\/schema.org\",\"@graph\":[{\"@type\":\"WebPage\",\"@id\":\"https:\/\/foretnature.be\/resume-foret-mail\/les-forets-francaises-face-au-changement-climatique-rapport-de-lacademie-des-sciences\/\",\"url\":\"https:\/\/foretnature.be\/resume-foret-mail\/les-forets-francaises-face-au-changement-climatique-rapport-de-lacademie-des-sciences\/\",\"name\":\"Les for\u00eats fran\u00e7aises face au changement climatique : rapport de l\u2019Acad\u00e9mie des sciences - For\u00eat.Nature\",\"isPartOf\":{\"@id\":\"https:\/\/foretnature.be\/#website\"},\"primaryImageOfPage\":{\"@id\":\"https:\/\/foretnature.be\/resume-foret-mail\/les-forets-francaises-face-au-changement-climatique-rapport-de-lacademie-des-sciences\/#primaryimage\"},\"image\":{\"@id\":\"https:\/\/foretnature.be\/resume-foret-mail\/les-forets-francaises-face-au-changement-climatique-rapport-de-lacademie-des-sciences\/#primaryimage\"},\"thumbnailUrl\":\"https:\/\/foretnature.be\/wp-content\/uploads\/2023\/09\/2475.jpeg\",\"datePublished\":\"2023-09-11T07:48:55+00:00\",\"dateModified\":\"2023-09-11T07:48:55+00:00\",\"breadcrumb\":{\"@id\":\"https:\/\/foretnature.be\/resume-foret-mail\/les-forets-francaises-face-au-changement-climatique-rapport-de-lacademie-des-sciences\/#breadcrumb\"},\"inLanguage\":\"en-GB\",\"potentialAction\":[{\"@type\":\"ReadAction\",\"target\":[\"https:\/\/foretnature.be\/resume-foret-mail\/les-forets-francaises-face-au-changement-climatique-rapport-de-lacademie-des-sciences\/\"]}]},{\"@type\":\"ImageObject\",\"inLanguage\":\"en-GB\",\"@id\":\"https:\/\/foretnature.be\/resume-foret-mail\/les-forets-francaises-face-au-changement-climatique-rapport-de-lacademie-des-sciences\/#primaryimage\",\"url\":\"https:\/\/foretnature.be\/wp-content\/uploads\/2023\/09\/2475.jpeg\",\"contentUrl\":\"https:\/\/foretnature.be\/wp-content\/uploads\/2023\/09\/2475.jpeg\",\"width\":900,\"height\":675},{\"@type\":\"BreadcrumbList\",\"@id\":\"https:\/\/foretnature.be\/resume-foret-mail\/les-forets-francaises-face-au-changement-climatique-rapport-de-lacademie-des-sciences\/#breadcrumb\",\"itemListElement\":[{\"@type\":\"ListItem\",\"position\":1,\"name\":\"Home\",\"item\":\"https:\/\/foretnature.be\/\"},{\"@type\":\"ListItem\",\"position\":2,\"name\":\"Les for\u00eats fran\u00e7aises face au changement climatique : rapport de l\u2019Acad\u00e9mie des sciences\"}]},{\"@type\":\"WebSite\",\"@id\":\"https:\/\/foretnature.be\/#website\",\"url\":\"https:\/\/foretnature.be\/\",\"name\":\"For\u00eat.Nature\",\"description\":\"Une \u00e9quipe technique au service de la for\u00eat\",\"publisher\":{\"@id\":\"https:\/\/foretnature.be\/#organization\"},\"potentialAction\":[{\"@type\":\"SearchAction\",\"target\":{\"@type\":\"EntryPoint\",\"urlTemplate\":\"https:\/\/foretnature.be\/?s={search_term_string}\"},\"query-input\":\"required name=search_term_string\"}],\"inLanguage\":\"en-GB\"},{\"@type\":\"Organization\",\"@id\":\"https:\/\/foretnature.be\/#organization\",\"name\":\"For\u00eat.Nature\",\"url\":\"https:\/\/foretnature.be\/\",\"logo\":{\"@type\":\"ImageObject\",\"inLanguage\":\"en-GB\",\"@id\":\"https:\/\/foretnature.be\/#\/schema\/logo\/image\/\",\"url\":\"https:\/\/foretnature.be\/wp-content\/uploads\/2021\/01\/logoFOblanc.png\",\"contentUrl\":\"https:\/\/foretnature.be\/wp-content\/uploads\/2021\/01\/logoFOblanc.png\",\"width\":300,\"height\":151,\"caption\":\"For\u00eat.Nature\"},\"image\":{\"@id\":\"https:\/\/foretnature.be\/#\/schema\/logo\/image\/\"}}]}<\/script>\n<!-- \/ Yoast SEO plugin. -->","yoast_head_json":{"title":"Les for\u00eats fran\u00e7aises face au changement climatique : rapport de l\u2019Acad\u00e9mie des sciences - For\u00eat.Nature","robots":{"index":"index","follow":"follow","max-snippet":"max-snippet:-1","max-image-preview":"max-image-preview:large","max-video-preview":"max-video-preview:-1"},"canonical":"https:\/\/foretnature.be\/en\/resume-foret-mail\/les-forets-francaises-face-au-changement-climatique-rapport-de-lacademie-des-sciences\/","og_locale":"en_GB","og_type":"article","og_title":"Les for\u00eats fran\u00e7aises face au changement climatique : rapport de l\u2019Acad\u00e9mie des sciences - For\u00eat.Nature","og_description":"Dans son rapport consacr\u00e9 aux for\u00eats fran\u00e7aises face au changement climatique publi\u00e9 en juin dernier, l\u2019Acad\u00e9mie des sciences offre une synth\u00e8se de l\u2019\u00e9tat sanitaire des for\u00eats fran\u00e7aises et pr\u00e9sente une s\u00e9rie de recommandations concr\u00e8tes \u00e0 destination du monde acad\u00e9mique, des gestionnaires forestiers, des professionnels de la fili\u00e8re bois et des politiques publiques. Ce rapport rappelle [&hellip;]","og_url":"https:\/\/foretnature.be\/en\/resume-foret-mail\/les-forets-francaises-face-au-changement-climatique-rapport-de-lacademie-des-sciences\/","og_site_name":"For\u00eat.Nature","og_image":[{"width":900,"height":675,"url":"https:\/\/foretnature.be\/wp-content\/uploads\/2023\/09\/2475.jpeg","type":"image\/jpeg"}],"twitter_card":"summary_large_image","twitter_misc":{"Estimated reading time":"1 minute"},"schema":{"@context":"https:\/\/schema.org","@graph":[{"@type":"WebPage","@id":"https:\/\/foretnature.be\/resume-foret-mail\/les-forets-francaises-face-au-changement-climatique-rapport-de-lacademie-des-sciences\/","url":"https:\/\/foretnature.be\/resume-foret-mail\/les-forets-francaises-face-au-changement-climatique-rapport-de-lacademie-des-sciences\/","name":"Les for\u00eats fran\u00e7aises face au changement climatique : rapport de l\u2019Acad\u00e9mie des sciences - For\u00eat.Nature","isPartOf":{"@id":"https:\/\/foretnature.be\/#website"},"primaryImageOfPage":{"@id":"https:\/\/foretnature.be\/resume-foret-mail\/les-forets-francaises-face-au-changement-climatique-rapport-de-lacademie-des-sciences\/#primaryimage"},"image":{"@id":"https:\/\/foretnature.be\/resume-foret-mail\/les-forets-francaises-face-au-changement-climatique-rapport-de-lacademie-des-sciences\/#primaryimage"},"thumbnailUrl":"https:\/\/foretnature.be\/wp-content\/uploads\/2023\/09\/2475.jpeg","datePublished":"2023-09-11T07:48:55+00:00","dateModified":"2023-09-11T07:48:55+00:00","breadcrumb":{"@id":"https:\/\/foretnature.be\/resume-foret-mail\/les-forets-francaises-face-au-changement-climatique-rapport-de-lacademie-des-sciences\/#breadcrumb"},"inLanguage":"en-GB","potentialAction":[{"@type":"ReadAction","target":["https:\/\/foretnature.be\/resume-foret-mail\/les-forets-francaises-face-au-changement-climatique-rapport-de-lacademie-des-sciences\/"]}]},{"@type":"ImageObject","inLanguage":"en-GB","@id":"https:\/\/foretnature.be\/resume-foret-mail\/les-forets-francaises-face-au-changement-climatique-rapport-de-lacademie-des-sciences\/#primaryimage","url":"https:\/\/foretnature.be\/wp-content\/uploads\/2023\/09\/2475.jpeg","contentUrl":"https:\/\/foretnature.be\/wp-content\/uploads\/2023\/09\/2475.jpeg","width":900,"height":675},{"@type":"BreadcrumbList","@id":"https:\/\/foretnature.be\/resume-foret-mail\/les-forets-francaises-face-au-changement-climatique-rapport-de-lacademie-des-sciences\/#breadcrumb","itemListElement":[{"@type":"ListItem","position":1,"name":"Home","item":"https:\/\/foretnature.be\/"},{"@type":"ListItem","position":2,"name":"Les for\u00eats fran\u00e7aises face au changement climatique : rapport de l\u2019Acad\u00e9mie des sciences"}]},{"@type":"WebSite","@id":"https:\/\/foretnature.be\/#website","url":"https:\/\/foretnature.be\/","name":"For\u00eat.Nature","description":"Une \u00e9quipe technique au service de la for\u00eat","publisher":{"@id":"https:\/\/foretnature.be\/#organization"},"potentialAction":[{"@type":"SearchAction","target":{"@type":"EntryPoint","urlTemplate":"https:\/\/foretnature.be\/?s={search_term_string}"},"query-input":"required name=search_term_string"}],"inLanguage":"en-GB"},{"@type":"Organization","@id":"https:\/\/foretnature.be\/#organization","name":"For\u00eat.Nature","url":"https:\/\/foretnature.be\/","logo":{"@type":"ImageObject","inLanguage":"en-GB","@id":"https:\/\/foretnature.be\/#\/schema\/logo\/image\/","url":"https:\/\/foretnature.be\/wp-content\/uploads\/2021\/01\/logoFOblanc.png","contentUrl":"https:\/\/foretnature.be\/wp-content\/uploads\/2021\/01\/logoFOblanc.png","width":300,"height":151,"caption":"For\u00eat.Nature"},"image":{"@id":"https:\/\/foretnature.be\/#\/schema\/logo\/image\/"}}]}},"_links":{"self":[{"href":"https:\/\/foretnature.be\/en\/wp-json\/wp\/v2\/resume-foret-mail\/39936"}],"collection":[{"href":"https:\/\/foretnature.be\/en\/wp-json\/wp\/v2\/resume-foret-mail"}],"about":[{"href":"https:\/\/foretnature.be\/en\/wp-json\/wp\/v2\/types\/resume-foret-mail"}],"version-history":[{"count":1,"href":"https:\/\/foretnature.be\/en\/wp-json\/wp\/v2\/resume-foret-mail\/39936\/revisions"}],"predecessor-version":[{"id":39940,"href":"https:\/\/foretnature.be\/en\/wp-json\/wp\/v2\/resume-foret-mail\/39936\/revisions\/39940"}],"wp:featuredmedia":[{"embeddable":true,"href":"https:\/\/foretnature.be\/en\/wp-json\/wp\/v2\/media\/39925"}],"wp:attachment":[{"href":"https:\/\/foretnature.be\/en\/wp-json\/wp\/v2\/media?parent=39936"}],"wp:term":[{"taxonomy":"category","embeddable":true,"href":"https:\/\/foretnature.be\/en\/wp-json\/wp\/v2\/categories?post=39936"}],"curies":[{"name":"wp","href":"https:\/\/api.w.org\/{rel}","templated":true}]}}