{"id":39745,"date":"2023-07-12T16:38:24","date_gmt":"2023-07-12T14:38:24","guid":{"rendered":"https:\/\/foretnature.be\/?post_type=resume-foret-mail&#038;p=39745"},"modified":"2023-07-19T10:21:22","modified_gmt":"2023-07-19T08:21:22","slug":"apres-les-crises-la-reconstitution","status":"publish","type":"resume-foret-mail","link":"https:\/\/foretnature.be\/en\/resume-foret-mail\/apres-les-crises-la-reconstitution\/","title":{"rendered":"Apr\u00e8s les crises, la reconstitution"},"content":{"rendered":"<p>\u00ab Les al\u00e9as climatiques ont d\u2019importantes r\u00e9percussions sanitaires sur les for\u00eats du Grand-Est. Les impacts sont variables selon les essences et la nature des terrains mais globalement, tous les arbres sont fragilis\u00e9s. Les \u00e9pisodes de grosses chaleurs associ\u00e9s au d\u00e9ficit hydrique ont rendu les arbres plus sensibles aux diff\u00e9rents agents parasitaires. Cela a \u00e9galement eu de lourds impacts sur les plantations r\u00e9cemment install\u00e9es. <\/p>\n<p>Dans le Grand-Est, trouver les essences qui seront adapt\u00e9es \u00e0 la fois aux hivers \u00ab d\u2019hier \u00bb, mais \u00e9galement aux \u00e9t\u00e9s tr\u00e8s secs de \u00ab demain \u00bb n\u2019est pas une mince affaire. Pour renouveler les peuplements, l\u2019observation des sols par la cr\u00e9ation de fosses p\u00e9dagogiques est un pr\u00e9alable \u00e0 toute reconstitution. Apr\u00e8s avoir d\u00e9termin\u00e9 quelles pourraient \u00eatre les esp\u00e8ces les mieux adapt\u00e9es aux \u00e9volutions pr\u00e9visibles du climat, certains gestionnaires proposent d\u2019installer au moins deux essences pour toute surface de plus de 2 hectares. Ce choix vise \u00e0 renforcer la r\u00e9silience du futur peuplement, tout en d\u00e9veloppant la biodiversit\u00e9. <\/p>\n<p>Dans le Grand-Est, en compl\u00e9ment d\u2019un premier travail d\u2019inventaire des essences \u00ab atypiques \u00bb d\u00e9j\u00e0 introduites en r\u00e9gion, les forestiers publics et priv\u00e9s se sont associ\u00e9s pour tester, \u00e0 petite \u00e9chelle et de mani\u00e8re encadr\u00e9e, comment dix essences allochtones pourraient \u00e0 l\u2019avenir \u00e9ventuellement \u00eatre utilis\u00e9es pour le reboisement dans le nouveau contexte li\u00e9 aux \u00e9volutions du climat. \u00bb<\/p>","protected":false},"excerpt":{"rendered":"<p>\u00ab Les al\u00e9as climatiques ont d\u2019importantes r\u00e9percussions sanitaires sur les for\u00eats du Grand-Est. Les impacts sont variables selon les essences et la nature des terrains mais globalement, tous les arbres sont fragilis\u00e9s. Les \u00e9pisodes de grosses chaleurs associ\u00e9s au d\u00e9ficit hydrique ont rendu les arbres plus sensibles aux diff\u00e9rents agents parasitaires. Cela a \u00e9galement eu [&hellip;]<\/p>","protected":false},"featured_media":39724,"template":"","categories":[50],"acf":[],"yoast_head":"<!-- This site is optimized with the Yoast SEO plugin v23.2 - https:\/\/yoast.com\/wordpress\/plugins\/seo\/ -->\n<title>Apr\u00e8s les crises, la reconstitution - For\u00eat.Nature<\/title>\n<meta name=\"robots\" content=\"index, follow, max-snippet:-1, max-image-preview:large, max-video-preview:-1\" \/>\n<link rel=\"canonical\" href=\"https:\/\/foretnature.be\/en\/resume-foret-mail\/apres-les-crises-la-reconstitution\/\" \/>\n<meta property=\"og:locale\" content=\"en_GB\" \/>\n<meta property=\"og:type\" content=\"article\" \/>\n<meta property=\"og:title\" content=\"Apr\u00e8s les crises, la reconstitution - For\u00eat.Nature\" \/>\n<meta property=\"og:description\" content=\"\u00ab Les al\u00e9as climatiques ont d\u2019importantes r\u00e9percussions sanitaires sur les for\u00eats du Grand-Est. Les impacts sont variables selon les essences et la nature des terrains mais globalement, tous les arbres sont fragilis\u00e9s. Les \u00e9pisodes de grosses chaleurs associ\u00e9s au d\u00e9ficit hydrique ont rendu les arbres plus sensibles aux diff\u00e9rents agents parasitaires. Cela a \u00e9galement eu [&hellip;]\" \/>\n<meta property=\"og:url\" content=\"https:\/\/foretnature.be\/en\/resume-foret-mail\/apres-les-crises-la-reconstitution\/\" \/>\n<meta property=\"og:site_name\" content=\"For\u00eat.Nature\" \/>\n<meta property=\"article:modified_time\" content=\"2023-07-19T08:21:22+00:00\" \/>\n<meta property=\"og:image\" content=\"https:\/\/foretnature.be\/wp-content\/uploads\/2023\/07\/2473.jpeg\" \/>\n\t<meta property=\"og:image:width\" content=\"900\" \/>\n\t<meta property=\"og:image:height\" content=\"601\" \/>\n\t<meta property=\"og:image:type\" content=\"image\/jpeg\" \/>\n<meta name=\"twitter:card\" content=\"summary_large_image\" \/>\n<meta name=\"twitter:label1\" content=\"Estimated reading time\" \/>\n\t<meta name=\"twitter:data1\" content=\"2 minutes\" \/>\n<script type=\"application\/ld+json\" class=\"yoast-schema-graph\">{\"@context\":\"https:\/\/schema.org\",\"@graph\":[{\"@type\":\"WebPage\",\"@id\":\"https:\/\/foretnature.be\/resume-foret-mail\/apres-les-crises-la-reconstitution\/\",\"url\":\"https:\/\/foretnature.be\/resume-foret-mail\/apres-les-crises-la-reconstitution\/\",\"name\":\"Apr\u00e8s les crises, la reconstitution - For\u00eat.Nature\",\"isPartOf\":{\"@id\":\"https:\/\/foretnature.be\/#website\"},\"primaryImageOfPage\":{\"@id\":\"https:\/\/foretnature.be\/resume-foret-mail\/apres-les-crises-la-reconstitution\/#primaryimage\"},\"image\":{\"@id\":\"https:\/\/foretnature.be\/resume-foret-mail\/apres-les-crises-la-reconstitution\/#primaryimage\"},\"thumbnailUrl\":\"https:\/\/foretnature.be\/wp-content\/uploads\/2023\/07\/2473.jpeg\",\"datePublished\":\"2023-07-12T14:38:24+00:00\",\"dateModified\":\"2023-07-19T08:21:22+00:00\",\"breadcrumb\":{\"@id\":\"https:\/\/foretnature.be\/resume-foret-mail\/apres-les-crises-la-reconstitution\/#breadcrumb\"},\"inLanguage\":\"en-GB\",\"potentialAction\":[{\"@type\":\"ReadAction\",\"target\":[\"https:\/\/foretnature.be\/resume-foret-mail\/apres-les-crises-la-reconstitution\/\"]}]},{\"@type\":\"ImageObject\",\"inLanguage\":\"en-GB\",\"@id\":\"https:\/\/foretnature.be\/resume-foret-mail\/apres-les-crises-la-reconstitution\/#primaryimage\",\"url\":\"https:\/\/foretnature.be\/wp-content\/uploads\/2023\/07\/2473.jpeg\",\"contentUrl\":\"https:\/\/foretnature.be\/wp-content\/uploads\/2023\/07\/2473.jpeg\",\"width\":900,\"height\":601},{\"@type\":\"BreadcrumbList\",\"@id\":\"https:\/\/foretnature.be\/resume-foret-mail\/apres-les-crises-la-reconstitution\/#breadcrumb\",\"itemListElement\":[{\"@type\":\"ListItem\",\"position\":1,\"name\":\"Home\",\"item\":\"https:\/\/foretnature.be\/\"},{\"@type\":\"ListItem\",\"position\":2,\"name\":\"Apr\u00e8s les crises, la reconstitution\"}]},{\"@type\":\"WebSite\",\"@id\":\"https:\/\/foretnature.be\/#website\",\"url\":\"https:\/\/foretnature.be\/\",\"name\":\"For\u00eat.Nature\",\"description\":\"Une \u00e9quipe technique au service de la for\u00eat\",\"publisher\":{\"@id\":\"https:\/\/foretnature.be\/#organization\"},\"potentialAction\":[{\"@type\":\"SearchAction\",\"target\":{\"@type\":\"EntryPoint\",\"urlTemplate\":\"https:\/\/foretnature.be\/?s={search_term_string}\"},\"query-input\":\"required name=search_term_string\"}],\"inLanguage\":\"en-GB\"},{\"@type\":\"Organization\",\"@id\":\"https:\/\/foretnature.be\/#organization\",\"name\":\"For\u00eat.Nature\",\"url\":\"https:\/\/foretnature.be\/\",\"logo\":{\"@type\":\"ImageObject\",\"inLanguage\":\"en-GB\",\"@id\":\"https:\/\/foretnature.be\/#\/schema\/logo\/image\/\",\"url\":\"https:\/\/foretnature.be\/wp-content\/uploads\/2021\/01\/logoFOblanc.png\",\"contentUrl\":\"https:\/\/foretnature.be\/wp-content\/uploads\/2021\/01\/logoFOblanc.png\",\"width\":300,\"height\":151,\"caption\":\"For\u00eat.Nature\"},\"image\":{\"@id\":\"https:\/\/foretnature.be\/#\/schema\/logo\/image\/\"}}]}<\/script>\n<!-- \/ Yoast SEO plugin. -->","yoast_head_json":{"title":"Apr\u00e8s les crises, la reconstitution - For\u00eat.Nature","robots":{"index":"index","follow":"follow","max-snippet":"max-snippet:-1","max-image-preview":"max-image-preview:large","max-video-preview":"max-video-preview:-1"},"canonical":"https:\/\/foretnature.be\/en\/resume-foret-mail\/apres-les-crises-la-reconstitution\/","og_locale":"en_GB","og_type":"article","og_title":"Apr\u00e8s les crises, la reconstitution - For\u00eat.Nature","og_description":"\u00ab Les al\u00e9as climatiques ont d\u2019importantes r\u00e9percussions sanitaires sur les for\u00eats du Grand-Est. Les impacts sont variables selon les essences et la nature des terrains mais globalement, tous les arbres sont fragilis\u00e9s. Les \u00e9pisodes de grosses chaleurs associ\u00e9s au d\u00e9ficit hydrique ont rendu les arbres plus sensibles aux diff\u00e9rents agents parasitaires. Cela a \u00e9galement eu [&hellip;]","og_url":"https:\/\/foretnature.be\/en\/resume-foret-mail\/apres-les-crises-la-reconstitution\/","og_site_name":"For\u00eat.Nature","article_modified_time":"2023-07-19T08:21:22+00:00","og_image":[{"width":900,"height":601,"url":"https:\/\/foretnature.be\/wp-content\/uploads\/2023\/07\/2473.jpeg","type":"image\/jpeg"}],"twitter_card":"summary_large_image","twitter_misc":{"Estimated reading time":"2 minutes"},"schema":{"@context":"https:\/\/schema.org","@graph":[{"@type":"WebPage","@id":"https:\/\/foretnature.be\/resume-foret-mail\/apres-les-crises-la-reconstitution\/","url":"https:\/\/foretnature.be\/resume-foret-mail\/apres-les-crises-la-reconstitution\/","name":"Apr\u00e8s les crises, la reconstitution - For\u00eat.Nature","isPartOf":{"@id":"https:\/\/foretnature.be\/#website"},"primaryImageOfPage":{"@id":"https:\/\/foretnature.be\/resume-foret-mail\/apres-les-crises-la-reconstitution\/#primaryimage"},"image":{"@id":"https:\/\/foretnature.be\/resume-foret-mail\/apres-les-crises-la-reconstitution\/#primaryimage"},"thumbnailUrl":"https:\/\/foretnature.be\/wp-content\/uploads\/2023\/07\/2473.jpeg","datePublished":"2023-07-12T14:38:24+00:00","dateModified":"2023-07-19T08:21:22+00:00","breadcrumb":{"@id":"https:\/\/foretnature.be\/resume-foret-mail\/apres-les-crises-la-reconstitution\/#breadcrumb"},"inLanguage":"en-GB","potentialAction":[{"@type":"ReadAction","target":["https:\/\/foretnature.be\/resume-foret-mail\/apres-les-crises-la-reconstitution\/"]}]},{"@type":"ImageObject","inLanguage":"en-GB","@id":"https:\/\/foretnature.be\/resume-foret-mail\/apres-les-crises-la-reconstitution\/#primaryimage","url":"https:\/\/foretnature.be\/wp-content\/uploads\/2023\/07\/2473.jpeg","contentUrl":"https:\/\/foretnature.be\/wp-content\/uploads\/2023\/07\/2473.jpeg","width":900,"height":601},{"@type":"BreadcrumbList","@id":"https:\/\/foretnature.be\/resume-foret-mail\/apres-les-crises-la-reconstitution\/#breadcrumb","itemListElement":[{"@type":"ListItem","position":1,"name":"Home","item":"https:\/\/foretnature.be\/"},{"@type":"ListItem","position":2,"name":"Apr\u00e8s les crises, la reconstitution"}]},{"@type":"WebSite","@id":"https:\/\/foretnature.be\/#website","url":"https:\/\/foretnature.be\/","name":"For\u00eat.Nature","description":"Une \u00e9quipe technique au service de la for\u00eat","publisher":{"@id":"https:\/\/foretnature.be\/#organization"},"potentialAction":[{"@type":"SearchAction","target":{"@type":"EntryPoint","urlTemplate":"https:\/\/foretnature.be\/?s={search_term_string}"},"query-input":"required name=search_term_string"}],"inLanguage":"en-GB"},{"@type":"Organization","@id":"https:\/\/foretnature.be\/#organization","name":"For\u00eat.Nature","url":"https:\/\/foretnature.be\/","logo":{"@type":"ImageObject","inLanguage":"en-GB","@id":"https:\/\/foretnature.be\/#\/schema\/logo\/image\/","url":"https:\/\/foretnature.be\/wp-content\/uploads\/2021\/01\/logoFOblanc.png","contentUrl":"https:\/\/foretnature.be\/wp-content\/uploads\/2021\/01\/logoFOblanc.png","width":300,"height":151,"caption":"For\u00eat.Nature"},"image":{"@id":"https:\/\/foretnature.be\/#\/schema\/logo\/image\/"}}]}},"_links":{"self":[{"href":"https:\/\/foretnature.be\/en\/wp-json\/wp\/v2\/resume-foret-mail\/39745"}],"collection":[{"href":"https:\/\/foretnature.be\/en\/wp-json\/wp\/v2\/resume-foret-mail"}],"about":[{"href":"https:\/\/foretnature.be\/en\/wp-json\/wp\/v2\/types\/resume-foret-mail"}],"version-history":[{"count":2,"href":"https:\/\/foretnature.be\/en\/wp-json\/wp\/v2\/resume-foret-mail\/39745\/revisions"}],"predecessor-version":[{"id":39760,"href":"https:\/\/foretnature.be\/en\/wp-json\/wp\/v2\/resume-foret-mail\/39745\/revisions\/39760"}],"wp:featuredmedia":[{"embeddable":true,"href":"https:\/\/foretnature.be\/en\/wp-json\/wp\/v2\/media\/39724"}],"wp:attachment":[{"href":"https:\/\/foretnature.be\/en\/wp-json\/wp\/v2\/media?parent=39745"}],"wp:term":[{"taxonomy":"category","embeddable":true,"href":"https:\/\/foretnature.be\/en\/wp-json\/wp\/v2\/categories?post=39745"}],"curies":[{"name":"wp","href":"https:\/\/api.w.org\/{rel}","templated":true}]}}