{"id":39535,"date":"2023-05-16T08:44:18","date_gmt":"2023-05-16T06:44:18","guid":{"rendered":"https:\/\/foretnature.be\/?post_type=resume-foret-mail&#038;p=39535"},"modified":"2023-05-16T10:02:04","modified_gmt":"2023-05-16T08:02:04","slug":"lactualite-sanitaire-de-nos-forets-wallonnes-en-2022-par-lobservatoire-wallon-de-la-sante-des-forets","status":"publish","type":"resume-foret-mail","link":"https:\/\/foretnature.be\/en\/resume-foret-mail\/lactualite-sanitaire-de-nos-forets-wallonnes-en-2022-par-lobservatoire-wallon-de-la-sante-des-forets\/","title":{"rendered":"Bilan sanitaire 2022 de l\u2019OWSF"},"content":{"rendered":"<p>L\u2019Observatoire Wallon de la Sant\u00e9 des For\u00eats sort son rapport 2022. Il est r\u00e9alis\u00e9 par la Direction du Milieu Forestier (DEMNA) avec l\u2019appui des correspondants-observateurs de l&rsquo;OWSF, les experts fran\u00e7ais du D\u00e9partement Sant\u00e9 des For\u00eats et les conseillers scientifiques des Universit\u00e9s et Centre de Recherches wallons. <\/p>\n<p>Ce rapport reprend les actualit\u00e9s climatiques et phytosanitaires de la for\u00eat en Wallonie, dont le suivi des probl\u00e8mes apparus sur les peuplements et sur les plantations. Elle comprend \u00e9galement un \u00ab coup d\u2019\u0153il sur la sant\u00e9 des for\u00eats \u00bb qui montre que sur douze essences indig\u00e8nes, seules trois (le charme, le ch\u00e2taignier et le peuplier) sont en \u00ab bonne \u00bb sant\u00e9, contre sept en \u00ab moyenne \u00bb et deux en \u00ab mauvaise \u00bb (l\u2019\u00e9pic\u00e9a et le fr\u00eane). <\/p>\n<p>Comme introduit par Quentin Leroy, le Directeur de la Direction du Milieu forestier : \u00ab Ce contexte difficile laisse planer le doute sur la mani\u00e8re dont se comporteront nos for\u00eats en 2023. Les conditions climatiques du printemps a\u0300 venir seront d\u00e9terminantes. Le gestionnaire devra y \u00eatre attentif, aussi bien pour r\u00e9ussir la mise en place de nouvelles plantations que pour d\u00e9cider des actions a\u0300 mener dans ses peuplements. \u00bb<\/p>","protected":false},"excerpt":{"rendered":"<p>L\u2019Observatoire Wallon de la Sant\u00e9 des For\u00eats sort son rapport 2022. Il est r\u00e9alis\u00e9 par la Direction du Milieu Forestier (DEMNA) avec l\u2019appui des correspondants-observateurs de l&rsquo;OWSF, les experts fran\u00e7ais du D\u00e9partement Sant\u00e9 des For\u00eats et les conseillers scientifiques des Universit\u00e9s et Centre de Recherches wallons. Ce rapport reprend les actualit\u00e9s climatiques et phytosanitaires de [&hellip;]<\/p>","protected":false},"featured_media":39477,"template":"","categories":[50],"acf":[],"yoast_head":"<!-- This site is optimized with the Yoast SEO plugin v23.2 - https:\/\/yoast.com\/wordpress\/plugins\/seo\/ -->\n<title>Bilan sanitaire 2022 de l\u2019OWSF - For\u00eat.Nature<\/title>\n<meta name=\"robots\" content=\"index, follow, max-snippet:-1, max-image-preview:large, max-video-preview:-1\" \/>\n<link rel=\"canonical\" href=\"https:\/\/foretnature.be\/en\/resume-foret-mail\/lactualite-sanitaire-de-nos-forets-wallonnes-en-2022-par-lobservatoire-wallon-de-la-sante-des-forets\/\" \/>\n<meta property=\"og:locale\" content=\"en_GB\" \/>\n<meta property=\"og:type\" content=\"article\" \/>\n<meta property=\"og:title\" content=\"Bilan sanitaire 2022 de l\u2019OWSF - For\u00eat.Nature\" \/>\n<meta property=\"og:description\" content=\"L\u2019Observatoire Wallon de la Sant\u00e9 des For\u00eats sort son rapport 2022. Il est r\u00e9alis\u00e9 par la Direction du Milieu Forestier (DEMNA) avec l\u2019appui des correspondants-observateurs de l&rsquo;OWSF, les experts fran\u00e7ais du D\u00e9partement Sant\u00e9 des For\u00eats et les conseillers scientifiques des Universit\u00e9s et Centre de Recherches wallons. Ce rapport reprend les actualit\u00e9s climatiques et phytosanitaires de [&hellip;]\" \/>\n<meta property=\"og:url\" content=\"https:\/\/foretnature.be\/en\/resume-foret-mail\/lactualite-sanitaire-de-nos-forets-wallonnes-en-2022-par-lobservatoire-wallon-de-la-sante-des-forets\/\" \/>\n<meta property=\"og:site_name\" content=\"For\u00eat.Nature\" \/>\n<meta property=\"article:modified_time\" content=\"2023-05-16T08:02:04+00:00\" \/>\n<meta property=\"og:image\" content=\"https:\/\/foretnature.be\/wp-content\/uploads\/2023\/04\/2439.jpg\" \/>\n\t<meta property=\"og:image:width\" content=\"900\" \/>\n\t<meta property=\"og:image:height\" content=\"675\" \/>\n\t<meta property=\"og:image:type\" content=\"image\/jpeg\" \/>\n<meta name=\"twitter:card\" content=\"summary_large_image\" \/>\n<meta name=\"twitter:label1\" content=\"Estimated reading time\" \/>\n\t<meta name=\"twitter:data1\" content=\"1 minute\" \/>\n<script type=\"application\/ld+json\" class=\"yoast-schema-graph\">{\"@context\":\"https:\/\/schema.org\",\"@graph\":[{\"@type\":\"WebPage\",\"@id\":\"https:\/\/foretnature.be\/resume-foret-mail\/lactualite-sanitaire-de-nos-forets-wallonnes-en-2022-par-lobservatoire-wallon-de-la-sante-des-forets\/\",\"url\":\"https:\/\/foretnature.be\/resume-foret-mail\/lactualite-sanitaire-de-nos-forets-wallonnes-en-2022-par-lobservatoire-wallon-de-la-sante-des-forets\/\",\"name\":\"Bilan sanitaire 2022 de l\u2019OWSF - For\u00eat.Nature\",\"isPartOf\":{\"@id\":\"https:\/\/foretnature.be\/#website\"},\"primaryImageOfPage\":{\"@id\":\"https:\/\/foretnature.be\/resume-foret-mail\/lactualite-sanitaire-de-nos-forets-wallonnes-en-2022-par-lobservatoire-wallon-de-la-sante-des-forets\/#primaryimage\"},\"image\":{\"@id\":\"https:\/\/foretnature.be\/resume-foret-mail\/lactualite-sanitaire-de-nos-forets-wallonnes-en-2022-par-lobservatoire-wallon-de-la-sante-des-forets\/#primaryimage\"},\"thumbnailUrl\":\"https:\/\/foretnature.be\/wp-content\/uploads\/2023\/04\/2439.jpg\",\"datePublished\":\"2023-05-16T06:44:18+00:00\",\"dateModified\":\"2023-05-16T08:02:04+00:00\",\"breadcrumb\":{\"@id\":\"https:\/\/foretnature.be\/resume-foret-mail\/lactualite-sanitaire-de-nos-forets-wallonnes-en-2022-par-lobservatoire-wallon-de-la-sante-des-forets\/#breadcrumb\"},\"inLanguage\":\"en-GB\",\"potentialAction\":[{\"@type\":\"ReadAction\",\"target\":[\"https:\/\/foretnature.be\/resume-foret-mail\/lactualite-sanitaire-de-nos-forets-wallonnes-en-2022-par-lobservatoire-wallon-de-la-sante-des-forets\/\"]}]},{\"@type\":\"ImageObject\",\"inLanguage\":\"en-GB\",\"@id\":\"https:\/\/foretnature.be\/resume-foret-mail\/lactualite-sanitaire-de-nos-forets-wallonnes-en-2022-par-lobservatoire-wallon-de-la-sante-des-forets\/#primaryimage\",\"url\":\"https:\/\/foretnature.be\/wp-content\/uploads\/2023\/04\/2439.jpg\",\"contentUrl\":\"https:\/\/foretnature.be\/wp-content\/uploads\/2023\/04\/2439.jpg\",\"width\":900,\"height\":675},{\"@type\":\"BreadcrumbList\",\"@id\":\"https:\/\/foretnature.be\/resume-foret-mail\/lactualite-sanitaire-de-nos-forets-wallonnes-en-2022-par-lobservatoire-wallon-de-la-sante-des-forets\/#breadcrumb\",\"itemListElement\":[{\"@type\":\"ListItem\",\"position\":1,\"name\":\"Home\",\"item\":\"https:\/\/foretnature.be\/\"},{\"@type\":\"ListItem\",\"position\":2,\"name\":\"Bilan sanitaire 2022 de l\u2019OWSF\"}]},{\"@type\":\"WebSite\",\"@id\":\"https:\/\/foretnature.be\/#website\",\"url\":\"https:\/\/foretnature.be\/\",\"name\":\"For\u00eat.Nature\",\"description\":\"Une \u00e9quipe technique au service de la for\u00eat\",\"publisher\":{\"@id\":\"https:\/\/foretnature.be\/#organization\"},\"potentialAction\":[{\"@type\":\"SearchAction\",\"target\":{\"@type\":\"EntryPoint\",\"urlTemplate\":\"https:\/\/foretnature.be\/?s={search_term_string}\"},\"query-input\":\"required name=search_term_string\"}],\"inLanguage\":\"en-GB\"},{\"@type\":\"Organization\",\"@id\":\"https:\/\/foretnature.be\/#organization\",\"name\":\"For\u00eat.Nature\",\"url\":\"https:\/\/foretnature.be\/\",\"logo\":{\"@type\":\"ImageObject\",\"inLanguage\":\"en-GB\",\"@id\":\"https:\/\/foretnature.be\/#\/schema\/logo\/image\/\",\"url\":\"https:\/\/foretnature.be\/wp-content\/uploads\/2021\/01\/logoFOblanc.png\",\"contentUrl\":\"https:\/\/foretnature.be\/wp-content\/uploads\/2021\/01\/logoFOblanc.png\",\"width\":300,\"height\":151,\"caption\":\"For\u00eat.Nature\"},\"image\":{\"@id\":\"https:\/\/foretnature.be\/#\/schema\/logo\/image\/\"}}]}<\/script>\n<!-- \/ Yoast SEO plugin. -->","yoast_head_json":{"title":"Bilan sanitaire 2022 de l\u2019OWSF - For\u00eat.Nature","robots":{"index":"index","follow":"follow","max-snippet":"max-snippet:-1","max-image-preview":"max-image-preview:large","max-video-preview":"max-video-preview:-1"},"canonical":"https:\/\/foretnature.be\/en\/resume-foret-mail\/lactualite-sanitaire-de-nos-forets-wallonnes-en-2022-par-lobservatoire-wallon-de-la-sante-des-forets\/","og_locale":"en_GB","og_type":"article","og_title":"Bilan sanitaire 2022 de l\u2019OWSF - For\u00eat.Nature","og_description":"L\u2019Observatoire Wallon de la Sant\u00e9 des For\u00eats sort son rapport 2022. Il est r\u00e9alis\u00e9 par la Direction du Milieu Forestier (DEMNA) avec l\u2019appui des correspondants-observateurs de l&rsquo;OWSF, les experts fran\u00e7ais du D\u00e9partement Sant\u00e9 des For\u00eats et les conseillers scientifiques des Universit\u00e9s et Centre de Recherches wallons. Ce rapport reprend les actualit\u00e9s climatiques et phytosanitaires de [&hellip;]","og_url":"https:\/\/foretnature.be\/en\/resume-foret-mail\/lactualite-sanitaire-de-nos-forets-wallonnes-en-2022-par-lobservatoire-wallon-de-la-sante-des-forets\/","og_site_name":"For\u00eat.Nature","article_modified_time":"2023-05-16T08:02:04+00:00","og_image":[{"width":900,"height":675,"url":"https:\/\/foretnature.be\/wp-content\/uploads\/2023\/04\/2439.jpg","type":"image\/jpeg"}],"twitter_card":"summary_large_image","twitter_misc":{"Estimated reading time":"1 minute"},"schema":{"@context":"https:\/\/schema.org","@graph":[{"@type":"WebPage","@id":"https:\/\/foretnature.be\/resume-foret-mail\/lactualite-sanitaire-de-nos-forets-wallonnes-en-2022-par-lobservatoire-wallon-de-la-sante-des-forets\/","url":"https:\/\/foretnature.be\/resume-foret-mail\/lactualite-sanitaire-de-nos-forets-wallonnes-en-2022-par-lobservatoire-wallon-de-la-sante-des-forets\/","name":"Bilan sanitaire 2022 de l\u2019OWSF - For\u00eat.Nature","isPartOf":{"@id":"https:\/\/foretnature.be\/#website"},"primaryImageOfPage":{"@id":"https:\/\/foretnature.be\/resume-foret-mail\/lactualite-sanitaire-de-nos-forets-wallonnes-en-2022-par-lobservatoire-wallon-de-la-sante-des-forets\/#primaryimage"},"image":{"@id":"https:\/\/foretnature.be\/resume-foret-mail\/lactualite-sanitaire-de-nos-forets-wallonnes-en-2022-par-lobservatoire-wallon-de-la-sante-des-forets\/#primaryimage"},"thumbnailUrl":"https:\/\/foretnature.be\/wp-content\/uploads\/2023\/04\/2439.jpg","datePublished":"2023-05-16T06:44:18+00:00","dateModified":"2023-05-16T08:02:04+00:00","breadcrumb":{"@id":"https:\/\/foretnature.be\/resume-foret-mail\/lactualite-sanitaire-de-nos-forets-wallonnes-en-2022-par-lobservatoire-wallon-de-la-sante-des-forets\/#breadcrumb"},"inLanguage":"en-GB","potentialAction":[{"@type":"ReadAction","target":["https:\/\/foretnature.be\/resume-foret-mail\/lactualite-sanitaire-de-nos-forets-wallonnes-en-2022-par-lobservatoire-wallon-de-la-sante-des-forets\/"]}]},{"@type":"ImageObject","inLanguage":"en-GB","@id":"https:\/\/foretnature.be\/resume-foret-mail\/lactualite-sanitaire-de-nos-forets-wallonnes-en-2022-par-lobservatoire-wallon-de-la-sante-des-forets\/#primaryimage","url":"https:\/\/foretnature.be\/wp-content\/uploads\/2023\/04\/2439.jpg","contentUrl":"https:\/\/foretnature.be\/wp-content\/uploads\/2023\/04\/2439.jpg","width":900,"height":675},{"@type":"BreadcrumbList","@id":"https:\/\/foretnature.be\/resume-foret-mail\/lactualite-sanitaire-de-nos-forets-wallonnes-en-2022-par-lobservatoire-wallon-de-la-sante-des-forets\/#breadcrumb","itemListElement":[{"@type":"ListItem","position":1,"name":"Home","item":"https:\/\/foretnature.be\/"},{"@type":"ListItem","position":2,"name":"Bilan sanitaire 2022 de l\u2019OWSF"}]},{"@type":"WebSite","@id":"https:\/\/foretnature.be\/#website","url":"https:\/\/foretnature.be\/","name":"For\u00eat.Nature","description":"Une \u00e9quipe technique au service de la for\u00eat","publisher":{"@id":"https:\/\/foretnature.be\/#organization"},"potentialAction":[{"@type":"SearchAction","target":{"@type":"EntryPoint","urlTemplate":"https:\/\/foretnature.be\/?s={search_term_string}"},"query-input":"required name=search_term_string"}],"inLanguage":"en-GB"},{"@type":"Organization","@id":"https:\/\/foretnature.be\/#organization","name":"For\u00eat.Nature","url":"https:\/\/foretnature.be\/","logo":{"@type":"ImageObject","inLanguage":"en-GB","@id":"https:\/\/foretnature.be\/#\/schema\/logo\/image\/","url":"https:\/\/foretnature.be\/wp-content\/uploads\/2021\/01\/logoFOblanc.png","contentUrl":"https:\/\/foretnature.be\/wp-content\/uploads\/2021\/01\/logoFOblanc.png","width":300,"height":151,"caption":"For\u00eat.Nature"},"image":{"@id":"https:\/\/foretnature.be\/#\/schema\/logo\/image\/"}}]}},"_links":{"self":[{"href":"https:\/\/foretnature.be\/en\/wp-json\/wp\/v2\/resume-foret-mail\/39535"}],"collection":[{"href":"https:\/\/foretnature.be\/en\/wp-json\/wp\/v2\/resume-foret-mail"}],"about":[{"href":"https:\/\/foretnature.be\/en\/wp-json\/wp\/v2\/types\/resume-foret-mail"}],"version-history":[{"count":2,"href":"https:\/\/foretnature.be\/en\/wp-json\/wp\/v2\/resume-foret-mail\/39535\/revisions"}],"predecessor-version":[{"id":39556,"href":"https:\/\/foretnature.be\/en\/wp-json\/wp\/v2\/resume-foret-mail\/39535\/revisions\/39556"}],"wp:featuredmedia":[{"embeddable":true,"href":"https:\/\/foretnature.be\/en\/wp-json\/wp\/v2\/media\/39477"}],"wp:attachment":[{"href":"https:\/\/foretnature.be\/en\/wp-json\/wp\/v2\/media?parent=39535"}],"wp:term":[{"taxonomy":"category","embeddable":true,"href":"https:\/\/foretnature.be\/en\/wp-json\/wp\/v2\/categories?post=39535"}],"curies":[{"name":"wp","href":"https:\/\/api.w.org\/{rel}","templated":true}]}}