{"id":39500,"date":"2023-04-18T14:19:26","date_gmt":"2023-04-18T12:19:26","guid":{"rendered":"https:\/\/foretnature.be\/?post_type=resume-foret-mail&#038;p=39500"},"modified":"2023-04-18T16:13:18","modified_gmt":"2023-04-18T14:13:18","slug":"le-reensauvagement-divise-lopinion","status":"publish","type":"resume-foret-mail","link":"https:\/\/foretnature.be\/en\/resume-foret-mail\/le-reensauvagement-divise-lopinion\/","title":{"rendered":"Le r\u00e9ensauvagement divise l\u2019opinion"},"content":{"rendered":"<p>Le r\u00e9ensauvagement est devenu r\u00e9alit\u00e9, avec de plus en plus de cas observ\u00e9s \u00e0 travers le monde : retour d\u2019esp\u00e8ces disparues de nos r\u00e9gions, r\u00e9serve naturelle en libre \u00e9volution, programmes de protection des esp\u00e8ces\u2026  Mais cette transition des pratiques ne se fait pas sans heurts, surtout entre les diff\u00e9rents acteurs des territoires concern\u00e9s. Entre les nouveaux usagers de la nature et les exploitants historiques (\u00e9leveurs, p\u00eacheurs, ruraux\u2026) les tensions sont parfois vives sur le rapport \u00e0 la nature, qui se red\u00e9finit des deux c\u00f4t\u00e9s. <\/p>\n<p>L\u00e0 o\u00f9 le retour du loup est une excellente nouvelle pour la biodiversit\u00e9, il engendre n\u00e9anmoins des contraintes importantes pour les \u00e9leveurs, qui doivent mettre en place de nouvelles mesures de protection des troupeaux. M\u00eame cas de figure avec la protection des mammif\u00e8res marins aux \u00c9tats-Unis (phoques et lions de mer), o\u00f9 les populations de ceux-ci sont non seulement bien r\u00e9tablies, mais d\u00e9stabilisent maintenant les socio-\u00e9cosyst\u00e8mes, en prenant possession des plages, mangeant le poisson cibl\u00e9 par les p\u00eacheurs\u2026 <\/p>\n<p>Les populations d\u2019animaux sauvages augmentent autant que les conflits entre les acteurs des milieux naturels. Il est n\u00e9cessaire d\u2019entreprendre un processus de co\u00e9volution, pour accompagner le r\u00e9ensauvagement dans son installation dans le temps. Une gestion organis\u00e9e, avec les pouvoirs locaux et grandes institutions, est la prochaine \u00e9tape pour assurer le d\u00e9veloppement des initiatives de r\u00e9ensauvagement.<\/p>","protected":false},"excerpt":{"rendered":"<p>Le r\u00e9ensauvagement est devenu r\u00e9alit\u00e9, avec de plus en plus de cas observ\u00e9s \u00e0 travers le monde : retour d\u2019esp\u00e8ces disparues de nos r\u00e9gions, r\u00e9serve naturelle en libre \u00e9volution, programmes de protection des esp\u00e8ces\u2026 Mais cette transition des pratiques ne se fait pas sans heurts, surtout entre les diff\u00e9rents acteurs des territoires concern\u00e9s. Entre les [&hellip;]<\/p>","protected":false},"featured_media":39482,"template":"","categories":[50],"acf":[],"yoast_head":"<!-- This site is optimized with the Yoast SEO plugin v23.2 - https:\/\/yoast.com\/wordpress\/plugins\/seo\/ -->\n<title>Le r\u00e9ensauvagement divise l\u2019opinion - For\u00eat.Nature<\/title>\n<meta name=\"robots\" content=\"index, follow, max-snippet:-1, max-image-preview:large, max-video-preview:-1\" \/>\n<link rel=\"canonical\" href=\"https:\/\/foretnature.be\/en\/resume-foret-mail\/le-reensauvagement-divise-lopinion\/\" \/>\n<meta property=\"og:locale\" content=\"en_GB\" \/>\n<meta property=\"og:type\" content=\"article\" \/>\n<meta property=\"og:title\" content=\"Le r\u00e9ensauvagement divise l\u2019opinion - For\u00eat.Nature\" \/>\n<meta property=\"og:description\" content=\"Le r\u00e9ensauvagement est devenu r\u00e9alit\u00e9, avec de plus en plus de cas observ\u00e9s \u00e0 travers le monde : retour d\u2019esp\u00e8ces disparues de nos r\u00e9gions, r\u00e9serve naturelle en libre \u00e9volution, programmes de protection des esp\u00e8ces\u2026 Mais cette transition des pratiques ne se fait pas sans heurts, surtout entre les diff\u00e9rents acteurs des territoires concern\u00e9s. Entre les [&hellip;]\" \/>\n<meta property=\"og:url\" content=\"https:\/\/foretnature.be\/en\/resume-foret-mail\/le-reensauvagement-divise-lopinion\/\" \/>\n<meta property=\"og:site_name\" content=\"For\u00eat.Nature\" \/>\n<meta property=\"article:modified_time\" content=\"2023-04-18T14:13:18+00:00\" \/>\n<meta property=\"og:image\" content=\"https:\/\/foretnature.be\/wp-content\/uploads\/2023\/04\/2444.jpeg\" \/>\n\t<meta property=\"og:image:width\" content=\"900\" \/>\n\t<meta property=\"og:image:height\" content=\"600\" \/>\n\t<meta property=\"og:image:type\" content=\"image\/jpeg\" \/>\n<meta name=\"twitter:card\" content=\"summary_large_image\" \/>\n<meta name=\"twitter:label1\" content=\"Estimated reading time\" \/>\n\t<meta name=\"twitter:data1\" content=\"2 minutes\" \/>\n<script type=\"application\/ld+json\" class=\"yoast-schema-graph\">{\"@context\":\"https:\/\/schema.org\",\"@graph\":[{\"@type\":\"WebPage\",\"@id\":\"https:\/\/foretnature.be\/resume-foret-mail\/le-reensauvagement-divise-lopinion\/\",\"url\":\"https:\/\/foretnature.be\/resume-foret-mail\/le-reensauvagement-divise-lopinion\/\",\"name\":\"Le r\u00e9ensauvagement divise l\u2019opinion - For\u00eat.Nature\",\"isPartOf\":{\"@id\":\"https:\/\/foretnature.be\/#website\"},\"primaryImageOfPage\":{\"@id\":\"https:\/\/foretnature.be\/resume-foret-mail\/le-reensauvagement-divise-lopinion\/#primaryimage\"},\"image\":{\"@id\":\"https:\/\/foretnature.be\/resume-foret-mail\/le-reensauvagement-divise-lopinion\/#primaryimage\"},\"thumbnailUrl\":\"https:\/\/foretnature.be\/wp-content\/uploads\/2023\/04\/2444.jpeg\",\"datePublished\":\"2023-04-18T12:19:26+00:00\",\"dateModified\":\"2023-04-18T14:13:18+00:00\",\"breadcrumb\":{\"@id\":\"https:\/\/foretnature.be\/resume-foret-mail\/le-reensauvagement-divise-lopinion\/#breadcrumb\"},\"inLanguage\":\"en-GB\",\"potentialAction\":[{\"@type\":\"ReadAction\",\"target\":[\"https:\/\/foretnature.be\/resume-foret-mail\/le-reensauvagement-divise-lopinion\/\"]}]},{\"@type\":\"ImageObject\",\"inLanguage\":\"en-GB\",\"@id\":\"https:\/\/foretnature.be\/resume-foret-mail\/le-reensauvagement-divise-lopinion\/#primaryimage\",\"url\":\"https:\/\/foretnature.be\/wp-content\/uploads\/2023\/04\/2444.jpeg\",\"contentUrl\":\"https:\/\/foretnature.be\/wp-content\/uploads\/2023\/04\/2444.jpeg\",\"width\":900,\"height\":600},{\"@type\":\"BreadcrumbList\",\"@id\":\"https:\/\/foretnature.be\/resume-foret-mail\/le-reensauvagement-divise-lopinion\/#breadcrumb\",\"itemListElement\":[{\"@type\":\"ListItem\",\"position\":1,\"name\":\"Home\",\"item\":\"https:\/\/foretnature.be\/\"},{\"@type\":\"ListItem\",\"position\":2,\"name\":\"Le r\u00e9ensauvagement divise l\u2019opinion\"}]},{\"@type\":\"WebSite\",\"@id\":\"https:\/\/foretnature.be\/#website\",\"url\":\"https:\/\/foretnature.be\/\",\"name\":\"For\u00eat.Nature\",\"description\":\"Une \u00e9quipe technique au service de la for\u00eat\",\"publisher\":{\"@id\":\"https:\/\/foretnature.be\/#organization\"},\"potentialAction\":[{\"@type\":\"SearchAction\",\"target\":{\"@type\":\"EntryPoint\",\"urlTemplate\":\"https:\/\/foretnature.be\/?s={search_term_string}\"},\"query-input\":\"required name=search_term_string\"}],\"inLanguage\":\"en-GB\"},{\"@type\":\"Organization\",\"@id\":\"https:\/\/foretnature.be\/#organization\",\"name\":\"For\u00eat.Nature\",\"url\":\"https:\/\/foretnature.be\/\",\"logo\":{\"@type\":\"ImageObject\",\"inLanguage\":\"en-GB\",\"@id\":\"https:\/\/foretnature.be\/#\/schema\/logo\/image\/\",\"url\":\"https:\/\/foretnature.be\/wp-content\/uploads\/2021\/01\/logoFOblanc.png\",\"contentUrl\":\"https:\/\/foretnature.be\/wp-content\/uploads\/2021\/01\/logoFOblanc.png\",\"width\":300,\"height\":151,\"caption\":\"For\u00eat.Nature\"},\"image\":{\"@id\":\"https:\/\/foretnature.be\/#\/schema\/logo\/image\/\"}}]}<\/script>\n<!-- \/ Yoast SEO plugin. -->","yoast_head_json":{"title":"Le r\u00e9ensauvagement divise l\u2019opinion - For\u00eat.Nature","robots":{"index":"index","follow":"follow","max-snippet":"max-snippet:-1","max-image-preview":"max-image-preview:large","max-video-preview":"max-video-preview:-1"},"canonical":"https:\/\/foretnature.be\/en\/resume-foret-mail\/le-reensauvagement-divise-lopinion\/","og_locale":"en_GB","og_type":"article","og_title":"Le r\u00e9ensauvagement divise l\u2019opinion - For\u00eat.Nature","og_description":"Le r\u00e9ensauvagement est devenu r\u00e9alit\u00e9, avec de plus en plus de cas observ\u00e9s \u00e0 travers le monde : retour d\u2019esp\u00e8ces disparues de nos r\u00e9gions, r\u00e9serve naturelle en libre \u00e9volution, programmes de protection des esp\u00e8ces\u2026 Mais cette transition des pratiques ne se fait pas sans heurts, surtout entre les diff\u00e9rents acteurs des territoires concern\u00e9s. Entre les [&hellip;]","og_url":"https:\/\/foretnature.be\/en\/resume-foret-mail\/le-reensauvagement-divise-lopinion\/","og_site_name":"For\u00eat.Nature","article_modified_time":"2023-04-18T14:13:18+00:00","og_image":[{"width":900,"height":600,"url":"https:\/\/foretnature.be\/wp-content\/uploads\/2023\/04\/2444.jpeg","type":"image\/jpeg"}],"twitter_card":"summary_large_image","twitter_misc":{"Estimated reading time":"2 minutes"},"schema":{"@context":"https:\/\/schema.org","@graph":[{"@type":"WebPage","@id":"https:\/\/foretnature.be\/resume-foret-mail\/le-reensauvagement-divise-lopinion\/","url":"https:\/\/foretnature.be\/resume-foret-mail\/le-reensauvagement-divise-lopinion\/","name":"Le r\u00e9ensauvagement divise l\u2019opinion - For\u00eat.Nature","isPartOf":{"@id":"https:\/\/foretnature.be\/#website"},"primaryImageOfPage":{"@id":"https:\/\/foretnature.be\/resume-foret-mail\/le-reensauvagement-divise-lopinion\/#primaryimage"},"image":{"@id":"https:\/\/foretnature.be\/resume-foret-mail\/le-reensauvagement-divise-lopinion\/#primaryimage"},"thumbnailUrl":"https:\/\/foretnature.be\/wp-content\/uploads\/2023\/04\/2444.jpeg","datePublished":"2023-04-18T12:19:26+00:00","dateModified":"2023-04-18T14:13:18+00:00","breadcrumb":{"@id":"https:\/\/foretnature.be\/resume-foret-mail\/le-reensauvagement-divise-lopinion\/#breadcrumb"},"inLanguage":"en-GB","potentialAction":[{"@type":"ReadAction","target":["https:\/\/foretnature.be\/resume-foret-mail\/le-reensauvagement-divise-lopinion\/"]}]},{"@type":"ImageObject","inLanguage":"en-GB","@id":"https:\/\/foretnature.be\/resume-foret-mail\/le-reensauvagement-divise-lopinion\/#primaryimage","url":"https:\/\/foretnature.be\/wp-content\/uploads\/2023\/04\/2444.jpeg","contentUrl":"https:\/\/foretnature.be\/wp-content\/uploads\/2023\/04\/2444.jpeg","width":900,"height":600},{"@type":"BreadcrumbList","@id":"https:\/\/foretnature.be\/resume-foret-mail\/le-reensauvagement-divise-lopinion\/#breadcrumb","itemListElement":[{"@type":"ListItem","position":1,"name":"Home","item":"https:\/\/foretnature.be\/"},{"@type":"ListItem","position":2,"name":"Le r\u00e9ensauvagement divise l\u2019opinion"}]},{"@type":"WebSite","@id":"https:\/\/foretnature.be\/#website","url":"https:\/\/foretnature.be\/","name":"For\u00eat.Nature","description":"Une \u00e9quipe technique au service de la for\u00eat","publisher":{"@id":"https:\/\/foretnature.be\/#organization"},"potentialAction":[{"@type":"SearchAction","target":{"@type":"EntryPoint","urlTemplate":"https:\/\/foretnature.be\/?s={search_term_string}"},"query-input":"required name=search_term_string"}],"inLanguage":"en-GB"},{"@type":"Organization","@id":"https:\/\/foretnature.be\/#organization","name":"For\u00eat.Nature","url":"https:\/\/foretnature.be\/","logo":{"@type":"ImageObject","inLanguage":"en-GB","@id":"https:\/\/foretnature.be\/#\/schema\/logo\/image\/","url":"https:\/\/foretnature.be\/wp-content\/uploads\/2021\/01\/logoFOblanc.png","contentUrl":"https:\/\/foretnature.be\/wp-content\/uploads\/2021\/01\/logoFOblanc.png","width":300,"height":151,"caption":"For\u00eat.Nature"},"image":{"@id":"https:\/\/foretnature.be\/#\/schema\/logo\/image\/"}}]}},"_links":{"self":[{"href":"https:\/\/foretnature.be\/en\/wp-json\/wp\/v2\/resume-foret-mail\/39500"}],"collection":[{"href":"https:\/\/foretnature.be\/en\/wp-json\/wp\/v2\/resume-foret-mail"}],"about":[{"href":"https:\/\/foretnature.be\/en\/wp-json\/wp\/v2\/types\/resume-foret-mail"}],"version-history":[{"count":2,"href":"https:\/\/foretnature.be\/en\/wp-json\/wp\/v2\/resume-foret-mail\/39500\/revisions"}],"predecessor-version":[{"id":39514,"href":"https:\/\/foretnature.be\/en\/wp-json\/wp\/v2\/resume-foret-mail\/39500\/revisions\/39514"}],"wp:featuredmedia":[{"embeddable":true,"href":"https:\/\/foretnature.be\/en\/wp-json\/wp\/v2\/media\/39482"}],"wp:attachment":[{"href":"https:\/\/foretnature.be\/en\/wp-json\/wp\/v2\/media?parent=39500"}],"wp:term":[{"taxonomy":"category","embeddable":true,"href":"https:\/\/foretnature.be\/en\/wp-json\/wp\/v2\/categories?post=39500"}],"curies":[{"name":"wp","href":"https:\/\/api.w.org\/{rel}","templated":true}]}}