{"id":39498,"date":"2023-04-18T13:49:51","date_gmt":"2023-04-18T11:49:51","guid":{"rendered":"https:\/\/foretnature.be\/?post_type=resume-foret-mail&#038;p=39498"},"modified":"2023-04-18T16:12:50","modified_gmt":"2023-04-18T14:12:50","slug":"premisses-dune-adaptation-biologique-de-la-foret-aux-secheresses","status":"publish","type":"resume-foret-mail","link":"https:\/\/foretnature.be\/en\/resume-foret-mail\/premisses-dune-adaptation-biologique-de-la-foret-aux-secheresses\/","title":{"rendered":"Pr\u00e9misses d\u2019une adaptation biologique de la for\u00eat aux s\u00e9cheresses ?"},"content":{"rendered":"<p>En 2022, une s\u00e9cheresse particuli\u00e8rement longue, de mi-mai \u00e0 fin ao\u00fbt, a mis \u00e0 mal les arbres dans la r\u00e9gion de Neuch\u00e2tel en Suisse. Seuls 6 \u00e9pisodes de faibles pluies ont humidifi\u00e9 le sol le temps de quelques heures. En septembre, ces arbres ont perdu leurs feuilles roussies du mois d\u2019ao\u00fbt, alors que des pluies plus r\u00e9guli\u00e8res arrosaient abondamment les sols. Lors de l\u2019automne qui a suivi, le Jardin Botanique de Neuch\u00e2tel a alors observ\u00e9 une deuxi\u00e8me feuillaison chez diff\u00e9rentes esp\u00e8ces d\u2019arbres, dont notamment le tilleul \u00e0 petites feuilles. Comment appr\u00e9hender cette r\u00e9action, r\u00e9flexe de la derni\u00e8re chance ou adaptation de la p\u00e9riode de v\u00e9g\u00e9tation pour le futur ?<\/p>\n<p>Plusieurs essences ont profit\u00e9 de ce climat pluvieux pour effectuer une seconde feuillaison pouvant atteindre 75 % du volume de feuillage printanier. Celle-ci s\u2019est \u00e9tendue de fin septembre \u00e0 mi-d\u00e9cembre, pour se terminer le lendemain d\u2019une nuit de gel \u00e0 -6 \u00b0C qui a pr\u00e9cipit\u00e9 en un jour la chute de toutes les feuilles de ces individus. Peut-on envisager un nouveau mod\u00e8le ph\u00e9nologique pour le futur ?<\/p>\n<p>Parmi les adaptations des plantes \u00e0 la s\u00e9cheresse estivale, celle de l\u2019arbousier (Arbutus unedo) qui fleurit en automne ainsi que la double feuillaison de la sauge de J\u00e9rusalem (Phlomis fruticosa) sont bien connues. Un sc\u00e9nario selon lequel la p\u00e9riode de v\u00e9g\u00e9tation se diviserait en deux parties (printemps et automne), avec une p\u00e9riode de repos estival afin que la plante limite son stress hydrique, serait alors possible. <\/p>\n<p>Quoi qu\u2019il en soit, cette observation n\u00e9cessitera un suivi sur plusieurs ann\u00e9es afin de comprendre s\u2019il s\u2019agit d\u2019une ultime tentative de survie qui aura affaibli les arbres ou d\u2019une adaptation vers une meilleure r\u00e9sistance des arbres aux s\u00e9cheresses futures.<\/p>","protected":false},"excerpt":{"rendered":"<p>En 2022, une s\u00e9cheresse particuli\u00e8rement longue, de mi-mai \u00e0 fin ao\u00fbt, a mis \u00e0 mal les arbres dans la r\u00e9gion de Neuch\u00e2tel en Suisse. Seuls 6 \u00e9pisodes de faibles pluies ont humidifi\u00e9 le sol le temps de quelques heures. En septembre, ces arbres ont perdu leurs feuilles roussies du mois d\u2019ao\u00fbt, alors que des pluies [&hellip;]<\/p>","protected":false},"featured_media":39481,"template":"","categories":[50],"acf":[],"yoast_head":"<!-- This site is optimized with the Yoast SEO plugin v23.2 - https:\/\/yoast.com\/wordpress\/plugins\/seo\/ -->\n<title>Pr\u00e9misses d\u2019une adaptation biologique de la for\u00eat aux s\u00e9cheresses ? - For\u00eat.Nature<\/title>\n<meta name=\"robots\" content=\"index, follow, max-snippet:-1, max-image-preview:large, max-video-preview:-1\" \/>\n<link rel=\"canonical\" href=\"https:\/\/foretnature.be\/en\/resume-foret-mail\/premisses-dune-adaptation-biologique-de-la-foret-aux-secheresses\/\" \/>\n<meta property=\"og:locale\" content=\"en_GB\" \/>\n<meta property=\"og:type\" content=\"article\" \/>\n<meta property=\"og:title\" content=\"Pr\u00e9misses d\u2019une adaptation biologique de la for\u00eat aux s\u00e9cheresses ? - For\u00eat.Nature\" \/>\n<meta property=\"og:description\" content=\"En 2022, une s\u00e9cheresse particuli\u00e8rement longue, de mi-mai \u00e0 fin ao\u00fbt, a mis \u00e0 mal les arbres dans la r\u00e9gion de Neuch\u00e2tel en Suisse. Seuls 6 \u00e9pisodes de faibles pluies ont humidifi\u00e9 le sol le temps de quelques heures. En septembre, ces arbres ont perdu leurs feuilles roussies du mois d\u2019ao\u00fbt, alors que des pluies [&hellip;]\" \/>\n<meta property=\"og:url\" content=\"https:\/\/foretnature.be\/en\/resume-foret-mail\/premisses-dune-adaptation-biologique-de-la-foret-aux-secheresses\/\" \/>\n<meta property=\"og:site_name\" content=\"For\u00eat.Nature\" \/>\n<meta property=\"article:modified_time\" content=\"2023-04-18T14:12:50+00:00\" \/>\n<meta property=\"og:image\" content=\"https:\/\/foretnature.be\/wp-content\/uploads\/2023\/04\/2443.jpeg\" \/>\n\t<meta property=\"og:image:width\" content=\"900\" \/>\n\t<meta property=\"og:image:height\" content=\"613\" \/>\n\t<meta property=\"og:image:type\" content=\"image\/jpeg\" \/>\n<meta name=\"twitter:card\" content=\"summary_large_image\" \/>\n<meta name=\"twitter:label1\" content=\"Estimated reading time\" \/>\n\t<meta name=\"twitter:data1\" content=\"2 minutes\" \/>\n<script type=\"application\/ld+json\" class=\"yoast-schema-graph\">{\"@context\":\"https:\/\/schema.org\",\"@graph\":[{\"@type\":\"WebPage\",\"@id\":\"https:\/\/foretnature.be\/en\/resume-foret-mail\/premisses-dune-adaptation-biologique-de-la-foret-aux-secheresses\/\",\"url\":\"https:\/\/foretnature.be\/en\/resume-foret-mail\/premisses-dune-adaptation-biologique-de-la-foret-aux-secheresses\/\",\"name\":\"Pr\u00e9misses d\u2019une adaptation biologique de la for\u00eat aux s\u00e9cheresses ? - For\u00eat.Nature\",\"isPartOf\":{\"@id\":\"https:\/\/foretnature.be\/#website\"},\"primaryImageOfPage\":{\"@id\":\"https:\/\/foretnature.be\/en\/resume-foret-mail\/premisses-dune-adaptation-biologique-de-la-foret-aux-secheresses\/#primaryimage\"},\"image\":{\"@id\":\"https:\/\/foretnature.be\/en\/resume-foret-mail\/premisses-dune-adaptation-biologique-de-la-foret-aux-secheresses\/#primaryimage\"},\"thumbnailUrl\":\"https:\/\/foretnature.be\/wp-content\/uploads\/2023\/04\/2443.jpeg\",\"datePublished\":\"2023-04-18T11:49:51+00:00\",\"dateModified\":\"2023-04-18T14:12:50+00:00\",\"breadcrumb\":{\"@id\":\"https:\/\/foretnature.be\/en\/resume-foret-mail\/premisses-dune-adaptation-biologique-de-la-foret-aux-secheresses\/#breadcrumb\"},\"inLanguage\":\"en-GB\",\"potentialAction\":[{\"@type\":\"ReadAction\",\"target\":[\"https:\/\/foretnature.be\/en\/resume-foret-mail\/premisses-dune-adaptation-biologique-de-la-foret-aux-secheresses\/\"]}]},{\"@type\":\"ImageObject\",\"inLanguage\":\"en-GB\",\"@id\":\"https:\/\/foretnature.be\/en\/resume-foret-mail\/premisses-dune-adaptation-biologique-de-la-foret-aux-secheresses\/#primaryimage\",\"url\":\"https:\/\/foretnature.be\/wp-content\/uploads\/2023\/04\/2443.jpeg\",\"contentUrl\":\"https:\/\/foretnature.be\/wp-content\/uploads\/2023\/04\/2443.jpeg\",\"width\":900,\"height\":613,\"caption\":\"Spring. Linden twig with melting leaves\"},{\"@type\":\"BreadcrumbList\",\"@id\":\"https:\/\/foretnature.be\/en\/resume-foret-mail\/premisses-dune-adaptation-biologique-de-la-foret-aux-secheresses\/#breadcrumb\",\"itemListElement\":[{\"@type\":\"ListItem\",\"position\":1,\"name\":\"Home\",\"item\":\"https:\/\/foretnature.be\/\"},{\"@type\":\"ListItem\",\"position\":2,\"name\":\"Pr\u00e9misses d\u2019une adaptation biologique de la for\u00eat aux s\u00e9cheresses ?\"}]},{\"@type\":\"WebSite\",\"@id\":\"https:\/\/foretnature.be\/#website\",\"url\":\"https:\/\/foretnature.be\/\",\"name\":\"For\u00eat.Nature\",\"description\":\"Une \u00e9quipe technique au service de la for\u00eat\",\"publisher\":{\"@id\":\"https:\/\/foretnature.be\/#organization\"},\"potentialAction\":[{\"@type\":\"SearchAction\",\"target\":{\"@type\":\"EntryPoint\",\"urlTemplate\":\"https:\/\/foretnature.be\/?s={search_term_string}\"},\"query-input\":\"required name=search_term_string\"}],\"inLanguage\":\"en-GB\"},{\"@type\":\"Organization\",\"@id\":\"https:\/\/foretnature.be\/#organization\",\"name\":\"For\u00eat.Nature\",\"url\":\"https:\/\/foretnature.be\/\",\"logo\":{\"@type\":\"ImageObject\",\"inLanguage\":\"en-GB\",\"@id\":\"https:\/\/foretnature.be\/#\/schema\/logo\/image\/\",\"url\":\"https:\/\/foretnature.be\/wp-content\/uploads\/2021\/01\/logoFOblanc.png\",\"contentUrl\":\"https:\/\/foretnature.be\/wp-content\/uploads\/2021\/01\/logoFOblanc.png\",\"width\":300,\"height\":151,\"caption\":\"For\u00eat.Nature\"},\"image\":{\"@id\":\"https:\/\/foretnature.be\/#\/schema\/logo\/image\/\"}}]}<\/script>\n<!-- \/ Yoast SEO plugin. -->","yoast_head_json":{"title":"Pr\u00e9misses d\u2019une adaptation biologique de la for\u00eat aux s\u00e9cheresses ? - For\u00eat.Nature","robots":{"index":"index","follow":"follow","max-snippet":"max-snippet:-1","max-image-preview":"max-image-preview:large","max-video-preview":"max-video-preview:-1"},"canonical":"https:\/\/foretnature.be\/en\/resume-foret-mail\/premisses-dune-adaptation-biologique-de-la-foret-aux-secheresses\/","og_locale":"en_GB","og_type":"article","og_title":"Pr\u00e9misses d\u2019une adaptation biologique de la for\u00eat aux s\u00e9cheresses ? - For\u00eat.Nature","og_description":"En 2022, une s\u00e9cheresse particuli\u00e8rement longue, de mi-mai \u00e0 fin ao\u00fbt, a mis \u00e0 mal les arbres dans la r\u00e9gion de Neuch\u00e2tel en Suisse. Seuls 6 \u00e9pisodes de faibles pluies ont humidifi\u00e9 le sol le temps de quelques heures. En septembre, ces arbres ont perdu leurs feuilles roussies du mois d\u2019ao\u00fbt, alors que des pluies [&hellip;]","og_url":"https:\/\/foretnature.be\/en\/resume-foret-mail\/premisses-dune-adaptation-biologique-de-la-foret-aux-secheresses\/","og_site_name":"For\u00eat.Nature","article_modified_time":"2023-04-18T14:12:50+00:00","og_image":[{"width":900,"height":613,"url":"https:\/\/foretnature.be\/wp-content\/uploads\/2023\/04\/2443.jpeg","type":"image\/jpeg"}],"twitter_card":"summary_large_image","twitter_misc":{"Estimated reading time":"2 minutes"},"schema":{"@context":"https:\/\/schema.org","@graph":[{"@type":"WebPage","@id":"https:\/\/foretnature.be\/en\/resume-foret-mail\/premisses-dune-adaptation-biologique-de-la-foret-aux-secheresses\/","url":"https:\/\/foretnature.be\/en\/resume-foret-mail\/premisses-dune-adaptation-biologique-de-la-foret-aux-secheresses\/","name":"Pr\u00e9misses d\u2019une adaptation biologique de la for\u00eat aux s\u00e9cheresses ? - For\u00eat.Nature","isPartOf":{"@id":"https:\/\/foretnature.be\/#website"},"primaryImageOfPage":{"@id":"https:\/\/foretnature.be\/en\/resume-foret-mail\/premisses-dune-adaptation-biologique-de-la-foret-aux-secheresses\/#primaryimage"},"image":{"@id":"https:\/\/foretnature.be\/en\/resume-foret-mail\/premisses-dune-adaptation-biologique-de-la-foret-aux-secheresses\/#primaryimage"},"thumbnailUrl":"https:\/\/foretnature.be\/wp-content\/uploads\/2023\/04\/2443.jpeg","datePublished":"2023-04-18T11:49:51+00:00","dateModified":"2023-04-18T14:12:50+00:00","breadcrumb":{"@id":"https:\/\/foretnature.be\/en\/resume-foret-mail\/premisses-dune-adaptation-biologique-de-la-foret-aux-secheresses\/#breadcrumb"},"inLanguage":"en-GB","potentialAction":[{"@type":"ReadAction","target":["https:\/\/foretnature.be\/en\/resume-foret-mail\/premisses-dune-adaptation-biologique-de-la-foret-aux-secheresses\/"]}]},{"@type":"ImageObject","inLanguage":"en-GB","@id":"https:\/\/foretnature.be\/en\/resume-foret-mail\/premisses-dune-adaptation-biologique-de-la-foret-aux-secheresses\/#primaryimage","url":"https:\/\/foretnature.be\/wp-content\/uploads\/2023\/04\/2443.jpeg","contentUrl":"https:\/\/foretnature.be\/wp-content\/uploads\/2023\/04\/2443.jpeg","width":900,"height":613,"caption":"Spring. Linden twig with melting leaves"},{"@type":"BreadcrumbList","@id":"https:\/\/foretnature.be\/en\/resume-foret-mail\/premisses-dune-adaptation-biologique-de-la-foret-aux-secheresses\/#breadcrumb","itemListElement":[{"@type":"ListItem","position":1,"name":"Home","item":"https:\/\/foretnature.be\/"},{"@type":"ListItem","position":2,"name":"Pr\u00e9misses d\u2019une adaptation biologique de la for\u00eat aux s\u00e9cheresses ?"}]},{"@type":"WebSite","@id":"https:\/\/foretnature.be\/#website","url":"https:\/\/foretnature.be\/","name":"For\u00eat.Nature","description":"Une \u00e9quipe technique au service de la for\u00eat","publisher":{"@id":"https:\/\/foretnature.be\/#organization"},"potentialAction":[{"@type":"SearchAction","target":{"@type":"EntryPoint","urlTemplate":"https:\/\/foretnature.be\/?s={search_term_string}"},"query-input":"required name=search_term_string"}],"inLanguage":"en-GB"},{"@type":"Organization","@id":"https:\/\/foretnature.be\/#organization","name":"For\u00eat.Nature","url":"https:\/\/foretnature.be\/","logo":{"@type":"ImageObject","inLanguage":"en-GB","@id":"https:\/\/foretnature.be\/#\/schema\/logo\/image\/","url":"https:\/\/foretnature.be\/wp-content\/uploads\/2021\/01\/logoFOblanc.png","contentUrl":"https:\/\/foretnature.be\/wp-content\/uploads\/2021\/01\/logoFOblanc.png","width":300,"height":151,"caption":"For\u00eat.Nature"},"image":{"@id":"https:\/\/foretnature.be\/#\/schema\/logo\/image\/"}}]}},"_links":{"self":[{"href":"https:\/\/foretnature.be\/en\/wp-json\/wp\/v2\/resume-foret-mail\/39498"}],"collection":[{"href":"https:\/\/foretnature.be\/en\/wp-json\/wp\/v2\/resume-foret-mail"}],"about":[{"href":"https:\/\/foretnature.be\/en\/wp-json\/wp\/v2\/types\/resume-foret-mail"}],"version-history":[{"count":2,"href":"https:\/\/foretnature.be\/en\/wp-json\/wp\/v2\/resume-foret-mail\/39498\/revisions"}],"predecessor-version":[{"id":39513,"href":"https:\/\/foretnature.be\/en\/wp-json\/wp\/v2\/resume-foret-mail\/39498\/revisions\/39513"}],"wp:featuredmedia":[{"embeddable":true,"href":"https:\/\/foretnature.be\/en\/wp-json\/wp\/v2\/media\/39481"}],"wp:attachment":[{"href":"https:\/\/foretnature.be\/en\/wp-json\/wp\/v2\/media?parent=39498"}],"wp:term":[{"taxonomy":"category","embeddable":true,"href":"https:\/\/foretnature.be\/en\/wp-json\/wp\/v2\/categories?post=39498"}],"curies":[{"name":"wp","href":"https:\/\/api.w.org\/{rel}","templated":true}]}}