{"id":37694,"date":"2022-11-15T15:49:16","date_gmt":"2022-11-15T14:49:16","guid":{"rendered":"https:\/\/foretnature.be\/?post_type=resume-foret-mail&#038;p=37694"},"modified":"2022-11-15T15:49:16","modified_gmt":"2022-11-15T14:49:16","slug":"evaluation-rechauffement-climatique-france","status":"publish","type":"resume-foret-mail","link":"https:\/\/foretnature.be\/en\/resume-foret-mail\/evaluation-rechauffement-climatique-france\/","title":{"rendered":"\u00c9valuation actualis\u00e9e du r\u00e9chauffement climatique en France : chaud devant !  \u00ad"},"content":{"rendered":"<p>Cette \u00e9tude \u00e9value le r\u00e9chauffement climatique pass\u00e9 et futur de la France. L\u2019originalit\u00e9 est la combinaison des informations disponibles de la derni\u00e8re g\u00e9n\u00e9ration de mod\u00e8les climatiques et les enregistrements de temp\u00e9ratures moyennes globales et r\u00e9gionales observ\u00e9es. Les r\u00e9sultats obtenus indiquent un r\u00e9chauffement climatique observ\u00e9 plus \u00e9lev\u00e9 que ce qui est pr\u00e9dit sur base des mod\u00e8les climatiques.<\/p>\n<p>Sur le graphique ci-dessus, les temp\u00e9ratures moyennes annuelles observ\u00e9es en France sont mat\u00e9rialis\u00e9es par les points noirs et compar\u00e9es \u00e0 diverses courbes d\u2019estimations sur la m\u00eame p\u00e9riode.<\/p>\n<p>Sur la France m\u00e9tropolitaine, le r\u00e9chauffement en 2020 par rapport \u00e0 1900-1930 est \u00e9valu\u00e9 \u00e0 1,66 \u00b0C, c&rsquo;est-\u00e0-dire dans la fourchette sup\u00e9rieure des estimations de la derni\u00e8re g\u00e9n\u00e9ration de mod\u00e8les climatiques, et est presque enti\u00e8rement d&rsquo;origine humaine.<\/p>\n<p>Le r\u00e9chauffement projet\u00e9 est \u00e9valu\u00e9 \u00e0 3,8 \u00b0C en 2100 et s&rsquo;\u00e9l\u00e8ve jusqu&rsquo;\u00e0 6,7 \u00b0C dans un sc\u00e9nario d&rsquo;\u00e9missions tr\u00e8s \u00e9lev\u00e9es.<\/p>\n<p>Par ailleurs, le r\u00e9chauffement observ\u00e9 pr\u00e9sente certaines variations saisonni\u00e8res. L&rsquo;hiver et l&rsquo;automne sont soumis \u00e0 un r\u00e9chauffement moindre (autour de 1,4 \u00b0C). Tandis que l&rsquo;\u00e9t\u00e9 conna\u00eet un r\u00e9chauffement d&rsquo;environ 1,8 \u00b0C, qui culmine autour du 1er juillet \u00e0 environ 1,9 \u00b0C.<\/p>\n<p>La comparaison des normales journali\u00e8res en 1947 et en 2020 montre \u00e9galement la fa\u00e7on dont l&rsquo;horloge saisonni\u00e8re est affect\u00e9e par le changement climatique. Par exemple, les temp\u00e9ratures printani\u00e8res sont d\u00e9cal\u00e9es d&rsquo;environ 15 jours depuis le milieu du 20\u1d49 si\u00e8cle, tandis que les temp\u00e9ratures automnales se sont d\u00e9cal\u00e9es d&rsquo;environ 10 jours seulement.<\/p>","protected":false},"excerpt":{"rendered":"<p>Cette \u00e9tude \u00e9value le r\u00e9chauffement climatique pass\u00e9 et futur de la France. L\u2019originalit\u00e9 est la combinaison des informations disponibles de la derni\u00e8re g\u00e9n\u00e9ration de mod\u00e8les climatiques et les enregistrements de temp\u00e9ratures moyennes globales et r\u00e9gionales observ\u00e9es. Les r\u00e9sultats obtenus indiquent un r\u00e9chauffement climatique observ\u00e9 plus \u00e9lev\u00e9 que ce qui est pr\u00e9dit sur base des mod\u00e8les [&hellip;]<\/p>","protected":false},"featured_media":37677,"template":"","categories":[50],"acf":[],"yoast_head":"<!-- This site is optimized with the Yoast SEO plugin v23.2 - https:\/\/yoast.com\/wordpress\/plugins\/seo\/ -->\n<title>\u00c9valuation actualis\u00e9e du r\u00e9chauffement climatique en France : chaud devant ! \u00ad - For\u00eat.Nature<\/title>\n<meta name=\"robots\" content=\"index, follow, max-snippet:-1, max-image-preview:large, max-video-preview:-1\" \/>\n<link rel=\"canonical\" href=\"https:\/\/foretnature.be\/en\/resume-foret-mail\/evaluation-rechauffement-climatique-france\/\" \/>\n<meta property=\"og:locale\" content=\"en_GB\" \/>\n<meta property=\"og:type\" content=\"article\" \/>\n<meta property=\"og:title\" content=\"\u00c9valuation actualis\u00e9e du r\u00e9chauffement climatique en France : chaud devant ! \u00ad - For\u00eat.Nature\" \/>\n<meta property=\"og:description\" content=\"Cette \u00e9tude \u00e9value le r\u00e9chauffement climatique pass\u00e9 et futur de la France. L\u2019originalit\u00e9 est la combinaison des informations disponibles de la derni\u00e8re g\u00e9n\u00e9ration de mod\u00e8les climatiques et les enregistrements de temp\u00e9ratures moyennes globales et r\u00e9gionales observ\u00e9es. Les r\u00e9sultats obtenus indiquent un r\u00e9chauffement climatique observ\u00e9 plus \u00e9lev\u00e9 que ce qui est pr\u00e9dit sur base des mod\u00e8les [&hellip;]\" \/>\n<meta property=\"og:url\" content=\"https:\/\/foretnature.be\/en\/resume-foret-mail\/evaluation-rechauffement-climatique-france\/\" \/>\n<meta property=\"og:site_name\" content=\"For\u00eat.Nature\" \/>\n<meta property=\"og:image\" content=\"https:\/\/foretnature.be\/wp-content\/uploads\/2022\/11\/6c15ceec1a01af319054d26e65ecf6ed23e0a5e12b7a84b05face6d88e1c466c.png\" \/>\n\t<meta property=\"og:image:width\" content=\"900\" \/>\n\t<meta property=\"og:image:height\" content=\"897\" \/>\n\t<meta property=\"og:image:type\" content=\"image\/png\" \/>\n<meta name=\"twitter:card\" content=\"summary_large_image\" \/>\n<meta name=\"twitter:label1\" content=\"Estimated reading time\" \/>\n\t<meta name=\"twitter:data1\" content=\"2 minutes\" \/>\n<script type=\"application\/ld+json\" class=\"yoast-schema-graph\">{\"@context\":\"https:\/\/schema.org\",\"@graph\":[{\"@type\":\"WebPage\",\"@id\":\"https:\/\/foretnature.be\/en\/resume-foret-mail\/evaluation-rechauffement-climatique-france\/\",\"url\":\"https:\/\/foretnature.be\/en\/resume-foret-mail\/evaluation-rechauffement-climatique-france\/\",\"name\":\"\u00c9valuation actualis\u00e9e du r\u00e9chauffement climatique en France : chaud devant ! \u00ad - For\u00eat.Nature\",\"isPartOf\":{\"@id\":\"https:\/\/foretnature.be\/#website\"},\"primaryImageOfPage\":{\"@id\":\"https:\/\/foretnature.be\/en\/resume-foret-mail\/evaluation-rechauffement-climatique-france\/#primaryimage\"},\"image\":{\"@id\":\"https:\/\/foretnature.be\/en\/resume-foret-mail\/evaluation-rechauffement-climatique-france\/#primaryimage\"},\"thumbnailUrl\":\"https:\/\/foretnature.be\/wp-content\/uploads\/2022\/11\/6c15ceec1a01af319054d26e65ecf6ed23e0a5e12b7a84b05face6d88e1c466c.png\",\"datePublished\":\"2022-11-15T14:49:16+00:00\",\"dateModified\":\"2022-11-15T14:49:16+00:00\",\"breadcrumb\":{\"@id\":\"https:\/\/foretnature.be\/en\/resume-foret-mail\/evaluation-rechauffement-climatique-france\/#breadcrumb\"},\"inLanguage\":\"en-GB\",\"potentialAction\":[{\"@type\":\"ReadAction\",\"target\":[\"https:\/\/foretnature.be\/en\/resume-foret-mail\/evaluation-rechauffement-climatique-france\/\"]}]},{\"@type\":\"ImageObject\",\"inLanguage\":\"en-GB\",\"@id\":\"https:\/\/foretnature.be\/en\/resume-foret-mail\/evaluation-rechauffement-climatique-france\/#primaryimage\",\"url\":\"https:\/\/foretnature.be\/wp-content\/uploads\/2022\/11\/6c15ceec1a01af319054d26e65ecf6ed23e0a5e12b7a84b05face6d88e1c466c.png\",\"contentUrl\":\"https:\/\/foretnature.be\/wp-content\/uploads\/2022\/11\/6c15ceec1a01af319054d26e65ecf6ed23e0a5e12b7a84b05face6d88e1c466c.png\",\"width\":900,\"height\":897},{\"@type\":\"BreadcrumbList\",\"@id\":\"https:\/\/foretnature.be\/en\/resume-foret-mail\/evaluation-rechauffement-climatique-france\/#breadcrumb\",\"itemListElement\":[{\"@type\":\"ListItem\",\"position\":1,\"name\":\"Home\",\"item\":\"https:\/\/foretnature.be\/\"},{\"@type\":\"ListItem\",\"position\":2,\"name\":\"\u00c9valuation actualis\u00e9e du r\u00e9chauffement climatique en France : chaud devant ! \u00ad\"}]},{\"@type\":\"WebSite\",\"@id\":\"https:\/\/foretnature.be\/#website\",\"url\":\"https:\/\/foretnature.be\/\",\"name\":\"For\u00eat.Nature\",\"description\":\"Une \u00e9quipe technique au service de la for\u00eat\",\"publisher\":{\"@id\":\"https:\/\/foretnature.be\/#organization\"},\"potentialAction\":[{\"@type\":\"SearchAction\",\"target\":{\"@type\":\"EntryPoint\",\"urlTemplate\":\"https:\/\/foretnature.be\/?s={search_term_string}\"},\"query-input\":\"required name=search_term_string\"}],\"inLanguage\":\"en-GB\"},{\"@type\":\"Organization\",\"@id\":\"https:\/\/foretnature.be\/#organization\",\"name\":\"For\u00eat.Nature\",\"url\":\"https:\/\/foretnature.be\/\",\"logo\":{\"@type\":\"ImageObject\",\"inLanguage\":\"en-GB\",\"@id\":\"https:\/\/foretnature.be\/#\/schema\/logo\/image\/\",\"url\":\"https:\/\/foretnature.be\/wp-content\/uploads\/2021\/01\/logoFOblanc.png\",\"contentUrl\":\"https:\/\/foretnature.be\/wp-content\/uploads\/2021\/01\/logoFOblanc.png\",\"width\":300,\"height\":151,\"caption\":\"For\u00eat.Nature\"},\"image\":{\"@id\":\"https:\/\/foretnature.be\/#\/schema\/logo\/image\/\"}}]}<\/script>\n<!-- \/ Yoast SEO plugin. -->","yoast_head_json":{"title":"\u00c9valuation actualis\u00e9e du r\u00e9chauffement climatique en France : chaud devant ! \u00ad - For\u00eat.Nature","robots":{"index":"index","follow":"follow","max-snippet":"max-snippet:-1","max-image-preview":"max-image-preview:large","max-video-preview":"max-video-preview:-1"},"canonical":"https:\/\/foretnature.be\/en\/resume-foret-mail\/evaluation-rechauffement-climatique-france\/","og_locale":"en_GB","og_type":"article","og_title":"\u00c9valuation actualis\u00e9e du r\u00e9chauffement climatique en France : chaud devant ! \u00ad - For\u00eat.Nature","og_description":"Cette \u00e9tude \u00e9value le r\u00e9chauffement climatique pass\u00e9 et futur de la France. L\u2019originalit\u00e9 est la combinaison des informations disponibles de la derni\u00e8re g\u00e9n\u00e9ration de mod\u00e8les climatiques et les enregistrements de temp\u00e9ratures moyennes globales et r\u00e9gionales observ\u00e9es. Les r\u00e9sultats obtenus indiquent un r\u00e9chauffement climatique observ\u00e9 plus \u00e9lev\u00e9 que ce qui est pr\u00e9dit sur base des mod\u00e8les [&hellip;]","og_url":"https:\/\/foretnature.be\/en\/resume-foret-mail\/evaluation-rechauffement-climatique-france\/","og_site_name":"For\u00eat.Nature","og_image":[{"width":900,"height":897,"url":"https:\/\/foretnature.be\/wp-content\/uploads\/2022\/11\/6c15ceec1a01af319054d26e65ecf6ed23e0a5e12b7a84b05face6d88e1c466c.png","type":"image\/png"}],"twitter_card":"summary_large_image","twitter_misc":{"Estimated reading time":"2 minutes"},"schema":{"@context":"https:\/\/schema.org","@graph":[{"@type":"WebPage","@id":"https:\/\/foretnature.be\/en\/resume-foret-mail\/evaluation-rechauffement-climatique-france\/","url":"https:\/\/foretnature.be\/en\/resume-foret-mail\/evaluation-rechauffement-climatique-france\/","name":"\u00c9valuation actualis\u00e9e du r\u00e9chauffement climatique en France : chaud devant ! \u00ad - For\u00eat.Nature","isPartOf":{"@id":"https:\/\/foretnature.be\/#website"},"primaryImageOfPage":{"@id":"https:\/\/foretnature.be\/en\/resume-foret-mail\/evaluation-rechauffement-climatique-france\/#primaryimage"},"image":{"@id":"https:\/\/foretnature.be\/en\/resume-foret-mail\/evaluation-rechauffement-climatique-france\/#primaryimage"},"thumbnailUrl":"https:\/\/foretnature.be\/wp-content\/uploads\/2022\/11\/6c15ceec1a01af319054d26e65ecf6ed23e0a5e12b7a84b05face6d88e1c466c.png","datePublished":"2022-11-15T14:49:16+00:00","dateModified":"2022-11-15T14:49:16+00:00","breadcrumb":{"@id":"https:\/\/foretnature.be\/en\/resume-foret-mail\/evaluation-rechauffement-climatique-france\/#breadcrumb"},"inLanguage":"en-GB","potentialAction":[{"@type":"ReadAction","target":["https:\/\/foretnature.be\/en\/resume-foret-mail\/evaluation-rechauffement-climatique-france\/"]}]},{"@type":"ImageObject","inLanguage":"en-GB","@id":"https:\/\/foretnature.be\/en\/resume-foret-mail\/evaluation-rechauffement-climatique-france\/#primaryimage","url":"https:\/\/foretnature.be\/wp-content\/uploads\/2022\/11\/6c15ceec1a01af319054d26e65ecf6ed23e0a5e12b7a84b05face6d88e1c466c.png","contentUrl":"https:\/\/foretnature.be\/wp-content\/uploads\/2022\/11\/6c15ceec1a01af319054d26e65ecf6ed23e0a5e12b7a84b05face6d88e1c466c.png","width":900,"height":897},{"@type":"BreadcrumbList","@id":"https:\/\/foretnature.be\/en\/resume-foret-mail\/evaluation-rechauffement-climatique-france\/#breadcrumb","itemListElement":[{"@type":"ListItem","position":1,"name":"Home","item":"https:\/\/foretnature.be\/"},{"@type":"ListItem","position":2,"name":"\u00c9valuation actualis\u00e9e du r\u00e9chauffement climatique en France : chaud devant ! \u00ad"}]},{"@type":"WebSite","@id":"https:\/\/foretnature.be\/#website","url":"https:\/\/foretnature.be\/","name":"For\u00eat.Nature","description":"Une \u00e9quipe technique au service de la for\u00eat","publisher":{"@id":"https:\/\/foretnature.be\/#organization"},"potentialAction":[{"@type":"SearchAction","target":{"@type":"EntryPoint","urlTemplate":"https:\/\/foretnature.be\/?s={search_term_string}"},"query-input":"required name=search_term_string"}],"inLanguage":"en-GB"},{"@type":"Organization","@id":"https:\/\/foretnature.be\/#organization","name":"For\u00eat.Nature","url":"https:\/\/foretnature.be\/","logo":{"@type":"ImageObject","inLanguage":"en-GB","@id":"https:\/\/foretnature.be\/#\/schema\/logo\/image\/","url":"https:\/\/foretnature.be\/wp-content\/uploads\/2021\/01\/logoFOblanc.png","contentUrl":"https:\/\/foretnature.be\/wp-content\/uploads\/2021\/01\/logoFOblanc.png","width":300,"height":151,"caption":"For\u00eat.Nature"},"image":{"@id":"https:\/\/foretnature.be\/#\/schema\/logo\/image\/"}}]}},"_links":{"self":[{"href":"https:\/\/foretnature.be\/en\/wp-json\/wp\/v2\/resume-foret-mail\/37694"}],"collection":[{"href":"https:\/\/foretnature.be\/en\/wp-json\/wp\/v2\/resume-foret-mail"}],"about":[{"href":"https:\/\/foretnature.be\/en\/wp-json\/wp\/v2\/types\/resume-foret-mail"}],"version-history":[{"count":1,"href":"https:\/\/foretnature.be\/en\/wp-json\/wp\/v2\/resume-foret-mail\/37694\/revisions"}],"predecessor-version":[{"id":37695,"href":"https:\/\/foretnature.be\/en\/wp-json\/wp\/v2\/resume-foret-mail\/37694\/revisions\/37695"}],"wp:featuredmedia":[{"embeddable":true,"href":"https:\/\/foretnature.be\/en\/wp-json\/wp\/v2\/media\/37677"}],"wp:attachment":[{"href":"https:\/\/foretnature.be\/en\/wp-json\/wp\/v2\/media?parent=37694"}],"wp:term":[{"taxonomy":"category","embeddable":true,"href":"https:\/\/foretnature.be\/en\/wp-json\/wp\/v2\/categories?post=37694"}],"curies":[{"name":"wp","href":"https:\/\/api.w.org\/{rel}","templated":true}]}}