{"id":37370,"date":"2022-09-15T10:07:25","date_gmt":"2022-09-15T08:07:25","guid":{"rendered":"https:\/\/foretnature.be\/?post_type=resume-foret-mail&#038;p=37370"},"modified":"2022-09-15T10:07:25","modified_gmt":"2022-09-15T08:07:25","slug":"le-chacal-dore-196","status":"publish","type":"resume-foret-mail","link":"https:\/\/foretnature.be\/en\/resume-foret-mail\/le-chacal-dore-196\/","title":{"rendered":"Le chacal dor\u00e9 aux portes de la Belgique"},"content":{"rendered":"<p>Ce n\u2019est plus qu\u2019une question de temps avant que le chacal dor\u00e9 pose la patte sur le territoire belge. M\u00eame si aucune observation formelle n\u2019a encore eu lieu, l\u2019esp\u00e8ce est bien pr\u00e9sente aux Pays-Bas et en Allemagne, avec plusieurs relev\u00e9s de pr\u00e9sence indiscutables. En Belgique n\u00e9anmoins, ce n\u2019est pas encore le cas. Si certains t\u00e9moignages relatent la pr\u00e9sence de l\u2019animal dans la province de Limbourg, ceux-ci ne peuvent \u00eatre confirm\u00e9s, faute de preuve.<\/p>\n<p>Le chacal dor\u00e9 est une esp\u00e8ce discr\u00e8te, souvent active la nuit, et facile \u00e0 confondre avec le renard ou le loup, de par sa taille et sa couleur. Il est donc n\u00e9cessaire d\u2019attendre une preuve photographique, ou autres traces indiscutables, pour attester qu\u2019il est bel et bien install\u00e9 dans nos r\u00e9gions. Potentiel concurrent du loup, le chacal pr\u00e9f\u00e8re ne pas se risquer \u00e0 partager son territoire avec celui-ci. Les enregistrements de la pr\u00e9sence du chacal dor\u00e9 en Belgique sont consign\u00e9s sur le site www.welkomjakhals.be<\/p>","protected":false},"excerpt":{"rendered":"<p>Ce n\u2019est plus qu\u2019une question de temps avant que le chacal dor\u00e9 pose la patte sur le territoire belge. M\u00eame si aucune observation formelle n\u2019a encore eu lieu, l\u2019esp\u00e8ce est bien pr\u00e9sente aux Pays-Bas et en Allemagne, avec plusieurs relev\u00e9s de pr\u00e9sence indiscutables. En Belgique n\u00e9anmoins, ce n\u2019est pas encore le cas. Si certains t\u00e9moignages [&hellip;]<\/p>","protected":false},"featured_media":37358,"template":"","categories":[50],"acf":[],"yoast_head":"<!-- This site is optimized with the Yoast SEO plugin v23.2 - https:\/\/yoast.com\/wordpress\/plugins\/seo\/ -->\n<title>Le chacal dor\u00e9 aux portes de la Belgique - For\u00eat.Nature<\/title>\n<meta name=\"robots\" content=\"index, follow, max-snippet:-1, max-image-preview:large, max-video-preview:-1\" \/>\n<link rel=\"canonical\" href=\"https:\/\/foretnature.be\/en\/resume-foret-mail\/le-chacal-dore-196\/\" \/>\n<meta property=\"og:locale\" content=\"en_GB\" \/>\n<meta property=\"og:type\" content=\"article\" \/>\n<meta property=\"og:title\" content=\"Le chacal dor\u00e9 aux portes de la Belgique - For\u00eat.Nature\" \/>\n<meta property=\"og:description\" content=\"Ce n\u2019est plus qu\u2019une question de temps avant que le chacal dor\u00e9 pose la patte sur le territoire belge. M\u00eame si aucune observation formelle n\u2019a encore eu lieu, l\u2019esp\u00e8ce est bien pr\u00e9sente aux Pays-Bas et en Allemagne, avec plusieurs relev\u00e9s de pr\u00e9sence indiscutables. En Belgique n\u00e9anmoins, ce n\u2019est pas encore le cas. Si certains t\u00e9moignages [&hellip;]\" \/>\n<meta property=\"og:url\" content=\"https:\/\/foretnature.be\/en\/resume-foret-mail\/le-chacal-dore-196\/\" \/>\n<meta property=\"og:site_name\" content=\"For\u00eat.Nature\" \/>\n<meta property=\"og:image\" content=\"https:\/\/foretnature.be\/wp-content\/uploads\/2022\/09\/032d28b97b447ab0e269f450d01eee47e80ac8f8ec65139b941ef3477d5b1e2d.jpeg\" \/>\n\t<meta property=\"og:image:width\" content=\"900\" \/>\n\t<meta property=\"og:image:height\" content=\"599\" \/>\n\t<meta property=\"og:image:type\" content=\"image\/jpeg\" \/>\n<meta name=\"twitter:card\" content=\"summary_large_image\" \/>\n<meta name=\"twitter:label1\" content=\"Estimated reading time\" \/>\n\t<meta name=\"twitter:data1\" content=\"1 minute\" \/>\n<script type=\"application\/ld+json\" class=\"yoast-schema-graph\">{\"@context\":\"https:\/\/schema.org\",\"@graph\":[{\"@type\":\"WebPage\",\"@id\":\"https:\/\/foretnature.be\/resume-foret-mail\/le-chacal-dore-196\/\",\"url\":\"https:\/\/foretnature.be\/resume-foret-mail\/le-chacal-dore-196\/\",\"name\":\"Le chacal dor\u00e9 aux portes de la Belgique - For\u00eat.Nature\",\"isPartOf\":{\"@id\":\"https:\/\/foretnature.be\/en\/#website\"},\"primaryImageOfPage\":{\"@id\":\"https:\/\/foretnature.be\/resume-foret-mail\/le-chacal-dore-196\/#primaryimage\"},\"image\":{\"@id\":\"https:\/\/foretnature.be\/resume-foret-mail\/le-chacal-dore-196\/#primaryimage\"},\"thumbnailUrl\":\"https:\/\/foretnature.be\/wp-content\/uploads\/2022\/09\/032d28b97b447ab0e269f450d01eee47e80ac8f8ec65139b941ef3477d5b1e2d.jpeg\",\"datePublished\":\"2022-09-15T08:07:25+00:00\",\"dateModified\":\"2022-09-15T08:07:25+00:00\",\"breadcrumb\":{\"@id\":\"https:\/\/foretnature.be\/resume-foret-mail\/le-chacal-dore-196\/#breadcrumb\"},\"inLanguage\":\"en-GB\",\"potentialAction\":[{\"@type\":\"ReadAction\",\"target\":[\"https:\/\/foretnature.be\/resume-foret-mail\/le-chacal-dore-196\/\"]}]},{\"@type\":\"ImageObject\",\"inLanguage\":\"en-GB\",\"@id\":\"https:\/\/foretnature.be\/resume-foret-mail\/le-chacal-dore-196\/#primaryimage\",\"url\":\"https:\/\/foretnature.be\/wp-content\/uploads\/2022\/09\/032d28b97b447ab0e269f450d01eee47e80ac8f8ec65139b941ef3477d5b1e2d.jpeg\",\"contentUrl\":\"https:\/\/foretnature.be\/wp-content\/uploads\/2022\/09\/032d28b97b447ab0e269f450d01eee47e80ac8f8ec65139b941ef3477d5b1e2d.jpeg\",\"width\":900,\"height\":599},{\"@type\":\"BreadcrumbList\",\"@id\":\"https:\/\/foretnature.be\/resume-foret-mail\/le-chacal-dore-196\/#breadcrumb\",\"itemListElement\":[{\"@type\":\"ListItem\",\"position\":1,\"name\":\"Home\",\"item\":\"https:\/\/foretnature.be\/en\/\"},{\"@type\":\"ListItem\",\"position\":2,\"name\":\"Le chacal dor\u00e9 aux portes de la Belgique\"}]},{\"@type\":\"WebSite\",\"@id\":\"https:\/\/foretnature.be\/en\/#website\",\"url\":\"https:\/\/foretnature.be\/en\/\",\"name\":\"For\u00eat.Nature\",\"description\":\"Une \u00e9quipe technique au service de la for\u00eat\",\"publisher\":{\"@id\":\"https:\/\/foretnature.be\/en\/#organization\"},\"potentialAction\":[{\"@type\":\"SearchAction\",\"target\":{\"@type\":\"EntryPoint\",\"urlTemplate\":\"https:\/\/foretnature.be\/en\/?s={search_term_string}\"},\"query-input\":\"required name=search_term_string\"}],\"inLanguage\":\"en-GB\"},{\"@type\":\"Organization\",\"@id\":\"https:\/\/foretnature.be\/en\/#organization\",\"name\":\"For\u00eat.Nature\",\"url\":\"https:\/\/foretnature.be\/en\/\",\"logo\":{\"@type\":\"ImageObject\",\"inLanguage\":\"en-GB\",\"@id\":\"https:\/\/foretnature.be\/en\/#\/schema\/logo\/image\/\",\"url\":\"https:\/\/foretnature.be\/wp-content\/uploads\/2021\/01\/logoFOblanc.png\",\"contentUrl\":\"https:\/\/foretnature.be\/wp-content\/uploads\/2021\/01\/logoFOblanc.png\",\"width\":300,\"height\":151,\"caption\":\"For\u00eat.Nature\"},\"image\":{\"@id\":\"https:\/\/foretnature.be\/en\/#\/schema\/logo\/image\/\"}}]}<\/script>\n<!-- \/ Yoast SEO plugin. -->","yoast_head_json":{"title":"Le chacal dor\u00e9 aux portes de la Belgique - For\u00eat.Nature","robots":{"index":"index","follow":"follow","max-snippet":"max-snippet:-1","max-image-preview":"max-image-preview:large","max-video-preview":"max-video-preview:-1"},"canonical":"https:\/\/foretnature.be\/en\/resume-foret-mail\/le-chacal-dore-196\/","og_locale":"en_GB","og_type":"article","og_title":"Le chacal dor\u00e9 aux portes de la Belgique - For\u00eat.Nature","og_description":"Ce n\u2019est plus qu\u2019une question de temps avant que le chacal dor\u00e9 pose la patte sur le territoire belge. M\u00eame si aucune observation formelle n\u2019a encore eu lieu, l\u2019esp\u00e8ce est bien pr\u00e9sente aux Pays-Bas et en Allemagne, avec plusieurs relev\u00e9s de pr\u00e9sence indiscutables. En Belgique n\u00e9anmoins, ce n\u2019est pas encore le cas. Si certains t\u00e9moignages [&hellip;]","og_url":"https:\/\/foretnature.be\/en\/resume-foret-mail\/le-chacal-dore-196\/","og_site_name":"For\u00eat.Nature","og_image":[{"width":900,"height":599,"url":"https:\/\/foretnature.be\/wp-content\/uploads\/2022\/09\/032d28b97b447ab0e269f450d01eee47e80ac8f8ec65139b941ef3477d5b1e2d.jpeg","type":"image\/jpeg"}],"twitter_card":"summary_large_image","twitter_misc":{"Estimated reading time":"1 minute"},"schema":{"@context":"https:\/\/schema.org","@graph":[{"@type":"WebPage","@id":"https:\/\/foretnature.be\/resume-foret-mail\/le-chacal-dore-196\/","url":"https:\/\/foretnature.be\/resume-foret-mail\/le-chacal-dore-196\/","name":"Le chacal dor\u00e9 aux portes de la Belgique - For\u00eat.Nature","isPartOf":{"@id":"https:\/\/foretnature.be\/en\/#website"},"primaryImageOfPage":{"@id":"https:\/\/foretnature.be\/resume-foret-mail\/le-chacal-dore-196\/#primaryimage"},"image":{"@id":"https:\/\/foretnature.be\/resume-foret-mail\/le-chacal-dore-196\/#primaryimage"},"thumbnailUrl":"https:\/\/foretnature.be\/wp-content\/uploads\/2022\/09\/032d28b97b447ab0e269f450d01eee47e80ac8f8ec65139b941ef3477d5b1e2d.jpeg","datePublished":"2022-09-15T08:07:25+00:00","dateModified":"2022-09-15T08:07:25+00:00","breadcrumb":{"@id":"https:\/\/foretnature.be\/resume-foret-mail\/le-chacal-dore-196\/#breadcrumb"},"inLanguage":"en-GB","potentialAction":[{"@type":"ReadAction","target":["https:\/\/foretnature.be\/resume-foret-mail\/le-chacal-dore-196\/"]}]},{"@type":"ImageObject","inLanguage":"en-GB","@id":"https:\/\/foretnature.be\/resume-foret-mail\/le-chacal-dore-196\/#primaryimage","url":"https:\/\/foretnature.be\/wp-content\/uploads\/2022\/09\/032d28b97b447ab0e269f450d01eee47e80ac8f8ec65139b941ef3477d5b1e2d.jpeg","contentUrl":"https:\/\/foretnature.be\/wp-content\/uploads\/2022\/09\/032d28b97b447ab0e269f450d01eee47e80ac8f8ec65139b941ef3477d5b1e2d.jpeg","width":900,"height":599},{"@type":"BreadcrumbList","@id":"https:\/\/foretnature.be\/resume-foret-mail\/le-chacal-dore-196\/#breadcrumb","itemListElement":[{"@type":"ListItem","position":1,"name":"Home","item":"https:\/\/foretnature.be\/en\/"},{"@type":"ListItem","position":2,"name":"Le chacal dor\u00e9 aux portes de la Belgique"}]},{"@type":"WebSite","@id":"https:\/\/foretnature.be\/en\/#website","url":"https:\/\/foretnature.be\/en\/","name":"For\u00eat.Nature","description":"Une \u00e9quipe technique au service de la for\u00eat","publisher":{"@id":"https:\/\/foretnature.be\/en\/#organization"},"potentialAction":[{"@type":"SearchAction","target":{"@type":"EntryPoint","urlTemplate":"https:\/\/foretnature.be\/en\/?s={search_term_string}"},"query-input":"required name=search_term_string"}],"inLanguage":"en-GB"},{"@type":"Organization","@id":"https:\/\/foretnature.be\/en\/#organization","name":"For\u00eat.Nature","url":"https:\/\/foretnature.be\/en\/","logo":{"@type":"ImageObject","inLanguage":"en-GB","@id":"https:\/\/foretnature.be\/en\/#\/schema\/logo\/image\/","url":"https:\/\/foretnature.be\/wp-content\/uploads\/2021\/01\/logoFOblanc.png","contentUrl":"https:\/\/foretnature.be\/wp-content\/uploads\/2021\/01\/logoFOblanc.png","width":300,"height":151,"caption":"For\u00eat.Nature"},"image":{"@id":"https:\/\/foretnature.be\/en\/#\/schema\/logo\/image\/"}}]}},"_links":{"self":[{"href":"https:\/\/foretnature.be\/en\/wp-json\/wp\/v2\/resume-foret-mail\/37370"}],"collection":[{"href":"https:\/\/foretnature.be\/en\/wp-json\/wp\/v2\/resume-foret-mail"}],"about":[{"href":"https:\/\/foretnature.be\/en\/wp-json\/wp\/v2\/types\/resume-foret-mail"}],"version-history":[{"count":1,"href":"https:\/\/foretnature.be\/en\/wp-json\/wp\/v2\/resume-foret-mail\/37370\/revisions"}],"predecessor-version":[{"id":37374,"href":"https:\/\/foretnature.be\/en\/wp-json\/wp\/v2\/resume-foret-mail\/37370\/revisions\/37374"}],"wp:featuredmedia":[{"embeddable":true,"href":"https:\/\/foretnature.be\/en\/wp-json\/wp\/v2\/media\/37358"}],"wp:attachment":[{"href":"https:\/\/foretnature.be\/en\/wp-json\/wp\/v2\/media?parent=37370"}],"wp:term":[{"taxonomy":"category","embeddable":true,"href":"https:\/\/foretnature.be\/en\/wp-json\/wp\/v2\/categories?post=37370"}],"curies":[{"name":"wp","href":"https:\/\/api.w.org\/{rel}","templated":true}]}}