{"id":37253,"date":"2022-08-17T09:40:58","date_gmt":"2022-08-17T07:40:58","guid":{"rendered":"https:\/\/foretnature.be\/?post_type=resume-foret-mail&#038;p=37253"},"modified":"2022-09-05T13:13:40","modified_gmt":"2022-09-05T11:13:40","slug":"ou-sont-nos-oiseaux","status":"publish","type":"resume-foret-mail","link":"https:\/\/foretnature.be\/en\/resume-foret-mail\/ou-sont-nos-oiseaux\/","title":{"rendered":"O\u00f9 sont nos oiseaux ?"},"content":{"rendered":"<p>Le r\u00e9cent d\u00e9clin de nombreuses esp\u00e8ces d\u2019oiseaux d\u2019Europe est li\u00e9 aux d\u00e9r\u00e8glements climatiques et aux changements d\u2019affectation des sols. Comme l\u2019intensit\u00e9 de ces changements environnementaux varie d\u2019un pays \u00e0 l\u2019autre, il faut s\u2019attendre \u00e0 des variations g\u00e9ographiques dans les diff\u00e9rentes tendances de populations d\u2019oiseaux.<\/p>\n<p>Cette \u00e9tude a compar\u00e9 les diff\u00e9rentes tendances dans des pays d\u2019Europe centrale voisins (R\u00e9publique tch\u00e8que, Danemark, Allemagne et Suisse) entre 1990 et 2016 et a examin\u00e9 les traits d\u2019histoire de vie avec les tendances d\u00e9mographiques tant \u00e0 l\u2019\u00e9chelle nationale qu\u2019internationale.<\/p>\n<p>Il s\u2019av\u00e8re que le Danemark abrite la plus grande proportion d\u2019esp\u00e8ces en d\u00e9clin alors que la Suisse a la plus faible. Les esp\u00e8ces associ\u00e9es aux milieux agricoles comptent les plus mauvais r\u00e9sultats, mais dans des proportions diff\u00e9rentes selon les pays. Des temp\u00e9ratures plus \u00e9lev\u00e9es ont un impact positif sur les tendances de populations et l\u2019ampleur de cet effet est similaire dans tous les pays. Les esp\u00e8ces en augmentation dans les quatre pays sont associ\u00e9es au milieu forestier alors que celles en d\u00e9clin sont constitu\u00e9es de migrateurs au long cours ou d\u2019oiseaux des plaines agricoles.<\/p>\n<p>D&rsquo;apr\u00e8s ces recherches, le changement d\u2019affectation des sols semble \u00eatre une variable plus r\u00e9gionale pour les populations d\u2019oiseaux communs que le d\u00e9r\u00e8glement climatique en Europe centrale. En ce qui concerne les esp\u00e8ces en d\u00e9clin dans tous les pays, un plan d\u2019action international offrirait un cadre de conservation plus efficace. Toutefois, l\u2019avifaune agricole a tant besoin d\u2019une action internationale coordonn\u00e9e pour s\u2019attaquer \u00e0 leur d\u00e9clin g\u00e9n\u00e9ralis\u00e9 que de diff\u00e9rentes approches r\u00e9gionales.<\/p>","protected":false},"excerpt":{"rendered":"<p>Le r\u00e9cent d\u00e9clin de nombreuses esp\u00e8ces d\u2019oiseaux d\u2019Europe est li\u00e9 aux d\u00e9r\u00e8glements climatiques et aux changements d\u2019affectation des sols. Comme l\u2019intensit\u00e9 de ces changements environnementaux varie d\u2019un pays \u00e0 l\u2019autre, il faut s\u2019attendre \u00e0 des variations g\u00e9ographiques dans les diff\u00e9rentes tendances de populations d\u2019oiseaux. Cette \u00e9tude a compar\u00e9 les diff\u00e9rentes tendances dans des pays d\u2019Europe [&hellip;]<\/p>","protected":false},"featured_media":37288,"template":"","categories":[50],"acf":[],"yoast_head":"<!-- This site is optimized with the Yoast SEO plugin v23.2 - https:\/\/yoast.com\/wordpress\/plugins\/seo\/ -->\n<title>O\u00f9 sont nos oiseaux ? - For\u00eat.Nature<\/title>\n<meta name=\"robots\" content=\"index, follow, max-snippet:-1, max-image-preview:large, max-video-preview:-1\" \/>\n<link rel=\"canonical\" href=\"https:\/\/foretnature.be\/en\/resume-foret-mail\/ou-sont-nos-oiseaux\/\" \/>\n<meta property=\"og:locale\" content=\"en_GB\" \/>\n<meta property=\"og:type\" content=\"article\" \/>\n<meta property=\"og:title\" content=\"O\u00f9 sont nos oiseaux ? - For\u00eat.Nature\" \/>\n<meta property=\"og:description\" content=\"Le r\u00e9cent d\u00e9clin de nombreuses esp\u00e8ces d\u2019oiseaux d\u2019Europe est li\u00e9 aux d\u00e9r\u00e8glements climatiques et aux changements d\u2019affectation des sols. Comme l\u2019intensit\u00e9 de ces changements environnementaux varie d\u2019un pays \u00e0 l\u2019autre, il faut s\u2019attendre \u00e0 des variations g\u00e9ographiques dans les diff\u00e9rentes tendances de populations d\u2019oiseaux. Cette \u00e9tude a compar\u00e9 les diff\u00e9rentes tendances dans des pays d\u2019Europe [&hellip;]\" \/>\n<meta property=\"og:url\" content=\"https:\/\/foretnature.be\/en\/resume-foret-mail\/ou-sont-nos-oiseaux\/\" \/>\n<meta property=\"og:site_name\" content=\"For\u00eat.Nature\" \/>\n<meta property=\"article:modified_time\" content=\"2022-09-05T11:13:40+00:00\" \/>\n<meta property=\"og:image\" content=\"https:\/\/foretnature.be\/wp-content\/uploads\/2022\/08\/e46f66c399f705949bf7e00928fc3faf191815cb330b6f4c8cdae32fd56158c9.jpeg\" \/>\n\t<meta property=\"og:image:width\" content=\"900\" \/>\n\t<meta property=\"og:image:height\" content=\"600\" \/>\n\t<meta property=\"og:image:type\" content=\"image\/jpeg\" \/>\n<meta name=\"twitter:card\" content=\"summary_large_image\" \/>\n<meta name=\"twitter:label1\" content=\"Estimated reading time\" \/>\n\t<meta name=\"twitter:data1\" content=\"2 minutes\" \/>\n<script type=\"application\/ld+json\" class=\"yoast-schema-graph\">{\"@context\":\"https:\/\/schema.org\",\"@graph\":[{\"@type\":\"WebPage\",\"@id\":\"https:\/\/foretnature.be\/resume-foret-mail\/ou-sont-nos-oiseaux\/\",\"url\":\"https:\/\/foretnature.be\/resume-foret-mail\/ou-sont-nos-oiseaux\/\",\"name\":\"O\u00f9 sont nos oiseaux ? - For\u00eat.Nature\",\"isPartOf\":{\"@id\":\"https:\/\/foretnature.be\/en\/#website\"},\"primaryImageOfPage\":{\"@id\":\"https:\/\/foretnature.be\/resume-foret-mail\/ou-sont-nos-oiseaux\/#primaryimage\"},\"image\":{\"@id\":\"https:\/\/foretnature.be\/resume-foret-mail\/ou-sont-nos-oiseaux\/#primaryimage\"},\"thumbnailUrl\":\"https:\/\/foretnature.be\/wp-content\/uploads\/2022\/08\/e46f66c399f705949bf7e00928fc3faf191815cb330b6f4c8cdae32fd56158c9.jpeg\",\"datePublished\":\"2022-08-17T07:40:58+00:00\",\"dateModified\":\"2022-09-05T11:13:40+00:00\",\"breadcrumb\":{\"@id\":\"https:\/\/foretnature.be\/resume-foret-mail\/ou-sont-nos-oiseaux\/#breadcrumb\"},\"inLanguage\":\"en-GB\",\"potentialAction\":[{\"@type\":\"ReadAction\",\"target\":[\"https:\/\/foretnature.be\/resume-foret-mail\/ou-sont-nos-oiseaux\/\"]}]},{\"@type\":\"ImageObject\",\"inLanguage\":\"en-GB\",\"@id\":\"https:\/\/foretnature.be\/resume-foret-mail\/ou-sont-nos-oiseaux\/#primaryimage\",\"url\":\"https:\/\/foretnature.be\/wp-content\/uploads\/2022\/08\/e46f66c399f705949bf7e00928fc3faf191815cb330b6f4c8cdae32fd56158c9.jpeg\",\"contentUrl\":\"https:\/\/foretnature.be\/wp-content\/uploads\/2022\/08\/e46f66c399f705949bf7e00928fc3faf191815cb330b6f4c8cdae32fd56158c9.jpeg\",\"width\":900,\"height\":600,\"caption\":\"beautiful little bird yellow tit flies over a field of white Daisy flowers in Sunny summer evening with feathers and wings spread wide\"},{\"@type\":\"BreadcrumbList\",\"@id\":\"https:\/\/foretnature.be\/resume-foret-mail\/ou-sont-nos-oiseaux\/#breadcrumb\",\"itemListElement\":[{\"@type\":\"ListItem\",\"position\":1,\"name\":\"Home\",\"item\":\"https:\/\/foretnature.be\/en\/\"},{\"@type\":\"ListItem\",\"position\":2,\"name\":\"O\u00f9 sont nos oiseaux ?\"}]},{\"@type\":\"WebSite\",\"@id\":\"https:\/\/foretnature.be\/en\/#website\",\"url\":\"https:\/\/foretnature.be\/en\/\",\"name\":\"For\u00eat.Nature\",\"description\":\"Une \u00e9quipe technique au service de la for\u00eat\",\"publisher\":{\"@id\":\"https:\/\/foretnature.be\/en\/#organization\"},\"potentialAction\":[{\"@type\":\"SearchAction\",\"target\":{\"@type\":\"EntryPoint\",\"urlTemplate\":\"https:\/\/foretnature.be\/en\/?s={search_term_string}\"},\"query-input\":\"required name=search_term_string\"}],\"inLanguage\":\"en-GB\"},{\"@type\":\"Organization\",\"@id\":\"https:\/\/foretnature.be\/en\/#organization\",\"name\":\"For\u00eat.Nature\",\"url\":\"https:\/\/foretnature.be\/en\/\",\"logo\":{\"@type\":\"ImageObject\",\"inLanguage\":\"en-GB\",\"@id\":\"https:\/\/foretnature.be\/en\/#\/schema\/logo\/image\/\",\"url\":\"https:\/\/foretnature.be\/wp-content\/uploads\/2021\/01\/logoFOblanc.png\",\"contentUrl\":\"https:\/\/foretnature.be\/wp-content\/uploads\/2021\/01\/logoFOblanc.png\",\"width\":300,\"height\":151,\"caption\":\"For\u00eat.Nature\"},\"image\":{\"@id\":\"https:\/\/foretnature.be\/en\/#\/schema\/logo\/image\/\"}}]}<\/script>\n<!-- \/ Yoast SEO plugin. -->","yoast_head_json":{"title":"O\u00f9 sont nos oiseaux ? - For\u00eat.Nature","robots":{"index":"index","follow":"follow","max-snippet":"max-snippet:-1","max-image-preview":"max-image-preview:large","max-video-preview":"max-video-preview:-1"},"canonical":"https:\/\/foretnature.be\/en\/resume-foret-mail\/ou-sont-nos-oiseaux\/","og_locale":"en_GB","og_type":"article","og_title":"O\u00f9 sont nos oiseaux ? - For\u00eat.Nature","og_description":"Le r\u00e9cent d\u00e9clin de nombreuses esp\u00e8ces d\u2019oiseaux d\u2019Europe est li\u00e9 aux d\u00e9r\u00e8glements climatiques et aux changements d\u2019affectation des sols. Comme l\u2019intensit\u00e9 de ces changements environnementaux varie d\u2019un pays \u00e0 l\u2019autre, il faut s\u2019attendre \u00e0 des variations g\u00e9ographiques dans les diff\u00e9rentes tendances de populations d\u2019oiseaux. Cette \u00e9tude a compar\u00e9 les diff\u00e9rentes tendances dans des pays d\u2019Europe [&hellip;]","og_url":"https:\/\/foretnature.be\/en\/resume-foret-mail\/ou-sont-nos-oiseaux\/","og_site_name":"For\u00eat.Nature","article_modified_time":"2022-09-05T11:13:40+00:00","og_image":[{"width":900,"height":600,"url":"https:\/\/foretnature.be\/wp-content\/uploads\/2022\/08\/e46f66c399f705949bf7e00928fc3faf191815cb330b6f4c8cdae32fd56158c9.jpeg","type":"image\/jpeg"}],"twitter_card":"summary_large_image","twitter_misc":{"Estimated reading time":"2 minutes"},"schema":{"@context":"https:\/\/schema.org","@graph":[{"@type":"WebPage","@id":"https:\/\/foretnature.be\/resume-foret-mail\/ou-sont-nos-oiseaux\/","url":"https:\/\/foretnature.be\/resume-foret-mail\/ou-sont-nos-oiseaux\/","name":"O\u00f9 sont nos oiseaux ? - For\u00eat.Nature","isPartOf":{"@id":"https:\/\/foretnature.be\/en\/#website"},"primaryImageOfPage":{"@id":"https:\/\/foretnature.be\/resume-foret-mail\/ou-sont-nos-oiseaux\/#primaryimage"},"image":{"@id":"https:\/\/foretnature.be\/resume-foret-mail\/ou-sont-nos-oiseaux\/#primaryimage"},"thumbnailUrl":"https:\/\/foretnature.be\/wp-content\/uploads\/2022\/08\/e46f66c399f705949bf7e00928fc3faf191815cb330b6f4c8cdae32fd56158c9.jpeg","datePublished":"2022-08-17T07:40:58+00:00","dateModified":"2022-09-05T11:13:40+00:00","breadcrumb":{"@id":"https:\/\/foretnature.be\/resume-foret-mail\/ou-sont-nos-oiseaux\/#breadcrumb"},"inLanguage":"en-GB","potentialAction":[{"@type":"ReadAction","target":["https:\/\/foretnature.be\/resume-foret-mail\/ou-sont-nos-oiseaux\/"]}]},{"@type":"ImageObject","inLanguage":"en-GB","@id":"https:\/\/foretnature.be\/resume-foret-mail\/ou-sont-nos-oiseaux\/#primaryimage","url":"https:\/\/foretnature.be\/wp-content\/uploads\/2022\/08\/e46f66c399f705949bf7e00928fc3faf191815cb330b6f4c8cdae32fd56158c9.jpeg","contentUrl":"https:\/\/foretnature.be\/wp-content\/uploads\/2022\/08\/e46f66c399f705949bf7e00928fc3faf191815cb330b6f4c8cdae32fd56158c9.jpeg","width":900,"height":600,"caption":"beautiful little bird yellow tit flies over a field of white Daisy flowers in Sunny summer evening with feathers and wings spread wide"},{"@type":"BreadcrumbList","@id":"https:\/\/foretnature.be\/resume-foret-mail\/ou-sont-nos-oiseaux\/#breadcrumb","itemListElement":[{"@type":"ListItem","position":1,"name":"Home","item":"https:\/\/foretnature.be\/en\/"},{"@type":"ListItem","position":2,"name":"O\u00f9 sont nos oiseaux ?"}]},{"@type":"WebSite","@id":"https:\/\/foretnature.be\/en\/#website","url":"https:\/\/foretnature.be\/en\/","name":"For\u00eat.Nature","description":"Une \u00e9quipe technique au service de la for\u00eat","publisher":{"@id":"https:\/\/foretnature.be\/en\/#organization"},"potentialAction":[{"@type":"SearchAction","target":{"@type":"EntryPoint","urlTemplate":"https:\/\/foretnature.be\/en\/?s={search_term_string}"},"query-input":"required name=search_term_string"}],"inLanguage":"en-GB"},{"@type":"Organization","@id":"https:\/\/foretnature.be\/en\/#organization","name":"For\u00eat.Nature","url":"https:\/\/foretnature.be\/en\/","logo":{"@type":"ImageObject","inLanguage":"en-GB","@id":"https:\/\/foretnature.be\/en\/#\/schema\/logo\/image\/","url":"https:\/\/foretnature.be\/wp-content\/uploads\/2021\/01\/logoFOblanc.png","contentUrl":"https:\/\/foretnature.be\/wp-content\/uploads\/2021\/01\/logoFOblanc.png","width":300,"height":151,"caption":"For\u00eat.Nature"},"image":{"@id":"https:\/\/foretnature.be\/en\/#\/schema\/logo\/image\/"}}]}},"_links":{"self":[{"href":"https:\/\/foretnature.be\/en\/wp-json\/wp\/v2\/resume-foret-mail\/37253"}],"collection":[{"href":"https:\/\/foretnature.be\/en\/wp-json\/wp\/v2\/resume-foret-mail"}],"about":[{"href":"https:\/\/foretnature.be\/en\/wp-json\/wp\/v2\/types\/resume-foret-mail"}],"version-history":[{"count":1,"href":"https:\/\/foretnature.be\/en\/wp-json\/wp\/v2\/resume-foret-mail\/37253\/revisions"}],"predecessor-version":[{"id":37254,"href":"https:\/\/foretnature.be\/en\/wp-json\/wp\/v2\/resume-foret-mail\/37253\/revisions\/37254"}],"wp:featuredmedia":[{"embeddable":true,"href":"https:\/\/foretnature.be\/en\/wp-json\/wp\/v2\/media\/37288"}],"wp:attachment":[{"href":"https:\/\/foretnature.be\/en\/wp-json\/wp\/v2\/media?parent=37253"}],"wp:term":[{"taxonomy":"category","embeddable":true,"href":"https:\/\/foretnature.be\/en\/wp-json\/wp\/v2\/categories?post=37253"}],"curies":[{"name":"wp","href":"https:\/\/api.w.org\/{rel}","templated":true}]}}