{"id":37237,"date":"2022-08-16T16:12:47","date_gmt":"2022-08-16T14:12:47","guid":{"rendered":"https:\/\/foretnature.be\/?post_type=resume-foret-mail&#038;p=37237"},"modified":"2022-09-05T13:10:55","modified_gmt":"2022-09-05T11:10:55","slug":"lefi-analyse-comment-maintenir-et-augmenter-la-biodiversite-forestiere-en-europe","status":"publish","type":"resume-foret-mail","link":"https:\/\/foretnature.be\/en\/resume-foret-mail\/lefi-analyse-comment-maintenir-et-augmenter-la-biodiversite-forestiere-en-europe\/","title":{"rendered":"L\u2019EFI analyse comment maintenir et augmenter la biodiversit\u00e9 foresti\u00e8re en Europe"},"content":{"rendered":"<p>L\u2019EFI publie une \u00e9tude coordonn\u00e9e par 13 auteurs de 10 pays diff\u00e9rents. Objectif : analyser comment maintenir et augmenter efficacement la biodiversit\u00e9 foresti\u00e8re en Europe.<\/p>\n<p>D\u2019apr\u00e8s le collectif, un monitoring appropri\u00e9 de la biodiversit\u00e9 en for\u00eat est la cl\u00e9 pour am\u00e9liorer la conservation des esp\u00e8ces et la gestion de nos massifs. Les for\u00eats primaires, les vieilles for\u00eats et les for\u00eats anciennes, h\u00e9bergeant des esp\u00e8ces en danger d\u2019extinction, doivent b\u00e9n\u00e9ficier de mesures de protection plus strictes. \u00c0 c\u00f4t\u00e9 de cela, les auteurs plaident pour une gestion foresti\u00e8re alliant production de bois et protection de la nature. D\u2019ailleurs, les approches de gestion des \u00e9cosyst\u00e8mes doivent \u00eatre davantage d\u00e9velopp\u00e9es pour int\u00e9grer toutes les perturbations et soutenir la biodiversit\u00e9 \u00e0 toutes les \u00e9chelles.<\/p>\n<p>Pour am\u00e9liorer la biodiversit\u00e9 foresti\u00e8re, des supports institutionnels et financiers sont essentiels, et ce sur le long-terme, \u00e9tant donn\u00e9 le laps de temps important qui peut s\u2019\u00e9couler entre l\u2019adoption de politiques en faveur de la biodiversit\u00e9 et les r\u00e9sultats observ\u00e9s sur le terrain. Une t\u00e2che \u00e0 mener \u00e0 bien par tous les gestionnaires et propri\u00e9taires, tant publics que priv\u00e9s.<\/p>","protected":false},"excerpt":{"rendered":"<p>L\u2019EFI publie une \u00e9tude coordonn\u00e9e par 13 auteurs de 10 pays diff\u00e9rents. Objectif : analyser comment maintenir et augmenter efficacement la biodiversit\u00e9 foresti\u00e8re en Europe. D\u2019apr\u00e8s le collectif, un monitoring appropri\u00e9 de la biodiversit\u00e9 en for\u00eat est la cl\u00e9 pour am\u00e9liorer la conservation des esp\u00e8ces et la gestion de nos massifs. Les for\u00eats primaires, les [&hellip;]<\/p>","protected":false},"featured_media":37287,"template":"","categories":[50],"acf":[],"yoast_head":"<!-- This site is optimized with the Yoast SEO plugin v23.2 - https:\/\/yoast.com\/wordpress\/plugins\/seo\/ -->\n<title>L\u2019EFI analyse comment maintenir et augmenter la biodiversit\u00e9 foresti\u00e8re en Europe - For\u00eat.Nature<\/title>\n<meta name=\"robots\" content=\"index, follow, max-snippet:-1, max-image-preview:large, max-video-preview:-1\" \/>\n<link rel=\"canonical\" href=\"https:\/\/foretnature.be\/en\/resume-foret-mail\/lefi-analyse-comment-maintenir-et-augmenter-la-biodiversite-forestiere-en-europe\/\" \/>\n<meta property=\"og:locale\" content=\"en_GB\" \/>\n<meta property=\"og:type\" content=\"article\" \/>\n<meta property=\"og:title\" content=\"L\u2019EFI analyse comment maintenir et augmenter la biodiversit\u00e9 foresti\u00e8re en Europe - For\u00eat.Nature\" \/>\n<meta property=\"og:description\" content=\"L\u2019EFI publie une \u00e9tude coordonn\u00e9e par 13 auteurs de 10 pays diff\u00e9rents. Objectif : analyser comment maintenir et augmenter efficacement la biodiversit\u00e9 foresti\u00e8re en Europe. D\u2019apr\u00e8s le collectif, un monitoring appropri\u00e9 de la biodiversit\u00e9 en for\u00eat est la cl\u00e9 pour am\u00e9liorer la conservation des esp\u00e8ces et la gestion de nos massifs. Les for\u00eats primaires, les [&hellip;]\" \/>\n<meta property=\"og:url\" content=\"https:\/\/foretnature.be\/en\/resume-foret-mail\/lefi-analyse-comment-maintenir-et-augmenter-la-biodiversite-forestiere-en-europe\/\" \/>\n<meta property=\"og:site_name\" content=\"For\u00eat.Nature\" \/>\n<meta property=\"article:modified_time\" content=\"2022-09-05T11:10:55+00:00\" \/>\n<meta property=\"og:image\" content=\"https:\/\/foretnature.be\/wp-content\/uploads\/2022\/08\/be3603923663e1621d65dfdc29f116ac001490608756886c52757a23db2aa2c8.jpg\" \/>\n\t<meta property=\"og:image:width\" content=\"900\" \/>\n\t<meta property=\"og:image:height\" content=\"675\" \/>\n\t<meta property=\"og:image:type\" content=\"image\/jpeg\" \/>\n<meta name=\"twitter:card\" content=\"summary_large_image\" \/>\n<meta name=\"twitter:label1\" content=\"Estimated reading time\" \/>\n\t<meta name=\"twitter:data1\" content=\"1 minute\" \/>\n<script type=\"application\/ld+json\" class=\"yoast-schema-graph\">{\"@context\":\"https:\/\/schema.org\",\"@graph\":[{\"@type\":\"WebPage\",\"@id\":\"https:\/\/foretnature.be\/en\/resume-foret-mail\/lefi-analyse-comment-maintenir-et-augmenter-la-biodiversite-forestiere-en-europe\/\",\"url\":\"https:\/\/foretnature.be\/en\/resume-foret-mail\/lefi-analyse-comment-maintenir-et-augmenter-la-biodiversite-forestiere-en-europe\/\",\"name\":\"L\u2019EFI analyse comment maintenir et augmenter la biodiversit\u00e9 foresti\u00e8re en Europe - For\u00eat.Nature\",\"isPartOf\":{\"@id\":\"https:\/\/foretnature.be\/#website\"},\"primaryImageOfPage\":{\"@id\":\"https:\/\/foretnature.be\/en\/resume-foret-mail\/lefi-analyse-comment-maintenir-et-augmenter-la-biodiversite-forestiere-en-europe\/#primaryimage\"},\"image\":{\"@id\":\"https:\/\/foretnature.be\/en\/resume-foret-mail\/lefi-analyse-comment-maintenir-et-augmenter-la-biodiversite-forestiere-en-europe\/#primaryimage\"},\"thumbnailUrl\":\"https:\/\/foretnature.be\/wp-content\/uploads\/2022\/08\/be3603923663e1621d65dfdc29f116ac001490608756886c52757a23db2aa2c8.jpg\",\"datePublished\":\"2022-08-16T14:12:47+00:00\",\"dateModified\":\"2022-09-05T11:10:55+00:00\",\"breadcrumb\":{\"@id\":\"https:\/\/foretnature.be\/en\/resume-foret-mail\/lefi-analyse-comment-maintenir-et-augmenter-la-biodiversite-forestiere-en-europe\/#breadcrumb\"},\"inLanguage\":\"en-GB\",\"potentialAction\":[{\"@type\":\"ReadAction\",\"target\":[\"https:\/\/foretnature.be\/en\/resume-foret-mail\/lefi-analyse-comment-maintenir-et-augmenter-la-biodiversite-forestiere-en-europe\/\"]}]},{\"@type\":\"ImageObject\",\"inLanguage\":\"en-GB\",\"@id\":\"https:\/\/foretnature.be\/en\/resume-foret-mail\/lefi-analyse-comment-maintenir-et-augmenter-la-biodiversite-forestiere-en-europe\/#primaryimage\",\"url\":\"https:\/\/foretnature.be\/wp-content\/uploads\/2022\/08\/be3603923663e1621d65dfdc29f116ac001490608756886c52757a23db2aa2c8.jpg\",\"contentUrl\":\"https:\/\/foretnature.be\/wp-content\/uploads\/2022\/08\/be3603923663e1621d65dfdc29f116ac001490608756886c52757a23db2aa2c8.jpg\",\"width\":900,\"height\":675},{\"@type\":\"BreadcrumbList\",\"@id\":\"https:\/\/foretnature.be\/en\/resume-foret-mail\/lefi-analyse-comment-maintenir-et-augmenter-la-biodiversite-forestiere-en-europe\/#breadcrumb\",\"itemListElement\":[{\"@type\":\"ListItem\",\"position\":1,\"name\":\"Home\",\"item\":\"https:\/\/foretnature.be\/\"},{\"@type\":\"ListItem\",\"position\":2,\"name\":\"L\u2019EFI analyse comment maintenir et augmenter la biodiversit\u00e9 foresti\u00e8re en Europe\"}]},{\"@type\":\"WebSite\",\"@id\":\"https:\/\/foretnature.be\/#website\",\"url\":\"https:\/\/foretnature.be\/\",\"name\":\"For\u00eat.Nature\",\"description\":\"Une \u00e9quipe technique au service de la for\u00eat\",\"publisher\":{\"@id\":\"https:\/\/foretnature.be\/#organization\"},\"potentialAction\":[{\"@type\":\"SearchAction\",\"target\":{\"@type\":\"EntryPoint\",\"urlTemplate\":\"https:\/\/foretnature.be\/?s={search_term_string}\"},\"query-input\":\"required name=search_term_string\"}],\"inLanguage\":\"en-GB\"},{\"@type\":\"Organization\",\"@id\":\"https:\/\/foretnature.be\/#organization\",\"name\":\"For\u00eat.Nature\",\"url\":\"https:\/\/foretnature.be\/\",\"logo\":{\"@type\":\"ImageObject\",\"inLanguage\":\"en-GB\",\"@id\":\"https:\/\/foretnature.be\/#\/schema\/logo\/image\/\",\"url\":\"https:\/\/foretnature.be\/wp-content\/uploads\/2021\/01\/logoFOblanc.png\",\"contentUrl\":\"https:\/\/foretnature.be\/wp-content\/uploads\/2021\/01\/logoFOblanc.png\",\"width\":300,\"height\":151,\"caption\":\"For\u00eat.Nature\"},\"image\":{\"@id\":\"https:\/\/foretnature.be\/#\/schema\/logo\/image\/\"}}]}<\/script>\n<!-- \/ Yoast SEO plugin. -->","yoast_head_json":{"title":"L\u2019EFI analyse comment maintenir et augmenter la biodiversit\u00e9 foresti\u00e8re en Europe - For\u00eat.Nature","robots":{"index":"index","follow":"follow","max-snippet":"max-snippet:-1","max-image-preview":"max-image-preview:large","max-video-preview":"max-video-preview:-1"},"canonical":"https:\/\/foretnature.be\/en\/resume-foret-mail\/lefi-analyse-comment-maintenir-et-augmenter-la-biodiversite-forestiere-en-europe\/","og_locale":"en_GB","og_type":"article","og_title":"L\u2019EFI analyse comment maintenir et augmenter la biodiversit\u00e9 foresti\u00e8re en Europe - For\u00eat.Nature","og_description":"L\u2019EFI publie une \u00e9tude coordonn\u00e9e par 13 auteurs de 10 pays diff\u00e9rents. Objectif : analyser comment maintenir et augmenter efficacement la biodiversit\u00e9 foresti\u00e8re en Europe. D\u2019apr\u00e8s le collectif, un monitoring appropri\u00e9 de la biodiversit\u00e9 en for\u00eat est la cl\u00e9 pour am\u00e9liorer la conservation des esp\u00e8ces et la gestion de nos massifs. Les for\u00eats primaires, les [&hellip;]","og_url":"https:\/\/foretnature.be\/en\/resume-foret-mail\/lefi-analyse-comment-maintenir-et-augmenter-la-biodiversite-forestiere-en-europe\/","og_site_name":"For\u00eat.Nature","article_modified_time":"2022-09-05T11:10:55+00:00","og_image":[{"width":900,"height":675,"url":"https:\/\/foretnature.be\/wp-content\/uploads\/2022\/08\/be3603923663e1621d65dfdc29f116ac001490608756886c52757a23db2aa2c8.jpg","type":"image\/jpeg"}],"twitter_card":"summary_large_image","twitter_misc":{"Estimated reading time":"1 minute"},"schema":{"@context":"https:\/\/schema.org","@graph":[{"@type":"WebPage","@id":"https:\/\/foretnature.be\/en\/resume-foret-mail\/lefi-analyse-comment-maintenir-et-augmenter-la-biodiversite-forestiere-en-europe\/","url":"https:\/\/foretnature.be\/en\/resume-foret-mail\/lefi-analyse-comment-maintenir-et-augmenter-la-biodiversite-forestiere-en-europe\/","name":"L\u2019EFI analyse comment maintenir et augmenter la biodiversit\u00e9 foresti\u00e8re en Europe - For\u00eat.Nature","isPartOf":{"@id":"https:\/\/foretnature.be\/#website"},"primaryImageOfPage":{"@id":"https:\/\/foretnature.be\/en\/resume-foret-mail\/lefi-analyse-comment-maintenir-et-augmenter-la-biodiversite-forestiere-en-europe\/#primaryimage"},"image":{"@id":"https:\/\/foretnature.be\/en\/resume-foret-mail\/lefi-analyse-comment-maintenir-et-augmenter-la-biodiversite-forestiere-en-europe\/#primaryimage"},"thumbnailUrl":"https:\/\/foretnature.be\/wp-content\/uploads\/2022\/08\/be3603923663e1621d65dfdc29f116ac001490608756886c52757a23db2aa2c8.jpg","datePublished":"2022-08-16T14:12:47+00:00","dateModified":"2022-09-05T11:10:55+00:00","breadcrumb":{"@id":"https:\/\/foretnature.be\/en\/resume-foret-mail\/lefi-analyse-comment-maintenir-et-augmenter-la-biodiversite-forestiere-en-europe\/#breadcrumb"},"inLanguage":"en-GB","potentialAction":[{"@type":"ReadAction","target":["https:\/\/foretnature.be\/en\/resume-foret-mail\/lefi-analyse-comment-maintenir-et-augmenter-la-biodiversite-forestiere-en-europe\/"]}]},{"@type":"ImageObject","inLanguage":"en-GB","@id":"https:\/\/foretnature.be\/en\/resume-foret-mail\/lefi-analyse-comment-maintenir-et-augmenter-la-biodiversite-forestiere-en-europe\/#primaryimage","url":"https:\/\/foretnature.be\/wp-content\/uploads\/2022\/08\/be3603923663e1621d65dfdc29f116ac001490608756886c52757a23db2aa2c8.jpg","contentUrl":"https:\/\/foretnature.be\/wp-content\/uploads\/2022\/08\/be3603923663e1621d65dfdc29f116ac001490608756886c52757a23db2aa2c8.jpg","width":900,"height":675},{"@type":"BreadcrumbList","@id":"https:\/\/foretnature.be\/en\/resume-foret-mail\/lefi-analyse-comment-maintenir-et-augmenter-la-biodiversite-forestiere-en-europe\/#breadcrumb","itemListElement":[{"@type":"ListItem","position":1,"name":"Home","item":"https:\/\/foretnature.be\/"},{"@type":"ListItem","position":2,"name":"L\u2019EFI analyse comment maintenir et augmenter la biodiversit\u00e9 foresti\u00e8re en Europe"}]},{"@type":"WebSite","@id":"https:\/\/foretnature.be\/#website","url":"https:\/\/foretnature.be\/","name":"For\u00eat.Nature","description":"Une \u00e9quipe technique au service de la for\u00eat","publisher":{"@id":"https:\/\/foretnature.be\/#organization"},"potentialAction":[{"@type":"SearchAction","target":{"@type":"EntryPoint","urlTemplate":"https:\/\/foretnature.be\/?s={search_term_string}"},"query-input":"required name=search_term_string"}],"inLanguage":"en-GB"},{"@type":"Organization","@id":"https:\/\/foretnature.be\/#organization","name":"For\u00eat.Nature","url":"https:\/\/foretnature.be\/","logo":{"@type":"ImageObject","inLanguage":"en-GB","@id":"https:\/\/foretnature.be\/#\/schema\/logo\/image\/","url":"https:\/\/foretnature.be\/wp-content\/uploads\/2021\/01\/logoFOblanc.png","contentUrl":"https:\/\/foretnature.be\/wp-content\/uploads\/2021\/01\/logoFOblanc.png","width":300,"height":151,"caption":"For\u00eat.Nature"},"image":{"@id":"https:\/\/foretnature.be\/#\/schema\/logo\/image\/"}}]}},"_links":{"self":[{"href":"https:\/\/foretnature.be\/en\/wp-json\/wp\/v2\/resume-foret-mail\/37237"}],"collection":[{"href":"https:\/\/foretnature.be\/en\/wp-json\/wp\/v2\/resume-foret-mail"}],"about":[{"href":"https:\/\/foretnature.be\/en\/wp-json\/wp\/v2\/types\/resume-foret-mail"}],"version-history":[{"count":1,"href":"https:\/\/foretnature.be\/en\/wp-json\/wp\/v2\/resume-foret-mail\/37237\/revisions"}],"predecessor-version":[{"id":37238,"href":"https:\/\/foretnature.be\/en\/wp-json\/wp\/v2\/resume-foret-mail\/37237\/revisions\/37238"}],"wp:featuredmedia":[{"embeddable":true,"href":"https:\/\/foretnature.be\/en\/wp-json\/wp\/v2\/media\/37287"}],"wp:attachment":[{"href":"https:\/\/foretnature.be\/en\/wp-json\/wp\/v2\/media?parent=37237"}],"wp:term":[{"taxonomy":"category","embeddable":true,"href":"https:\/\/foretnature.be\/en\/wp-json\/wp\/v2\/categories?post=37237"}],"curies":[{"name":"wp","href":"https:\/\/api.w.org\/{rel}","templated":true}]}}