{"id":37235,"date":"2022-08-16T15:59:46","date_gmt":"2022-08-16T13:59:46","guid":{"rendered":"https:\/\/foretnature.be\/?post_type=resume-foret-mail&#038;p=37235"},"modified":"2022-09-05T13:10:00","modified_gmt":"2022-09-05T11:10:00","slug":"equilibre-foret-gibier-strategie","status":"publish","type":"resume-foret-mail","link":"https:\/\/foretnature.be\/en\/resume-foret-mail\/equilibre-foret-gibier-strategie\/","title":{"rendered":"L\u2019\u00e9quilibre for\u00eat-gibier : objectif n\u00b0 1 de la Strat\u00e9gie d\u2019adaptation des for\u00eats au changement climatique de l\u2019ONF"},"content":{"rendered":"<p>Dans sa \u00ab Strat\u00e9gie d\u2019adaptation des for\u00eats au changement climatique \u00bb (AFCC), l\u2019ONF place en premi\u00e8re priorit\u00e9 l\u2019\u00e9quilibre for\u00eat-gibier. En effet, les diff\u00e9rents points de la strat\u00e9gie, bas\u00e9e sur la r\u00e9g\u00e9n\u00e9ration naturelle et la diversification des essences, ne pourront \u00eatre r\u00e9alis\u00e9s si les jeunes arbres sont mang\u00e9s. Or, en 2019, pr\u00e8s de 40 % des for\u00eats domaniales fran\u00e7aises \u00e9taient en d\u00e9s\u00e9quilibre for\u00eat-ongul\u00e9s.<\/p>\n<p>\u00ab Si les ongul\u00e9s ont toute leur place dans l\u2019\u00e9cosyst\u00e8me forestier, leur surpopulation repr\u00e9sente une menace s\u00e9rieuse. Les d\u00e9g\u00e2ts caus\u00e9s s\u2019apparentent quasiment \u00e0 une d\u00e9forestation. Les jeunes peuplements sont d\u00e9vor\u00e9s avant d\u2019avoir pu se d\u00e9velopper. Dans beaucoup de situations, nous n\u2019arrivons plus \u00e0 garantir la r\u00e9g\u00e9n\u00e9ration des for\u00eats \u00bb constate Ludovic Lanzillo, expert chasse \u00e0 l\u2019ONF.<\/p>\n<p>Les cl\u00f4tures et autres protections ne suffisent pas. Dans les for\u00eats domaniales, l\u2019ONF fait r\u00e9aliser des plans de tir augment\u00e9s par les chasseurs.<\/p>","protected":false},"excerpt":{"rendered":"<p>Dans sa \u00ab Strat\u00e9gie d\u2019adaptation des for\u00eats au changement climatique \u00bb (AFCC), l\u2019ONF place en premi\u00e8re priorit\u00e9 l\u2019\u00e9quilibre for\u00eat-gibier. En effet, les diff\u00e9rents points de la strat\u00e9gie, bas\u00e9e sur la r\u00e9g\u00e9n\u00e9ration naturelle et la diversification des essences, ne pourront \u00eatre r\u00e9alis\u00e9s si les jeunes arbres sont mang\u00e9s. Or, en 2019, pr\u00e8s de 40 % des [&hellip;]<\/p>","protected":false},"featured_media":37282,"template":"","categories":[50],"acf":[],"yoast_head":"<!-- This site is optimized with the Yoast SEO plugin v23.2 - https:\/\/yoast.com\/wordpress\/plugins\/seo\/ -->\n<title>L\u2019\u00e9quilibre for\u00eat-gibier : objectif n\u00b0 1 de la Strat\u00e9gie d\u2019adaptation des for\u00eats au changement climatique de l\u2019ONF - For\u00eat.Nature<\/title>\n<meta name=\"robots\" content=\"index, follow, max-snippet:-1, max-image-preview:large, max-video-preview:-1\" \/>\n<link rel=\"canonical\" href=\"https:\/\/foretnature.be\/en\/resume-foret-mail\/equilibre-foret-gibier-strategie\/\" \/>\n<meta property=\"og:locale\" content=\"en_GB\" \/>\n<meta property=\"og:type\" content=\"article\" \/>\n<meta property=\"og:title\" content=\"L\u2019\u00e9quilibre for\u00eat-gibier : objectif n\u00b0 1 de la Strat\u00e9gie d\u2019adaptation des for\u00eats au changement climatique de l\u2019ONF - For\u00eat.Nature\" \/>\n<meta property=\"og:description\" content=\"Dans sa \u00ab Strat\u00e9gie d\u2019adaptation des for\u00eats au changement climatique \u00bb (AFCC), l\u2019ONF place en premi\u00e8re priorit\u00e9 l\u2019\u00e9quilibre for\u00eat-gibier. En effet, les diff\u00e9rents points de la strat\u00e9gie, bas\u00e9e sur la r\u00e9g\u00e9n\u00e9ration naturelle et la diversification des essences, ne pourront \u00eatre r\u00e9alis\u00e9s si les jeunes arbres sont mang\u00e9s. Or, en 2019, pr\u00e8s de 40 % des [&hellip;]\" \/>\n<meta property=\"og:url\" content=\"https:\/\/foretnature.be\/en\/resume-foret-mail\/equilibre-foret-gibier-strategie\/\" \/>\n<meta property=\"og:site_name\" content=\"For\u00eat.Nature\" \/>\n<meta property=\"article:modified_time\" content=\"2022-09-05T11:10:00+00:00\" \/>\n<meta property=\"og:image\" content=\"https:\/\/foretnature.be\/wp-content\/uploads\/2022\/08\/06efd107e732a62939d5c43e7a166d1eae8f14c86e56e4b744cc9b4c30454cc5.png\" \/>\n\t<meta property=\"og:image:width\" content=\"900\" \/>\n\t<meta property=\"og:image:height\" content=\"451\" \/>\n\t<meta property=\"og:image:type\" content=\"image\/png\" \/>\n<meta name=\"twitter:card\" content=\"summary_large_image\" \/>\n<meta name=\"twitter:label1\" content=\"Estimated reading time\" \/>\n\t<meta name=\"twitter:data1\" content=\"1 minute\" \/>\n<script type=\"application\/ld+json\" class=\"yoast-schema-graph\">{\"@context\":\"https:\/\/schema.org\",\"@graph\":[{\"@type\":\"WebPage\",\"@id\":\"https:\/\/foretnature.be\/en\/resume-foret-mail\/equilibre-foret-gibier-strategie\/\",\"url\":\"https:\/\/foretnature.be\/en\/resume-foret-mail\/equilibre-foret-gibier-strategie\/\",\"name\":\"L\u2019\u00e9quilibre for\u00eat-gibier : objectif n\u00b0 1 de la Strat\u00e9gie d\u2019adaptation des for\u00eats au changement climatique de l\u2019ONF - For\u00eat.Nature\",\"isPartOf\":{\"@id\":\"https:\/\/foretnature.be\/#website\"},\"primaryImageOfPage\":{\"@id\":\"https:\/\/foretnature.be\/en\/resume-foret-mail\/equilibre-foret-gibier-strategie\/#primaryimage\"},\"image\":{\"@id\":\"https:\/\/foretnature.be\/en\/resume-foret-mail\/equilibre-foret-gibier-strategie\/#primaryimage\"},\"thumbnailUrl\":\"https:\/\/foretnature.be\/wp-content\/uploads\/2022\/08\/06efd107e732a62939d5c43e7a166d1eae8f14c86e56e4b744cc9b4c30454cc5.png\",\"datePublished\":\"2022-08-16T13:59:46+00:00\",\"dateModified\":\"2022-09-05T11:10:00+00:00\",\"breadcrumb\":{\"@id\":\"https:\/\/foretnature.be\/en\/resume-foret-mail\/equilibre-foret-gibier-strategie\/#breadcrumb\"},\"inLanguage\":\"en-GB\",\"potentialAction\":[{\"@type\":\"ReadAction\",\"target\":[\"https:\/\/foretnature.be\/en\/resume-foret-mail\/equilibre-foret-gibier-strategie\/\"]}]},{\"@type\":\"ImageObject\",\"inLanguage\":\"en-GB\",\"@id\":\"https:\/\/foretnature.be\/en\/resume-foret-mail\/equilibre-foret-gibier-strategie\/#primaryimage\",\"url\":\"https:\/\/foretnature.be\/wp-content\/uploads\/2022\/08\/06efd107e732a62939d5c43e7a166d1eae8f14c86e56e4b744cc9b4c30454cc5.png\",\"contentUrl\":\"https:\/\/foretnature.be\/wp-content\/uploads\/2022\/08\/06efd107e732a62939d5c43e7a166d1eae8f14c86e56e4b744cc9b4c30454cc5.png\",\"width\":900,\"height\":451},{\"@type\":\"BreadcrumbList\",\"@id\":\"https:\/\/foretnature.be\/en\/resume-foret-mail\/equilibre-foret-gibier-strategie\/#breadcrumb\",\"itemListElement\":[{\"@type\":\"ListItem\",\"position\":1,\"name\":\"Home\",\"item\":\"https:\/\/foretnature.be\/\"},{\"@type\":\"ListItem\",\"position\":2,\"name\":\"L\u2019\u00e9quilibre for\u00eat-gibier : objectif n\u00b0 1 de la Strat\u00e9gie d\u2019adaptation des for\u00eats au changement climatique de l\u2019ONF\"}]},{\"@type\":\"WebSite\",\"@id\":\"https:\/\/foretnature.be\/#website\",\"url\":\"https:\/\/foretnature.be\/\",\"name\":\"For\u00eat.Nature\",\"description\":\"Une \u00e9quipe technique au service de la for\u00eat\",\"publisher\":{\"@id\":\"https:\/\/foretnature.be\/#organization\"},\"potentialAction\":[{\"@type\":\"SearchAction\",\"target\":{\"@type\":\"EntryPoint\",\"urlTemplate\":\"https:\/\/foretnature.be\/?s={search_term_string}\"},\"query-input\":\"required name=search_term_string\"}],\"inLanguage\":\"en-GB\"},{\"@type\":\"Organization\",\"@id\":\"https:\/\/foretnature.be\/#organization\",\"name\":\"For\u00eat.Nature\",\"url\":\"https:\/\/foretnature.be\/\",\"logo\":{\"@type\":\"ImageObject\",\"inLanguage\":\"en-GB\",\"@id\":\"https:\/\/foretnature.be\/#\/schema\/logo\/image\/\",\"url\":\"https:\/\/foretnature.be\/wp-content\/uploads\/2021\/01\/logoFOblanc.png\",\"contentUrl\":\"https:\/\/foretnature.be\/wp-content\/uploads\/2021\/01\/logoFOblanc.png\",\"width\":300,\"height\":151,\"caption\":\"For\u00eat.Nature\"},\"image\":{\"@id\":\"https:\/\/foretnature.be\/#\/schema\/logo\/image\/\"}}]}<\/script>\n<!-- \/ Yoast SEO plugin. -->","yoast_head_json":{"title":"L\u2019\u00e9quilibre for\u00eat-gibier : objectif n\u00b0 1 de la Strat\u00e9gie d\u2019adaptation des for\u00eats au changement climatique de l\u2019ONF - For\u00eat.Nature","robots":{"index":"index","follow":"follow","max-snippet":"max-snippet:-1","max-image-preview":"max-image-preview:large","max-video-preview":"max-video-preview:-1"},"canonical":"https:\/\/foretnature.be\/en\/resume-foret-mail\/equilibre-foret-gibier-strategie\/","og_locale":"en_GB","og_type":"article","og_title":"L\u2019\u00e9quilibre for\u00eat-gibier : objectif n\u00b0 1 de la Strat\u00e9gie d\u2019adaptation des for\u00eats au changement climatique de l\u2019ONF - For\u00eat.Nature","og_description":"Dans sa \u00ab Strat\u00e9gie d\u2019adaptation des for\u00eats au changement climatique \u00bb (AFCC), l\u2019ONF place en premi\u00e8re priorit\u00e9 l\u2019\u00e9quilibre for\u00eat-gibier. En effet, les diff\u00e9rents points de la strat\u00e9gie, bas\u00e9e sur la r\u00e9g\u00e9n\u00e9ration naturelle et la diversification des essences, ne pourront \u00eatre r\u00e9alis\u00e9s si les jeunes arbres sont mang\u00e9s. Or, en 2019, pr\u00e8s de 40 % des [&hellip;]","og_url":"https:\/\/foretnature.be\/en\/resume-foret-mail\/equilibre-foret-gibier-strategie\/","og_site_name":"For\u00eat.Nature","article_modified_time":"2022-09-05T11:10:00+00:00","og_image":[{"width":900,"height":451,"url":"https:\/\/foretnature.be\/wp-content\/uploads\/2022\/08\/06efd107e732a62939d5c43e7a166d1eae8f14c86e56e4b744cc9b4c30454cc5.png","type":"image\/png"}],"twitter_card":"summary_large_image","twitter_misc":{"Estimated reading time":"1 minute"},"schema":{"@context":"https:\/\/schema.org","@graph":[{"@type":"WebPage","@id":"https:\/\/foretnature.be\/en\/resume-foret-mail\/equilibre-foret-gibier-strategie\/","url":"https:\/\/foretnature.be\/en\/resume-foret-mail\/equilibre-foret-gibier-strategie\/","name":"L\u2019\u00e9quilibre for\u00eat-gibier : objectif n\u00b0 1 de la Strat\u00e9gie d\u2019adaptation des for\u00eats au changement climatique de l\u2019ONF - For\u00eat.Nature","isPartOf":{"@id":"https:\/\/foretnature.be\/#website"},"primaryImageOfPage":{"@id":"https:\/\/foretnature.be\/en\/resume-foret-mail\/equilibre-foret-gibier-strategie\/#primaryimage"},"image":{"@id":"https:\/\/foretnature.be\/en\/resume-foret-mail\/equilibre-foret-gibier-strategie\/#primaryimage"},"thumbnailUrl":"https:\/\/foretnature.be\/wp-content\/uploads\/2022\/08\/06efd107e732a62939d5c43e7a166d1eae8f14c86e56e4b744cc9b4c30454cc5.png","datePublished":"2022-08-16T13:59:46+00:00","dateModified":"2022-09-05T11:10:00+00:00","breadcrumb":{"@id":"https:\/\/foretnature.be\/en\/resume-foret-mail\/equilibre-foret-gibier-strategie\/#breadcrumb"},"inLanguage":"en-GB","potentialAction":[{"@type":"ReadAction","target":["https:\/\/foretnature.be\/en\/resume-foret-mail\/equilibre-foret-gibier-strategie\/"]}]},{"@type":"ImageObject","inLanguage":"en-GB","@id":"https:\/\/foretnature.be\/en\/resume-foret-mail\/equilibre-foret-gibier-strategie\/#primaryimage","url":"https:\/\/foretnature.be\/wp-content\/uploads\/2022\/08\/06efd107e732a62939d5c43e7a166d1eae8f14c86e56e4b744cc9b4c30454cc5.png","contentUrl":"https:\/\/foretnature.be\/wp-content\/uploads\/2022\/08\/06efd107e732a62939d5c43e7a166d1eae8f14c86e56e4b744cc9b4c30454cc5.png","width":900,"height":451},{"@type":"BreadcrumbList","@id":"https:\/\/foretnature.be\/en\/resume-foret-mail\/equilibre-foret-gibier-strategie\/#breadcrumb","itemListElement":[{"@type":"ListItem","position":1,"name":"Home","item":"https:\/\/foretnature.be\/"},{"@type":"ListItem","position":2,"name":"L\u2019\u00e9quilibre for\u00eat-gibier : objectif n\u00b0 1 de la Strat\u00e9gie d\u2019adaptation des for\u00eats au changement climatique de l\u2019ONF"}]},{"@type":"WebSite","@id":"https:\/\/foretnature.be\/#website","url":"https:\/\/foretnature.be\/","name":"For\u00eat.Nature","description":"Une \u00e9quipe technique au service de la for\u00eat","publisher":{"@id":"https:\/\/foretnature.be\/#organization"},"potentialAction":[{"@type":"SearchAction","target":{"@type":"EntryPoint","urlTemplate":"https:\/\/foretnature.be\/?s={search_term_string}"},"query-input":"required name=search_term_string"}],"inLanguage":"en-GB"},{"@type":"Organization","@id":"https:\/\/foretnature.be\/#organization","name":"For\u00eat.Nature","url":"https:\/\/foretnature.be\/","logo":{"@type":"ImageObject","inLanguage":"en-GB","@id":"https:\/\/foretnature.be\/#\/schema\/logo\/image\/","url":"https:\/\/foretnature.be\/wp-content\/uploads\/2021\/01\/logoFOblanc.png","contentUrl":"https:\/\/foretnature.be\/wp-content\/uploads\/2021\/01\/logoFOblanc.png","width":300,"height":151,"caption":"For\u00eat.Nature"},"image":{"@id":"https:\/\/foretnature.be\/#\/schema\/logo\/image\/"}}]}},"_links":{"self":[{"href":"https:\/\/foretnature.be\/en\/wp-json\/wp\/v2\/resume-foret-mail\/37235"}],"collection":[{"href":"https:\/\/foretnature.be\/en\/wp-json\/wp\/v2\/resume-foret-mail"}],"about":[{"href":"https:\/\/foretnature.be\/en\/wp-json\/wp\/v2\/types\/resume-foret-mail"}],"version-history":[{"count":1,"href":"https:\/\/foretnature.be\/en\/wp-json\/wp\/v2\/resume-foret-mail\/37235\/revisions"}],"predecessor-version":[{"id":37236,"href":"https:\/\/foretnature.be\/en\/wp-json\/wp\/v2\/resume-foret-mail\/37235\/revisions\/37236"}],"wp:featuredmedia":[{"embeddable":true,"href":"https:\/\/foretnature.be\/en\/wp-json\/wp\/v2\/media\/37282"}],"wp:attachment":[{"href":"https:\/\/foretnature.be\/en\/wp-json\/wp\/v2\/media?parent=37235"}],"wp:term":[{"taxonomy":"category","embeddable":true,"href":"https:\/\/foretnature.be\/en\/wp-json\/wp\/v2\/categories?post=37235"}],"curies":[{"name":"wp","href":"https:\/\/api.w.org\/{rel}","templated":true}]}}