{"id":35719,"date":"2022-06-16T15:40:28","date_gmt":"2022-06-16T13:40:28","guid":{"rendered":"https:\/\/foretnature.be\/?post_type=resume-foret-mail&#038;p=35719"},"modified":"2022-06-16T15:42:14","modified_gmt":"2022-06-16T13:42:14","slug":"la-suie-de-lerable-envahit-lallemagne","status":"publish","type":"resume-foret-mail","link":"https:\/\/foretnature.be\/en\/resume-foret-mail\/la-suie-de-lerable-envahit-lallemagne\/","title":{"rendered":"La suie de l\u2019\u00e9rable envahit l\u2019Allemagne"},"content":{"rendered":"<p>La maladie caus\u00e9e par un champignon, Cryptostroma corticale, s\u2019attaque principalement aux \u00e9rables. Ces derniers pr\u00e9sentent alors des \u00e9corces \u00e9clat\u00e9es sur le tronc avec des accumulations de spores noires pulv\u00e9rulentes ressemblant \u00e0 de la suie. La majorit\u00e9 des individus atteints d\u00e9p\u00e9rissent dans les 2 ans.  <\/p>\n<p>Ce champignon se propage ais\u00e9ment \u00e0 des temp\u00e9ratures de 25 \u00e0 30 \u00b0C. L\u2019augmentation des temp\u00e9ratures due aux changements climatiques l\u2019a donc aid\u00e9 \u00e0 prosp\u00e9rer ces derni\u00e8res ann\u00e9es. Il est \u00e0 noter que les spores de Cryptostroma corticale peuvent provoquer une inflammation pulmonaire chez l\u2019humain en cas de contact prolong\u00e9.<\/p>\n<p>Le land de Thuringe, en Allemagne, o\u00f9 l\u2019\u00e9rable sycomore est une essence tr\u00e8s r\u00e9pandue, est particuli\u00e8rement concern\u00e9 par cette maladie. D\u00e9tect\u00e9e pour la premi\u00e8re fois en 2017, le service forestier de Thuringe et ses partenaires ont men\u00e9 depuis lors des recherches dont les conclusions devraient bient\u00f4t aboutir pour aider les forestiers. Pour l\u2019instant, les premiers r\u00e9sultats indiquent que les attaques ne surviennent pas au-del\u00e0 de 700 m\u00e8tres d\u2019altitude et que, comme pour le fr\u00eane, certains individus sont g\u00e9n\u00e9tiquement r\u00e9sistants.<\/p>","protected":false},"excerpt":{"rendered":"<p>La maladie caus\u00e9e par un champignon, Cryptostroma corticale, s\u2019attaque principalement aux \u00e9rables. Ces derniers pr\u00e9sentent alors des \u00e9corces \u00e9clat\u00e9es sur le tronc avec des accumulations de spores noires pulv\u00e9rulentes ressemblant \u00e0 de la suie. La majorit\u00e9 des individus atteints d\u00e9p\u00e9rissent dans les 2 ans. Ce champignon se propage ais\u00e9ment \u00e0 des temp\u00e9ratures de 25 \u00e0 [&hellip;]<\/p>","protected":false},"featured_media":0,"template":"","categories":[50],"acf":[],"yoast_head":"<!-- This site is optimized with the Yoast SEO plugin v23.2 - https:\/\/yoast.com\/wordpress\/plugins\/seo\/ -->\n<title>La suie de l\u2019\u00e9rable envahit l\u2019Allemagne - For\u00eat.Nature<\/title>\n<meta name=\"robots\" content=\"index, follow, max-snippet:-1, max-image-preview:large, max-video-preview:-1\" \/>\n<link rel=\"canonical\" href=\"https:\/\/foretnature.be\/en\/resume-foret-mail\/la-suie-de-lerable-envahit-lallemagne\/\" \/>\n<meta property=\"og:locale\" content=\"en_GB\" \/>\n<meta property=\"og:type\" content=\"article\" \/>\n<meta property=\"og:title\" content=\"La suie de l\u2019\u00e9rable envahit l\u2019Allemagne - For\u00eat.Nature\" \/>\n<meta property=\"og:description\" content=\"La maladie caus\u00e9e par un champignon, Cryptostroma corticale, s\u2019attaque principalement aux \u00e9rables. Ces derniers pr\u00e9sentent alors des \u00e9corces \u00e9clat\u00e9es sur le tronc avec des accumulations de spores noires pulv\u00e9rulentes ressemblant \u00e0 de la suie. La majorit\u00e9 des individus atteints d\u00e9p\u00e9rissent dans les 2 ans. Ce champignon se propage ais\u00e9ment \u00e0 des temp\u00e9ratures de 25 \u00e0 [&hellip;]\" \/>\n<meta property=\"og:url\" content=\"https:\/\/foretnature.be\/en\/resume-foret-mail\/la-suie-de-lerable-envahit-lallemagne\/\" \/>\n<meta property=\"og:site_name\" content=\"For\u00eat.Nature\" \/>\n<meta property=\"article:modified_time\" content=\"2022-06-16T13:42:14+00:00\" \/>\n<meta name=\"twitter:card\" content=\"summary_large_image\" \/>\n<meta name=\"twitter:label1\" content=\"Estimated reading time\" \/>\n\t<meta name=\"twitter:data1\" content=\"1 minute\" \/>\n<script type=\"application\/ld+json\" class=\"yoast-schema-graph\">{\"@context\":\"https:\/\/schema.org\",\"@graph\":[{\"@type\":\"WebPage\",\"@id\":\"https:\/\/foretnature.be\/en\/resume-foret-mail\/la-suie-de-lerable-envahit-lallemagne\/\",\"url\":\"https:\/\/foretnature.be\/en\/resume-foret-mail\/la-suie-de-lerable-envahit-lallemagne\/\",\"name\":\"La suie de l\u2019\u00e9rable envahit l\u2019Allemagne - For\u00eat.Nature\",\"isPartOf\":{\"@id\":\"https:\/\/foretnature.be\/#website\"},\"datePublished\":\"2022-06-16T13:40:28+00:00\",\"dateModified\":\"2022-06-16T13:42:14+00:00\",\"breadcrumb\":{\"@id\":\"https:\/\/foretnature.be\/en\/resume-foret-mail\/la-suie-de-lerable-envahit-lallemagne\/#breadcrumb\"},\"inLanguage\":\"en-GB\",\"potentialAction\":[{\"@type\":\"ReadAction\",\"target\":[\"https:\/\/foretnature.be\/en\/resume-foret-mail\/la-suie-de-lerable-envahit-lallemagne\/\"]}]},{\"@type\":\"BreadcrumbList\",\"@id\":\"https:\/\/foretnature.be\/en\/resume-foret-mail\/la-suie-de-lerable-envahit-lallemagne\/#breadcrumb\",\"itemListElement\":[{\"@type\":\"ListItem\",\"position\":1,\"name\":\"Home\",\"item\":\"https:\/\/foretnature.be\/\"},{\"@type\":\"ListItem\",\"position\":2,\"name\":\"La suie de l\u2019\u00e9rable envahit l\u2019Allemagne\"}]},{\"@type\":\"WebSite\",\"@id\":\"https:\/\/foretnature.be\/#website\",\"url\":\"https:\/\/foretnature.be\/\",\"name\":\"For\u00eat.Nature\",\"description\":\"Une \u00e9quipe technique au service de la for\u00eat\",\"publisher\":{\"@id\":\"https:\/\/foretnature.be\/#organization\"},\"potentialAction\":[{\"@type\":\"SearchAction\",\"target\":{\"@type\":\"EntryPoint\",\"urlTemplate\":\"https:\/\/foretnature.be\/?s={search_term_string}\"},\"query-input\":\"required name=search_term_string\"}],\"inLanguage\":\"en-GB\"},{\"@type\":\"Organization\",\"@id\":\"https:\/\/foretnature.be\/#organization\",\"name\":\"For\u00eat.Nature\",\"url\":\"https:\/\/foretnature.be\/\",\"logo\":{\"@type\":\"ImageObject\",\"inLanguage\":\"en-GB\",\"@id\":\"https:\/\/foretnature.be\/#\/schema\/logo\/image\/\",\"url\":\"https:\/\/foretnature.be\/wp-content\/uploads\/2021\/01\/logoFOblanc.png\",\"contentUrl\":\"https:\/\/foretnature.be\/wp-content\/uploads\/2021\/01\/logoFOblanc.png\",\"width\":300,\"height\":151,\"caption\":\"For\u00eat.Nature\"},\"image\":{\"@id\":\"https:\/\/foretnature.be\/#\/schema\/logo\/image\/\"}}]}<\/script>\n<!-- \/ Yoast SEO plugin. -->","yoast_head_json":{"title":"La suie de l\u2019\u00e9rable envahit l\u2019Allemagne - For\u00eat.Nature","robots":{"index":"index","follow":"follow","max-snippet":"max-snippet:-1","max-image-preview":"max-image-preview:large","max-video-preview":"max-video-preview:-1"},"canonical":"https:\/\/foretnature.be\/en\/resume-foret-mail\/la-suie-de-lerable-envahit-lallemagne\/","og_locale":"en_GB","og_type":"article","og_title":"La suie de l\u2019\u00e9rable envahit l\u2019Allemagne - For\u00eat.Nature","og_description":"La maladie caus\u00e9e par un champignon, Cryptostroma corticale, s\u2019attaque principalement aux \u00e9rables. Ces derniers pr\u00e9sentent alors des \u00e9corces \u00e9clat\u00e9es sur le tronc avec des accumulations de spores noires pulv\u00e9rulentes ressemblant \u00e0 de la suie. La majorit\u00e9 des individus atteints d\u00e9p\u00e9rissent dans les 2 ans. Ce champignon se propage ais\u00e9ment \u00e0 des temp\u00e9ratures de 25 \u00e0 [&hellip;]","og_url":"https:\/\/foretnature.be\/en\/resume-foret-mail\/la-suie-de-lerable-envahit-lallemagne\/","og_site_name":"For\u00eat.Nature","article_modified_time":"2022-06-16T13:42:14+00:00","twitter_card":"summary_large_image","twitter_misc":{"Estimated reading time":"1 minute"},"schema":{"@context":"https:\/\/schema.org","@graph":[{"@type":"WebPage","@id":"https:\/\/foretnature.be\/en\/resume-foret-mail\/la-suie-de-lerable-envahit-lallemagne\/","url":"https:\/\/foretnature.be\/en\/resume-foret-mail\/la-suie-de-lerable-envahit-lallemagne\/","name":"La suie de l\u2019\u00e9rable envahit l\u2019Allemagne - For\u00eat.Nature","isPartOf":{"@id":"https:\/\/foretnature.be\/#website"},"datePublished":"2022-06-16T13:40:28+00:00","dateModified":"2022-06-16T13:42:14+00:00","breadcrumb":{"@id":"https:\/\/foretnature.be\/en\/resume-foret-mail\/la-suie-de-lerable-envahit-lallemagne\/#breadcrumb"},"inLanguage":"en-GB","potentialAction":[{"@type":"ReadAction","target":["https:\/\/foretnature.be\/en\/resume-foret-mail\/la-suie-de-lerable-envahit-lallemagne\/"]}]},{"@type":"BreadcrumbList","@id":"https:\/\/foretnature.be\/en\/resume-foret-mail\/la-suie-de-lerable-envahit-lallemagne\/#breadcrumb","itemListElement":[{"@type":"ListItem","position":1,"name":"Home","item":"https:\/\/foretnature.be\/"},{"@type":"ListItem","position":2,"name":"La suie de l\u2019\u00e9rable envahit l\u2019Allemagne"}]},{"@type":"WebSite","@id":"https:\/\/foretnature.be\/#website","url":"https:\/\/foretnature.be\/","name":"For\u00eat.Nature","description":"Une \u00e9quipe technique au service de la for\u00eat","publisher":{"@id":"https:\/\/foretnature.be\/#organization"},"potentialAction":[{"@type":"SearchAction","target":{"@type":"EntryPoint","urlTemplate":"https:\/\/foretnature.be\/?s={search_term_string}"},"query-input":"required name=search_term_string"}],"inLanguage":"en-GB"},{"@type":"Organization","@id":"https:\/\/foretnature.be\/#organization","name":"For\u00eat.Nature","url":"https:\/\/foretnature.be\/","logo":{"@type":"ImageObject","inLanguage":"en-GB","@id":"https:\/\/foretnature.be\/#\/schema\/logo\/image\/","url":"https:\/\/foretnature.be\/wp-content\/uploads\/2021\/01\/logoFOblanc.png","contentUrl":"https:\/\/foretnature.be\/wp-content\/uploads\/2021\/01\/logoFOblanc.png","width":300,"height":151,"caption":"For\u00eat.Nature"},"image":{"@id":"https:\/\/foretnature.be\/#\/schema\/logo\/image\/"}}]}},"_links":{"self":[{"href":"https:\/\/foretnature.be\/en\/wp-json\/wp\/v2\/resume-foret-mail\/35719"}],"collection":[{"href":"https:\/\/foretnature.be\/en\/wp-json\/wp\/v2\/resume-foret-mail"}],"about":[{"href":"https:\/\/foretnature.be\/en\/wp-json\/wp\/v2\/types\/resume-foret-mail"}],"version-history":[{"count":1,"href":"https:\/\/foretnature.be\/en\/wp-json\/wp\/v2\/resume-foret-mail\/35719\/revisions"}],"predecessor-version":[{"id":35720,"href":"https:\/\/foretnature.be\/en\/wp-json\/wp\/v2\/resume-foret-mail\/35719\/revisions\/35720"}],"wp:attachment":[{"href":"https:\/\/foretnature.be\/en\/wp-json\/wp\/v2\/media?parent=35719"}],"wp:term":[{"taxonomy":"category","embeddable":true,"href":"https:\/\/foretnature.be\/en\/wp-json\/wp\/v2\/categories?post=35719"}],"curies":[{"name":"wp","href":"https:\/\/api.w.org\/{rel}","templated":true}]}}