{"id":35610,"date":"2022-05-19T10:31:44","date_gmt":"2022-05-19T08:31:44","guid":{"rendered":"https:\/\/foretnature.be\/?post_type=resume-foret-mail&#038;p=35610"},"modified":"2022-05-19T10:31:44","modified_gmt":"2022-05-19T08:31:44","slug":"complementarite-du-cheval-de-trait-pour-une-gestion-plus-durable-de-la-foret","status":"publish","type":"resume-foret-mail","link":"https:\/\/foretnature.be\/en\/resume-foret-mail\/complementarite-du-cheval-de-trait-pour-une-gestion-plus-durable-de-la-foret\/","title":{"rendered":"Compl\u00e9mentarit\u00e9 du cheval de trait pour une gestion plus durable de la for\u00eat"},"content":{"rendered":"<p>Le cheval de trait est \u00e0 nouveau utilis\u00e9 dans diff\u00e9rents secteurs tels que le ramassage des d\u00e9chets, la gestion des milieux naturels prot\u00e9g\u00e9s, l\u2019entretien des voies lentes, le mara\u00eechage ou encore la viticulture alors qu\u2019en for\u00eat il n\u2019est pas promu \u00e0 sa juste valeur, toujours consid\u00e9r\u00e9 comme sans int\u00e9r\u00eat et sans avenir \u00e9conomique.<\/p>\n<p>Le m\u00e9tier de d\u00e9bardeur \u00e0 cheval a connu un d\u00e9clin progressif en Wallonie, au profit d\u2019engins plus lourds, alors que le cheval de trait a encore toute sa place en for\u00eat.<\/p>\n<p>\u00c0 l\u2019heure actuelle, il n\u2019est utilis\u00e9 que pour des travaux sp\u00e9cifiques et difficiles (sur sols hydromorphes ou en pente par exemple), alors qu\u2019il pourrait pleinement s\u2019inscrire dans la gestion durable des for\u00eats (r\u00e9duction de la compaction du sol, pas de d\u00e9g\u00e2t \u00e0 la r\u00e9g\u00e9n\u00e9ration naturelle et pas d\u2019orni\u00e8res). Malgr\u00e9 que le d\u00e9bardage \u00e0 cheval co\u00fbte plus cher sur le court terme, car le cheval sort moins de volume de bois \u00e0 l\u2019heure qu\u2019une machine, sur le moyen terme, des \u00e9conomies peuvent \u00eatre r\u00e9alis\u00e9es gr\u00e2ce \u00e0 la pr\u00e9servation du potentiel productif et \u00e9conomique des for\u00eats (fertilit\u00e9 et fonctionnalit\u00e9 du sol, pr\u00e9servation de la r\u00e9g\u00e9n\u00e9ration naturelle et des arbres d\u2019avenir\u2026).<\/p>\n<p>Par ailleurs, contrairement aux engins motoris\u00e9s, le cheval permet de conserver la qui\u00e9tude du milieu forestier, peut travailler par tous les temps et a un bon bilan carbone. Il offre aussi des avantages en termes de mobilit\u00e9, sa maniabilit\u00e9 et sa souplesse permettant un travail de pr\u00e9cision.<\/p>\n<p>L\u2019id\u00e9e n\u2019est pas de remplacer la machine par le cheval, les deux techniques ayant leurs atouts et leurs limites, mais plut\u00f4t d\u2019encourager la compl\u00e9mentarit\u00e9 entre le cheval et la machine.<\/p>","protected":false},"excerpt":{"rendered":"<p>Le cheval de trait est \u00e0 nouveau utilis\u00e9 dans diff\u00e9rents secteurs tels que le ramassage des d\u00e9chets, la gestion des milieux naturels prot\u00e9g\u00e9s, l\u2019entretien des voies lentes, le mara\u00eechage ou encore la viticulture alors qu\u2019en for\u00eat il n\u2019est pas promu \u00e0 sa juste valeur, toujours consid\u00e9r\u00e9 comme sans int\u00e9r\u00eat et sans avenir \u00e9conomique. Le m\u00e9tier [&hellip;]<\/p>","protected":false},"featured_media":0,"template":"","categories":[50],"acf":[],"yoast_head":"<!-- This site is optimized with the Yoast SEO plugin v23.2 - https:\/\/yoast.com\/wordpress\/plugins\/seo\/ -->\n<title>Compl\u00e9mentarit\u00e9 du cheval de trait pour une gestion plus durable de la for\u00eat - For\u00eat.Nature<\/title>\n<meta name=\"robots\" content=\"index, follow, max-snippet:-1, max-image-preview:large, max-video-preview:-1\" \/>\n<link rel=\"canonical\" href=\"https:\/\/foretnature.be\/en\/resume-foret-mail\/complementarite-du-cheval-de-trait-pour-une-gestion-plus-durable-de-la-foret\/\" \/>\n<meta property=\"og:locale\" content=\"en_GB\" \/>\n<meta property=\"og:type\" content=\"article\" \/>\n<meta property=\"og:title\" content=\"Compl\u00e9mentarit\u00e9 du cheval de trait pour une gestion plus durable de la for\u00eat - For\u00eat.Nature\" \/>\n<meta property=\"og:description\" content=\"Le cheval de trait est \u00e0 nouveau utilis\u00e9 dans diff\u00e9rents secteurs tels que le ramassage des d\u00e9chets, la gestion des milieux naturels prot\u00e9g\u00e9s, l\u2019entretien des voies lentes, le mara\u00eechage ou encore la viticulture alors qu\u2019en for\u00eat il n\u2019est pas promu \u00e0 sa juste valeur, toujours consid\u00e9r\u00e9 comme sans int\u00e9r\u00eat et sans avenir \u00e9conomique. Le m\u00e9tier [&hellip;]\" \/>\n<meta property=\"og:url\" content=\"https:\/\/foretnature.be\/en\/resume-foret-mail\/complementarite-du-cheval-de-trait-pour-une-gestion-plus-durable-de-la-foret\/\" \/>\n<meta property=\"og:site_name\" content=\"For\u00eat.Nature\" \/>\n<meta name=\"twitter:card\" content=\"summary_large_image\" \/>\n<meta name=\"twitter:label1\" content=\"Estimated reading time\" \/>\n\t<meta name=\"twitter:data1\" content=\"2 minutes\" \/>\n<script type=\"application\/ld+json\" class=\"yoast-schema-graph\">{\"@context\":\"https:\/\/schema.org\",\"@graph\":[{\"@type\":\"WebPage\",\"@id\":\"https:\/\/foretnature.be\/resume-foret-mail\/complementarite-du-cheval-de-trait-pour-une-gestion-plus-durable-de-la-foret\/\",\"url\":\"https:\/\/foretnature.be\/resume-foret-mail\/complementarite-du-cheval-de-trait-pour-une-gestion-plus-durable-de-la-foret\/\",\"name\":\"Compl\u00e9mentarit\u00e9 du cheval de trait pour une gestion plus durable de la for\u00eat - For\u00eat.Nature\",\"isPartOf\":{\"@id\":\"https:\/\/foretnature.be\/en\/#website\"},\"datePublished\":\"2022-05-19T08:31:44+00:00\",\"dateModified\":\"2022-05-19T08:31:44+00:00\",\"breadcrumb\":{\"@id\":\"https:\/\/foretnature.be\/resume-foret-mail\/complementarite-du-cheval-de-trait-pour-une-gestion-plus-durable-de-la-foret\/#breadcrumb\"},\"inLanguage\":\"en-GB\",\"potentialAction\":[{\"@type\":\"ReadAction\",\"target\":[\"https:\/\/foretnature.be\/resume-foret-mail\/complementarite-du-cheval-de-trait-pour-une-gestion-plus-durable-de-la-foret\/\"]}]},{\"@type\":\"BreadcrumbList\",\"@id\":\"https:\/\/foretnature.be\/resume-foret-mail\/complementarite-du-cheval-de-trait-pour-une-gestion-plus-durable-de-la-foret\/#breadcrumb\",\"itemListElement\":[{\"@type\":\"ListItem\",\"position\":1,\"name\":\"Home\",\"item\":\"https:\/\/foretnature.be\/en\/\"},{\"@type\":\"ListItem\",\"position\":2,\"name\":\"Compl\u00e9mentarit\u00e9 du cheval de trait pour une gestion plus durable de la for\u00eat\"}]},{\"@type\":\"WebSite\",\"@id\":\"https:\/\/foretnature.be\/en\/#website\",\"url\":\"https:\/\/foretnature.be\/en\/\",\"name\":\"For\u00eat.Nature\",\"description\":\"Une \u00e9quipe technique au service de la for\u00eat\",\"publisher\":{\"@id\":\"https:\/\/foretnature.be\/en\/#organization\"},\"potentialAction\":[{\"@type\":\"SearchAction\",\"target\":{\"@type\":\"EntryPoint\",\"urlTemplate\":\"https:\/\/foretnature.be\/en\/?s={search_term_string}\"},\"query-input\":\"required name=search_term_string\"}],\"inLanguage\":\"en-GB\"},{\"@type\":\"Organization\",\"@id\":\"https:\/\/foretnature.be\/en\/#organization\",\"name\":\"For\u00eat.Nature\",\"url\":\"https:\/\/foretnature.be\/en\/\",\"logo\":{\"@type\":\"ImageObject\",\"inLanguage\":\"en-GB\",\"@id\":\"https:\/\/foretnature.be\/en\/#\/schema\/logo\/image\/\",\"url\":\"https:\/\/foretnature.be\/wp-content\/uploads\/2021\/01\/logoFOblanc.png\",\"contentUrl\":\"https:\/\/foretnature.be\/wp-content\/uploads\/2021\/01\/logoFOblanc.png\",\"width\":300,\"height\":151,\"caption\":\"For\u00eat.Nature\"},\"image\":{\"@id\":\"https:\/\/foretnature.be\/en\/#\/schema\/logo\/image\/\"}}]}<\/script>\n<!-- \/ Yoast SEO plugin. -->","yoast_head_json":{"title":"Compl\u00e9mentarit\u00e9 du cheval de trait pour une gestion plus durable de la for\u00eat - For\u00eat.Nature","robots":{"index":"index","follow":"follow","max-snippet":"max-snippet:-1","max-image-preview":"max-image-preview:large","max-video-preview":"max-video-preview:-1"},"canonical":"https:\/\/foretnature.be\/en\/resume-foret-mail\/complementarite-du-cheval-de-trait-pour-une-gestion-plus-durable-de-la-foret\/","og_locale":"en_GB","og_type":"article","og_title":"Compl\u00e9mentarit\u00e9 du cheval de trait pour une gestion plus durable de la for\u00eat - For\u00eat.Nature","og_description":"Le cheval de trait est \u00e0 nouveau utilis\u00e9 dans diff\u00e9rents secteurs tels que le ramassage des d\u00e9chets, la gestion des milieux naturels prot\u00e9g\u00e9s, l\u2019entretien des voies lentes, le mara\u00eechage ou encore la viticulture alors qu\u2019en for\u00eat il n\u2019est pas promu \u00e0 sa juste valeur, toujours consid\u00e9r\u00e9 comme sans int\u00e9r\u00eat et sans avenir \u00e9conomique. Le m\u00e9tier [&hellip;]","og_url":"https:\/\/foretnature.be\/en\/resume-foret-mail\/complementarite-du-cheval-de-trait-pour-une-gestion-plus-durable-de-la-foret\/","og_site_name":"For\u00eat.Nature","twitter_card":"summary_large_image","twitter_misc":{"Estimated reading time":"2 minutes"},"schema":{"@context":"https:\/\/schema.org","@graph":[{"@type":"WebPage","@id":"https:\/\/foretnature.be\/resume-foret-mail\/complementarite-du-cheval-de-trait-pour-une-gestion-plus-durable-de-la-foret\/","url":"https:\/\/foretnature.be\/resume-foret-mail\/complementarite-du-cheval-de-trait-pour-une-gestion-plus-durable-de-la-foret\/","name":"Compl\u00e9mentarit\u00e9 du cheval de trait pour une gestion plus durable de la for\u00eat - For\u00eat.Nature","isPartOf":{"@id":"https:\/\/foretnature.be\/en\/#website"},"datePublished":"2022-05-19T08:31:44+00:00","dateModified":"2022-05-19T08:31:44+00:00","breadcrumb":{"@id":"https:\/\/foretnature.be\/resume-foret-mail\/complementarite-du-cheval-de-trait-pour-une-gestion-plus-durable-de-la-foret\/#breadcrumb"},"inLanguage":"en-GB","potentialAction":[{"@type":"ReadAction","target":["https:\/\/foretnature.be\/resume-foret-mail\/complementarite-du-cheval-de-trait-pour-une-gestion-plus-durable-de-la-foret\/"]}]},{"@type":"BreadcrumbList","@id":"https:\/\/foretnature.be\/resume-foret-mail\/complementarite-du-cheval-de-trait-pour-une-gestion-plus-durable-de-la-foret\/#breadcrumb","itemListElement":[{"@type":"ListItem","position":1,"name":"Home","item":"https:\/\/foretnature.be\/en\/"},{"@type":"ListItem","position":2,"name":"Compl\u00e9mentarit\u00e9 du cheval de trait pour une gestion plus durable de la for\u00eat"}]},{"@type":"WebSite","@id":"https:\/\/foretnature.be\/en\/#website","url":"https:\/\/foretnature.be\/en\/","name":"For\u00eat.Nature","description":"Une \u00e9quipe technique au service de la for\u00eat","publisher":{"@id":"https:\/\/foretnature.be\/en\/#organization"},"potentialAction":[{"@type":"SearchAction","target":{"@type":"EntryPoint","urlTemplate":"https:\/\/foretnature.be\/en\/?s={search_term_string}"},"query-input":"required name=search_term_string"}],"inLanguage":"en-GB"},{"@type":"Organization","@id":"https:\/\/foretnature.be\/en\/#organization","name":"For\u00eat.Nature","url":"https:\/\/foretnature.be\/en\/","logo":{"@type":"ImageObject","inLanguage":"en-GB","@id":"https:\/\/foretnature.be\/en\/#\/schema\/logo\/image\/","url":"https:\/\/foretnature.be\/wp-content\/uploads\/2021\/01\/logoFOblanc.png","contentUrl":"https:\/\/foretnature.be\/wp-content\/uploads\/2021\/01\/logoFOblanc.png","width":300,"height":151,"caption":"For\u00eat.Nature"},"image":{"@id":"https:\/\/foretnature.be\/en\/#\/schema\/logo\/image\/"}}]}},"_links":{"self":[{"href":"https:\/\/foretnature.be\/en\/wp-json\/wp\/v2\/resume-foret-mail\/35610"}],"collection":[{"href":"https:\/\/foretnature.be\/en\/wp-json\/wp\/v2\/resume-foret-mail"}],"about":[{"href":"https:\/\/foretnature.be\/en\/wp-json\/wp\/v2\/types\/resume-foret-mail"}],"version-history":[{"count":1,"href":"https:\/\/foretnature.be\/en\/wp-json\/wp\/v2\/resume-foret-mail\/35610\/revisions"}],"predecessor-version":[{"id":35611,"href":"https:\/\/foretnature.be\/en\/wp-json\/wp\/v2\/resume-foret-mail\/35610\/revisions\/35611"}],"wp:attachment":[{"href":"https:\/\/foretnature.be\/en\/wp-json\/wp\/v2\/media?parent=35610"}],"wp:term":[{"taxonomy":"category","embeddable":true,"href":"https:\/\/foretnature.be\/en\/wp-json\/wp\/v2\/categories?post=35610"}],"curies":[{"name":"wp","href":"https:\/\/api.w.org\/{rel}","templated":true}]}}