{"id":35606,"date":"2022-05-19T10:23:56","date_gmt":"2022-05-19T08:23:56","guid":{"rendered":"https:\/\/foretnature.be\/?post_type=resume-foret-mail&#038;p=35606"},"modified":"2022-05-19T10:23:56","modified_gmt":"2022-05-19T08:23:56","slug":"la-sylviculture-intensive-reduit-la-resilience-des-foret","status":"publish","type":"resume-foret-mail","link":"https:\/\/foretnature.be\/en\/resume-foret-mail\/la-sylviculture-intensive-reduit-la-resilience-des-foret\/","title":{"rendered":"La sylviculture intensive r\u00e9duit la r\u00e9silience des for\u00eat\u200b\u200b\u200b"},"content":{"rendered":"<p>Les cons\u00e9quences n\u00e9fastes d\u2019une gestion intensive des \u00e9cosyst\u00e8mes pour la biodiversit\u00e9 et les services \u00e9cosyst\u00e9miques sont largement document\u00e9es. Mais ces cons\u00e9quences sont-elles r\u00e9versibles si le mode de gestion change ? Quelle est la r\u00e9silience des \u00e9cosyst\u00e8mes (c\u2019est-\u00e0-dire leur capacit\u00e9 \u00e0 retrouver leur \u00e9tat de fonctionnement initial) en termes de multifonctionnalit\u00e9 ? La pr\u00e9sente \u00e9tude a tent\u00e9 de r\u00e9pondre \u00e0 cette question pour les for\u00eats bor\u00e9ales en utilisant le concept de r\u00e9silience. Au moyen de simulations, les chercheurs ont \u00e0 la fois \u00e9valu\u00e9 le fonctionnement des services \u00e9cosyst\u00e9miques dans le cas d\u2019une gestion focalis\u00e9e uniquement sur la production et leur capacit\u00e9 \u00e0 retrouver leur niveau initial en cas de transition vers une gestion multifonctionnelle.<\/p>\n<p>Les r\u00e9sultats montrent que la sylviculture intensive diminue fortement la multifonctionnalit\u00e9 et que, plus la gestion intensive a \u00e9t\u00e9 pratiqu\u00e9e pendant une longue p\u00e9riode, plus la for\u00eat aura besoin de temps pour r\u00e9cup\u00e9rer. La sylviculture intensive ne r\u00e9duit donc pas uniquement la capacit\u00e9 des for\u00eats \u00e0 fournir les services \u00e9cosyst\u00e9miques, mais r\u00e9duit \u00e9galement leur r\u00e9silience. Ces r\u00e9sultats plaident donc pour un ajustement des pratiques de gestion d\u00e8s aujourd\u2019hui pour r\u00e9pondre aux objectifs de durabilit\u00e9 sur le long terme.<\/p>","protected":false},"excerpt":{"rendered":"<p>Les cons\u00e9quences n\u00e9fastes d\u2019une gestion intensive des \u00e9cosyst\u00e8mes pour la biodiversit\u00e9 et les services \u00e9cosyst\u00e9miques sont largement document\u00e9es. Mais ces cons\u00e9quences sont-elles r\u00e9versibles si le mode de gestion change ? Quelle est la r\u00e9silience des \u00e9cosyst\u00e8mes (c\u2019est-\u00e0-dire leur capacit\u00e9 \u00e0 retrouver leur \u00e9tat de fonctionnement initial) en termes de multifonctionnalit\u00e9 ? La pr\u00e9sente \u00e9tude a [&hellip;]<\/p>","protected":false},"featured_media":0,"template":"","categories":[50],"acf":[],"yoast_head":"<!-- This site is optimized with the Yoast SEO plugin v23.2 - https:\/\/yoast.com\/wordpress\/plugins\/seo\/ -->\n<title>La sylviculture intensive r\u00e9duit la r\u00e9silience des for\u00eat\u200b\u200b\u200b - For\u00eat.Nature<\/title>\n<meta name=\"robots\" content=\"index, follow, max-snippet:-1, max-image-preview:large, max-video-preview:-1\" \/>\n<link rel=\"canonical\" href=\"https:\/\/foretnature.be\/en\/resume-foret-mail\/la-sylviculture-intensive-reduit-la-resilience-des-foret\/\" \/>\n<meta property=\"og:locale\" content=\"en_GB\" \/>\n<meta property=\"og:type\" content=\"article\" \/>\n<meta property=\"og:title\" content=\"La sylviculture intensive r\u00e9duit la r\u00e9silience des for\u00eat\u200b\u200b\u200b - For\u00eat.Nature\" \/>\n<meta property=\"og:description\" content=\"Les cons\u00e9quences n\u00e9fastes d\u2019une gestion intensive des \u00e9cosyst\u00e8mes pour la biodiversit\u00e9 et les services \u00e9cosyst\u00e9miques sont largement document\u00e9es. Mais ces cons\u00e9quences sont-elles r\u00e9versibles si le mode de gestion change ? Quelle est la r\u00e9silience des \u00e9cosyst\u00e8mes (c\u2019est-\u00e0-dire leur capacit\u00e9 \u00e0 retrouver leur \u00e9tat de fonctionnement initial) en termes de multifonctionnalit\u00e9 ? La pr\u00e9sente \u00e9tude a [&hellip;]\" \/>\n<meta property=\"og:url\" content=\"https:\/\/foretnature.be\/en\/resume-foret-mail\/la-sylviculture-intensive-reduit-la-resilience-des-foret\/\" \/>\n<meta property=\"og:site_name\" content=\"For\u00eat.Nature\" \/>\n<meta name=\"twitter:card\" content=\"summary_large_image\" \/>\n<meta name=\"twitter:label1\" content=\"Estimated reading time\" \/>\n\t<meta name=\"twitter:data1\" content=\"1 minute\" \/>\n<script type=\"application\/ld+json\" class=\"yoast-schema-graph\">{\"@context\":\"https:\/\/schema.org\",\"@graph\":[{\"@type\":\"WebPage\",\"@id\":\"https:\/\/foretnature.be\/resume-foret-mail\/la-sylviculture-intensive-reduit-la-resilience-des-foret\/\",\"url\":\"https:\/\/foretnature.be\/resume-foret-mail\/la-sylviculture-intensive-reduit-la-resilience-des-foret\/\",\"name\":\"La sylviculture intensive r\u00e9duit la r\u00e9silience des for\u00eat\u200b\u200b\u200b - For\u00eat.Nature\",\"isPartOf\":{\"@id\":\"https:\/\/foretnature.be\/en\/#website\"},\"datePublished\":\"2022-05-19T08:23:56+00:00\",\"dateModified\":\"2022-05-19T08:23:56+00:00\",\"breadcrumb\":{\"@id\":\"https:\/\/foretnature.be\/resume-foret-mail\/la-sylviculture-intensive-reduit-la-resilience-des-foret\/#breadcrumb\"},\"inLanguage\":\"en-GB\",\"potentialAction\":[{\"@type\":\"ReadAction\",\"target\":[\"https:\/\/foretnature.be\/resume-foret-mail\/la-sylviculture-intensive-reduit-la-resilience-des-foret\/\"]}]},{\"@type\":\"BreadcrumbList\",\"@id\":\"https:\/\/foretnature.be\/resume-foret-mail\/la-sylviculture-intensive-reduit-la-resilience-des-foret\/#breadcrumb\",\"itemListElement\":[{\"@type\":\"ListItem\",\"position\":1,\"name\":\"Home\",\"item\":\"https:\/\/foretnature.be\/en\/\"},{\"@type\":\"ListItem\",\"position\":2,\"name\":\"La sylviculture intensive r\u00e9duit la r\u00e9silience des for\u00eat\u200b\u200b\u200b\"}]},{\"@type\":\"WebSite\",\"@id\":\"https:\/\/foretnature.be\/en\/#website\",\"url\":\"https:\/\/foretnature.be\/en\/\",\"name\":\"For\u00eat.Nature\",\"description\":\"Une \u00e9quipe technique au service de la for\u00eat\",\"publisher\":{\"@id\":\"https:\/\/foretnature.be\/en\/#organization\"},\"potentialAction\":[{\"@type\":\"SearchAction\",\"target\":{\"@type\":\"EntryPoint\",\"urlTemplate\":\"https:\/\/foretnature.be\/en\/?s={search_term_string}\"},\"query-input\":\"required name=search_term_string\"}],\"inLanguage\":\"en-GB\"},{\"@type\":\"Organization\",\"@id\":\"https:\/\/foretnature.be\/en\/#organization\",\"name\":\"For\u00eat.Nature\",\"url\":\"https:\/\/foretnature.be\/en\/\",\"logo\":{\"@type\":\"ImageObject\",\"inLanguage\":\"en-GB\",\"@id\":\"https:\/\/foretnature.be\/en\/#\/schema\/logo\/image\/\",\"url\":\"https:\/\/foretnature.be\/wp-content\/uploads\/2021\/01\/logoFOblanc.png\",\"contentUrl\":\"https:\/\/foretnature.be\/wp-content\/uploads\/2021\/01\/logoFOblanc.png\",\"width\":300,\"height\":151,\"caption\":\"For\u00eat.Nature\"},\"image\":{\"@id\":\"https:\/\/foretnature.be\/en\/#\/schema\/logo\/image\/\"}}]}<\/script>\n<!-- \/ Yoast SEO plugin. -->","yoast_head_json":{"title":"La sylviculture intensive r\u00e9duit la r\u00e9silience des for\u00eat\u200b\u200b\u200b - For\u00eat.Nature","robots":{"index":"index","follow":"follow","max-snippet":"max-snippet:-1","max-image-preview":"max-image-preview:large","max-video-preview":"max-video-preview:-1"},"canonical":"https:\/\/foretnature.be\/en\/resume-foret-mail\/la-sylviculture-intensive-reduit-la-resilience-des-foret\/","og_locale":"en_GB","og_type":"article","og_title":"La sylviculture intensive r\u00e9duit la r\u00e9silience des for\u00eat\u200b\u200b\u200b - For\u00eat.Nature","og_description":"Les cons\u00e9quences n\u00e9fastes d\u2019une gestion intensive des \u00e9cosyst\u00e8mes pour la biodiversit\u00e9 et les services \u00e9cosyst\u00e9miques sont largement document\u00e9es. Mais ces cons\u00e9quences sont-elles r\u00e9versibles si le mode de gestion change ? Quelle est la r\u00e9silience des \u00e9cosyst\u00e8mes (c\u2019est-\u00e0-dire leur capacit\u00e9 \u00e0 retrouver leur \u00e9tat de fonctionnement initial) en termes de multifonctionnalit\u00e9 ? La pr\u00e9sente \u00e9tude a [&hellip;]","og_url":"https:\/\/foretnature.be\/en\/resume-foret-mail\/la-sylviculture-intensive-reduit-la-resilience-des-foret\/","og_site_name":"For\u00eat.Nature","twitter_card":"summary_large_image","twitter_misc":{"Estimated reading time":"1 minute"},"schema":{"@context":"https:\/\/schema.org","@graph":[{"@type":"WebPage","@id":"https:\/\/foretnature.be\/resume-foret-mail\/la-sylviculture-intensive-reduit-la-resilience-des-foret\/","url":"https:\/\/foretnature.be\/resume-foret-mail\/la-sylviculture-intensive-reduit-la-resilience-des-foret\/","name":"La sylviculture intensive r\u00e9duit la r\u00e9silience des for\u00eat\u200b\u200b\u200b - For\u00eat.Nature","isPartOf":{"@id":"https:\/\/foretnature.be\/en\/#website"},"datePublished":"2022-05-19T08:23:56+00:00","dateModified":"2022-05-19T08:23:56+00:00","breadcrumb":{"@id":"https:\/\/foretnature.be\/resume-foret-mail\/la-sylviculture-intensive-reduit-la-resilience-des-foret\/#breadcrumb"},"inLanguage":"en-GB","potentialAction":[{"@type":"ReadAction","target":["https:\/\/foretnature.be\/resume-foret-mail\/la-sylviculture-intensive-reduit-la-resilience-des-foret\/"]}]},{"@type":"BreadcrumbList","@id":"https:\/\/foretnature.be\/resume-foret-mail\/la-sylviculture-intensive-reduit-la-resilience-des-foret\/#breadcrumb","itemListElement":[{"@type":"ListItem","position":1,"name":"Home","item":"https:\/\/foretnature.be\/en\/"},{"@type":"ListItem","position":2,"name":"La sylviculture intensive r\u00e9duit la r\u00e9silience des for\u00eat\u200b\u200b\u200b"}]},{"@type":"WebSite","@id":"https:\/\/foretnature.be\/en\/#website","url":"https:\/\/foretnature.be\/en\/","name":"For\u00eat.Nature","description":"Une \u00e9quipe technique au service de la for\u00eat","publisher":{"@id":"https:\/\/foretnature.be\/en\/#organization"},"potentialAction":[{"@type":"SearchAction","target":{"@type":"EntryPoint","urlTemplate":"https:\/\/foretnature.be\/en\/?s={search_term_string}"},"query-input":"required name=search_term_string"}],"inLanguage":"en-GB"},{"@type":"Organization","@id":"https:\/\/foretnature.be\/en\/#organization","name":"For\u00eat.Nature","url":"https:\/\/foretnature.be\/en\/","logo":{"@type":"ImageObject","inLanguage":"en-GB","@id":"https:\/\/foretnature.be\/en\/#\/schema\/logo\/image\/","url":"https:\/\/foretnature.be\/wp-content\/uploads\/2021\/01\/logoFOblanc.png","contentUrl":"https:\/\/foretnature.be\/wp-content\/uploads\/2021\/01\/logoFOblanc.png","width":300,"height":151,"caption":"For\u00eat.Nature"},"image":{"@id":"https:\/\/foretnature.be\/en\/#\/schema\/logo\/image\/"}}]}},"_links":{"self":[{"href":"https:\/\/foretnature.be\/en\/wp-json\/wp\/v2\/resume-foret-mail\/35606"}],"collection":[{"href":"https:\/\/foretnature.be\/en\/wp-json\/wp\/v2\/resume-foret-mail"}],"about":[{"href":"https:\/\/foretnature.be\/en\/wp-json\/wp\/v2\/types\/resume-foret-mail"}],"version-history":[{"count":1,"href":"https:\/\/foretnature.be\/en\/wp-json\/wp\/v2\/resume-foret-mail\/35606\/revisions"}],"predecessor-version":[{"id":35607,"href":"https:\/\/foretnature.be\/en\/wp-json\/wp\/v2\/resume-foret-mail\/35606\/revisions\/35607"}],"wp:attachment":[{"href":"https:\/\/foretnature.be\/en\/wp-json\/wp\/v2\/media?parent=35606"}],"wp:term":[{"taxonomy":"category","embeddable":true,"href":"https:\/\/foretnature.be\/en\/wp-json\/wp\/v2\/categories?post=35606"}],"curies":[{"name":"wp","href":"https:\/\/api.w.org\/{rel}","templated":true}]}}