{"id":34819,"date":"2021-09-15T11:25:23","date_gmt":"2021-09-15T09:25:23","guid":{"rendered":"https:\/\/foretnature.be\/?post_type=resume-foret-mail&#038;p=34819"},"modified":"2021-09-15T11:25:23","modified_gmt":"2021-09-15T09:25:23","slug":"la-sylviculture-par-et-pour-levolution-favoriser-ladaptation-des-forets-aux-changements-climatiques","status":"publish","type":"resume-foret-mail","link":"https:\/\/foretnature.be\/en\/resume-foret-mail\/la-sylviculture-par-et-pour-levolution-favoriser-ladaptation-des-forets-aux-changements-climatiques\/","title":{"rendered":"La sylviculture par et pour l&rsquo;\u00e9volution : favoriser l&rsquo;adaptation des for\u00eats aux changements climatiques"},"content":{"rendered":"<p class=\"text-build-content\" data-testid=\"rZidIaRuDf\">Pour perdurer, un \u00e9cosyst\u00e8me et tous les organismes qui le composent doivent s&rsquo;adapter aux conditions environnementales dans lesquelles ils \u00e9voluent. L&rsquo;adaptation des arbres aux conditions locales est primordiale car lorsqu&rsquo;elle manque, elle provoque des dysfonctionnements de l&rsquo;\u00e9cosyst\u00e8me : d\u00e9p\u00e9rissements, \u00e9checs de r\u00e9g\u00e9n\u00e9ration, ruptures des interactions entre arbres et esp\u00e8ces associ\u00e9es.<\/p>\n<p class=\"text-build-content\" data-testid=\"rZidIaRuDf\">Plusieurs exp\u00e9riences de plantation comparatives sur diff\u00e9rents sites ont permis de mod\u00e9liser la r\u00e9ponse des for\u00eats aux changements climatiques. Ces mod\u00e8les laissent entrevoir que ces changements de conditions entrainent un risque \u00e9lev\u00e9 de mauvaise adaptation des essences, au moins dans certaines zones de leur aire de r\u00e9partition. Pour que l&rsquo;\u00e9cosyst\u00e8me se maintienne, les for\u00eats devront rapidement s&rsquo;adapter, \u00e0 l&rsquo;\u00e9chelle d&rsquo;une ou deux g\u00e9n\u00e9rations d&rsquo;arbres, \u00e0 des \u00e9v\u00e9nements extr\u00eames toujours plus fr\u00e9quents et intenses. Les tendances des moyennes climatiques seront modifi\u00e9es \u00e9galement et d&rsquo;autres \u00e9v\u00e9nements comme l&rsquo;\u00e9mergence de pathog\u00e8nes imposeront des adaptations.<\/p>\n<p class=\"text-build-content\" data-testid=\"rZidIaRuDf\">Ces adaptations doivent se voir de fa\u00e7on dynamique, comme un ensemble de processus d&rsquo;\u00e9volution qui modifient les for\u00eats et leur permettent de s&rsquo;adapter aux nouvelles conditions. De ce point de vue, l&rsquo;adaptation g\u00e9n\u00e9tique peut \u00eatre rapide et contribuer au succ\u00e8s des esp\u00e8ces, y compris les arbres. La gestion foresti\u00e8re impacte cinq facteurs susceptibles de ralentir l&rsquo;adaptation :<br \/>\n\u2022 Manque de diversit\u00e9 g\u00e9n\u00e9tique.<br \/>\n\u2022 \u00c9limination d&rsquo;individus autrement que par la s\u00e9lection naturelle.<br \/>\n\u2022 R\u00e9duction du nombre de reproducteurs, accompagn\u00e9e d&rsquo;une d\u00e9rive g\u00e9n\u00e9tique al\u00e9atoire, ce qui freine la r\u00e9ponse \u00e0 la s\u00e9lection naturelle et \u00e9rode la diversit\u00e9 g\u00e9n\u00e9tique.<br \/>\n\u2022 Apports de flux de g\u00e8nes massifs venant de g\u00e9notypes mal adapt\u00e9s aux conditions locales.<br \/>\n\u2022 Faible mortalit\u00e9, ce qui emp\u00eache la s\u00e9lection naturelle d&rsquo;effectuer son \u0153uvre.<\/p>\n<p class=\"text-build-content\" data-testid=\"rZidIaRuDf\">Diff\u00e9rents niveaux de diversit\u00e9 d\u00e9terminent l&rsquo;adaptation et il n&rsquo;est pas simple d&rsquo;identifier les facteurs limitants. Chaque environnement ne peut se r\u00e9duire \u00e0 un param\u00e8tre : l&rsquo;altitude combine par exemple temp\u00e9rature, pr\u00e9cipitations, sol, etc. De la m\u00eame mani\u00e8re, une r\u00e9ponse, par exemple la survie face \u00e0 un stress, peut \u00eatre obtenue gr\u00e2ce \u00e0 diff\u00e9rentes combinaisons de caract\u00e9ristiques fonctionnelles. Et enfin, chacune des caract\u00e9ristiques fonctionnelles peut \u00eatre obtenue via diff\u00e9rents g\u00e9notypes ! Il est donc difficile d&rsquo;attribuer une valeur adaptative \u00e0 chaque type de caract\u00e8re physiologique ou chaque variant d&rsquo;un g\u00e8ne. Cette complexit\u00e9 est une chance pour l&rsquo;adaptation des for\u00eats car c&rsquo;est l&rsquo;opportunit\u00e9 d&rsquo;une certaine flexibilit\u00e9 et cela signifie qu&rsquo;il existe plusieurs voies biologiques pour atteindre une solution \u00e9cologique.<\/p>","protected":false},"excerpt":{"rendered":"<p>Pour perdurer, un \u00e9cosyst\u00e8me et tous les organismes qui le composent doivent s&rsquo;adapter aux conditions environnementales dans lesquelles ils \u00e9voluent. L&rsquo;adaptation des arbres aux conditions locales est primordiale car lorsqu&rsquo;elle manque, elle provoque des dysfonctionnements de l&rsquo;\u00e9cosyst\u00e8me : d\u00e9p\u00e9rissements, \u00e9checs de r\u00e9g\u00e9n\u00e9ration, ruptures des interactions entre arbres et esp\u00e8ces associ\u00e9es. Plusieurs exp\u00e9riences de plantation comparatives [&hellip;]<\/p>","protected":false},"featured_media":0,"template":"","categories":[50],"acf":[],"yoast_head":"<!-- This site is optimized with the Yoast SEO plugin v23.2 - https:\/\/yoast.com\/wordpress\/plugins\/seo\/ -->\n<title>La sylviculture par et pour l&#039;\u00e9volution : favoriser l&#039;adaptation des for\u00eats aux changements climatiques - For\u00eat.Nature<\/title>\n<meta name=\"robots\" content=\"index, follow, max-snippet:-1, max-image-preview:large, max-video-preview:-1\" \/>\n<link rel=\"canonical\" href=\"https:\/\/foretnature.be\/en\/resume-foret-mail\/la-sylviculture-par-et-pour-levolution-favoriser-ladaptation-des-forets-aux-changements-climatiques\/\" \/>\n<meta property=\"og:locale\" content=\"en_GB\" \/>\n<meta property=\"og:type\" content=\"article\" \/>\n<meta property=\"og:title\" content=\"La sylviculture par et pour l&#039;\u00e9volution : favoriser l&#039;adaptation des for\u00eats aux changements climatiques - For\u00eat.Nature\" \/>\n<meta property=\"og:description\" content=\"Pour perdurer, un \u00e9cosyst\u00e8me et tous les organismes qui le composent doivent s&rsquo;adapter aux conditions environnementales dans lesquelles ils \u00e9voluent. L&rsquo;adaptation des arbres aux conditions locales est primordiale car lorsqu&rsquo;elle manque, elle provoque des dysfonctionnements de l&rsquo;\u00e9cosyst\u00e8me : d\u00e9p\u00e9rissements, \u00e9checs de r\u00e9g\u00e9n\u00e9ration, ruptures des interactions entre arbres et esp\u00e8ces associ\u00e9es. Plusieurs exp\u00e9riences de plantation comparatives [&hellip;]\" \/>\n<meta property=\"og:url\" content=\"https:\/\/foretnature.be\/en\/resume-foret-mail\/la-sylviculture-par-et-pour-levolution-favoriser-ladaptation-des-forets-aux-changements-climatiques\/\" \/>\n<meta property=\"og:site_name\" content=\"For\u00eat.Nature\" \/>\n<meta name=\"twitter:card\" content=\"summary_large_image\" \/>\n<meta name=\"twitter:label1\" content=\"Estimated reading time\" \/>\n\t<meta name=\"twitter:data1\" content=\"2 minutes\" \/>\n<script type=\"application\/ld+json\" class=\"yoast-schema-graph\">{\"@context\":\"https:\/\/schema.org\",\"@graph\":[{\"@type\":\"WebPage\",\"@id\":\"https:\/\/foretnature.be\/en\/resume-foret-mail\/la-sylviculture-par-et-pour-levolution-favoriser-ladaptation-des-forets-aux-changements-climatiques\/\",\"url\":\"https:\/\/foretnature.be\/en\/resume-foret-mail\/la-sylviculture-par-et-pour-levolution-favoriser-ladaptation-des-forets-aux-changements-climatiques\/\",\"name\":\"La sylviculture par et pour l'\u00e9volution : favoriser l'adaptation des for\u00eats aux changements climatiques - For\u00eat.Nature\",\"isPartOf\":{\"@id\":\"https:\/\/foretnature.be\/en\/#website\"},\"datePublished\":\"2021-09-15T09:25:23+00:00\",\"dateModified\":\"2021-09-15T09:25:23+00:00\",\"breadcrumb\":{\"@id\":\"https:\/\/foretnature.be\/en\/resume-foret-mail\/la-sylviculture-par-et-pour-levolution-favoriser-ladaptation-des-forets-aux-changements-climatiques\/#breadcrumb\"},\"inLanguage\":\"en-GB\",\"potentialAction\":[{\"@type\":\"ReadAction\",\"target\":[\"https:\/\/foretnature.be\/en\/resume-foret-mail\/la-sylviculture-par-et-pour-levolution-favoriser-ladaptation-des-forets-aux-changements-climatiques\/\"]}]},{\"@type\":\"BreadcrumbList\",\"@id\":\"https:\/\/foretnature.be\/en\/resume-foret-mail\/la-sylviculture-par-et-pour-levolution-favoriser-ladaptation-des-forets-aux-changements-climatiques\/#breadcrumb\",\"itemListElement\":[{\"@type\":\"ListItem\",\"position\":1,\"name\":\"Home\",\"item\":\"https:\/\/foretnature.be\/en\/\"},{\"@type\":\"ListItem\",\"position\":2,\"name\":\"La sylviculture par et pour l&rsquo;\u00e9volution : favoriser l&rsquo;adaptation des for\u00eats aux changements climatiques\"}]},{\"@type\":\"WebSite\",\"@id\":\"https:\/\/foretnature.be\/en\/#website\",\"url\":\"https:\/\/foretnature.be\/en\/\",\"name\":\"For\u00eat.Nature\",\"description\":\"Une \u00e9quipe technique au service de la for\u00eat\",\"publisher\":{\"@id\":\"https:\/\/foretnature.be\/en\/#organization\"},\"potentialAction\":[{\"@type\":\"SearchAction\",\"target\":{\"@type\":\"EntryPoint\",\"urlTemplate\":\"https:\/\/foretnature.be\/en\/?s={search_term_string}\"},\"query-input\":\"required name=search_term_string\"}],\"inLanguage\":\"en-GB\"},{\"@type\":\"Organization\",\"@id\":\"https:\/\/foretnature.be\/en\/#organization\",\"name\":\"For\u00eat.Nature\",\"url\":\"https:\/\/foretnature.be\/en\/\",\"logo\":{\"@type\":\"ImageObject\",\"inLanguage\":\"en-GB\",\"@id\":\"https:\/\/foretnature.be\/en\/#\/schema\/logo\/image\/\",\"url\":\"https:\/\/foretnature.be\/wp-content\/uploads\/2021\/01\/logoFOblanc.png\",\"contentUrl\":\"https:\/\/foretnature.be\/wp-content\/uploads\/2021\/01\/logoFOblanc.png\",\"width\":300,\"height\":151,\"caption\":\"For\u00eat.Nature\"},\"image\":{\"@id\":\"https:\/\/foretnature.be\/en\/#\/schema\/logo\/image\/\"}}]}<\/script>\n<!-- \/ Yoast SEO plugin. -->","yoast_head_json":{"title":"La sylviculture par et pour l'\u00e9volution : favoriser l'adaptation des for\u00eats aux changements climatiques - For\u00eat.Nature","robots":{"index":"index","follow":"follow","max-snippet":"max-snippet:-1","max-image-preview":"max-image-preview:large","max-video-preview":"max-video-preview:-1"},"canonical":"https:\/\/foretnature.be\/en\/resume-foret-mail\/la-sylviculture-par-et-pour-levolution-favoriser-ladaptation-des-forets-aux-changements-climatiques\/","og_locale":"en_GB","og_type":"article","og_title":"La sylviculture par et pour l'\u00e9volution : favoriser l'adaptation des for\u00eats aux changements climatiques - For\u00eat.Nature","og_description":"Pour perdurer, un \u00e9cosyst\u00e8me et tous les organismes qui le composent doivent s&rsquo;adapter aux conditions environnementales dans lesquelles ils \u00e9voluent. L&rsquo;adaptation des arbres aux conditions locales est primordiale car lorsqu&rsquo;elle manque, elle provoque des dysfonctionnements de l&rsquo;\u00e9cosyst\u00e8me : d\u00e9p\u00e9rissements, \u00e9checs de r\u00e9g\u00e9n\u00e9ration, ruptures des interactions entre arbres et esp\u00e8ces associ\u00e9es. Plusieurs exp\u00e9riences de plantation comparatives [&hellip;]","og_url":"https:\/\/foretnature.be\/en\/resume-foret-mail\/la-sylviculture-par-et-pour-levolution-favoriser-ladaptation-des-forets-aux-changements-climatiques\/","og_site_name":"For\u00eat.Nature","twitter_card":"summary_large_image","twitter_misc":{"Estimated reading time":"2 minutes"},"schema":{"@context":"https:\/\/schema.org","@graph":[{"@type":"WebPage","@id":"https:\/\/foretnature.be\/en\/resume-foret-mail\/la-sylviculture-par-et-pour-levolution-favoriser-ladaptation-des-forets-aux-changements-climatiques\/","url":"https:\/\/foretnature.be\/en\/resume-foret-mail\/la-sylviculture-par-et-pour-levolution-favoriser-ladaptation-des-forets-aux-changements-climatiques\/","name":"La sylviculture par et pour l'\u00e9volution : favoriser l'adaptation des for\u00eats aux changements climatiques - For\u00eat.Nature","isPartOf":{"@id":"https:\/\/foretnature.be\/en\/#website"},"datePublished":"2021-09-15T09:25:23+00:00","dateModified":"2021-09-15T09:25:23+00:00","breadcrumb":{"@id":"https:\/\/foretnature.be\/en\/resume-foret-mail\/la-sylviculture-par-et-pour-levolution-favoriser-ladaptation-des-forets-aux-changements-climatiques\/#breadcrumb"},"inLanguage":"en-GB","potentialAction":[{"@type":"ReadAction","target":["https:\/\/foretnature.be\/en\/resume-foret-mail\/la-sylviculture-par-et-pour-levolution-favoriser-ladaptation-des-forets-aux-changements-climatiques\/"]}]},{"@type":"BreadcrumbList","@id":"https:\/\/foretnature.be\/en\/resume-foret-mail\/la-sylviculture-par-et-pour-levolution-favoriser-ladaptation-des-forets-aux-changements-climatiques\/#breadcrumb","itemListElement":[{"@type":"ListItem","position":1,"name":"Home","item":"https:\/\/foretnature.be\/en\/"},{"@type":"ListItem","position":2,"name":"La sylviculture par et pour l&rsquo;\u00e9volution : favoriser l&rsquo;adaptation des for\u00eats aux changements climatiques"}]},{"@type":"WebSite","@id":"https:\/\/foretnature.be\/en\/#website","url":"https:\/\/foretnature.be\/en\/","name":"For\u00eat.Nature","description":"Une \u00e9quipe technique au service de la for\u00eat","publisher":{"@id":"https:\/\/foretnature.be\/en\/#organization"},"potentialAction":[{"@type":"SearchAction","target":{"@type":"EntryPoint","urlTemplate":"https:\/\/foretnature.be\/en\/?s={search_term_string}"},"query-input":"required name=search_term_string"}],"inLanguage":"en-GB"},{"@type":"Organization","@id":"https:\/\/foretnature.be\/en\/#organization","name":"For\u00eat.Nature","url":"https:\/\/foretnature.be\/en\/","logo":{"@type":"ImageObject","inLanguage":"en-GB","@id":"https:\/\/foretnature.be\/en\/#\/schema\/logo\/image\/","url":"https:\/\/foretnature.be\/wp-content\/uploads\/2021\/01\/logoFOblanc.png","contentUrl":"https:\/\/foretnature.be\/wp-content\/uploads\/2021\/01\/logoFOblanc.png","width":300,"height":151,"caption":"For\u00eat.Nature"},"image":{"@id":"https:\/\/foretnature.be\/en\/#\/schema\/logo\/image\/"}}]}},"_links":{"self":[{"href":"https:\/\/foretnature.be\/en\/wp-json\/wp\/v2\/resume-foret-mail\/34819"}],"collection":[{"href":"https:\/\/foretnature.be\/en\/wp-json\/wp\/v2\/resume-foret-mail"}],"about":[{"href":"https:\/\/foretnature.be\/en\/wp-json\/wp\/v2\/types\/resume-foret-mail"}],"version-history":[{"count":1,"href":"https:\/\/foretnature.be\/en\/wp-json\/wp\/v2\/resume-foret-mail\/34819\/revisions"}],"predecessor-version":[{"id":34820,"href":"https:\/\/foretnature.be\/en\/wp-json\/wp\/v2\/resume-foret-mail\/34819\/revisions\/34820"}],"wp:attachment":[{"href":"https:\/\/foretnature.be\/en\/wp-json\/wp\/v2\/media?parent=34819"}],"wp:term":[{"taxonomy":"category","embeddable":true,"href":"https:\/\/foretnature.be\/en\/wp-json\/wp\/v2\/categories?post=34819"}],"curies":[{"name":"wp","href":"https:\/\/api.w.org\/{rel}","templated":true}]}}