{"id":34593,"date":"2021-09-10T11:46:06","date_gmt":"2021-09-10T09:46:06","guid":{"rendered":"https:\/\/foretnature.be\/resume-foret-mail\/le-drone-allie-ou-menace\/"},"modified":"2021-09-10T11:46:06","modified_gmt":"2021-09-10T09:46:06","slug":"le-drone-allie-ou-menace","status":"publish","type":"resume-foret-mail","link":"https:\/\/foretnature.be\/en\/resume-foret-mail\/le-drone-allie-ou-menace\/","title":{"rendered":"Le drone, alli\u00e9 ou menace ?"},"content":{"rendered":"<p>Le drone est de plus en plus pr\u00e9sent dans notre soci\u00e9t\u00e9. Si certains le consid\u00e8rent comme une menace, d\u2019autres y voient un potentiel \u00e9norme pour l\u2019\u00e9tude de la faune.<br \/>\nL\u2019Office fran\u00e7ais de la biodiversit\u00e9 a lanc\u00e9 des essais afin de comparer la r\u00e9alisation des comptages d\u2019oiseaux \u00e0 pied ou avec un drone. Et le drone rafle tous les prix : temps, nombre de personnes n\u00e9cessaires, superficie couverte, respect de la faune, etc. On peut aussi souligner que le drone permet d\u2019acc\u00e9der \u00e0 des zones habituellement difficiles pour les pi\u00e9tons. Seule la m\u00e9t\u00e9o et l\u2019autonomie repr\u00e9sentent une contrainte importante pour son utilisation.<br \/>\nLa technologie va permettre de repousser encore plus loin les barri\u00e8res techniques et l\u2019efficacit\u00e9 des drones pour le comptage de la faune (cam\u00e9ra thermique). En parall\u00e8le, il est primordial que la r\u00e9glementation suive cette \u00e9volution pour toujours ma\u00eetriser l\u2019invasion de ces appareils dans notre soci\u00e9t\u00e9 et l\u2019impact potentiel sur la faune.<br \/>\nMussier F. (2020). Le drone : gadget ou nouvel outil de recherche ? Faune sauvage 325.<\/p>","protected":false},"excerpt":{"rendered":"<p>Le drone est de plus en plus pr\u00e9sent dans notre soci\u00e9t\u00e9. Si certains le consid\u00e8rent comme une menace, d\u2019autres y voient un potentiel \u00e9norme pour l\u2019\u00e9tude de la faune. L\u2019Office fran\u00e7ais de la biodiversit\u00e9 a lanc\u00e9 des essais afin de comparer la r\u00e9alisation des comptages d\u2019oiseaux \u00e0 pied ou avec un drone. Et le drone [&hellip;]<\/p>","protected":false},"featured_media":0,"template":"","categories":[50],"acf":[],"yoast_head":"<!-- This site is optimized with the Yoast SEO plugin v23.2 - https:\/\/yoast.com\/wordpress\/plugins\/seo\/ -->\n<title>Le drone, alli\u00e9 ou menace ? - For\u00eat.Nature<\/title>\n<meta name=\"robots\" content=\"index, follow, max-snippet:-1, max-image-preview:large, max-video-preview:-1\" \/>\n<link rel=\"canonical\" href=\"https:\/\/foretnature.be\/en\/resume-foret-mail\/le-drone-allie-ou-menace\/\" \/>\n<meta property=\"og:locale\" content=\"en_GB\" \/>\n<meta property=\"og:type\" content=\"article\" \/>\n<meta property=\"og:title\" content=\"Le drone, alli\u00e9 ou menace ? - For\u00eat.Nature\" \/>\n<meta property=\"og:description\" content=\"Le drone est de plus en plus pr\u00e9sent dans notre soci\u00e9t\u00e9. Si certains le consid\u00e8rent comme une menace, d\u2019autres y voient un potentiel \u00e9norme pour l\u2019\u00e9tude de la faune. L\u2019Office fran\u00e7ais de la biodiversit\u00e9 a lanc\u00e9 des essais afin de comparer la r\u00e9alisation des comptages d\u2019oiseaux \u00e0 pied ou avec un drone. Et le drone [&hellip;]\" \/>\n<meta property=\"og:url\" content=\"https:\/\/foretnature.be\/en\/resume-foret-mail\/le-drone-allie-ou-menace\/\" \/>\n<meta property=\"og:site_name\" content=\"For\u00eat.Nature\" \/>\n<meta name=\"twitter:card\" content=\"summary_large_image\" \/>\n<meta name=\"twitter:label1\" content=\"Estimated reading time\" \/>\n\t<meta name=\"twitter:data1\" content=\"1 minute\" \/>\n<script type=\"application\/ld+json\" class=\"yoast-schema-graph\">{\"@context\":\"https:\/\/schema.org\",\"@graph\":[{\"@type\":\"WebPage\",\"@id\":\"https:\/\/foretnature.be\/resume-foret-mail\/le-drone-allie-ou-menace\/\",\"url\":\"https:\/\/foretnature.be\/resume-foret-mail\/le-drone-allie-ou-menace\/\",\"name\":\"Le drone, alli\u00e9 ou menace ? - For\u00eat.Nature\",\"isPartOf\":{\"@id\":\"https:\/\/foretnature.be\/#website\"},\"datePublished\":\"2021-09-10T09:46:06+00:00\",\"dateModified\":\"2021-09-10T09:46:06+00:00\",\"breadcrumb\":{\"@id\":\"https:\/\/foretnature.be\/resume-foret-mail\/le-drone-allie-ou-menace\/#breadcrumb\"},\"inLanguage\":\"en-GB\",\"potentialAction\":[{\"@type\":\"ReadAction\",\"target\":[\"https:\/\/foretnature.be\/resume-foret-mail\/le-drone-allie-ou-menace\/\"]}]},{\"@type\":\"BreadcrumbList\",\"@id\":\"https:\/\/foretnature.be\/resume-foret-mail\/le-drone-allie-ou-menace\/#breadcrumb\",\"itemListElement\":[{\"@type\":\"ListItem\",\"position\":1,\"name\":\"Home\",\"item\":\"https:\/\/foretnature.be\/\"},{\"@type\":\"ListItem\",\"position\":2,\"name\":\"Le drone, alli\u00e9 ou menace ?\"}]},{\"@type\":\"WebSite\",\"@id\":\"https:\/\/foretnature.be\/#website\",\"url\":\"https:\/\/foretnature.be\/\",\"name\":\"For\u00eat.Nature\",\"description\":\"Une \u00e9quipe technique au service de la for\u00eat\",\"publisher\":{\"@id\":\"https:\/\/foretnature.be\/#organization\"},\"potentialAction\":[{\"@type\":\"SearchAction\",\"target\":{\"@type\":\"EntryPoint\",\"urlTemplate\":\"https:\/\/foretnature.be\/?s={search_term_string}\"},\"query-input\":\"required name=search_term_string\"}],\"inLanguage\":\"en-GB\"},{\"@type\":\"Organization\",\"@id\":\"https:\/\/foretnature.be\/#organization\",\"name\":\"For\u00eat.Nature\",\"url\":\"https:\/\/foretnature.be\/\",\"logo\":{\"@type\":\"ImageObject\",\"inLanguage\":\"en-GB\",\"@id\":\"https:\/\/foretnature.be\/#\/schema\/logo\/image\/\",\"url\":\"https:\/\/foretnature.be\/wp-content\/uploads\/2021\/01\/logoFOblanc.png\",\"contentUrl\":\"https:\/\/foretnature.be\/wp-content\/uploads\/2021\/01\/logoFOblanc.png\",\"width\":300,\"height\":151,\"caption\":\"For\u00eat.Nature\"},\"image\":{\"@id\":\"https:\/\/foretnature.be\/#\/schema\/logo\/image\/\"}}]}<\/script>\n<!-- \/ Yoast SEO plugin. -->","yoast_head_json":{"title":"Le drone, alli\u00e9 ou menace ? - For\u00eat.Nature","robots":{"index":"index","follow":"follow","max-snippet":"max-snippet:-1","max-image-preview":"max-image-preview:large","max-video-preview":"max-video-preview:-1"},"canonical":"https:\/\/foretnature.be\/en\/resume-foret-mail\/le-drone-allie-ou-menace\/","og_locale":"en_GB","og_type":"article","og_title":"Le drone, alli\u00e9 ou menace ? - For\u00eat.Nature","og_description":"Le drone est de plus en plus pr\u00e9sent dans notre soci\u00e9t\u00e9. Si certains le consid\u00e8rent comme une menace, d\u2019autres y voient un potentiel \u00e9norme pour l\u2019\u00e9tude de la faune. L\u2019Office fran\u00e7ais de la biodiversit\u00e9 a lanc\u00e9 des essais afin de comparer la r\u00e9alisation des comptages d\u2019oiseaux \u00e0 pied ou avec un drone. Et le drone [&hellip;]","og_url":"https:\/\/foretnature.be\/en\/resume-foret-mail\/le-drone-allie-ou-menace\/","og_site_name":"For\u00eat.Nature","twitter_card":"summary_large_image","twitter_misc":{"Estimated reading time":"1 minute"},"schema":{"@context":"https:\/\/schema.org","@graph":[{"@type":"WebPage","@id":"https:\/\/foretnature.be\/resume-foret-mail\/le-drone-allie-ou-menace\/","url":"https:\/\/foretnature.be\/resume-foret-mail\/le-drone-allie-ou-menace\/","name":"Le drone, alli\u00e9 ou menace ? - For\u00eat.Nature","isPartOf":{"@id":"https:\/\/foretnature.be\/#website"},"datePublished":"2021-09-10T09:46:06+00:00","dateModified":"2021-09-10T09:46:06+00:00","breadcrumb":{"@id":"https:\/\/foretnature.be\/resume-foret-mail\/le-drone-allie-ou-menace\/#breadcrumb"},"inLanguage":"en-GB","potentialAction":[{"@type":"ReadAction","target":["https:\/\/foretnature.be\/resume-foret-mail\/le-drone-allie-ou-menace\/"]}]},{"@type":"BreadcrumbList","@id":"https:\/\/foretnature.be\/resume-foret-mail\/le-drone-allie-ou-menace\/#breadcrumb","itemListElement":[{"@type":"ListItem","position":1,"name":"Home","item":"https:\/\/foretnature.be\/"},{"@type":"ListItem","position":2,"name":"Le drone, alli\u00e9 ou menace ?"}]},{"@type":"WebSite","@id":"https:\/\/foretnature.be\/#website","url":"https:\/\/foretnature.be\/","name":"For\u00eat.Nature","description":"Une \u00e9quipe technique au service de la for\u00eat","publisher":{"@id":"https:\/\/foretnature.be\/#organization"},"potentialAction":[{"@type":"SearchAction","target":{"@type":"EntryPoint","urlTemplate":"https:\/\/foretnature.be\/?s={search_term_string}"},"query-input":"required name=search_term_string"}],"inLanguage":"en-GB"},{"@type":"Organization","@id":"https:\/\/foretnature.be\/#organization","name":"For\u00eat.Nature","url":"https:\/\/foretnature.be\/","logo":{"@type":"ImageObject","inLanguage":"en-GB","@id":"https:\/\/foretnature.be\/#\/schema\/logo\/image\/","url":"https:\/\/foretnature.be\/wp-content\/uploads\/2021\/01\/logoFOblanc.png","contentUrl":"https:\/\/foretnature.be\/wp-content\/uploads\/2021\/01\/logoFOblanc.png","width":300,"height":151,"caption":"For\u00eat.Nature"},"image":{"@id":"https:\/\/foretnature.be\/#\/schema\/logo\/image\/"}}]}},"_links":{"self":[{"href":"https:\/\/foretnature.be\/en\/wp-json\/wp\/v2\/resume-foret-mail\/34593"}],"collection":[{"href":"https:\/\/foretnature.be\/en\/wp-json\/wp\/v2\/resume-foret-mail"}],"about":[{"href":"https:\/\/foretnature.be\/en\/wp-json\/wp\/v2\/types\/resume-foret-mail"}],"version-history":[{"count":0,"href":"https:\/\/foretnature.be\/en\/wp-json\/wp\/v2\/resume-foret-mail\/34593\/revisions"}],"wp:attachment":[{"href":"https:\/\/foretnature.be\/en\/wp-json\/wp\/v2\/media?parent=34593"}],"wp:term":[{"taxonomy":"category","embeddable":true,"href":"https:\/\/foretnature.be\/en\/wp-json\/wp\/v2\/categories?post=34593"}],"curies":[{"name":"wp","href":"https:\/\/api.w.org\/{rel}","templated":true}]}}