{"id":34592,"date":"2021-09-10T11:46:06","date_gmt":"2021-09-10T09:46:06","guid":{"rendered":"https:\/\/foretnature.be\/resume-foret-mail\/le-coronavirus-affecte-la-filiere-foret-bois\/"},"modified":"2021-09-10T11:46:06","modified_gmt":"2021-09-10T09:46:06","slug":"le-coronavirus-affecte-la-filiere-foret-bois","status":"publish","type":"resume-foret-mail","link":"https:\/\/foretnature.be\/en\/resume-foret-mail\/le-coronavirus-affecte-la-filiere-foret-bois\/","title":{"rendered":"Le coronavirus affecte la fili\u00e8re for\u00eat-bois"},"content":{"rendered":"<p>Les cons\u00e9quences \u00e9conomiques de la pand\u00e9mie n\u2019ont pas \u00e9pargn\u00e9 la fili\u00e8re bois en France et en Europe. L\u2019\u00e9v\u00e9nement a d\u2019abord frapp\u00e9 les exportateurs sp\u00e9cialis\u00e9s sur la Chine, avec un bouleversement des \u00e9changes et une perturbation g\u00e9n\u00e9ralis\u00e9e du secteur des transports maritimes. M\u00eame si la reprise des activit\u00e9s semblait s\u2019amorcer dans les industries chinoises d\u00e9but mars, la cha\u00eene logistique \u00e9tait rompue. Et comme les marchands fran\u00e7ais exportent r\u00e9guli\u00e8rement des produits forestiers sur l\u2019Asie, la situation s\u2019est d\u00e9grad\u00e9e rapidement en France \u00e9galement.<br \/>\nUn encha\u00eenement d\u2019\u00e9v\u00e9nements n\u00e9gatifs a contribu\u00e9 \u00e0 compliquer les relations commerciales avec la Chine en peu de temps : une fin d\u2019ann\u00e9e 2019 chaotique avec la gr\u00e8ve des transports en France qui a r\u00e9sult\u00e9 en d\u2019importants volumes de bois rest\u00e9s \u00e0 quai. Ensuite le nouvel an chinois, certes pr\u00e9visible mais qui bloque chaque ann\u00e9e l\u2019\u00e9conomie de la Chine pendant pr\u00e8s de 3 semaines. Et pour finir, c\u2019est durant cette p\u00e9riode de f\u00eates que le coronavirus a explos\u00e9.<br \/>\nLe commerce du bois, qui est aujourd\u2019hui tr\u00e8s mondialis\u00e9, a d\u2019abord souffert en raison de la p\u00e9nurie de containers dans les ports car les marchandises chinoises n\u2019arrivaient plus en Europe. M\u00eame l\u2019industrie de la p\u00e2te et des papiers est touch\u00e9e. Malgr\u00e9 le boom de la consommation de papiers absorbants, hygi\u00e9niques, mouchoirs, etc. le secteur se trouve confront\u00e9 non seulement \u00e0 la faillite logistique mais aussi \u00e0 l\u2019arr\u00eat d\u2019un nombre important de papeteries en Europe et Am\u00e9rique du Nord.<br \/>\nCependant, face aux pessimistes qui pr\u00e9voient un effondrement financier et \u00e9conomique g\u00e9n\u00e9ralis\u00e9, certains professionnels rappellent que la fili\u00e8re bois a d\u00e9j\u00e0 travers\u00e9 des p\u00e9riodes tourment\u00e9es.<br \/>\nWood R. (2020). Le coronavirus contamine la fili\u00e8re bois. Le Journal de la M\u00e9canisation Foresti\u00e8re 201 : 10-12.<\/p>","protected":false},"excerpt":{"rendered":"<p>Les cons\u00e9quences \u00e9conomiques de la pand\u00e9mie n\u2019ont pas \u00e9pargn\u00e9 la fili\u00e8re bois en France et en Europe. L\u2019\u00e9v\u00e9nement a d\u2019abord frapp\u00e9 les exportateurs sp\u00e9cialis\u00e9s sur la Chine, avec un bouleversement des \u00e9changes et une perturbation g\u00e9n\u00e9ralis\u00e9e du secteur des transports maritimes. M\u00eame si la reprise des activit\u00e9s semblait s\u2019amorcer dans les industries chinoises d\u00e9but mars, [&hellip;]<\/p>","protected":false},"featured_media":0,"template":"","categories":[50],"acf":[],"yoast_head":"<!-- This site is optimized with the Yoast SEO plugin v23.2 - https:\/\/yoast.com\/wordpress\/plugins\/seo\/ -->\n<title>Le coronavirus affecte la fili\u00e8re for\u00eat-bois - For\u00eat.Nature<\/title>\n<meta name=\"robots\" content=\"index, follow, max-snippet:-1, max-image-preview:large, max-video-preview:-1\" \/>\n<link rel=\"canonical\" href=\"https:\/\/foretnature.be\/en\/resume-foret-mail\/le-coronavirus-affecte-la-filiere-foret-bois\/\" \/>\n<meta property=\"og:locale\" content=\"en_GB\" \/>\n<meta property=\"og:type\" content=\"article\" \/>\n<meta property=\"og:title\" content=\"Le coronavirus affecte la fili\u00e8re for\u00eat-bois - For\u00eat.Nature\" \/>\n<meta property=\"og:description\" content=\"Les cons\u00e9quences \u00e9conomiques de la pand\u00e9mie n\u2019ont pas \u00e9pargn\u00e9 la fili\u00e8re bois en France et en Europe. L\u2019\u00e9v\u00e9nement a d\u2019abord frapp\u00e9 les exportateurs sp\u00e9cialis\u00e9s sur la Chine, avec un bouleversement des \u00e9changes et une perturbation g\u00e9n\u00e9ralis\u00e9e du secteur des transports maritimes. M\u00eame si la reprise des activit\u00e9s semblait s\u2019amorcer dans les industries chinoises d\u00e9but mars, [&hellip;]\" \/>\n<meta property=\"og:url\" content=\"https:\/\/foretnature.be\/en\/resume-foret-mail\/le-coronavirus-affecte-la-filiere-foret-bois\/\" \/>\n<meta property=\"og:site_name\" content=\"For\u00eat.Nature\" \/>\n<meta name=\"twitter:card\" content=\"summary_large_image\" \/>\n<meta name=\"twitter:label1\" content=\"Estimated reading time\" \/>\n\t<meta name=\"twitter:data1\" content=\"2 minutes\" \/>\n<script type=\"application\/ld+json\" class=\"yoast-schema-graph\">{\"@context\":\"https:\/\/schema.org\",\"@graph\":[{\"@type\":\"WebPage\",\"@id\":\"https:\/\/foretnature.be\/resume-foret-mail\/le-coronavirus-affecte-la-filiere-foret-bois\/\",\"url\":\"https:\/\/foretnature.be\/resume-foret-mail\/le-coronavirus-affecte-la-filiere-foret-bois\/\",\"name\":\"Le coronavirus affecte la fili\u00e8re for\u00eat-bois - For\u00eat.Nature\",\"isPartOf\":{\"@id\":\"https:\/\/foretnature.be\/#website\"},\"datePublished\":\"2021-09-10T09:46:06+00:00\",\"dateModified\":\"2021-09-10T09:46:06+00:00\",\"breadcrumb\":{\"@id\":\"https:\/\/foretnature.be\/resume-foret-mail\/le-coronavirus-affecte-la-filiere-foret-bois\/#breadcrumb\"},\"inLanguage\":\"en-GB\",\"potentialAction\":[{\"@type\":\"ReadAction\",\"target\":[\"https:\/\/foretnature.be\/resume-foret-mail\/le-coronavirus-affecte-la-filiere-foret-bois\/\"]}]},{\"@type\":\"BreadcrumbList\",\"@id\":\"https:\/\/foretnature.be\/resume-foret-mail\/le-coronavirus-affecte-la-filiere-foret-bois\/#breadcrumb\",\"itemListElement\":[{\"@type\":\"ListItem\",\"position\":1,\"name\":\"Home\",\"item\":\"https:\/\/foretnature.be\/\"},{\"@type\":\"ListItem\",\"position\":2,\"name\":\"Le coronavirus affecte la fili\u00e8re for\u00eat-bois\"}]},{\"@type\":\"WebSite\",\"@id\":\"https:\/\/foretnature.be\/#website\",\"url\":\"https:\/\/foretnature.be\/\",\"name\":\"For\u00eat.Nature\",\"description\":\"Une \u00e9quipe technique au service de la for\u00eat\",\"publisher\":{\"@id\":\"https:\/\/foretnature.be\/#organization\"},\"potentialAction\":[{\"@type\":\"SearchAction\",\"target\":{\"@type\":\"EntryPoint\",\"urlTemplate\":\"https:\/\/foretnature.be\/?s={search_term_string}\"},\"query-input\":\"required name=search_term_string\"}],\"inLanguage\":\"en-GB\"},{\"@type\":\"Organization\",\"@id\":\"https:\/\/foretnature.be\/#organization\",\"name\":\"For\u00eat.Nature\",\"url\":\"https:\/\/foretnature.be\/\",\"logo\":{\"@type\":\"ImageObject\",\"inLanguage\":\"en-GB\",\"@id\":\"https:\/\/foretnature.be\/#\/schema\/logo\/image\/\",\"url\":\"https:\/\/foretnature.be\/wp-content\/uploads\/2021\/01\/logoFOblanc.png\",\"contentUrl\":\"https:\/\/foretnature.be\/wp-content\/uploads\/2021\/01\/logoFOblanc.png\",\"width\":300,\"height\":151,\"caption\":\"For\u00eat.Nature\"},\"image\":{\"@id\":\"https:\/\/foretnature.be\/#\/schema\/logo\/image\/\"}}]}<\/script>\n<!-- \/ Yoast SEO plugin. -->","yoast_head_json":{"title":"Le coronavirus affecte la fili\u00e8re for\u00eat-bois - For\u00eat.Nature","robots":{"index":"index","follow":"follow","max-snippet":"max-snippet:-1","max-image-preview":"max-image-preview:large","max-video-preview":"max-video-preview:-1"},"canonical":"https:\/\/foretnature.be\/en\/resume-foret-mail\/le-coronavirus-affecte-la-filiere-foret-bois\/","og_locale":"en_GB","og_type":"article","og_title":"Le coronavirus affecte la fili\u00e8re for\u00eat-bois - For\u00eat.Nature","og_description":"Les cons\u00e9quences \u00e9conomiques de la pand\u00e9mie n\u2019ont pas \u00e9pargn\u00e9 la fili\u00e8re bois en France et en Europe. L\u2019\u00e9v\u00e9nement a d\u2019abord frapp\u00e9 les exportateurs sp\u00e9cialis\u00e9s sur la Chine, avec un bouleversement des \u00e9changes et une perturbation g\u00e9n\u00e9ralis\u00e9e du secteur des transports maritimes. M\u00eame si la reprise des activit\u00e9s semblait s\u2019amorcer dans les industries chinoises d\u00e9but mars, [&hellip;]","og_url":"https:\/\/foretnature.be\/en\/resume-foret-mail\/le-coronavirus-affecte-la-filiere-foret-bois\/","og_site_name":"For\u00eat.Nature","twitter_card":"summary_large_image","twitter_misc":{"Estimated reading time":"2 minutes"},"schema":{"@context":"https:\/\/schema.org","@graph":[{"@type":"WebPage","@id":"https:\/\/foretnature.be\/resume-foret-mail\/le-coronavirus-affecte-la-filiere-foret-bois\/","url":"https:\/\/foretnature.be\/resume-foret-mail\/le-coronavirus-affecte-la-filiere-foret-bois\/","name":"Le coronavirus affecte la fili\u00e8re for\u00eat-bois - For\u00eat.Nature","isPartOf":{"@id":"https:\/\/foretnature.be\/#website"},"datePublished":"2021-09-10T09:46:06+00:00","dateModified":"2021-09-10T09:46:06+00:00","breadcrumb":{"@id":"https:\/\/foretnature.be\/resume-foret-mail\/le-coronavirus-affecte-la-filiere-foret-bois\/#breadcrumb"},"inLanguage":"en-GB","potentialAction":[{"@type":"ReadAction","target":["https:\/\/foretnature.be\/resume-foret-mail\/le-coronavirus-affecte-la-filiere-foret-bois\/"]}]},{"@type":"BreadcrumbList","@id":"https:\/\/foretnature.be\/resume-foret-mail\/le-coronavirus-affecte-la-filiere-foret-bois\/#breadcrumb","itemListElement":[{"@type":"ListItem","position":1,"name":"Home","item":"https:\/\/foretnature.be\/"},{"@type":"ListItem","position":2,"name":"Le coronavirus affecte la fili\u00e8re for\u00eat-bois"}]},{"@type":"WebSite","@id":"https:\/\/foretnature.be\/#website","url":"https:\/\/foretnature.be\/","name":"For\u00eat.Nature","description":"Une \u00e9quipe technique au service de la for\u00eat","publisher":{"@id":"https:\/\/foretnature.be\/#organization"},"potentialAction":[{"@type":"SearchAction","target":{"@type":"EntryPoint","urlTemplate":"https:\/\/foretnature.be\/?s={search_term_string}"},"query-input":"required name=search_term_string"}],"inLanguage":"en-GB"},{"@type":"Organization","@id":"https:\/\/foretnature.be\/#organization","name":"For\u00eat.Nature","url":"https:\/\/foretnature.be\/","logo":{"@type":"ImageObject","inLanguage":"en-GB","@id":"https:\/\/foretnature.be\/#\/schema\/logo\/image\/","url":"https:\/\/foretnature.be\/wp-content\/uploads\/2021\/01\/logoFOblanc.png","contentUrl":"https:\/\/foretnature.be\/wp-content\/uploads\/2021\/01\/logoFOblanc.png","width":300,"height":151,"caption":"For\u00eat.Nature"},"image":{"@id":"https:\/\/foretnature.be\/#\/schema\/logo\/image\/"}}]}},"_links":{"self":[{"href":"https:\/\/foretnature.be\/en\/wp-json\/wp\/v2\/resume-foret-mail\/34592"}],"collection":[{"href":"https:\/\/foretnature.be\/en\/wp-json\/wp\/v2\/resume-foret-mail"}],"about":[{"href":"https:\/\/foretnature.be\/en\/wp-json\/wp\/v2\/types\/resume-foret-mail"}],"version-history":[{"count":0,"href":"https:\/\/foretnature.be\/en\/wp-json\/wp\/v2\/resume-foret-mail\/34592\/revisions"}],"wp:attachment":[{"href":"https:\/\/foretnature.be\/en\/wp-json\/wp\/v2\/media?parent=34592"}],"wp:term":[{"taxonomy":"category","embeddable":true,"href":"https:\/\/foretnature.be\/en\/wp-json\/wp\/v2\/categories?post=34592"}],"curies":[{"name":"wp","href":"https:\/\/api.w.org\/{rel}","templated":true}]}}