{"id":34574,"date":"2021-09-10T11:46:03","date_gmt":"2021-09-10T09:46:03","guid":{"rendered":"https:\/\/foretnature.be\/resume-foret-mail\/la-vegetation-spontanee-peut-elle-restaurer-ecologiquement-les-rives-de-la-selune\/"},"modified":"2021-09-10T11:46:03","modified_gmt":"2021-09-10T09:46:03","slug":"la-vegetation-spontanee-peut-elle-restaurer-ecologiquement-les-rives-de-la-selune","status":"publish","type":"resume-foret-mail","link":"https:\/\/foretnature.be\/en\/resume-foret-mail\/la-vegetation-spontanee-peut-elle-restaurer-ecologiquement-les-rives-de-la-selune\/","title":{"rendered":"La v\u00e9g\u00e9tation spontan\u00e9e peut-elle restaurer \u00e9cologiquement les rives de la S\u00e9lune ?"},"content":{"rendered":"<p>Le projet pilote de d\u00e9mant\u00e8lement de deux barrages sur la S\u00e9lune, fleuve c\u00f4tier se jetant dans la baie du Mont-Saint-Michel, pr\u00e9voit un suivi \u00e0 long terme, avant et apr\u00e8s arasement, de la renaturation du cours d\u2019eau. Dans cet article, c\u2019est la v\u00e9g\u00e9tation colonisant les berges de l\u2019ancien r\u00e9servoir du barrage amont qui est \u00e9tudi\u00e9e. Avec pour objectif de r\u00e9pondre \u00e0 la question suivante : quel est le potentiel de la v\u00e9g\u00e9tation spontan\u00e9e \u00e0 restaurer \u00e9cologiquement les rives de la S\u00e9lune ?<br \/>\nLa renaturation de ce petit fleuve comprend, avant arasement, la vidange progressive du lac de retenue amont (au printemps et en automne) et une gestion locale des s\u00e9diments avec reprofilage des berges.<br \/>\nDes esp\u00e8ces aptes \u00e0 stabiliser les rives se sont d\u00e9velopp\u00e9es apr\u00e8s chaque baisse du niveau du lac. Apr\u00e8s la vidange printani\u00e8re, les communaut\u00e9s v\u00e9g\u00e9tales se rapprochent de celles typiques des berges et sont plus riches et diversifi\u00e9es qu\u2019apr\u00e8s un d\u00e9noiement automnal. Les esp\u00e8ces p\u00e9rennes, qui co-dominent avec les annuelles apr\u00e8s la vidange printani\u00e8re, sont plus nombreuses apr\u00e8s la vidange automnale. Apr\u00e8s deux ans et demi, les berges sont totalement recouvertes de v\u00e9g\u00e9tation ; le milieu s\u2019est referm\u00e9 et homog\u00e9n\u00e9is\u00e9. Les esp\u00e8ces li\u00e9es aux perturbations ont fortement r\u00e9gress\u00e9 et les esp\u00e8ces des milieux prairiaux ont disparu. Le maintien des berges est assur\u00e9 par des esp\u00e8ces vivaces ou comp\u00e9titrices, \u00e0 syst\u00e8me racinaire profond et se dispersant lat\u00e9ralement de fa\u00e7on v\u00e9g\u00e9tative. Dans la pr\u00e9sente \u00e9tude, le remaniement artificiel des berges a eu lieu tardivement, ce qui doit \u00eatre \u00e9vit\u00e9. En effet, cette forte perturbation entra\u00eene, pour le milieu naturel, un retour \u00e0 un \u00e9tat sensible \u00e0 l\u2019\u00e9rosion. Dans ce cas, les communaut\u00e9s typiques des berges pourraient avoir du mal \u00e0 se re-d\u00e9velopper par la suite. Les travaux de gestion des s\u00e9diments doivent donc \u00eatre minimis\u00e9s, localis\u00e9s et entrepris au plus t\u00f4t.<br \/>\nRavot C., Laslier M., Hubert-Moy L. et al. (2020). Apports d\u2019une observation pr\u00e9coce de la v\u00e9g\u00e9tation spontan\u00e9e pionni\u00e8re pour la renaturation des rives de la rivi\u00e8re S\u00e9lune. Sciences Eaux &#038; Territoires, article hors-s\u00e9rie n\u00b0 62.<\/p>","protected":false},"excerpt":{"rendered":"<p>Le projet pilote de d\u00e9mant\u00e8lement de deux barrages sur la S\u00e9lune, fleuve c\u00f4tier se jetant dans la baie du Mont-Saint-Michel, pr\u00e9voit un suivi \u00e0 long terme, avant et apr\u00e8s arasement, de la renaturation du cours d\u2019eau. Dans cet article, c\u2019est la v\u00e9g\u00e9tation colonisant les berges de l\u2019ancien r\u00e9servoir du barrage amont qui est \u00e9tudi\u00e9e. Avec [&hellip;]<\/p>","protected":false},"featured_media":0,"template":"","categories":[50],"acf":[],"yoast_head":"<!-- This site is optimized with the Yoast SEO plugin v23.2 - https:\/\/yoast.com\/wordpress\/plugins\/seo\/ -->\n<title>La v\u00e9g\u00e9tation spontan\u00e9e peut-elle restaurer \u00e9cologiquement les rives de la S\u00e9lune ? - For\u00eat.Nature<\/title>\n<meta name=\"robots\" content=\"index, follow, max-snippet:-1, max-image-preview:large, max-video-preview:-1\" \/>\n<link rel=\"canonical\" href=\"https:\/\/foretnature.be\/en\/resume-foret-mail\/la-vegetation-spontanee-peut-elle-restaurer-ecologiquement-les-rives-de-la-selune\/\" \/>\n<meta property=\"og:locale\" content=\"en_GB\" \/>\n<meta property=\"og:type\" content=\"article\" \/>\n<meta property=\"og:title\" content=\"La v\u00e9g\u00e9tation spontan\u00e9e peut-elle restaurer \u00e9cologiquement les rives de la S\u00e9lune ? - For\u00eat.Nature\" \/>\n<meta property=\"og:description\" content=\"Le projet pilote de d\u00e9mant\u00e8lement de deux barrages sur la S\u00e9lune, fleuve c\u00f4tier se jetant dans la baie du Mont-Saint-Michel, pr\u00e9voit un suivi \u00e0 long terme, avant et apr\u00e8s arasement, de la renaturation du cours d\u2019eau. Dans cet article, c\u2019est la v\u00e9g\u00e9tation colonisant les berges de l\u2019ancien r\u00e9servoir du barrage amont qui est \u00e9tudi\u00e9e. Avec [&hellip;]\" \/>\n<meta property=\"og:url\" content=\"https:\/\/foretnature.be\/en\/resume-foret-mail\/la-vegetation-spontanee-peut-elle-restaurer-ecologiquement-les-rives-de-la-selune\/\" \/>\n<meta property=\"og:site_name\" content=\"For\u00eat.Nature\" \/>\n<meta name=\"twitter:card\" content=\"summary_large_image\" \/>\n<meta name=\"twitter:label1\" content=\"Estimated reading time\" \/>\n\t<meta name=\"twitter:data1\" content=\"2 minutes\" \/>\n<script type=\"application\/ld+json\" class=\"yoast-schema-graph\">{\"@context\":\"https:\/\/schema.org\",\"@graph\":[{\"@type\":\"WebPage\",\"@id\":\"https:\/\/foretnature.be\/en\/resume-foret-mail\/la-vegetation-spontanee-peut-elle-restaurer-ecologiquement-les-rives-de-la-selune\/\",\"url\":\"https:\/\/foretnature.be\/en\/resume-foret-mail\/la-vegetation-spontanee-peut-elle-restaurer-ecologiquement-les-rives-de-la-selune\/\",\"name\":\"La v\u00e9g\u00e9tation spontan\u00e9e peut-elle restaurer \u00e9cologiquement les rives de la S\u00e9lune ? - For\u00eat.Nature\",\"isPartOf\":{\"@id\":\"https:\/\/foretnature.be\/#website\"},\"datePublished\":\"2021-09-10T09:46:03+00:00\",\"dateModified\":\"2021-09-10T09:46:03+00:00\",\"breadcrumb\":{\"@id\":\"https:\/\/foretnature.be\/en\/resume-foret-mail\/la-vegetation-spontanee-peut-elle-restaurer-ecologiquement-les-rives-de-la-selune\/#breadcrumb\"},\"inLanguage\":\"en-GB\",\"potentialAction\":[{\"@type\":\"ReadAction\",\"target\":[\"https:\/\/foretnature.be\/en\/resume-foret-mail\/la-vegetation-spontanee-peut-elle-restaurer-ecologiquement-les-rives-de-la-selune\/\"]}]},{\"@type\":\"BreadcrumbList\",\"@id\":\"https:\/\/foretnature.be\/en\/resume-foret-mail\/la-vegetation-spontanee-peut-elle-restaurer-ecologiquement-les-rives-de-la-selune\/#breadcrumb\",\"itemListElement\":[{\"@type\":\"ListItem\",\"position\":1,\"name\":\"Home\",\"item\":\"https:\/\/foretnature.be\/\"},{\"@type\":\"ListItem\",\"position\":2,\"name\":\"La v\u00e9g\u00e9tation spontan\u00e9e peut-elle restaurer \u00e9cologiquement les rives de la S\u00e9lune ?\"}]},{\"@type\":\"WebSite\",\"@id\":\"https:\/\/foretnature.be\/#website\",\"url\":\"https:\/\/foretnature.be\/\",\"name\":\"For\u00eat.Nature\",\"description\":\"Une \u00e9quipe technique au service de la for\u00eat\",\"publisher\":{\"@id\":\"https:\/\/foretnature.be\/#organization\"},\"potentialAction\":[{\"@type\":\"SearchAction\",\"target\":{\"@type\":\"EntryPoint\",\"urlTemplate\":\"https:\/\/foretnature.be\/?s={search_term_string}\"},\"query-input\":\"required name=search_term_string\"}],\"inLanguage\":\"en-GB\"},{\"@type\":\"Organization\",\"@id\":\"https:\/\/foretnature.be\/#organization\",\"name\":\"For\u00eat.Nature\",\"url\":\"https:\/\/foretnature.be\/\",\"logo\":{\"@type\":\"ImageObject\",\"inLanguage\":\"en-GB\",\"@id\":\"https:\/\/foretnature.be\/#\/schema\/logo\/image\/\",\"url\":\"https:\/\/foretnature.be\/wp-content\/uploads\/2021\/01\/logoFOblanc.png\",\"contentUrl\":\"https:\/\/foretnature.be\/wp-content\/uploads\/2021\/01\/logoFOblanc.png\",\"width\":300,\"height\":151,\"caption\":\"For\u00eat.Nature\"},\"image\":{\"@id\":\"https:\/\/foretnature.be\/#\/schema\/logo\/image\/\"}}]}<\/script>\n<!-- \/ Yoast SEO plugin. -->","yoast_head_json":{"title":"La v\u00e9g\u00e9tation spontan\u00e9e peut-elle restaurer \u00e9cologiquement les rives de la S\u00e9lune ? - For\u00eat.Nature","robots":{"index":"index","follow":"follow","max-snippet":"max-snippet:-1","max-image-preview":"max-image-preview:large","max-video-preview":"max-video-preview:-1"},"canonical":"https:\/\/foretnature.be\/en\/resume-foret-mail\/la-vegetation-spontanee-peut-elle-restaurer-ecologiquement-les-rives-de-la-selune\/","og_locale":"en_GB","og_type":"article","og_title":"La v\u00e9g\u00e9tation spontan\u00e9e peut-elle restaurer \u00e9cologiquement les rives de la S\u00e9lune ? - For\u00eat.Nature","og_description":"Le projet pilote de d\u00e9mant\u00e8lement de deux barrages sur la S\u00e9lune, fleuve c\u00f4tier se jetant dans la baie du Mont-Saint-Michel, pr\u00e9voit un suivi \u00e0 long terme, avant et apr\u00e8s arasement, de la renaturation du cours d\u2019eau. Dans cet article, c\u2019est la v\u00e9g\u00e9tation colonisant les berges de l\u2019ancien r\u00e9servoir du barrage amont qui est \u00e9tudi\u00e9e. Avec [&hellip;]","og_url":"https:\/\/foretnature.be\/en\/resume-foret-mail\/la-vegetation-spontanee-peut-elle-restaurer-ecologiquement-les-rives-de-la-selune\/","og_site_name":"For\u00eat.Nature","twitter_card":"summary_large_image","twitter_misc":{"Estimated reading time":"2 minutes"},"schema":{"@context":"https:\/\/schema.org","@graph":[{"@type":"WebPage","@id":"https:\/\/foretnature.be\/en\/resume-foret-mail\/la-vegetation-spontanee-peut-elle-restaurer-ecologiquement-les-rives-de-la-selune\/","url":"https:\/\/foretnature.be\/en\/resume-foret-mail\/la-vegetation-spontanee-peut-elle-restaurer-ecologiquement-les-rives-de-la-selune\/","name":"La v\u00e9g\u00e9tation spontan\u00e9e peut-elle restaurer \u00e9cologiquement les rives de la S\u00e9lune ? - For\u00eat.Nature","isPartOf":{"@id":"https:\/\/foretnature.be\/#website"},"datePublished":"2021-09-10T09:46:03+00:00","dateModified":"2021-09-10T09:46:03+00:00","breadcrumb":{"@id":"https:\/\/foretnature.be\/en\/resume-foret-mail\/la-vegetation-spontanee-peut-elle-restaurer-ecologiquement-les-rives-de-la-selune\/#breadcrumb"},"inLanguage":"en-GB","potentialAction":[{"@type":"ReadAction","target":["https:\/\/foretnature.be\/en\/resume-foret-mail\/la-vegetation-spontanee-peut-elle-restaurer-ecologiquement-les-rives-de-la-selune\/"]}]},{"@type":"BreadcrumbList","@id":"https:\/\/foretnature.be\/en\/resume-foret-mail\/la-vegetation-spontanee-peut-elle-restaurer-ecologiquement-les-rives-de-la-selune\/#breadcrumb","itemListElement":[{"@type":"ListItem","position":1,"name":"Home","item":"https:\/\/foretnature.be\/"},{"@type":"ListItem","position":2,"name":"La v\u00e9g\u00e9tation spontan\u00e9e peut-elle restaurer \u00e9cologiquement les rives de la S\u00e9lune ?"}]},{"@type":"WebSite","@id":"https:\/\/foretnature.be\/#website","url":"https:\/\/foretnature.be\/","name":"For\u00eat.Nature","description":"Une \u00e9quipe technique au service de la for\u00eat","publisher":{"@id":"https:\/\/foretnature.be\/#organization"},"potentialAction":[{"@type":"SearchAction","target":{"@type":"EntryPoint","urlTemplate":"https:\/\/foretnature.be\/?s={search_term_string}"},"query-input":"required name=search_term_string"}],"inLanguage":"en-GB"},{"@type":"Organization","@id":"https:\/\/foretnature.be\/#organization","name":"For\u00eat.Nature","url":"https:\/\/foretnature.be\/","logo":{"@type":"ImageObject","inLanguage":"en-GB","@id":"https:\/\/foretnature.be\/#\/schema\/logo\/image\/","url":"https:\/\/foretnature.be\/wp-content\/uploads\/2021\/01\/logoFOblanc.png","contentUrl":"https:\/\/foretnature.be\/wp-content\/uploads\/2021\/01\/logoFOblanc.png","width":300,"height":151,"caption":"For\u00eat.Nature"},"image":{"@id":"https:\/\/foretnature.be\/#\/schema\/logo\/image\/"}}]}},"_links":{"self":[{"href":"https:\/\/foretnature.be\/en\/wp-json\/wp\/v2\/resume-foret-mail\/34574"}],"collection":[{"href":"https:\/\/foretnature.be\/en\/wp-json\/wp\/v2\/resume-foret-mail"}],"about":[{"href":"https:\/\/foretnature.be\/en\/wp-json\/wp\/v2\/types\/resume-foret-mail"}],"version-history":[{"count":0,"href":"https:\/\/foretnature.be\/en\/wp-json\/wp\/v2\/resume-foret-mail\/34574\/revisions"}],"wp:attachment":[{"href":"https:\/\/foretnature.be\/en\/wp-json\/wp\/v2\/media?parent=34574"}],"wp:term":[{"taxonomy":"category","embeddable":true,"href":"https:\/\/foretnature.be\/en\/wp-json\/wp\/v2\/categories?post=34574"}],"curies":[{"name":"wp","href":"https:\/\/api.w.org\/{rel}","templated":true}]}}