{"id":34573,"date":"2021-09-10T11:46:03","date_gmt":"2021-09-10T09:46:03","guid":{"rendered":"https:\/\/foretnature.be\/resume-foret-mail\/les-mysteres-de-la-migration\/"},"modified":"2021-09-10T11:46:03","modified_gmt":"2021-09-10T09:46:03","slug":"les-mysteres-de-la-migration","status":"publish","type":"resume-foret-mail","link":"https:\/\/foretnature.be\/en\/resume-foret-mail\/les-mysteres-de-la-migration\/","title":{"rendered":"Les myst\u00e8res de la migration"},"content":{"rendered":"<p>L\u2019\u00e9tude explore les myst\u00e8res de la migration saisonni\u00e8re des oiseaux, entre aire de reproduction et aire d\u2019hivernage. Elle se base notamment sur les \u00e9v\u00e9nements pass\u00e9s d&rsquo;apparition et de perte de comportement migratoire.<br \/>\nTrois variables sont test\u00e9es :\u2022 La distance de migration (courte, variable, longue).\u2022 La strat\u00e9gie (r\u00e9sident, mixte, migrateur strict).\u2022 La temp\u00e9rature des aires d\u2019hivernage et de reproduction.<br \/>\nL\u2019\u00e9tude porte sur l\u2019ensemble des oiseaux \u00e0 travers le monde et elle analyse en d\u00e9tail le comportement migratoire de trois ordres : les ans\u00e9riformes (3 familles ; oies, cygnes, canards\u2026) ; les charadriiformes (19 familles ; limicoles, mouettes, pingouins\u2026) et les pass\u00e9riformes (142 familles ; moineaux, hirondelles, merles\u2026).<br \/>\nTraditionnellement, deux th\u00e9ories bas\u00e9es sur l\u2019aire d\u2019origine des migrateurs sont cit\u00e9es. La th\u00e9orie \u00ab\u00a0southern-home\u00a0\u00bb, la plus largement accept\u00e9e, postule que les migrateurs sont \u00e0 l\u2019origine des esp\u00e8ces tropicales qui fuient la comp\u00e9tition et se rendent dans les r\u00e9gions temp\u00e9r\u00e9es pendant les pics de ressources.<br \/>\n\u00c0 l\u2019inverse, la th\u00e9orie \u00ab\u00a0northern-home\u00a0\u00bb stipule que ce sont des r\u00e9sidents de latitude temp\u00e9r\u00e9e qui se d\u00e9placent vers des latitudes plus basses pendant la p\u00e9riode d\u2019hivernage pour \u00e9chapper aux conditions climatiques rudes.<br \/>\nL\u2019\u00e9tude d\u00e9montre que les deux th\u00e9ories sont correctes : la migration g\u00e9ographique a \u00e9merg\u00e9 \u00e0 diff\u00e9rentes p\u00e9riodes \u00e0 travers des voies biog\u00e9ographiques vari\u00e9es (c&rsquo;est-\u00e0-dire \u00e0 la fois des anc\u00eatres temp\u00e9r\u00e9s et tropicaux). Les reconstructions des \u00e9tats ancestraux sugg\u00e8rent que la migration aurait pu appara\u00eetre plus fr\u00e9quemment \u00e0 partir de r\u00e9gions tropicales dans les lign\u00e9es ans\u00e9riformes et \u00e0 partir de r\u00e9gions temp\u00e9r\u00e9es dans les lign\u00e9es charadriiformes.<br \/>\nPar ailleurs, le comportement migratoire des trois ordres \u00e9tudi\u00e9es en d\u00e9tail \u00e9volue dans le temps de mani\u00e8re tr\u00e8s diff\u00e9rente. Il est plus r\u00e9cent pour l\u2019ordre des ans\u00e9riformes (apparu il y a 6,6 millions d\u2019ann\u00e9es) ; ensuite, l\u2019ordre des charadriiformes (apparu il y a 22,5 millions d\u2019ann\u00e9es). Il est le plus ancien chez les pass\u00e9riformes (plus de 40 millions d\u2019ann\u00e9es), ce qui est surprenant compte tenu du grand nombre d&rsquo;esp\u00e8ces r\u00e9sidentes au sein de cet ordre. Le comportement migratoire ancestral des pass\u00e9riformes expliquerai la large diffusion de cet ordre dans le monde. La migration a permis aux pass\u00e9riformes de s\u2019installer dans de nouvelles niches \u00e9cologiques et de s\u2019y sp\u00e9cialiser (et de perdre ainsi leur comportement migratoire).<br \/>\nL\u2019\u00e9tude indique \u00e9galement que :\u2022 Un d\u00e9clencheur de la migration des oiseaux est la saisonnalit\u00e9 climatique (grosses diff\u00e9rences de temp\u00e9rature dans l\u2019aire de reproduction).\u2022 Le climat est g\u00e9n\u00e9ralement plus chaud dans les aires d&rsquo;hivernage par rapport aux aires de reproduction.\u2022 Les esp\u00e8ces qui migrent sur des distances longues recherchent des climats plus chauds pendant leur p\u00e9riode d\u2019hivernage, par rapport aux migrateurs \u00e0 distances courtes.\u2022 Le comportement de migrateur partiel est probablement une \u00e9tape \u00e9volutive n\u00e9cessaire entre r\u00e9sidence stricte et migration stricte.<br \/>\nDufour P., Descamps S., Chantepie S. et al. (2020). Reconstructing the geographic and climatic origins of long\u2010distance bird migrations. Journal of Biogeography 47 : 155-166.<\/p>","protected":false},"excerpt":{"rendered":"<p>L\u2019\u00e9tude explore les myst\u00e8res de la migration saisonni\u00e8re des oiseaux, entre aire de reproduction et aire d\u2019hivernage. Elle se base notamment sur les \u00e9v\u00e9nements pass\u00e9s d&rsquo;apparition et de perte de comportement migratoire. Trois variables sont test\u00e9es :\u2022 La distance de migration (courte, variable, longue).\u2022 La strat\u00e9gie (r\u00e9sident, mixte, migrateur strict).\u2022 La temp\u00e9rature des aires d\u2019hivernage [&hellip;]<\/p>","protected":false},"featured_media":0,"template":"","categories":[50],"acf":[],"yoast_head":"<!-- This site is optimized with the Yoast SEO plugin v23.2 - https:\/\/yoast.com\/wordpress\/plugins\/seo\/ -->\n<title>Les myst\u00e8res de la migration - For\u00eat.Nature<\/title>\n<meta name=\"robots\" content=\"index, follow, max-snippet:-1, max-image-preview:large, max-video-preview:-1\" \/>\n<link rel=\"canonical\" href=\"https:\/\/foretnature.be\/en\/resume-foret-mail\/les-mysteres-de-la-migration\/\" \/>\n<meta property=\"og:locale\" content=\"en_GB\" \/>\n<meta property=\"og:type\" content=\"article\" \/>\n<meta property=\"og:title\" content=\"Les myst\u00e8res de la migration - For\u00eat.Nature\" \/>\n<meta property=\"og:description\" content=\"L\u2019\u00e9tude explore les myst\u00e8res de la migration saisonni\u00e8re des oiseaux, entre aire de reproduction et aire d\u2019hivernage. Elle se base notamment sur les \u00e9v\u00e9nements pass\u00e9s d&rsquo;apparition et de perte de comportement migratoire. Trois variables sont test\u00e9es :\u2022 La distance de migration (courte, variable, longue).\u2022 La strat\u00e9gie (r\u00e9sident, mixte, migrateur strict).\u2022 La temp\u00e9rature des aires d\u2019hivernage [&hellip;]\" \/>\n<meta property=\"og:url\" content=\"https:\/\/foretnature.be\/en\/resume-foret-mail\/les-mysteres-de-la-migration\/\" \/>\n<meta property=\"og:site_name\" content=\"For\u00eat.Nature\" \/>\n<meta name=\"twitter:card\" content=\"summary_large_image\" \/>\n<meta name=\"twitter:label1\" content=\"Estimated reading time\" \/>\n\t<meta name=\"twitter:data1\" content=\"3 minutes\" \/>\n<script type=\"application\/ld+json\" class=\"yoast-schema-graph\">{\"@context\":\"https:\/\/schema.org\",\"@graph\":[{\"@type\":\"WebPage\",\"@id\":\"https:\/\/foretnature.be\/resume-foret-mail\/les-mysteres-de-la-migration\/\",\"url\":\"https:\/\/foretnature.be\/resume-foret-mail\/les-mysteres-de-la-migration\/\",\"name\":\"Les myst\u00e8res de la migration - For\u00eat.Nature\",\"isPartOf\":{\"@id\":\"https:\/\/foretnature.be\/#website\"},\"datePublished\":\"2021-09-10T09:46:03+00:00\",\"dateModified\":\"2021-09-10T09:46:03+00:00\",\"breadcrumb\":{\"@id\":\"https:\/\/foretnature.be\/resume-foret-mail\/les-mysteres-de-la-migration\/#breadcrumb\"},\"inLanguage\":\"en-GB\",\"potentialAction\":[{\"@type\":\"ReadAction\",\"target\":[\"https:\/\/foretnature.be\/resume-foret-mail\/les-mysteres-de-la-migration\/\"]}]},{\"@type\":\"BreadcrumbList\",\"@id\":\"https:\/\/foretnature.be\/resume-foret-mail\/les-mysteres-de-la-migration\/#breadcrumb\",\"itemListElement\":[{\"@type\":\"ListItem\",\"position\":1,\"name\":\"Home\",\"item\":\"https:\/\/foretnature.be\/\"},{\"@type\":\"ListItem\",\"position\":2,\"name\":\"Les myst\u00e8res de la migration\"}]},{\"@type\":\"WebSite\",\"@id\":\"https:\/\/foretnature.be\/#website\",\"url\":\"https:\/\/foretnature.be\/\",\"name\":\"For\u00eat.Nature\",\"description\":\"Une \u00e9quipe technique au service de la for\u00eat\",\"publisher\":{\"@id\":\"https:\/\/foretnature.be\/#organization\"},\"potentialAction\":[{\"@type\":\"SearchAction\",\"target\":{\"@type\":\"EntryPoint\",\"urlTemplate\":\"https:\/\/foretnature.be\/?s={search_term_string}\"},\"query-input\":\"required name=search_term_string\"}],\"inLanguage\":\"en-GB\"},{\"@type\":\"Organization\",\"@id\":\"https:\/\/foretnature.be\/#organization\",\"name\":\"For\u00eat.Nature\",\"url\":\"https:\/\/foretnature.be\/\",\"logo\":{\"@type\":\"ImageObject\",\"inLanguage\":\"en-GB\",\"@id\":\"https:\/\/foretnature.be\/#\/schema\/logo\/image\/\",\"url\":\"https:\/\/foretnature.be\/wp-content\/uploads\/2021\/01\/logoFOblanc.png\",\"contentUrl\":\"https:\/\/foretnature.be\/wp-content\/uploads\/2021\/01\/logoFOblanc.png\",\"width\":300,\"height\":151,\"caption\":\"For\u00eat.Nature\"},\"image\":{\"@id\":\"https:\/\/foretnature.be\/#\/schema\/logo\/image\/\"}}]}<\/script>\n<!-- \/ Yoast SEO plugin. -->","yoast_head_json":{"title":"Les myst\u00e8res de la migration - For\u00eat.Nature","robots":{"index":"index","follow":"follow","max-snippet":"max-snippet:-1","max-image-preview":"max-image-preview:large","max-video-preview":"max-video-preview:-1"},"canonical":"https:\/\/foretnature.be\/en\/resume-foret-mail\/les-mysteres-de-la-migration\/","og_locale":"en_GB","og_type":"article","og_title":"Les myst\u00e8res de la migration - For\u00eat.Nature","og_description":"L\u2019\u00e9tude explore les myst\u00e8res de la migration saisonni\u00e8re des oiseaux, entre aire de reproduction et aire d\u2019hivernage. Elle se base notamment sur les \u00e9v\u00e9nements pass\u00e9s d&rsquo;apparition et de perte de comportement migratoire. Trois variables sont test\u00e9es :\u2022 La distance de migration (courte, variable, longue).\u2022 La strat\u00e9gie (r\u00e9sident, mixte, migrateur strict).\u2022 La temp\u00e9rature des aires d\u2019hivernage [&hellip;]","og_url":"https:\/\/foretnature.be\/en\/resume-foret-mail\/les-mysteres-de-la-migration\/","og_site_name":"For\u00eat.Nature","twitter_card":"summary_large_image","twitter_misc":{"Estimated reading time":"3 minutes"},"schema":{"@context":"https:\/\/schema.org","@graph":[{"@type":"WebPage","@id":"https:\/\/foretnature.be\/resume-foret-mail\/les-mysteres-de-la-migration\/","url":"https:\/\/foretnature.be\/resume-foret-mail\/les-mysteres-de-la-migration\/","name":"Les myst\u00e8res de la migration - For\u00eat.Nature","isPartOf":{"@id":"https:\/\/foretnature.be\/#website"},"datePublished":"2021-09-10T09:46:03+00:00","dateModified":"2021-09-10T09:46:03+00:00","breadcrumb":{"@id":"https:\/\/foretnature.be\/resume-foret-mail\/les-mysteres-de-la-migration\/#breadcrumb"},"inLanguage":"en-GB","potentialAction":[{"@type":"ReadAction","target":["https:\/\/foretnature.be\/resume-foret-mail\/les-mysteres-de-la-migration\/"]}]},{"@type":"BreadcrumbList","@id":"https:\/\/foretnature.be\/resume-foret-mail\/les-mysteres-de-la-migration\/#breadcrumb","itemListElement":[{"@type":"ListItem","position":1,"name":"Home","item":"https:\/\/foretnature.be\/"},{"@type":"ListItem","position":2,"name":"Les myst\u00e8res de la migration"}]},{"@type":"WebSite","@id":"https:\/\/foretnature.be\/#website","url":"https:\/\/foretnature.be\/","name":"For\u00eat.Nature","description":"Une \u00e9quipe technique au service de la for\u00eat","publisher":{"@id":"https:\/\/foretnature.be\/#organization"},"potentialAction":[{"@type":"SearchAction","target":{"@type":"EntryPoint","urlTemplate":"https:\/\/foretnature.be\/?s={search_term_string}"},"query-input":"required name=search_term_string"}],"inLanguage":"en-GB"},{"@type":"Organization","@id":"https:\/\/foretnature.be\/#organization","name":"For\u00eat.Nature","url":"https:\/\/foretnature.be\/","logo":{"@type":"ImageObject","inLanguage":"en-GB","@id":"https:\/\/foretnature.be\/#\/schema\/logo\/image\/","url":"https:\/\/foretnature.be\/wp-content\/uploads\/2021\/01\/logoFOblanc.png","contentUrl":"https:\/\/foretnature.be\/wp-content\/uploads\/2021\/01\/logoFOblanc.png","width":300,"height":151,"caption":"For\u00eat.Nature"},"image":{"@id":"https:\/\/foretnature.be\/#\/schema\/logo\/image\/"}}]}},"_links":{"self":[{"href":"https:\/\/foretnature.be\/en\/wp-json\/wp\/v2\/resume-foret-mail\/34573"}],"collection":[{"href":"https:\/\/foretnature.be\/en\/wp-json\/wp\/v2\/resume-foret-mail"}],"about":[{"href":"https:\/\/foretnature.be\/en\/wp-json\/wp\/v2\/types\/resume-foret-mail"}],"version-history":[{"count":0,"href":"https:\/\/foretnature.be\/en\/wp-json\/wp\/v2\/resume-foret-mail\/34573\/revisions"}],"wp:attachment":[{"href":"https:\/\/foretnature.be\/en\/wp-json\/wp\/v2\/media?parent=34573"}],"wp:term":[{"taxonomy":"category","embeddable":true,"href":"https:\/\/foretnature.be\/en\/wp-json\/wp\/v2\/categories?post=34573"}],"curies":[{"name":"wp","href":"https:\/\/api.w.org\/{rel}","templated":true}]}}