{"id":34572,"date":"2021-09-10T11:46:03","date_gmt":"2021-09-10T09:46:03","guid":{"rendered":"https:\/\/foretnature.be\/resume-foret-mail\/covid-19-la-destruction-de-la-nature-par-lhomme-au-rang-des-accuses\/"},"modified":"2021-09-10T11:46:03","modified_gmt":"2021-09-10T09:46:03","slug":"covid-19-la-destruction-de-la-nature-par-lhomme-au-rang-des-accuses","status":"publish","type":"resume-foret-mail","link":"https:\/\/foretnature.be\/en\/resume-foret-mail\/covid-19-la-destruction-de-la-nature-par-lhomme-au-rang-des-accuses\/","title":{"rendered":"Covid-19\u00a0: la destruction de la nature par l\u2019homme au rang des accus\u00e9s"},"content":{"rendered":"<p>Alors que la chute de la biodiversit\u00e9 et la destruction des habitats augmentent au niveau mondial, le Covid-19 n\u2019est peut-\u00eatre que le d\u00e9but d\u2019une longue s\u00e9rie de pand\u00e9mies de masse.<br \/>\nDe nombreux chercheurs avancent que c\u2019est la destruction de la biodiversit\u00e9 par les humains qui cr\u00e9e les conditions pour l\u2019apparition de nouveaux virus tels que le Covid-19. Selon Kate Jones, chercheuse \u00e0 l\u2019University College of London, la destruction des \u00e9cosyst\u00e8mes engendre des risques accrus de voir l\u2019apparition de nouvelles maladies\u00a0: les activit\u00e9s mini\u00e8res, l\u2019exploitation foresti\u00e8re, la construction de routes et les activit\u00e9s humaines dans des endroits isol\u00e9s, mais \u00e9galement l\u2019urbanisation et la croissance d\u00e9mographique am\u00e8nent les humains \u00e0 \u00eatre de plus en plus en contact avec des esp\u00e8ces animales qu\u2019ils n\u2019auraient pas rencontr\u00e9es auparavant. En 2008, l\u2019\u00e9quipe de Jones a identifi\u00e9 335 maladies diff\u00e9rentes survenues entre 1960 et 2004. Soixante pourcents d\u2019entre elles \u00e9taient d\u2019origine animale. Selon Thomas Gillepsie, de l\u2019Universit\u00e9 d\u2019Emory, c\u2019est mal comprendre la situation que de penser que les \u00e9cosyst\u00e8mes naturels sont la source des menaces pour notre sant\u00e9. Il est vrai qu\u2019il existe des maladies dans la nature, mais c\u2019est l\u2019activit\u00e9 humaine qui est la vraie cause des d\u00e9g\u00e2ts.<br \/>\nLes march\u00e9s informels sont des lieux particuli\u00e8rement enclins \u00e0 \u00eatre le point de d\u00e9part de nouvelles maladies. Le march\u00e9 de Wuhan est connu pour foisonner de nombreux animaux sauvages. Et il en est de m\u00eame dans de nombreux march\u00e9s, notamment africains. Cependant, ces march\u00e9s sont \u00e9galement essentiels pour l\u2019alimentation de millions de personnes et il serait impossible de les supprimer.<br \/>\nMais alors, que peut-on donc faire\u00a0? Selon Jones, le changement viendra \u00e0 la fois des pays riches et des pays pauvres. L\u2019exploitation des richesses naturelles des pays du Sud r\u00e9pondant \u00e0 la demande des pays du Nord engendre la d\u00e9gradation des paysages et des d\u00e9r\u00e8glements \u00e9cologiques qui m\u00e8nent \u00e0 des maladies. Il convient donc de penser le probl\u00e8me de fa\u00e7on globale<br \/>\nSelon elle, il nous faut \u00eatre pr\u00eat au pire. Nous ne sommes pas en mesure de pr\u00e9dire quelle sera la prochaine pand\u00e9mie et d\u2019o\u00f9 elle viendra, mais nous devons donc nous pr\u00e9parer aux pires des sc\u00e9narios. La seule certitude, c\u2019est qu\u2019il y en aura d\u2019autres.<br \/>\nVidal J. (2020). Tip of the iceberg : is our destruction of nature responsible for Covid-19 ? The Guardian, 18.03.2020<\/p>","protected":false},"excerpt":{"rendered":"<p>Alors que la chute de la biodiversit\u00e9 et la destruction des habitats augmentent au niveau mondial, le Covid-19 n\u2019est peut-\u00eatre que le d\u00e9but d\u2019une longue s\u00e9rie de pand\u00e9mies de masse. De nombreux chercheurs avancent que c\u2019est la destruction de la biodiversit\u00e9 par les humains qui cr\u00e9e les conditions pour l\u2019apparition de nouveaux virus tels que [&hellip;]<\/p>","protected":false},"featured_media":0,"template":"","categories":[50],"acf":[],"yoast_head":"<!-- This site is optimized with the Yoast SEO plugin v23.2 - https:\/\/yoast.com\/wordpress\/plugins\/seo\/ -->\n<title>Covid-19\u00a0: la destruction de la nature par l\u2019homme au rang des accus\u00e9s - For\u00eat.Nature<\/title>\n<meta name=\"robots\" content=\"index, follow, max-snippet:-1, max-image-preview:large, max-video-preview:-1\" \/>\n<link rel=\"canonical\" href=\"https:\/\/foretnature.be\/en\/resume-foret-mail\/covid-19-la-destruction-de-la-nature-par-lhomme-au-rang-des-accuses\/\" \/>\n<meta property=\"og:locale\" content=\"en_GB\" \/>\n<meta property=\"og:type\" content=\"article\" \/>\n<meta property=\"og:title\" content=\"Covid-19\u00a0: la destruction de la nature par l\u2019homme au rang des accus\u00e9s - For\u00eat.Nature\" \/>\n<meta property=\"og:description\" content=\"Alors que la chute de la biodiversit\u00e9 et la destruction des habitats augmentent au niveau mondial, le Covid-19 n\u2019est peut-\u00eatre que le d\u00e9but d\u2019une longue s\u00e9rie de pand\u00e9mies de masse. De nombreux chercheurs avancent que c\u2019est la destruction de la biodiversit\u00e9 par les humains qui cr\u00e9e les conditions pour l\u2019apparition de nouveaux virus tels que [&hellip;]\" \/>\n<meta property=\"og:url\" content=\"https:\/\/foretnature.be\/en\/resume-foret-mail\/covid-19-la-destruction-de-la-nature-par-lhomme-au-rang-des-accuses\/\" \/>\n<meta property=\"og:site_name\" content=\"For\u00eat.Nature\" \/>\n<meta name=\"twitter:card\" content=\"summary_large_image\" \/>\n<meta name=\"twitter:label1\" content=\"Estimated reading time\" \/>\n\t<meta name=\"twitter:data1\" content=\"2 minutes\" \/>\n<script type=\"application\/ld+json\" class=\"yoast-schema-graph\">{\"@context\":\"https:\/\/schema.org\",\"@graph\":[{\"@type\":\"WebPage\",\"@id\":\"https:\/\/foretnature.be\/en\/resume-foret-mail\/covid-19-la-destruction-de-la-nature-par-lhomme-au-rang-des-accuses\/\",\"url\":\"https:\/\/foretnature.be\/en\/resume-foret-mail\/covid-19-la-destruction-de-la-nature-par-lhomme-au-rang-des-accuses\/\",\"name\":\"Covid-19\u00a0: la destruction de la nature par l\u2019homme au rang des accus\u00e9s - For\u00eat.Nature\",\"isPartOf\":{\"@id\":\"https:\/\/foretnature.be\/#website\"},\"datePublished\":\"2021-09-10T09:46:03+00:00\",\"dateModified\":\"2021-09-10T09:46:03+00:00\",\"breadcrumb\":{\"@id\":\"https:\/\/foretnature.be\/en\/resume-foret-mail\/covid-19-la-destruction-de-la-nature-par-lhomme-au-rang-des-accuses\/#breadcrumb\"},\"inLanguage\":\"en-GB\",\"potentialAction\":[{\"@type\":\"ReadAction\",\"target\":[\"https:\/\/foretnature.be\/en\/resume-foret-mail\/covid-19-la-destruction-de-la-nature-par-lhomme-au-rang-des-accuses\/\"]}]},{\"@type\":\"BreadcrumbList\",\"@id\":\"https:\/\/foretnature.be\/en\/resume-foret-mail\/covid-19-la-destruction-de-la-nature-par-lhomme-au-rang-des-accuses\/#breadcrumb\",\"itemListElement\":[{\"@type\":\"ListItem\",\"position\":1,\"name\":\"Home\",\"item\":\"https:\/\/foretnature.be\/\"},{\"@type\":\"ListItem\",\"position\":2,\"name\":\"Covid-19\u00a0: la destruction de la nature par l\u2019homme au rang des accus\u00e9s\"}]},{\"@type\":\"WebSite\",\"@id\":\"https:\/\/foretnature.be\/#website\",\"url\":\"https:\/\/foretnature.be\/\",\"name\":\"For\u00eat.Nature\",\"description\":\"Une \u00e9quipe technique au service de la for\u00eat\",\"publisher\":{\"@id\":\"https:\/\/foretnature.be\/#organization\"},\"potentialAction\":[{\"@type\":\"SearchAction\",\"target\":{\"@type\":\"EntryPoint\",\"urlTemplate\":\"https:\/\/foretnature.be\/?s={search_term_string}\"},\"query-input\":\"required name=search_term_string\"}],\"inLanguage\":\"en-GB\"},{\"@type\":\"Organization\",\"@id\":\"https:\/\/foretnature.be\/#organization\",\"name\":\"For\u00eat.Nature\",\"url\":\"https:\/\/foretnature.be\/\",\"logo\":{\"@type\":\"ImageObject\",\"inLanguage\":\"en-GB\",\"@id\":\"https:\/\/foretnature.be\/#\/schema\/logo\/image\/\",\"url\":\"https:\/\/foretnature.be\/wp-content\/uploads\/2021\/01\/logoFOblanc.png\",\"contentUrl\":\"https:\/\/foretnature.be\/wp-content\/uploads\/2021\/01\/logoFOblanc.png\",\"width\":300,\"height\":151,\"caption\":\"For\u00eat.Nature\"},\"image\":{\"@id\":\"https:\/\/foretnature.be\/#\/schema\/logo\/image\/\"}}]}<\/script>\n<!-- \/ Yoast SEO plugin. -->","yoast_head_json":{"title":"Covid-19\u00a0: la destruction de la nature par l\u2019homme au rang des accus\u00e9s - For\u00eat.Nature","robots":{"index":"index","follow":"follow","max-snippet":"max-snippet:-1","max-image-preview":"max-image-preview:large","max-video-preview":"max-video-preview:-1"},"canonical":"https:\/\/foretnature.be\/en\/resume-foret-mail\/covid-19-la-destruction-de-la-nature-par-lhomme-au-rang-des-accuses\/","og_locale":"en_GB","og_type":"article","og_title":"Covid-19\u00a0: la destruction de la nature par l\u2019homme au rang des accus\u00e9s - For\u00eat.Nature","og_description":"Alors que la chute de la biodiversit\u00e9 et la destruction des habitats augmentent au niveau mondial, le Covid-19 n\u2019est peut-\u00eatre que le d\u00e9but d\u2019une longue s\u00e9rie de pand\u00e9mies de masse. De nombreux chercheurs avancent que c\u2019est la destruction de la biodiversit\u00e9 par les humains qui cr\u00e9e les conditions pour l\u2019apparition de nouveaux virus tels que [&hellip;]","og_url":"https:\/\/foretnature.be\/en\/resume-foret-mail\/covid-19-la-destruction-de-la-nature-par-lhomme-au-rang-des-accuses\/","og_site_name":"For\u00eat.Nature","twitter_card":"summary_large_image","twitter_misc":{"Estimated reading time":"2 minutes"},"schema":{"@context":"https:\/\/schema.org","@graph":[{"@type":"WebPage","@id":"https:\/\/foretnature.be\/en\/resume-foret-mail\/covid-19-la-destruction-de-la-nature-par-lhomme-au-rang-des-accuses\/","url":"https:\/\/foretnature.be\/en\/resume-foret-mail\/covid-19-la-destruction-de-la-nature-par-lhomme-au-rang-des-accuses\/","name":"Covid-19\u00a0: la destruction de la nature par l\u2019homme au rang des accus\u00e9s - For\u00eat.Nature","isPartOf":{"@id":"https:\/\/foretnature.be\/#website"},"datePublished":"2021-09-10T09:46:03+00:00","dateModified":"2021-09-10T09:46:03+00:00","breadcrumb":{"@id":"https:\/\/foretnature.be\/en\/resume-foret-mail\/covid-19-la-destruction-de-la-nature-par-lhomme-au-rang-des-accuses\/#breadcrumb"},"inLanguage":"en-GB","potentialAction":[{"@type":"ReadAction","target":["https:\/\/foretnature.be\/en\/resume-foret-mail\/covid-19-la-destruction-de-la-nature-par-lhomme-au-rang-des-accuses\/"]}]},{"@type":"BreadcrumbList","@id":"https:\/\/foretnature.be\/en\/resume-foret-mail\/covid-19-la-destruction-de-la-nature-par-lhomme-au-rang-des-accuses\/#breadcrumb","itemListElement":[{"@type":"ListItem","position":1,"name":"Home","item":"https:\/\/foretnature.be\/"},{"@type":"ListItem","position":2,"name":"Covid-19\u00a0: la destruction de la nature par l\u2019homme au rang des accus\u00e9s"}]},{"@type":"WebSite","@id":"https:\/\/foretnature.be\/#website","url":"https:\/\/foretnature.be\/","name":"For\u00eat.Nature","description":"Une \u00e9quipe technique au service de la for\u00eat","publisher":{"@id":"https:\/\/foretnature.be\/#organization"},"potentialAction":[{"@type":"SearchAction","target":{"@type":"EntryPoint","urlTemplate":"https:\/\/foretnature.be\/?s={search_term_string}"},"query-input":"required name=search_term_string"}],"inLanguage":"en-GB"},{"@type":"Organization","@id":"https:\/\/foretnature.be\/#organization","name":"For\u00eat.Nature","url":"https:\/\/foretnature.be\/","logo":{"@type":"ImageObject","inLanguage":"en-GB","@id":"https:\/\/foretnature.be\/#\/schema\/logo\/image\/","url":"https:\/\/foretnature.be\/wp-content\/uploads\/2021\/01\/logoFOblanc.png","contentUrl":"https:\/\/foretnature.be\/wp-content\/uploads\/2021\/01\/logoFOblanc.png","width":300,"height":151,"caption":"For\u00eat.Nature"},"image":{"@id":"https:\/\/foretnature.be\/#\/schema\/logo\/image\/"}}]}},"_links":{"self":[{"href":"https:\/\/foretnature.be\/en\/wp-json\/wp\/v2\/resume-foret-mail\/34572"}],"collection":[{"href":"https:\/\/foretnature.be\/en\/wp-json\/wp\/v2\/resume-foret-mail"}],"about":[{"href":"https:\/\/foretnature.be\/en\/wp-json\/wp\/v2\/types\/resume-foret-mail"}],"version-history":[{"count":0,"href":"https:\/\/foretnature.be\/en\/wp-json\/wp\/v2\/resume-foret-mail\/34572\/revisions"}],"wp:attachment":[{"href":"https:\/\/foretnature.be\/en\/wp-json\/wp\/v2\/media?parent=34572"}],"wp:term":[{"taxonomy":"category","embeddable":true,"href":"https:\/\/foretnature.be\/en\/wp-json\/wp\/v2\/categories?post=34572"}],"curies":[{"name":"wp","href":"https:\/\/api.w.org\/{rel}","templated":true}]}}