{"id":34567,"date":"2021-09-10T11:46:03","date_gmt":"2021-09-10T09:46:03","guid":{"rendered":"https:\/\/foretnature.be\/resume-foret-mail\/la-chalarose-mene-la-vie-dure-au-frene\/"},"modified":"2021-09-10T11:46:03","modified_gmt":"2021-09-10T09:46:03","slug":"la-chalarose-mene-la-vie-dure-au-frene","status":"publish","type":"resume-foret-mail","link":"https:\/\/foretnature.be\/en\/resume-foret-mail\/la-chalarose-mene-la-vie-dure-au-frene\/","title":{"rendered":"La chalarose m\u00e8ne la vie dure au fr\u00eane"},"content":{"rendered":"<p>En 2017, une \u00e9tude a \u00e9t\u00e9 men\u00e9e dans le Nord-Est de la France afin de comprendre l\u2019impact de la chalarose sur la croissance radiale de cette essence ainsi que sur sa r\u00e9sistance face aux conditions climatiques. Pour ce faire, 9 peuplements purs comprenant 181 arbres adultes dont la moyenne d\u2019\u00e2ge et de taille du diam\u00e8tre sont respectivement de 100 ans et de 50 cm ont \u00e9t\u00e9 \u00e9tudi\u00e9s. Les stations choisies poss\u00e8dent des conditions sylvicoles et \u00e9cologiques optimales pour le d\u00e9veloppement du fr\u00eane, tant au niveau du sol que sur les r\u00e9serves en eau. Les recherches sont men\u00e9es par rapport \u00e0 5 niveaux de d\u00e9foliation diff\u00e9rents. Les r\u00e9sultats indiquent que la croissance radiale moyenne sur la p\u00e9riode de 1920 \u00e0 2017 est de 2,3 mm par an. Pour une d\u00e9foliation inf\u00e9rieure \u00e0 25%, la croissance est estim\u00e9e stable entre 2 et 2,5 mm par an apr\u00e8s 2010. En ce qui concerne les autres cat\u00e9gories (>25%), la croissance a diminu\u00e9 avec la foliation. Les arbres pr\u00e9sentant un niveau de d\u00e9foliation de plus de 75% marquaient une croissance radiale d\u2019environ 1 mm par an.<br \/>\nUne autre constatation montre que les arbres poss\u00e9dant une d\u00e9foliation sup\u00e9rieure \u00e0 25% en 2017, pr\u00e9sentaient une croissance plus faible depuis les ann\u00e9es 1990 et de mani\u00e8re syst\u00e9matique d\u00e8s 2003. Il est a noter que les r\u00e9gions \u00e9tudi\u00e9es ont d\u00fb faire face \u00e0 des conditions climatiques relativement s\u00e8ches durant ces p\u00e9riodes. De ce constat, une hypoth\u00e8se peut \u00eatre avanc\u00e9e : les arbres affaiblis par un stress hydrique sont plus sensibles au pathog\u00e8ne. Les variations de croissance des fr\u00eanaies peuvent \u00eatre expliqu\u00e9es en partie par les mod\u00e8les climatiques. Les arbres arborant un taux de d\u00e9foliation tr\u00e8s \u00e9lev\u00e9 sont exclus de cette hypoth\u00e8se car ces derniers ont toujours \u00e9t\u00e9 plus sensibles aux conditions climatiques. Les stations dans le Nord de la France, dans lesquelles une bonne croissance a \u00e9t\u00e9 constat\u00e9e, correspondent \u00e0 des stations o\u00f9 les automnes \u00e9taient pluvieux, les hivers \u00e9taient doux avec une pluviom\u00e9trie \u00e9lev\u00e9e ainsi qu\u2019un mois de mai, p\u00e9riode d\u00e9terminante pour la croissance, chaud et bien arros\u00e9.<br \/>\nCette \u00e9tude a permis de montrer la r\u00e9activit\u00e9 des fr\u00eanes face aux conditions climatiques. La chalarose affecte particuli\u00e8rement les arbres affaiblis par une succession d\u2019\u00e9pisodes de s\u00e9cheresse. Dans les cas les plus extr\u00eames, la mortalit\u00e9 de l\u2019arbre peut survenir une dizaine d\u2019ann\u00e9es apr\u00e8s l\u2019infection. \u00c0 l\u2019avenir, la gestion des fr\u00eanaies deviendra plus complexe de par la r\u00e9currence des s\u00e9cheresses et les variabilit\u00e9s climatiques malgr\u00e9 que les fr\u00eanes adultes peuvent tol\u00e9rer un certain niveau de d\u00e9foliation.<br \/>\nLebourgeois F., Lorentz S., Cousseau G., Fenaux L. (2019). Effets de la chalarose (hymenoscyphus fraxineus) sur la croissance radiale du Fr\u00eane et sur son d\u00e9terminisme climatique dans le nord de la France. Revue foresti\u00e8re fran\u00e7aise 71(3) : 225-248.<\/p>","protected":false},"excerpt":{"rendered":"<p>En 2017, une \u00e9tude a \u00e9t\u00e9 men\u00e9e dans le Nord-Est de la France afin de comprendre l\u2019impact de la chalarose sur la croissance radiale de cette essence ainsi que sur sa r\u00e9sistance face aux conditions climatiques. Pour ce faire, 9 peuplements purs comprenant 181 arbres adultes dont la moyenne d\u2019\u00e2ge et de taille du diam\u00e8tre [&hellip;]<\/p>","protected":false},"featured_media":0,"template":"","categories":[50],"acf":[],"yoast_head":"<!-- This site is optimized with the Yoast SEO plugin v23.2 - https:\/\/yoast.com\/wordpress\/plugins\/seo\/ -->\n<title>La chalarose m\u00e8ne la vie dure au fr\u00eane - For\u00eat.Nature<\/title>\n<meta name=\"robots\" content=\"index, follow, max-snippet:-1, max-image-preview:large, max-video-preview:-1\" \/>\n<link rel=\"canonical\" href=\"https:\/\/foretnature.be\/en\/resume-foret-mail\/la-chalarose-mene-la-vie-dure-au-frene\/\" \/>\n<meta property=\"og:locale\" content=\"en_GB\" \/>\n<meta property=\"og:type\" content=\"article\" \/>\n<meta property=\"og:title\" content=\"La chalarose m\u00e8ne la vie dure au fr\u00eane - For\u00eat.Nature\" \/>\n<meta property=\"og:description\" content=\"En 2017, une \u00e9tude a \u00e9t\u00e9 men\u00e9e dans le Nord-Est de la France afin de comprendre l\u2019impact de la chalarose sur la croissance radiale de cette essence ainsi que sur sa r\u00e9sistance face aux conditions climatiques. Pour ce faire, 9 peuplements purs comprenant 181 arbres adultes dont la moyenne d\u2019\u00e2ge et de taille du diam\u00e8tre [&hellip;]\" \/>\n<meta property=\"og:url\" content=\"https:\/\/foretnature.be\/en\/resume-foret-mail\/la-chalarose-mene-la-vie-dure-au-frene\/\" \/>\n<meta property=\"og:site_name\" content=\"For\u00eat.Nature\" \/>\n<meta name=\"twitter:card\" content=\"summary_large_image\" \/>\n<meta name=\"twitter:label1\" content=\"Estimated reading time\" \/>\n\t<meta name=\"twitter:data1\" content=\"2 minutes\" \/>\n<script type=\"application\/ld+json\" class=\"yoast-schema-graph\">{\"@context\":\"https:\/\/schema.org\",\"@graph\":[{\"@type\":\"WebPage\",\"@id\":\"https:\/\/foretnature.be\/resume-foret-mail\/la-chalarose-mene-la-vie-dure-au-frene\/\",\"url\":\"https:\/\/foretnature.be\/resume-foret-mail\/la-chalarose-mene-la-vie-dure-au-frene\/\",\"name\":\"La chalarose m\u00e8ne la vie dure au fr\u00eane - For\u00eat.Nature\",\"isPartOf\":{\"@id\":\"https:\/\/foretnature.be\/en\/#website\"},\"datePublished\":\"2021-09-10T09:46:03+00:00\",\"dateModified\":\"2021-09-10T09:46:03+00:00\",\"breadcrumb\":{\"@id\":\"https:\/\/foretnature.be\/resume-foret-mail\/la-chalarose-mene-la-vie-dure-au-frene\/#breadcrumb\"},\"inLanguage\":\"en-GB\",\"potentialAction\":[{\"@type\":\"ReadAction\",\"target\":[\"https:\/\/foretnature.be\/resume-foret-mail\/la-chalarose-mene-la-vie-dure-au-frene\/\"]}]},{\"@type\":\"BreadcrumbList\",\"@id\":\"https:\/\/foretnature.be\/resume-foret-mail\/la-chalarose-mene-la-vie-dure-au-frene\/#breadcrumb\",\"itemListElement\":[{\"@type\":\"ListItem\",\"position\":1,\"name\":\"Home\",\"item\":\"https:\/\/foretnature.be\/en\/\"},{\"@type\":\"ListItem\",\"position\":2,\"name\":\"La chalarose m\u00e8ne la vie dure au fr\u00eane\"}]},{\"@type\":\"WebSite\",\"@id\":\"https:\/\/foretnature.be\/en\/#website\",\"url\":\"https:\/\/foretnature.be\/en\/\",\"name\":\"For\u00eat.Nature\",\"description\":\"Une \u00e9quipe technique au service de la for\u00eat\",\"publisher\":{\"@id\":\"https:\/\/foretnature.be\/en\/#organization\"},\"potentialAction\":[{\"@type\":\"SearchAction\",\"target\":{\"@type\":\"EntryPoint\",\"urlTemplate\":\"https:\/\/foretnature.be\/en\/?s={search_term_string}\"},\"query-input\":\"required name=search_term_string\"}],\"inLanguage\":\"en-GB\"},{\"@type\":\"Organization\",\"@id\":\"https:\/\/foretnature.be\/en\/#organization\",\"name\":\"For\u00eat.Nature\",\"url\":\"https:\/\/foretnature.be\/en\/\",\"logo\":{\"@type\":\"ImageObject\",\"inLanguage\":\"en-GB\",\"@id\":\"https:\/\/foretnature.be\/en\/#\/schema\/logo\/image\/\",\"url\":\"https:\/\/foretnature.be\/wp-content\/uploads\/2021\/01\/logoFOblanc.png\",\"contentUrl\":\"https:\/\/foretnature.be\/wp-content\/uploads\/2021\/01\/logoFOblanc.png\",\"width\":300,\"height\":151,\"caption\":\"For\u00eat.Nature\"},\"image\":{\"@id\":\"https:\/\/foretnature.be\/en\/#\/schema\/logo\/image\/\"}}]}<\/script>\n<!-- \/ Yoast SEO plugin. -->","yoast_head_json":{"title":"La chalarose m\u00e8ne la vie dure au fr\u00eane - For\u00eat.Nature","robots":{"index":"index","follow":"follow","max-snippet":"max-snippet:-1","max-image-preview":"max-image-preview:large","max-video-preview":"max-video-preview:-1"},"canonical":"https:\/\/foretnature.be\/en\/resume-foret-mail\/la-chalarose-mene-la-vie-dure-au-frene\/","og_locale":"en_GB","og_type":"article","og_title":"La chalarose m\u00e8ne la vie dure au fr\u00eane - For\u00eat.Nature","og_description":"En 2017, une \u00e9tude a \u00e9t\u00e9 men\u00e9e dans le Nord-Est de la France afin de comprendre l\u2019impact de la chalarose sur la croissance radiale de cette essence ainsi que sur sa r\u00e9sistance face aux conditions climatiques. Pour ce faire, 9 peuplements purs comprenant 181 arbres adultes dont la moyenne d\u2019\u00e2ge et de taille du diam\u00e8tre [&hellip;]","og_url":"https:\/\/foretnature.be\/en\/resume-foret-mail\/la-chalarose-mene-la-vie-dure-au-frene\/","og_site_name":"For\u00eat.Nature","twitter_card":"summary_large_image","twitter_misc":{"Estimated reading time":"2 minutes"},"schema":{"@context":"https:\/\/schema.org","@graph":[{"@type":"WebPage","@id":"https:\/\/foretnature.be\/resume-foret-mail\/la-chalarose-mene-la-vie-dure-au-frene\/","url":"https:\/\/foretnature.be\/resume-foret-mail\/la-chalarose-mene-la-vie-dure-au-frene\/","name":"La chalarose m\u00e8ne la vie dure au fr\u00eane - For\u00eat.Nature","isPartOf":{"@id":"https:\/\/foretnature.be\/en\/#website"},"datePublished":"2021-09-10T09:46:03+00:00","dateModified":"2021-09-10T09:46:03+00:00","breadcrumb":{"@id":"https:\/\/foretnature.be\/resume-foret-mail\/la-chalarose-mene-la-vie-dure-au-frene\/#breadcrumb"},"inLanguage":"en-GB","potentialAction":[{"@type":"ReadAction","target":["https:\/\/foretnature.be\/resume-foret-mail\/la-chalarose-mene-la-vie-dure-au-frene\/"]}]},{"@type":"BreadcrumbList","@id":"https:\/\/foretnature.be\/resume-foret-mail\/la-chalarose-mene-la-vie-dure-au-frene\/#breadcrumb","itemListElement":[{"@type":"ListItem","position":1,"name":"Home","item":"https:\/\/foretnature.be\/en\/"},{"@type":"ListItem","position":2,"name":"La chalarose m\u00e8ne la vie dure au fr\u00eane"}]},{"@type":"WebSite","@id":"https:\/\/foretnature.be\/en\/#website","url":"https:\/\/foretnature.be\/en\/","name":"For\u00eat.Nature","description":"Une \u00e9quipe technique au service de la for\u00eat","publisher":{"@id":"https:\/\/foretnature.be\/en\/#organization"},"potentialAction":[{"@type":"SearchAction","target":{"@type":"EntryPoint","urlTemplate":"https:\/\/foretnature.be\/en\/?s={search_term_string}"},"query-input":"required name=search_term_string"}],"inLanguage":"en-GB"},{"@type":"Organization","@id":"https:\/\/foretnature.be\/en\/#organization","name":"For\u00eat.Nature","url":"https:\/\/foretnature.be\/en\/","logo":{"@type":"ImageObject","inLanguage":"en-GB","@id":"https:\/\/foretnature.be\/en\/#\/schema\/logo\/image\/","url":"https:\/\/foretnature.be\/wp-content\/uploads\/2021\/01\/logoFOblanc.png","contentUrl":"https:\/\/foretnature.be\/wp-content\/uploads\/2021\/01\/logoFOblanc.png","width":300,"height":151,"caption":"For\u00eat.Nature"},"image":{"@id":"https:\/\/foretnature.be\/en\/#\/schema\/logo\/image\/"}}]}},"_links":{"self":[{"href":"https:\/\/foretnature.be\/en\/wp-json\/wp\/v2\/resume-foret-mail\/34567"}],"collection":[{"href":"https:\/\/foretnature.be\/en\/wp-json\/wp\/v2\/resume-foret-mail"}],"about":[{"href":"https:\/\/foretnature.be\/en\/wp-json\/wp\/v2\/types\/resume-foret-mail"}],"version-history":[{"count":0,"href":"https:\/\/foretnature.be\/en\/wp-json\/wp\/v2\/resume-foret-mail\/34567\/revisions"}],"wp:attachment":[{"href":"https:\/\/foretnature.be\/en\/wp-json\/wp\/v2\/media?parent=34567"}],"wp:term":[{"taxonomy":"category","embeddable":true,"href":"https:\/\/foretnature.be\/en\/wp-json\/wp\/v2\/categories?post=34567"}],"curies":[{"name":"wp","href":"https:\/\/api.w.org\/{rel}","templated":true}]}}