{"id":34565,"date":"2021-09-10T11:46:03","date_gmt":"2021-09-10T09:46:03","guid":{"rendered":"https:\/\/foretnature.be\/resume-foret-mail\/reprise-des-travaux-forestiers-sous-conditions-en-zone-ppa\/"},"modified":"2021-09-10T11:46:03","modified_gmt":"2021-09-10T09:46:03","slug":"reprise-des-travaux-forestiers-sous-conditions-en-zone-ppa","status":"publish","type":"resume-foret-mail","link":"https:\/\/foretnature.be\/en\/resume-foret-mail\/reprise-des-travaux-forestiers-sous-conditions-en-zone-ppa\/","title":{"rendered":"Reprise des travaux forestiers sous conditions en zone PPA"},"content":{"rendered":"<p>La Ministre de la For\u00eat C\u00e9line Tellier a autoris\u00e9 la reprise des travaux forestiers \u00e0 certaines conditions dans la zone infect\u00e9e par la peste porcine africaine (PPA). Cette d\u00e9cision a \u00e9t\u00e9 prise en concertation avec le comit\u00e9 strat\u00e9gique PPA et l\u2019AFSCA. Elle r\u00e9pond en grande partie aux demandes du secteurs forestiers. La reprise des travaux s\u2019accompagnera de la poursuite de la prospection des cadavres de sangliers et des actions de d\u00e9population dans la zone.<br \/>\nCertains travaux forestiers pourront \u00eatre r\u00e9alis\u00e9s apr\u00e8s notification aupr\u00e8s du DNF (d\u00e9gagements manuels, taille, d\u00e9broussaillage\u2026). Les exploitants forestiers pourront r\u00e9aliser la r\u00e9colte de bois apr\u00e8s autorisation pr\u00e9alable du DNF et moyennant une s\u00e9rie de conditions. Les travaux de gyrobroyage et de peignage restent interdits. Les op\u00e9rateurs ont l\u2019obligation de signaler tout cas de sanglier d\u00e9couvert et de d\u00e9sinfecter leur mat\u00e9riel et leurs v\u00eatements selon les normes strictes de bios\u00e9curit\u00e9 en vigueur dans la zone.<br \/>\nPour rappel, au 2 mars 2020, 4634 sangliers ont \u00e9t\u00e9 analys\u00e9s sur l\u2019ensemble de la zone PPA, 832 \u00e9taient positifs \u00e0 la PPA. Le dernier sanglier positif a \u00e9t\u00e9 d\u00e9couvert le 11 ao\u00fbt dernier.<br \/>\nConcernant la possible r\u00e9ouverture de la for\u00eat \u00e0 d\u2019autres usages, un avis de l\u2019AFSCA est attendu dans les prochaines semaines.<br \/>\nCommuniqu\u00e9 de la Ministre C\u00e9line Tellier, 5.3.2020<\/p>","protected":false},"excerpt":{"rendered":"<p>La Ministre de la For\u00eat C\u00e9line Tellier a autoris\u00e9 la reprise des travaux forestiers \u00e0 certaines conditions dans la zone infect\u00e9e par la peste porcine africaine (PPA). Cette d\u00e9cision a \u00e9t\u00e9 prise en concertation avec le comit\u00e9 strat\u00e9gique PPA et l\u2019AFSCA. Elle r\u00e9pond en grande partie aux demandes du secteurs forestiers. La reprise des travaux [&hellip;]<\/p>","protected":false},"featured_media":0,"template":"","categories":[50],"acf":[],"yoast_head":"<!-- This site is optimized with the Yoast SEO plugin v23.2 - https:\/\/yoast.com\/wordpress\/plugins\/seo\/ -->\n<title>Reprise des travaux forestiers sous conditions en zone PPA - For\u00eat.Nature<\/title>\n<meta name=\"robots\" content=\"index, follow, max-snippet:-1, max-image-preview:large, max-video-preview:-1\" \/>\n<link rel=\"canonical\" href=\"https:\/\/foretnature.be\/en\/resume-foret-mail\/reprise-des-travaux-forestiers-sous-conditions-en-zone-ppa\/\" \/>\n<meta property=\"og:locale\" content=\"en_GB\" \/>\n<meta property=\"og:type\" content=\"article\" \/>\n<meta property=\"og:title\" content=\"Reprise des travaux forestiers sous conditions en zone PPA - For\u00eat.Nature\" \/>\n<meta property=\"og:description\" content=\"La Ministre de la For\u00eat C\u00e9line Tellier a autoris\u00e9 la reprise des travaux forestiers \u00e0 certaines conditions dans la zone infect\u00e9e par la peste porcine africaine (PPA). Cette d\u00e9cision a \u00e9t\u00e9 prise en concertation avec le comit\u00e9 strat\u00e9gique PPA et l\u2019AFSCA. Elle r\u00e9pond en grande partie aux demandes du secteurs forestiers. La reprise des travaux [&hellip;]\" \/>\n<meta property=\"og:url\" content=\"https:\/\/foretnature.be\/en\/resume-foret-mail\/reprise-des-travaux-forestiers-sous-conditions-en-zone-ppa\/\" \/>\n<meta property=\"og:site_name\" content=\"For\u00eat.Nature\" \/>\n<meta name=\"twitter:card\" content=\"summary_large_image\" \/>\n<meta name=\"twitter:label1\" content=\"Estimated reading time\" \/>\n\t<meta name=\"twitter:data1\" content=\"1 minute\" \/>\n<script type=\"application\/ld+json\" class=\"yoast-schema-graph\">{\"@context\":\"https:\/\/schema.org\",\"@graph\":[{\"@type\":\"WebPage\",\"@id\":\"https:\/\/foretnature.be\/en\/resume-foret-mail\/reprise-des-travaux-forestiers-sous-conditions-en-zone-ppa\/\",\"url\":\"https:\/\/foretnature.be\/en\/resume-foret-mail\/reprise-des-travaux-forestiers-sous-conditions-en-zone-ppa\/\",\"name\":\"Reprise des travaux forestiers sous conditions en zone PPA - For\u00eat.Nature\",\"isPartOf\":{\"@id\":\"https:\/\/foretnature.be\/en\/#website\"},\"datePublished\":\"2021-09-10T09:46:03+00:00\",\"dateModified\":\"2021-09-10T09:46:03+00:00\",\"breadcrumb\":{\"@id\":\"https:\/\/foretnature.be\/en\/resume-foret-mail\/reprise-des-travaux-forestiers-sous-conditions-en-zone-ppa\/#breadcrumb\"},\"inLanguage\":\"en-GB\",\"potentialAction\":[{\"@type\":\"ReadAction\",\"target\":[\"https:\/\/foretnature.be\/en\/resume-foret-mail\/reprise-des-travaux-forestiers-sous-conditions-en-zone-ppa\/\"]}]},{\"@type\":\"BreadcrumbList\",\"@id\":\"https:\/\/foretnature.be\/en\/resume-foret-mail\/reprise-des-travaux-forestiers-sous-conditions-en-zone-ppa\/#breadcrumb\",\"itemListElement\":[{\"@type\":\"ListItem\",\"position\":1,\"name\":\"Home\",\"item\":\"https:\/\/foretnature.be\/en\/\"},{\"@type\":\"ListItem\",\"position\":2,\"name\":\"Reprise des travaux forestiers sous conditions en zone PPA\"}]},{\"@type\":\"WebSite\",\"@id\":\"https:\/\/foretnature.be\/en\/#website\",\"url\":\"https:\/\/foretnature.be\/en\/\",\"name\":\"For\u00eat.Nature\",\"description\":\"Une \u00e9quipe technique au service de la for\u00eat\",\"publisher\":{\"@id\":\"https:\/\/foretnature.be\/en\/#organization\"},\"potentialAction\":[{\"@type\":\"SearchAction\",\"target\":{\"@type\":\"EntryPoint\",\"urlTemplate\":\"https:\/\/foretnature.be\/en\/?s={search_term_string}\"},\"query-input\":\"required name=search_term_string\"}],\"inLanguage\":\"en-GB\"},{\"@type\":\"Organization\",\"@id\":\"https:\/\/foretnature.be\/en\/#organization\",\"name\":\"For\u00eat.Nature\",\"url\":\"https:\/\/foretnature.be\/en\/\",\"logo\":{\"@type\":\"ImageObject\",\"inLanguage\":\"en-GB\",\"@id\":\"https:\/\/foretnature.be\/en\/#\/schema\/logo\/image\/\",\"url\":\"https:\/\/foretnature.be\/wp-content\/uploads\/2021\/01\/logoFOblanc.png\",\"contentUrl\":\"https:\/\/foretnature.be\/wp-content\/uploads\/2021\/01\/logoFOblanc.png\",\"width\":300,\"height\":151,\"caption\":\"For\u00eat.Nature\"},\"image\":{\"@id\":\"https:\/\/foretnature.be\/en\/#\/schema\/logo\/image\/\"}}]}<\/script>\n<!-- \/ Yoast SEO plugin. -->","yoast_head_json":{"title":"Reprise des travaux forestiers sous conditions en zone PPA - For\u00eat.Nature","robots":{"index":"index","follow":"follow","max-snippet":"max-snippet:-1","max-image-preview":"max-image-preview:large","max-video-preview":"max-video-preview:-1"},"canonical":"https:\/\/foretnature.be\/en\/resume-foret-mail\/reprise-des-travaux-forestiers-sous-conditions-en-zone-ppa\/","og_locale":"en_GB","og_type":"article","og_title":"Reprise des travaux forestiers sous conditions en zone PPA - For\u00eat.Nature","og_description":"La Ministre de la For\u00eat C\u00e9line Tellier a autoris\u00e9 la reprise des travaux forestiers \u00e0 certaines conditions dans la zone infect\u00e9e par la peste porcine africaine (PPA). Cette d\u00e9cision a \u00e9t\u00e9 prise en concertation avec le comit\u00e9 strat\u00e9gique PPA et l\u2019AFSCA. Elle r\u00e9pond en grande partie aux demandes du secteurs forestiers. La reprise des travaux [&hellip;]","og_url":"https:\/\/foretnature.be\/en\/resume-foret-mail\/reprise-des-travaux-forestiers-sous-conditions-en-zone-ppa\/","og_site_name":"For\u00eat.Nature","twitter_card":"summary_large_image","twitter_misc":{"Estimated reading time":"1 minute"},"schema":{"@context":"https:\/\/schema.org","@graph":[{"@type":"WebPage","@id":"https:\/\/foretnature.be\/en\/resume-foret-mail\/reprise-des-travaux-forestiers-sous-conditions-en-zone-ppa\/","url":"https:\/\/foretnature.be\/en\/resume-foret-mail\/reprise-des-travaux-forestiers-sous-conditions-en-zone-ppa\/","name":"Reprise des travaux forestiers sous conditions en zone PPA - For\u00eat.Nature","isPartOf":{"@id":"https:\/\/foretnature.be\/en\/#website"},"datePublished":"2021-09-10T09:46:03+00:00","dateModified":"2021-09-10T09:46:03+00:00","breadcrumb":{"@id":"https:\/\/foretnature.be\/en\/resume-foret-mail\/reprise-des-travaux-forestiers-sous-conditions-en-zone-ppa\/#breadcrumb"},"inLanguage":"en-GB","potentialAction":[{"@type":"ReadAction","target":["https:\/\/foretnature.be\/en\/resume-foret-mail\/reprise-des-travaux-forestiers-sous-conditions-en-zone-ppa\/"]}]},{"@type":"BreadcrumbList","@id":"https:\/\/foretnature.be\/en\/resume-foret-mail\/reprise-des-travaux-forestiers-sous-conditions-en-zone-ppa\/#breadcrumb","itemListElement":[{"@type":"ListItem","position":1,"name":"Home","item":"https:\/\/foretnature.be\/en\/"},{"@type":"ListItem","position":2,"name":"Reprise des travaux forestiers sous conditions en zone PPA"}]},{"@type":"WebSite","@id":"https:\/\/foretnature.be\/en\/#website","url":"https:\/\/foretnature.be\/en\/","name":"For\u00eat.Nature","description":"Une \u00e9quipe technique au service de la for\u00eat","publisher":{"@id":"https:\/\/foretnature.be\/en\/#organization"},"potentialAction":[{"@type":"SearchAction","target":{"@type":"EntryPoint","urlTemplate":"https:\/\/foretnature.be\/en\/?s={search_term_string}"},"query-input":"required name=search_term_string"}],"inLanguage":"en-GB"},{"@type":"Organization","@id":"https:\/\/foretnature.be\/en\/#organization","name":"For\u00eat.Nature","url":"https:\/\/foretnature.be\/en\/","logo":{"@type":"ImageObject","inLanguage":"en-GB","@id":"https:\/\/foretnature.be\/en\/#\/schema\/logo\/image\/","url":"https:\/\/foretnature.be\/wp-content\/uploads\/2021\/01\/logoFOblanc.png","contentUrl":"https:\/\/foretnature.be\/wp-content\/uploads\/2021\/01\/logoFOblanc.png","width":300,"height":151,"caption":"For\u00eat.Nature"},"image":{"@id":"https:\/\/foretnature.be\/en\/#\/schema\/logo\/image\/"}}]}},"_links":{"self":[{"href":"https:\/\/foretnature.be\/en\/wp-json\/wp\/v2\/resume-foret-mail\/34565"}],"collection":[{"href":"https:\/\/foretnature.be\/en\/wp-json\/wp\/v2\/resume-foret-mail"}],"about":[{"href":"https:\/\/foretnature.be\/en\/wp-json\/wp\/v2\/types\/resume-foret-mail"}],"version-history":[{"count":0,"href":"https:\/\/foretnature.be\/en\/wp-json\/wp\/v2\/resume-foret-mail\/34565\/revisions"}],"wp:attachment":[{"href":"https:\/\/foretnature.be\/en\/wp-json\/wp\/v2\/media?parent=34565"}],"wp:term":[{"taxonomy":"category","embeddable":true,"href":"https:\/\/foretnature.be\/en\/wp-json\/wp\/v2\/categories?post=34565"}],"curies":[{"name":"wp","href":"https:\/\/api.w.org\/{rel}","templated":true}]}}