{"id":34553,"date":"2021-09-10T11:45:59","date_gmt":"2021-09-10T09:45:59","guid":{"rendered":"https:\/\/foretnature.be\/resume-foret-mail\/la-sequence-eviter-reduire-compenser-en-france-permet-elle-reellement-de-prendre-en-compte-la-biodiversite\/"},"modified":"2021-09-10T11:45:59","modified_gmt":"2021-09-10T09:45:59","slug":"la-sequence-eviter-reduire-compenser-en-france-permet-elle-reellement-de-prendre-en-compte-la-biodiversite","status":"publish","type":"resume-foret-mail","link":"https:\/\/foretnature.be\/en\/resume-foret-mail\/la-sequence-eviter-reduire-compenser-en-france-permet-elle-reellement-de-prendre-en-compte-la-biodiversite\/","title":{"rendered":"La s\u00e9quence \u00ab \u00c9viter-R\u00e9duire-Compenser \u00bb en France : permet-elle r\u00e9ellement de prendre en compte la biodiversit\u00e9 ?"},"content":{"rendered":"<p>Dans le dernier num\u00e9ro de janvier 2020 de la revue en acc\u00e8s libre \u00e9dit\u00e9e par l\u2019INRAE, \u00ab Sciences Eaux &#038; Territoires \u00bb, un dossier sp\u00e9cial est consacr\u00e9 au th\u00e8me de la s\u00e9quence \u00c9viter-R\u00e9duire-Compenser (ERC).<br \/>\nLa s\u00e9quence ERC est un outil r\u00e9glementaire mis en \u0153uvre dans les ann\u00e9es &rsquo;70 en France, dont l\u2019objectif th\u00e9orique est de concilier am\u00e9nagement du territoire et biodiversit\u00e9. Concr\u00e8tement, cette s\u00e9quence applique le principe du \u00ab pollueur-payeur \u00bb et permet une prise en compte des enjeux de biodiversit\u00e9 d\u00e8s la phase de conception d\u2019un projet afin que celui soit \u00ab\u2009neutre\u2009\u00bb pour la biodiversit\u00e9. Son application consiste d\u2019abord \u00e0 \u00e9viter au maximum les impacts potentiels du projet sur la biodiversit\u00e9 et les impacts non \u00e9vit\u00e9s doivent \u00eatre r\u00e9duits pendant et apr\u00e8s la phase de travaux. Enfin, les impacts r\u00e9siduels jug\u00e9s significatifs doivent \u00eatre compens\u00e9s par des actions en faveur de la biodiversit\u00e9, appel\u00e9es mesures compensatoires (MC). Ces mesures peuvent prendre la forme de maintien, de gestion, de restauration ou de cr\u00e9ation d\u2019\u00e9cosyst\u00e8mes, et doivent apporter des gains au moins \u00e9quivalents aux pertes.<br \/>\nMalheureusement dans la pratique, son application atteint des limites et ne permet pas d\u2019enrayer la biodiversit\u00e9. En effet, cette s\u00e9quence se heurte, lors de sa mise en \u0153uvre, \u00e0 des incertitudes aussi bien scientifiques que pratiques. De plus, lors de la conception des projets d\u2019am\u00e9nagement, l\u2019accent est souvent mis sur la compensation \u00e9cologique au d\u00e9triment des phases d\u2019\u00e9vitement et de r\u00e9duction des impacts. Enfin, l\u2019approche souvent utilis\u00e9e tend \u00e0 focaliser la d\u00e9marche ERC sur des sites sans int\u00e9gration dans une vision plus large du paysage.<br \/>\nCe dossier sp\u00e9cial de dix articles fait suite \u00e0 un colloque organis\u00e9 sur ce th\u00e8me en octobre 2018 \u00e0 Grenoble et apr\u00e8s un \u00e9tat des lieux introductif, plusieurs cas d\u2019\u00e9tudes et solutions possibles sont abord\u00e9s.<br \/>\nBezombes L., Spiegelberger T. (2020). \u00c9viter, r\u00e9duire, compenser : et si l&rsquo;on s&rsquo;organisait \u00e0 l&rsquo;\u00e9chelle des territoires ? Avant-propos, Revue Science Eaux &#038; Territoires31 : 3.<\/p>","protected":false},"excerpt":{"rendered":"<p>Dans le dernier num\u00e9ro de janvier 2020 de la revue en acc\u00e8s libre \u00e9dit\u00e9e par l\u2019INRAE, \u00ab Sciences Eaux &#038; Territoires \u00bb, un dossier sp\u00e9cial est consacr\u00e9 au th\u00e8me de la s\u00e9quence \u00c9viter-R\u00e9duire-Compenser (ERC). La s\u00e9quence ERC est un outil r\u00e9glementaire mis en \u0153uvre dans les ann\u00e9es &rsquo;70 en France, dont l\u2019objectif th\u00e9orique est de [&hellip;]<\/p>","protected":false},"featured_media":0,"template":"","categories":[50],"acf":[],"yoast_head":"<!-- This site is optimized with the Yoast SEO plugin v23.2 - https:\/\/yoast.com\/wordpress\/plugins\/seo\/ -->\n<title>La s\u00e9quence \u00ab \u00c9viter-R\u00e9duire-Compenser \u00bb en France : permet-elle r\u00e9ellement de prendre en compte la biodiversit\u00e9 ? - For\u00eat.Nature<\/title>\n<meta name=\"robots\" content=\"index, follow, max-snippet:-1, max-image-preview:large, max-video-preview:-1\" \/>\n<link rel=\"canonical\" href=\"https:\/\/foretnature.be\/en\/resume-foret-mail\/la-sequence-eviter-reduire-compenser-en-france-permet-elle-reellement-de-prendre-en-compte-la-biodiversite\/\" \/>\n<meta property=\"og:locale\" content=\"en_GB\" \/>\n<meta property=\"og:type\" content=\"article\" \/>\n<meta property=\"og:title\" content=\"La s\u00e9quence \u00ab \u00c9viter-R\u00e9duire-Compenser \u00bb en France : permet-elle r\u00e9ellement de prendre en compte la biodiversit\u00e9 ? - For\u00eat.Nature\" \/>\n<meta property=\"og:description\" content=\"Dans le dernier num\u00e9ro de janvier 2020 de la revue en acc\u00e8s libre \u00e9dit\u00e9e par l\u2019INRAE, \u00ab Sciences Eaux &#038; Territoires \u00bb, un dossier sp\u00e9cial est consacr\u00e9 au th\u00e8me de la s\u00e9quence \u00c9viter-R\u00e9duire-Compenser (ERC). La s\u00e9quence ERC est un outil r\u00e9glementaire mis en \u0153uvre dans les ann\u00e9es &rsquo;70 en France, dont l\u2019objectif th\u00e9orique est de [&hellip;]\" \/>\n<meta property=\"og:url\" content=\"https:\/\/foretnature.be\/en\/resume-foret-mail\/la-sequence-eviter-reduire-compenser-en-france-permet-elle-reellement-de-prendre-en-compte-la-biodiversite\/\" \/>\n<meta property=\"og:site_name\" content=\"For\u00eat.Nature\" \/>\n<meta name=\"twitter:card\" content=\"summary_large_image\" \/>\n<meta name=\"twitter:label1\" content=\"Estimated reading time\" \/>\n\t<meta name=\"twitter:data1\" content=\"2 minutes\" \/>\n<script type=\"application\/ld+json\" class=\"yoast-schema-graph\">{\"@context\":\"https:\/\/schema.org\",\"@graph\":[{\"@type\":\"WebPage\",\"@id\":\"https:\/\/foretnature.be\/resume-foret-mail\/la-sequence-eviter-reduire-compenser-en-france-permet-elle-reellement-de-prendre-en-compte-la-biodiversite\/\",\"url\":\"https:\/\/foretnature.be\/resume-foret-mail\/la-sequence-eviter-reduire-compenser-en-france-permet-elle-reellement-de-prendre-en-compte-la-biodiversite\/\",\"name\":\"La s\u00e9quence \u00ab \u00c9viter-R\u00e9duire-Compenser \u00bb en France : permet-elle r\u00e9ellement de prendre en compte la biodiversit\u00e9 ? - For\u00eat.Nature\",\"isPartOf\":{\"@id\":\"https:\/\/foretnature.be\/#website\"},\"datePublished\":\"2021-09-10T09:45:59+00:00\",\"dateModified\":\"2021-09-10T09:45:59+00:00\",\"breadcrumb\":{\"@id\":\"https:\/\/foretnature.be\/resume-foret-mail\/la-sequence-eviter-reduire-compenser-en-france-permet-elle-reellement-de-prendre-en-compte-la-biodiversite\/#breadcrumb\"},\"inLanguage\":\"en-GB\",\"potentialAction\":[{\"@type\":\"ReadAction\",\"target\":[\"https:\/\/foretnature.be\/resume-foret-mail\/la-sequence-eviter-reduire-compenser-en-france-permet-elle-reellement-de-prendre-en-compte-la-biodiversite\/\"]}]},{\"@type\":\"BreadcrumbList\",\"@id\":\"https:\/\/foretnature.be\/resume-foret-mail\/la-sequence-eviter-reduire-compenser-en-france-permet-elle-reellement-de-prendre-en-compte-la-biodiversite\/#breadcrumb\",\"itemListElement\":[{\"@type\":\"ListItem\",\"position\":1,\"name\":\"Home\",\"item\":\"https:\/\/foretnature.be\/\"},{\"@type\":\"ListItem\",\"position\":2,\"name\":\"La s\u00e9quence \u00ab \u00c9viter-R\u00e9duire-Compenser \u00bb en France : permet-elle r\u00e9ellement de prendre en compte la biodiversit\u00e9 ?\"}]},{\"@type\":\"WebSite\",\"@id\":\"https:\/\/foretnature.be\/#website\",\"url\":\"https:\/\/foretnature.be\/\",\"name\":\"For\u00eat.Nature\",\"description\":\"Une \u00e9quipe technique au service de la for\u00eat\",\"publisher\":{\"@id\":\"https:\/\/foretnature.be\/#organization\"},\"potentialAction\":[{\"@type\":\"SearchAction\",\"target\":{\"@type\":\"EntryPoint\",\"urlTemplate\":\"https:\/\/foretnature.be\/?s={search_term_string}\"},\"query-input\":\"required name=search_term_string\"}],\"inLanguage\":\"en-GB\"},{\"@type\":\"Organization\",\"@id\":\"https:\/\/foretnature.be\/#organization\",\"name\":\"For\u00eat.Nature\",\"url\":\"https:\/\/foretnature.be\/\",\"logo\":{\"@type\":\"ImageObject\",\"inLanguage\":\"en-GB\",\"@id\":\"https:\/\/foretnature.be\/#\/schema\/logo\/image\/\",\"url\":\"https:\/\/foretnature.be\/wp-content\/uploads\/2021\/01\/logoFOblanc.png\",\"contentUrl\":\"https:\/\/foretnature.be\/wp-content\/uploads\/2021\/01\/logoFOblanc.png\",\"width\":300,\"height\":151,\"caption\":\"For\u00eat.Nature\"},\"image\":{\"@id\":\"https:\/\/foretnature.be\/#\/schema\/logo\/image\/\"}}]}<\/script>\n<!-- \/ Yoast SEO plugin. -->","yoast_head_json":{"title":"La s\u00e9quence \u00ab \u00c9viter-R\u00e9duire-Compenser \u00bb en France : permet-elle r\u00e9ellement de prendre en compte la biodiversit\u00e9 ? - For\u00eat.Nature","robots":{"index":"index","follow":"follow","max-snippet":"max-snippet:-1","max-image-preview":"max-image-preview:large","max-video-preview":"max-video-preview:-1"},"canonical":"https:\/\/foretnature.be\/en\/resume-foret-mail\/la-sequence-eviter-reduire-compenser-en-france-permet-elle-reellement-de-prendre-en-compte-la-biodiversite\/","og_locale":"en_GB","og_type":"article","og_title":"La s\u00e9quence \u00ab \u00c9viter-R\u00e9duire-Compenser \u00bb en France : permet-elle r\u00e9ellement de prendre en compte la biodiversit\u00e9 ? - For\u00eat.Nature","og_description":"Dans le dernier num\u00e9ro de janvier 2020 de la revue en acc\u00e8s libre \u00e9dit\u00e9e par l\u2019INRAE, \u00ab Sciences Eaux &#038; Territoires \u00bb, un dossier sp\u00e9cial est consacr\u00e9 au th\u00e8me de la s\u00e9quence \u00c9viter-R\u00e9duire-Compenser (ERC). La s\u00e9quence ERC est un outil r\u00e9glementaire mis en \u0153uvre dans les ann\u00e9es &rsquo;70 en France, dont l\u2019objectif th\u00e9orique est de [&hellip;]","og_url":"https:\/\/foretnature.be\/en\/resume-foret-mail\/la-sequence-eviter-reduire-compenser-en-france-permet-elle-reellement-de-prendre-en-compte-la-biodiversite\/","og_site_name":"For\u00eat.Nature","twitter_card":"summary_large_image","twitter_misc":{"Estimated reading time":"2 minutes"},"schema":{"@context":"https:\/\/schema.org","@graph":[{"@type":"WebPage","@id":"https:\/\/foretnature.be\/resume-foret-mail\/la-sequence-eviter-reduire-compenser-en-france-permet-elle-reellement-de-prendre-en-compte-la-biodiversite\/","url":"https:\/\/foretnature.be\/resume-foret-mail\/la-sequence-eviter-reduire-compenser-en-france-permet-elle-reellement-de-prendre-en-compte-la-biodiversite\/","name":"La s\u00e9quence \u00ab \u00c9viter-R\u00e9duire-Compenser \u00bb en France : permet-elle r\u00e9ellement de prendre en compte la biodiversit\u00e9 ? - For\u00eat.Nature","isPartOf":{"@id":"https:\/\/foretnature.be\/#website"},"datePublished":"2021-09-10T09:45:59+00:00","dateModified":"2021-09-10T09:45:59+00:00","breadcrumb":{"@id":"https:\/\/foretnature.be\/resume-foret-mail\/la-sequence-eviter-reduire-compenser-en-france-permet-elle-reellement-de-prendre-en-compte-la-biodiversite\/#breadcrumb"},"inLanguage":"en-GB","potentialAction":[{"@type":"ReadAction","target":["https:\/\/foretnature.be\/resume-foret-mail\/la-sequence-eviter-reduire-compenser-en-france-permet-elle-reellement-de-prendre-en-compte-la-biodiversite\/"]}]},{"@type":"BreadcrumbList","@id":"https:\/\/foretnature.be\/resume-foret-mail\/la-sequence-eviter-reduire-compenser-en-france-permet-elle-reellement-de-prendre-en-compte-la-biodiversite\/#breadcrumb","itemListElement":[{"@type":"ListItem","position":1,"name":"Home","item":"https:\/\/foretnature.be\/"},{"@type":"ListItem","position":2,"name":"La s\u00e9quence \u00ab \u00c9viter-R\u00e9duire-Compenser \u00bb en France : permet-elle r\u00e9ellement de prendre en compte la biodiversit\u00e9 ?"}]},{"@type":"WebSite","@id":"https:\/\/foretnature.be\/#website","url":"https:\/\/foretnature.be\/","name":"For\u00eat.Nature","description":"Une \u00e9quipe technique au service de la for\u00eat","publisher":{"@id":"https:\/\/foretnature.be\/#organization"},"potentialAction":[{"@type":"SearchAction","target":{"@type":"EntryPoint","urlTemplate":"https:\/\/foretnature.be\/?s={search_term_string}"},"query-input":"required name=search_term_string"}],"inLanguage":"en-GB"},{"@type":"Organization","@id":"https:\/\/foretnature.be\/#organization","name":"For\u00eat.Nature","url":"https:\/\/foretnature.be\/","logo":{"@type":"ImageObject","inLanguage":"en-GB","@id":"https:\/\/foretnature.be\/#\/schema\/logo\/image\/","url":"https:\/\/foretnature.be\/wp-content\/uploads\/2021\/01\/logoFOblanc.png","contentUrl":"https:\/\/foretnature.be\/wp-content\/uploads\/2021\/01\/logoFOblanc.png","width":300,"height":151,"caption":"For\u00eat.Nature"},"image":{"@id":"https:\/\/foretnature.be\/#\/schema\/logo\/image\/"}}]}},"_links":{"self":[{"href":"https:\/\/foretnature.be\/en\/wp-json\/wp\/v2\/resume-foret-mail\/34553"}],"collection":[{"href":"https:\/\/foretnature.be\/en\/wp-json\/wp\/v2\/resume-foret-mail"}],"about":[{"href":"https:\/\/foretnature.be\/en\/wp-json\/wp\/v2\/types\/resume-foret-mail"}],"version-history":[{"count":0,"href":"https:\/\/foretnature.be\/en\/wp-json\/wp\/v2\/resume-foret-mail\/34553\/revisions"}],"wp:attachment":[{"href":"https:\/\/foretnature.be\/en\/wp-json\/wp\/v2\/media?parent=34553"}],"wp:term":[{"taxonomy":"category","embeddable":true,"href":"https:\/\/foretnature.be\/en\/wp-json\/wp\/v2\/categories?post=34553"}],"curies":[{"name":"wp","href":"https:\/\/api.w.org\/{rel}","templated":true}]}}