{"id":34547,"date":"2021-09-10T11:45:59","date_gmt":"2021-09-10T09:45:59","guid":{"rendered":"https:\/\/foretnature.be\/resume-foret-mail\/portfolio-laureats-du-concours-2019-vogelwarte\/"},"modified":"2021-09-10T11:45:59","modified_gmt":"2021-09-10T09:45:59","slug":"portfolio-laureats-du-concours-2019-vogelwarte","status":"publish","type":"resume-foret-mail","link":"https:\/\/foretnature.be\/en\/resume-foret-mail\/portfolio-laureats-du-concours-2019-vogelwarte\/","title":{"rendered":"Portfolio. Laur\u00e9ats du concours 2019 Vogelwarte"},"content":{"rendered":"<p>Pic \u00e9peiche, Jonathan Lhoir<br \/>\nLa Station ornithologique suisse de Sempach (Vogelwarte) organise chaque ann\u00e9e un concours photo consacr\u00e9 aux oiseaux. Le but est de faire conna\u00eetre le monde des oiseaux au grand public et d\u2019acqu\u00e9rir son soutien. Le concours 2019 a \u00e9t\u00e9 remport\u00e9 par Jonathan Lhoir, photographe et naturaliste belge.<br \/>\nAigle royal, Markus Varesvuo<br \/>\nCincle plongeur, Markus Varesvuo<br \/>\nSittelle torchepot, Dario Ferrandi<br \/>\nLagop\u00e8de alpin, Flurin Leugger<br \/>\nCygne tubercul\u00e9, Susanne Brunner<br \/>\nM\u00e9sange charbonni\u00e8re, Piotr G\u00f3rny<br \/>\nTroglodyte mignon, Roelof Molenaar<br \/>\nCassenoix mouchet\u00e9, Alwin Hardenbol<br \/>\nGr\u00e8be hupp\u00e9, Patrick Donini<\/p>","protected":false},"excerpt":{"rendered":"<p>Pic \u00e9peiche, Jonathan Lhoir La Station ornithologique suisse de Sempach (Vogelwarte) organise chaque ann\u00e9e un concours photo consacr\u00e9 aux oiseaux. Le but est de faire conna\u00eetre le monde des oiseaux au grand public et d\u2019acqu\u00e9rir son soutien. Le concours 2019 a \u00e9t\u00e9 remport\u00e9 par Jonathan Lhoir, photographe et naturaliste belge. Aigle royal, Markus Varesvuo Cincle [&hellip;]<\/p>","protected":false},"featured_media":0,"template":"","categories":[50],"acf":[],"yoast_head":"<!-- This site is optimized with the Yoast SEO plugin v23.2 - https:\/\/yoast.com\/wordpress\/plugins\/seo\/ -->\n<title>Portfolio. Laur\u00e9ats du concours 2019 Vogelwarte - For\u00eat.Nature<\/title>\n<meta name=\"robots\" content=\"index, follow, max-snippet:-1, max-image-preview:large, max-video-preview:-1\" \/>\n<link rel=\"canonical\" href=\"https:\/\/foretnature.be\/en\/resume-foret-mail\/portfolio-laureats-du-concours-2019-vogelwarte\/\" \/>\n<meta property=\"og:locale\" content=\"en_GB\" \/>\n<meta property=\"og:type\" content=\"article\" \/>\n<meta property=\"og:title\" content=\"Portfolio. Laur\u00e9ats du concours 2019 Vogelwarte - For\u00eat.Nature\" \/>\n<meta property=\"og:description\" content=\"Pic \u00e9peiche, Jonathan Lhoir La Station ornithologique suisse de Sempach (Vogelwarte) organise chaque ann\u00e9e un concours photo consacr\u00e9 aux oiseaux. Le but est de faire conna\u00eetre le monde des oiseaux au grand public et d\u2019acqu\u00e9rir son soutien. Le concours 2019 a \u00e9t\u00e9 remport\u00e9 par Jonathan Lhoir, photographe et naturaliste belge. Aigle royal, Markus Varesvuo Cincle [&hellip;]\" \/>\n<meta property=\"og:url\" content=\"https:\/\/foretnature.be\/en\/resume-foret-mail\/portfolio-laureats-du-concours-2019-vogelwarte\/\" \/>\n<meta property=\"og:site_name\" content=\"For\u00eat.Nature\" \/>\n<meta name=\"twitter:card\" content=\"summary_large_image\" \/>\n<script type=\"application\/ld+json\" class=\"yoast-schema-graph\">{\"@context\":\"https:\/\/schema.org\",\"@graph\":[{\"@type\":\"WebPage\",\"@id\":\"https:\/\/foretnature.be\/resume-foret-mail\/portfolio-laureats-du-concours-2019-vogelwarte\/\",\"url\":\"https:\/\/foretnature.be\/resume-foret-mail\/portfolio-laureats-du-concours-2019-vogelwarte\/\",\"name\":\"Portfolio. Laur\u00e9ats du concours 2019 Vogelwarte - For\u00eat.Nature\",\"isPartOf\":{\"@id\":\"https:\/\/foretnature.be\/#website\"},\"datePublished\":\"2021-09-10T09:45:59+00:00\",\"dateModified\":\"2021-09-10T09:45:59+00:00\",\"breadcrumb\":{\"@id\":\"https:\/\/foretnature.be\/resume-foret-mail\/portfolio-laureats-du-concours-2019-vogelwarte\/#breadcrumb\"},\"inLanguage\":\"en-GB\",\"potentialAction\":[{\"@type\":\"ReadAction\",\"target\":[\"https:\/\/foretnature.be\/resume-foret-mail\/portfolio-laureats-du-concours-2019-vogelwarte\/\"]}]},{\"@type\":\"BreadcrumbList\",\"@id\":\"https:\/\/foretnature.be\/resume-foret-mail\/portfolio-laureats-du-concours-2019-vogelwarte\/#breadcrumb\",\"itemListElement\":[{\"@type\":\"ListItem\",\"position\":1,\"name\":\"Home\",\"item\":\"https:\/\/foretnature.be\/\"},{\"@type\":\"ListItem\",\"position\":2,\"name\":\"Portfolio. Laur\u00e9ats du concours 2019 Vogelwarte\"}]},{\"@type\":\"WebSite\",\"@id\":\"https:\/\/foretnature.be\/#website\",\"url\":\"https:\/\/foretnature.be\/\",\"name\":\"For\u00eat.Nature\",\"description\":\"Une \u00e9quipe technique au service de la for\u00eat\",\"publisher\":{\"@id\":\"https:\/\/foretnature.be\/#organization\"},\"potentialAction\":[{\"@type\":\"SearchAction\",\"target\":{\"@type\":\"EntryPoint\",\"urlTemplate\":\"https:\/\/foretnature.be\/?s={search_term_string}\"},\"query-input\":\"required name=search_term_string\"}],\"inLanguage\":\"en-GB\"},{\"@type\":\"Organization\",\"@id\":\"https:\/\/foretnature.be\/#organization\",\"name\":\"For\u00eat.Nature\",\"url\":\"https:\/\/foretnature.be\/\",\"logo\":{\"@type\":\"ImageObject\",\"inLanguage\":\"en-GB\",\"@id\":\"https:\/\/foretnature.be\/#\/schema\/logo\/image\/\",\"url\":\"https:\/\/foretnature.be\/wp-content\/uploads\/2021\/01\/logoFOblanc.png\",\"contentUrl\":\"https:\/\/foretnature.be\/wp-content\/uploads\/2021\/01\/logoFOblanc.png\",\"width\":300,\"height\":151,\"caption\":\"For\u00eat.Nature\"},\"image\":{\"@id\":\"https:\/\/foretnature.be\/#\/schema\/logo\/image\/\"}}]}<\/script>\n<!-- \/ Yoast SEO plugin. -->","yoast_head_json":{"title":"Portfolio. Laur\u00e9ats du concours 2019 Vogelwarte - For\u00eat.Nature","robots":{"index":"index","follow":"follow","max-snippet":"max-snippet:-1","max-image-preview":"max-image-preview:large","max-video-preview":"max-video-preview:-1"},"canonical":"https:\/\/foretnature.be\/en\/resume-foret-mail\/portfolio-laureats-du-concours-2019-vogelwarte\/","og_locale":"en_GB","og_type":"article","og_title":"Portfolio. Laur\u00e9ats du concours 2019 Vogelwarte - For\u00eat.Nature","og_description":"Pic \u00e9peiche, Jonathan Lhoir La Station ornithologique suisse de Sempach (Vogelwarte) organise chaque ann\u00e9e un concours photo consacr\u00e9 aux oiseaux. Le but est de faire conna\u00eetre le monde des oiseaux au grand public et d\u2019acqu\u00e9rir son soutien. Le concours 2019 a \u00e9t\u00e9 remport\u00e9 par Jonathan Lhoir, photographe et naturaliste belge. Aigle royal, Markus Varesvuo Cincle [&hellip;]","og_url":"https:\/\/foretnature.be\/en\/resume-foret-mail\/portfolio-laureats-du-concours-2019-vogelwarte\/","og_site_name":"For\u00eat.Nature","twitter_card":"summary_large_image","schema":{"@context":"https:\/\/schema.org","@graph":[{"@type":"WebPage","@id":"https:\/\/foretnature.be\/resume-foret-mail\/portfolio-laureats-du-concours-2019-vogelwarte\/","url":"https:\/\/foretnature.be\/resume-foret-mail\/portfolio-laureats-du-concours-2019-vogelwarte\/","name":"Portfolio. Laur\u00e9ats du concours 2019 Vogelwarte - For\u00eat.Nature","isPartOf":{"@id":"https:\/\/foretnature.be\/#website"},"datePublished":"2021-09-10T09:45:59+00:00","dateModified":"2021-09-10T09:45:59+00:00","breadcrumb":{"@id":"https:\/\/foretnature.be\/resume-foret-mail\/portfolio-laureats-du-concours-2019-vogelwarte\/#breadcrumb"},"inLanguage":"en-GB","potentialAction":[{"@type":"ReadAction","target":["https:\/\/foretnature.be\/resume-foret-mail\/portfolio-laureats-du-concours-2019-vogelwarte\/"]}]},{"@type":"BreadcrumbList","@id":"https:\/\/foretnature.be\/resume-foret-mail\/portfolio-laureats-du-concours-2019-vogelwarte\/#breadcrumb","itemListElement":[{"@type":"ListItem","position":1,"name":"Home","item":"https:\/\/foretnature.be\/"},{"@type":"ListItem","position":2,"name":"Portfolio. Laur\u00e9ats du concours 2019 Vogelwarte"}]},{"@type":"WebSite","@id":"https:\/\/foretnature.be\/#website","url":"https:\/\/foretnature.be\/","name":"For\u00eat.Nature","description":"Une \u00e9quipe technique au service de la for\u00eat","publisher":{"@id":"https:\/\/foretnature.be\/#organization"},"potentialAction":[{"@type":"SearchAction","target":{"@type":"EntryPoint","urlTemplate":"https:\/\/foretnature.be\/?s={search_term_string}"},"query-input":"required name=search_term_string"}],"inLanguage":"en-GB"},{"@type":"Organization","@id":"https:\/\/foretnature.be\/#organization","name":"For\u00eat.Nature","url":"https:\/\/foretnature.be\/","logo":{"@type":"ImageObject","inLanguage":"en-GB","@id":"https:\/\/foretnature.be\/#\/schema\/logo\/image\/","url":"https:\/\/foretnature.be\/wp-content\/uploads\/2021\/01\/logoFOblanc.png","contentUrl":"https:\/\/foretnature.be\/wp-content\/uploads\/2021\/01\/logoFOblanc.png","width":300,"height":151,"caption":"For\u00eat.Nature"},"image":{"@id":"https:\/\/foretnature.be\/#\/schema\/logo\/image\/"}}]}},"_links":{"self":[{"href":"https:\/\/foretnature.be\/en\/wp-json\/wp\/v2\/resume-foret-mail\/34547"}],"collection":[{"href":"https:\/\/foretnature.be\/en\/wp-json\/wp\/v2\/resume-foret-mail"}],"about":[{"href":"https:\/\/foretnature.be\/en\/wp-json\/wp\/v2\/types\/resume-foret-mail"}],"version-history":[{"count":0,"href":"https:\/\/foretnature.be\/en\/wp-json\/wp\/v2\/resume-foret-mail\/34547\/revisions"}],"wp:attachment":[{"href":"https:\/\/foretnature.be\/en\/wp-json\/wp\/v2\/media?parent=34547"}],"wp:term":[{"taxonomy":"category","embeddable":true,"href":"https:\/\/foretnature.be\/en\/wp-json\/wp\/v2\/categories?post=34547"}],"curies":[{"name":"wp","href":"https:\/\/api.w.org\/{rel}","templated":true}]}}