{"id":34544,"date":"2021-09-10T11:45:59","date_gmt":"2021-09-10T09:45:59","guid":{"rendered":"https:\/\/foretnature.be\/resume-foret-mail\/actualites-du-marche-du-bois-en-wallonie-et-en-france\/"},"modified":"2021-09-10T11:45:59","modified_gmt":"2021-09-10T09:45:59","slug":"actualites-du-marche-du-bois-en-wallonie-et-en-france","status":"publish","type":"resume-foret-mail","link":"https:\/\/foretnature.be\/en\/resume-foret-mail\/actualites-du-marche-du-bois-en-wallonie-et-en-france\/","title":{"rendered":"Actualit\u00e9s du march\u00e9 du bois en Wallonie et en France"},"content":{"rendered":"<p>\u00c0 quelques jours d\u2019intervalles sortent le \u00ab Barom\u00e8tre \u00e9conomique \u00bb de l\u2019OEWB et la \u00ab Lettre de conjoncture \u00bb de l\u2019ONF. Le premier fait le point sur les ventes d\u2019automne de bois sur pied en for\u00eats publiques (Wallonie). Sans surprise, c\u2019est le scolyte qui m\u00e8ne la danse. Le million de m\u00e8tres cubes de bois d\u2019\u00e9pic\u00e9a scolyt\u00e9 a d\u00e9stabilis\u00e9 un march\u00e9 des bois tr\u00e8s d\u00e9pendant de cette essence jusqu\u2019\u00e0 impacter \u00e9galement les ventes de feuillus. Le d\u00e9tail essence par essence est donn\u00e9 dans le document.<br \/>\nEn France, sans surprise, le scolyte d\u00e9s\u00e9quilibre \u00e9galement le march\u00e9 du bois. La Lettre donne les chiffres par grandes fili\u00e8res de valorisation et par essence.<\/p>","protected":false},"excerpt":{"rendered":"<p>\u00c0 quelques jours d\u2019intervalles sortent le \u00ab Barom\u00e8tre \u00e9conomique \u00bb de l\u2019OEWB et la \u00ab Lettre de conjoncture \u00bb de l\u2019ONF. Le premier fait le point sur les ventes d\u2019automne de bois sur pied en for\u00eats publiques (Wallonie). Sans surprise, c\u2019est le scolyte qui m\u00e8ne la danse. Le million de m\u00e8tres cubes de bois d\u2019\u00e9pic\u00e9a [&hellip;]<\/p>","protected":false},"featured_media":0,"template":"","categories":[50],"acf":[],"yoast_head":"<!-- This site is optimized with the Yoast SEO plugin v23.2 - https:\/\/yoast.com\/wordpress\/plugins\/seo\/ -->\n<title>Actualit\u00e9s du march\u00e9 du bois en Wallonie et en France - For\u00eat.Nature<\/title>\n<meta name=\"robots\" content=\"index, follow, max-snippet:-1, max-image-preview:large, max-video-preview:-1\" \/>\n<link rel=\"canonical\" href=\"https:\/\/foretnature.be\/en\/resume-foret-mail\/actualites-du-marche-du-bois-en-wallonie-et-en-france\/\" \/>\n<meta property=\"og:locale\" content=\"en_GB\" \/>\n<meta property=\"og:type\" content=\"article\" \/>\n<meta property=\"og:title\" content=\"Actualit\u00e9s du march\u00e9 du bois en Wallonie et en France - For\u00eat.Nature\" \/>\n<meta property=\"og:description\" content=\"\u00c0 quelques jours d\u2019intervalles sortent le \u00ab Barom\u00e8tre \u00e9conomique \u00bb de l\u2019OEWB et la \u00ab Lettre de conjoncture \u00bb de l\u2019ONF. Le premier fait le point sur les ventes d\u2019automne de bois sur pied en for\u00eats publiques (Wallonie). Sans surprise, c\u2019est le scolyte qui m\u00e8ne la danse. Le million de m\u00e8tres cubes de bois d\u2019\u00e9pic\u00e9a [&hellip;]\" \/>\n<meta property=\"og:url\" content=\"https:\/\/foretnature.be\/en\/resume-foret-mail\/actualites-du-marche-du-bois-en-wallonie-et-en-france\/\" \/>\n<meta property=\"og:site_name\" content=\"For\u00eat.Nature\" \/>\n<meta name=\"twitter:card\" content=\"summary_large_image\" \/>\n<meta name=\"twitter:label1\" content=\"Estimated reading time\" \/>\n\t<meta name=\"twitter:data1\" content=\"1 minute\" \/>\n<script type=\"application\/ld+json\" class=\"yoast-schema-graph\">{\"@context\":\"https:\/\/schema.org\",\"@graph\":[{\"@type\":\"WebPage\",\"@id\":\"https:\/\/foretnature.be\/resume-foret-mail\/actualites-du-marche-du-bois-en-wallonie-et-en-france\/\",\"url\":\"https:\/\/foretnature.be\/resume-foret-mail\/actualites-du-marche-du-bois-en-wallonie-et-en-france\/\",\"name\":\"Actualit\u00e9s du march\u00e9 du bois en Wallonie et en France - For\u00eat.Nature\",\"isPartOf\":{\"@id\":\"https:\/\/foretnature.be\/#website\"},\"datePublished\":\"2021-09-10T09:45:59+00:00\",\"dateModified\":\"2021-09-10T09:45:59+00:00\",\"breadcrumb\":{\"@id\":\"https:\/\/foretnature.be\/resume-foret-mail\/actualites-du-marche-du-bois-en-wallonie-et-en-france\/#breadcrumb\"},\"inLanguage\":\"en-GB\",\"potentialAction\":[{\"@type\":\"ReadAction\",\"target\":[\"https:\/\/foretnature.be\/resume-foret-mail\/actualites-du-marche-du-bois-en-wallonie-et-en-france\/\"]}]},{\"@type\":\"BreadcrumbList\",\"@id\":\"https:\/\/foretnature.be\/resume-foret-mail\/actualites-du-marche-du-bois-en-wallonie-et-en-france\/#breadcrumb\",\"itemListElement\":[{\"@type\":\"ListItem\",\"position\":1,\"name\":\"Home\",\"item\":\"https:\/\/foretnature.be\/\"},{\"@type\":\"ListItem\",\"position\":2,\"name\":\"Actualit\u00e9s du march\u00e9 du bois en Wallonie et en France\"}]},{\"@type\":\"WebSite\",\"@id\":\"https:\/\/foretnature.be\/#website\",\"url\":\"https:\/\/foretnature.be\/\",\"name\":\"For\u00eat.Nature\",\"description\":\"Une \u00e9quipe technique au service de la for\u00eat\",\"publisher\":{\"@id\":\"https:\/\/foretnature.be\/#organization\"},\"potentialAction\":[{\"@type\":\"SearchAction\",\"target\":{\"@type\":\"EntryPoint\",\"urlTemplate\":\"https:\/\/foretnature.be\/?s={search_term_string}\"},\"query-input\":\"required name=search_term_string\"}],\"inLanguage\":\"en-GB\"},{\"@type\":\"Organization\",\"@id\":\"https:\/\/foretnature.be\/#organization\",\"name\":\"For\u00eat.Nature\",\"url\":\"https:\/\/foretnature.be\/\",\"logo\":{\"@type\":\"ImageObject\",\"inLanguage\":\"en-GB\",\"@id\":\"https:\/\/foretnature.be\/#\/schema\/logo\/image\/\",\"url\":\"https:\/\/foretnature.be\/wp-content\/uploads\/2021\/01\/logoFOblanc.png\",\"contentUrl\":\"https:\/\/foretnature.be\/wp-content\/uploads\/2021\/01\/logoFOblanc.png\",\"width\":300,\"height\":151,\"caption\":\"For\u00eat.Nature\"},\"image\":{\"@id\":\"https:\/\/foretnature.be\/#\/schema\/logo\/image\/\"}}]}<\/script>\n<!-- \/ Yoast SEO plugin. -->","yoast_head_json":{"title":"Actualit\u00e9s du march\u00e9 du bois en Wallonie et en France - For\u00eat.Nature","robots":{"index":"index","follow":"follow","max-snippet":"max-snippet:-1","max-image-preview":"max-image-preview:large","max-video-preview":"max-video-preview:-1"},"canonical":"https:\/\/foretnature.be\/en\/resume-foret-mail\/actualites-du-marche-du-bois-en-wallonie-et-en-france\/","og_locale":"en_GB","og_type":"article","og_title":"Actualit\u00e9s du march\u00e9 du bois en Wallonie et en France - For\u00eat.Nature","og_description":"\u00c0 quelques jours d\u2019intervalles sortent le \u00ab Barom\u00e8tre \u00e9conomique \u00bb de l\u2019OEWB et la \u00ab Lettre de conjoncture \u00bb de l\u2019ONF. Le premier fait le point sur les ventes d\u2019automne de bois sur pied en for\u00eats publiques (Wallonie). Sans surprise, c\u2019est le scolyte qui m\u00e8ne la danse. Le million de m\u00e8tres cubes de bois d\u2019\u00e9pic\u00e9a [&hellip;]","og_url":"https:\/\/foretnature.be\/en\/resume-foret-mail\/actualites-du-marche-du-bois-en-wallonie-et-en-france\/","og_site_name":"For\u00eat.Nature","twitter_card":"summary_large_image","twitter_misc":{"Estimated reading time":"1 minute"},"schema":{"@context":"https:\/\/schema.org","@graph":[{"@type":"WebPage","@id":"https:\/\/foretnature.be\/resume-foret-mail\/actualites-du-marche-du-bois-en-wallonie-et-en-france\/","url":"https:\/\/foretnature.be\/resume-foret-mail\/actualites-du-marche-du-bois-en-wallonie-et-en-france\/","name":"Actualit\u00e9s du march\u00e9 du bois en Wallonie et en France - For\u00eat.Nature","isPartOf":{"@id":"https:\/\/foretnature.be\/#website"},"datePublished":"2021-09-10T09:45:59+00:00","dateModified":"2021-09-10T09:45:59+00:00","breadcrumb":{"@id":"https:\/\/foretnature.be\/resume-foret-mail\/actualites-du-marche-du-bois-en-wallonie-et-en-france\/#breadcrumb"},"inLanguage":"en-GB","potentialAction":[{"@type":"ReadAction","target":["https:\/\/foretnature.be\/resume-foret-mail\/actualites-du-marche-du-bois-en-wallonie-et-en-france\/"]}]},{"@type":"BreadcrumbList","@id":"https:\/\/foretnature.be\/resume-foret-mail\/actualites-du-marche-du-bois-en-wallonie-et-en-france\/#breadcrumb","itemListElement":[{"@type":"ListItem","position":1,"name":"Home","item":"https:\/\/foretnature.be\/"},{"@type":"ListItem","position":2,"name":"Actualit\u00e9s du march\u00e9 du bois en Wallonie et en France"}]},{"@type":"WebSite","@id":"https:\/\/foretnature.be\/#website","url":"https:\/\/foretnature.be\/","name":"For\u00eat.Nature","description":"Une \u00e9quipe technique au service de la for\u00eat","publisher":{"@id":"https:\/\/foretnature.be\/#organization"},"potentialAction":[{"@type":"SearchAction","target":{"@type":"EntryPoint","urlTemplate":"https:\/\/foretnature.be\/?s={search_term_string}"},"query-input":"required name=search_term_string"}],"inLanguage":"en-GB"},{"@type":"Organization","@id":"https:\/\/foretnature.be\/#organization","name":"For\u00eat.Nature","url":"https:\/\/foretnature.be\/","logo":{"@type":"ImageObject","inLanguage":"en-GB","@id":"https:\/\/foretnature.be\/#\/schema\/logo\/image\/","url":"https:\/\/foretnature.be\/wp-content\/uploads\/2021\/01\/logoFOblanc.png","contentUrl":"https:\/\/foretnature.be\/wp-content\/uploads\/2021\/01\/logoFOblanc.png","width":300,"height":151,"caption":"For\u00eat.Nature"},"image":{"@id":"https:\/\/foretnature.be\/#\/schema\/logo\/image\/"}}]}},"_links":{"self":[{"href":"https:\/\/foretnature.be\/en\/wp-json\/wp\/v2\/resume-foret-mail\/34544"}],"collection":[{"href":"https:\/\/foretnature.be\/en\/wp-json\/wp\/v2\/resume-foret-mail"}],"about":[{"href":"https:\/\/foretnature.be\/en\/wp-json\/wp\/v2\/types\/resume-foret-mail"}],"version-history":[{"count":0,"href":"https:\/\/foretnature.be\/en\/wp-json\/wp\/v2\/resume-foret-mail\/34544\/revisions"}],"wp:attachment":[{"href":"https:\/\/foretnature.be\/en\/wp-json\/wp\/v2\/media?parent=34544"}],"wp:term":[{"taxonomy":"category","embeddable":true,"href":"https:\/\/foretnature.be\/en\/wp-json\/wp\/v2\/categories?post=34544"}],"curies":[{"name":"wp","href":"https:\/\/api.w.org\/{rel}","templated":true}]}}