{"id":34542,"date":"2021-09-10T11:45:59","date_gmt":"2021-09-10T09:45:59","guid":{"rendered":"https:\/\/foretnature.be\/resume-foret-mail\/ongules-sauvages-preleves-pendant-la-saison-2018-2019-en-france-quelques-chiffres\/"},"modified":"2021-09-10T11:45:59","modified_gmt":"2021-09-10T09:45:59","slug":"ongules-sauvages-preleves-pendant-la-saison-2018-2019-en-france-quelques-chiffres","status":"publish","type":"resume-foret-mail","link":"https:\/\/foretnature.be\/en\/resume-foret-mail\/ongules-sauvages-preleves-pendant-la-saison-2018-2019-en-france-quelques-chiffres\/","title":{"rendered":"Ongul\u00e9s sauvages pr\u00e9lev\u00e9s pendant la saison 2018-2019 en France : quelques chiffres"},"content":{"rendered":"<p>L\u2019Office National de la Chasse et de la Faune Sauvage informe que les pr\u00e9l\u00e8vements de cerf \u00e9laphe, de cerf sika et de daim sont en augmentation en 2019 en France. Ceux du chevreuil restent stables alors que ceux du sanglier, du chamois, de l\u2019isard et du mouflon sont en baisse. Concernant le cerf \u00e9laphe, le taux de r\u00e9alisation est de 68,1%, avec des pr\u00e9l\u00e8vements en hausse de 4,6 % en 2019. Les pr\u00e9l\u00e8vements d\u00e9passent 1500 t\u00eates dans 15 d\u00e9partements, le Cantal en premi\u00e8re position avec 2193 cerfs. Le pr\u00e9l\u00e8vement national aux 100 ha bois\u00e9s est de 0,37 cerf, avec l\u2019Indre en t\u00eate (1,8). Les pr\u00e9l\u00e8vements nationaux de sangliers sont en baisse apr\u00e8s cinq saisons d\u2019augmentation, mais d\u00e9passent tout de m\u00eame 700 000 Suid\u00e9s. Les pr\u00e9l\u00e8vements sont sup\u00e9rieurs \u00e0 15 000 sangliers dans dix d\u00e9partements, le Loir-et-Cher, la Moselle, le Gard et la Meuse d\u00e9passant 20 000 t\u00eates. Le pr\u00e9l\u00e8vement national est de 1,36 sanglier aux 100 ha totaux et de 4,19 aux 100 ha bois\u00e9s. Concernant le chevreuil, le taux de r\u00e9alisation est de 86,9 %, le pr\u00e9l\u00e8vement national de 1,07 chevreuil aux 100 ha totaux (la plus forte densit\u00e9 de pr\u00e9l\u00e8vements s\u2019observe en Moselle) et de 3,29 chevreuils aux 100 ha bois\u00e9s. Dans neuf d\u00e9partements, ce sont plus de 10 000 chevreuils qui ont \u00e9t\u00e9 tir\u00e9s.<br \/>\nR\u00e9seau ongul\u00e9s sauvages ONCFS\/FNS\/FDC (2019). Pr\u00e9l\u00e8vements ongul\u00e9s sauvages saison 2018-2019. Suppl\u00e9ment Faune sauvage n\u00b0 324.<\/p>","protected":false},"excerpt":{"rendered":"<p>L\u2019Office National de la Chasse et de la Faune Sauvage informe que les pr\u00e9l\u00e8vements de cerf \u00e9laphe, de cerf sika et de daim sont en augmentation en 2019 en France. Ceux du chevreuil restent stables alors que ceux du sanglier, du chamois, de l\u2019isard et du mouflon sont en baisse. Concernant le cerf \u00e9laphe, le [&hellip;]<\/p>","protected":false},"featured_media":0,"template":"","categories":[50],"acf":[],"yoast_head":"<!-- This site is optimized with the Yoast SEO plugin v23.2 - https:\/\/yoast.com\/wordpress\/plugins\/seo\/ -->\n<title>Ongul\u00e9s sauvages pr\u00e9lev\u00e9s pendant la saison 2018-2019 en France : quelques chiffres - For\u00eat.Nature<\/title>\n<meta name=\"robots\" content=\"index, follow, max-snippet:-1, max-image-preview:large, max-video-preview:-1\" \/>\n<link rel=\"canonical\" href=\"https:\/\/foretnature.be\/en\/resume-foret-mail\/ongules-sauvages-preleves-pendant-la-saison-2018-2019-en-france-quelques-chiffres\/\" \/>\n<meta property=\"og:locale\" content=\"en_GB\" \/>\n<meta property=\"og:type\" content=\"article\" \/>\n<meta property=\"og:title\" content=\"Ongul\u00e9s sauvages pr\u00e9lev\u00e9s pendant la saison 2018-2019 en France : quelques chiffres - For\u00eat.Nature\" \/>\n<meta property=\"og:description\" content=\"L\u2019Office National de la Chasse et de la Faune Sauvage informe que les pr\u00e9l\u00e8vements de cerf \u00e9laphe, de cerf sika et de daim sont en augmentation en 2019 en France. Ceux du chevreuil restent stables alors que ceux du sanglier, du chamois, de l\u2019isard et du mouflon sont en baisse. Concernant le cerf \u00e9laphe, le [&hellip;]\" \/>\n<meta property=\"og:url\" content=\"https:\/\/foretnature.be\/en\/resume-foret-mail\/ongules-sauvages-preleves-pendant-la-saison-2018-2019-en-france-quelques-chiffres\/\" \/>\n<meta property=\"og:site_name\" content=\"For\u00eat.Nature\" \/>\n<meta name=\"twitter:card\" content=\"summary_large_image\" \/>\n<meta name=\"twitter:label1\" content=\"Estimated reading time\" \/>\n\t<meta name=\"twitter:data1\" content=\"1 minute\" \/>\n<script type=\"application\/ld+json\" class=\"yoast-schema-graph\">{\"@context\":\"https:\/\/schema.org\",\"@graph\":[{\"@type\":\"WebPage\",\"@id\":\"https:\/\/foretnature.be\/resume-foret-mail\/ongules-sauvages-preleves-pendant-la-saison-2018-2019-en-france-quelques-chiffres\/\",\"url\":\"https:\/\/foretnature.be\/resume-foret-mail\/ongules-sauvages-preleves-pendant-la-saison-2018-2019-en-france-quelques-chiffres\/\",\"name\":\"Ongul\u00e9s sauvages pr\u00e9lev\u00e9s pendant la saison 2018-2019 en France : quelques chiffres - For\u00eat.Nature\",\"isPartOf\":{\"@id\":\"https:\/\/foretnature.be\/#website\"},\"datePublished\":\"2021-09-10T09:45:59+00:00\",\"dateModified\":\"2021-09-10T09:45:59+00:00\",\"breadcrumb\":{\"@id\":\"https:\/\/foretnature.be\/resume-foret-mail\/ongules-sauvages-preleves-pendant-la-saison-2018-2019-en-france-quelques-chiffres\/#breadcrumb\"},\"inLanguage\":\"en-GB\",\"potentialAction\":[{\"@type\":\"ReadAction\",\"target\":[\"https:\/\/foretnature.be\/resume-foret-mail\/ongules-sauvages-preleves-pendant-la-saison-2018-2019-en-france-quelques-chiffres\/\"]}]},{\"@type\":\"BreadcrumbList\",\"@id\":\"https:\/\/foretnature.be\/resume-foret-mail\/ongules-sauvages-preleves-pendant-la-saison-2018-2019-en-france-quelques-chiffres\/#breadcrumb\",\"itemListElement\":[{\"@type\":\"ListItem\",\"position\":1,\"name\":\"Home\",\"item\":\"https:\/\/foretnature.be\/\"},{\"@type\":\"ListItem\",\"position\":2,\"name\":\"Ongul\u00e9s sauvages pr\u00e9lev\u00e9s pendant la saison 2018-2019 en France : quelques chiffres\"}]},{\"@type\":\"WebSite\",\"@id\":\"https:\/\/foretnature.be\/#website\",\"url\":\"https:\/\/foretnature.be\/\",\"name\":\"For\u00eat.Nature\",\"description\":\"Une \u00e9quipe technique au service de la for\u00eat\",\"publisher\":{\"@id\":\"https:\/\/foretnature.be\/#organization\"},\"potentialAction\":[{\"@type\":\"SearchAction\",\"target\":{\"@type\":\"EntryPoint\",\"urlTemplate\":\"https:\/\/foretnature.be\/?s={search_term_string}\"},\"query-input\":\"required name=search_term_string\"}],\"inLanguage\":\"en-GB\"},{\"@type\":\"Organization\",\"@id\":\"https:\/\/foretnature.be\/#organization\",\"name\":\"For\u00eat.Nature\",\"url\":\"https:\/\/foretnature.be\/\",\"logo\":{\"@type\":\"ImageObject\",\"inLanguage\":\"en-GB\",\"@id\":\"https:\/\/foretnature.be\/#\/schema\/logo\/image\/\",\"url\":\"https:\/\/foretnature.be\/wp-content\/uploads\/2021\/01\/logoFOblanc.png\",\"contentUrl\":\"https:\/\/foretnature.be\/wp-content\/uploads\/2021\/01\/logoFOblanc.png\",\"width\":300,\"height\":151,\"caption\":\"For\u00eat.Nature\"},\"image\":{\"@id\":\"https:\/\/foretnature.be\/#\/schema\/logo\/image\/\"}}]}<\/script>\n<!-- \/ Yoast SEO plugin. -->","yoast_head_json":{"title":"Ongul\u00e9s sauvages pr\u00e9lev\u00e9s pendant la saison 2018-2019 en France : quelques chiffres - For\u00eat.Nature","robots":{"index":"index","follow":"follow","max-snippet":"max-snippet:-1","max-image-preview":"max-image-preview:large","max-video-preview":"max-video-preview:-1"},"canonical":"https:\/\/foretnature.be\/en\/resume-foret-mail\/ongules-sauvages-preleves-pendant-la-saison-2018-2019-en-france-quelques-chiffres\/","og_locale":"en_GB","og_type":"article","og_title":"Ongul\u00e9s sauvages pr\u00e9lev\u00e9s pendant la saison 2018-2019 en France : quelques chiffres - For\u00eat.Nature","og_description":"L\u2019Office National de la Chasse et de la Faune Sauvage informe que les pr\u00e9l\u00e8vements de cerf \u00e9laphe, de cerf sika et de daim sont en augmentation en 2019 en France. Ceux du chevreuil restent stables alors que ceux du sanglier, du chamois, de l\u2019isard et du mouflon sont en baisse. Concernant le cerf \u00e9laphe, le [&hellip;]","og_url":"https:\/\/foretnature.be\/en\/resume-foret-mail\/ongules-sauvages-preleves-pendant-la-saison-2018-2019-en-france-quelques-chiffres\/","og_site_name":"For\u00eat.Nature","twitter_card":"summary_large_image","twitter_misc":{"Estimated reading time":"1 minute"},"schema":{"@context":"https:\/\/schema.org","@graph":[{"@type":"WebPage","@id":"https:\/\/foretnature.be\/resume-foret-mail\/ongules-sauvages-preleves-pendant-la-saison-2018-2019-en-france-quelques-chiffres\/","url":"https:\/\/foretnature.be\/resume-foret-mail\/ongules-sauvages-preleves-pendant-la-saison-2018-2019-en-france-quelques-chiffres\/","name":"Ongul\u00e9s sauvages pr\u00e9lev\u00e9s pendant la saison 2018-2019 en France : quelques chiffres - For\u00eat.Nature","isPartOf":{"@id":"https:\/\/foretnature.be\/#website"},"datePublished":"2021-09-10T09:45:59+00:00","dateModified":"2021-09-10T09:45:59+00:00","breadcrumb":{"@id":"https:\/\/foretnature.be\/resume-foret-mail\/ongules-sauvages-preleves-pendant-la-saison-2018-2019-en-france-quelques-chiffres\/#breadcrumb"},"inLanguage":"en-GB","potentialAction":[{"@type":"ReadAction","target":["https:\/\/foretnature.be\/resume-foret-mail\/ongules-sauvages-preleves-pendant-la-saison-2018-2019-en-france-quelques-chiffres\/"]}]},{"@type":"BreadcrumbList","@id":"https:\/\/foretnature.be\/resume-foret-mail\/ongules-sauvages-preleves-pendant-la-saison-2018-2019-en-france-quelques-chiffres\/#breadcrumb","itemListElement":[{"@type":"ListItem","position":1,"name":"Home","item":"https:\/\/foretnature.be\/"},{"@type":"ListItem","position":2,"name":"Ongul\u00e9s sauvages pr\u00e9lev\u00e9s pendant la saison 2018-2019 en France : quelques chiffres"}]},{"@type":"WebSite","@id":"https:\/\/foretnature.be\/#website","url":"https:\/\/foretnature.be\/","name":"For\u00eat.Nature","description":"Une \u00e9quipe technique au service de la for\u00eat","publisher":{"@id":"https:\/\/foretnature.be\/#organization"},"potentialAction":[{"@type":"SearchAction","target":{"@type":"EntryPoint","urlTemplate":"https:\/\/foretnature.be\/?s={search_term_string}"},"query-input":"required name=search_term_string"}],"inLanguage":"en-GB"},{"@type":"Organization","@id":"https:\/\/foretnature.be\/#organization","name":"For\u00eat.Nature","url":"https:\/\/foretnature.be\/","logo":{"@type":"ImageObject","inLanguage":"en-GB","@id":"https:\/\/foretnature.be\/#\/schema\/logo\/image\/","url":"https:\/\/foretnature.be\/wp-content\/uploads\/2021\/01\/logoFOblanc.png","contentUrl":"https:\/\/foretnature.be\/wp-content\/uploads\/2021\/01\/logoFOblanc.png","width":300,"height":151,"caption":"For\u00eat.Nature"},"image":{"@id":"https:\/\/foretnature.be\/#\/schema\/logo\/image\/"}}]}},"_links":{"self":[{"href":"https:\/\/foretnature.be\/en\/wp-json\/wp\/v2\/resume-foret-mail\/34542"}],"collection":[{"href":"https:\/\/foretnature.be\/en\/wp-json\/wp\/v2\/resume-foret-mail"}],"about":[{"href":"https:\/\/foretnature.be\/en\/wp-json\/wp\/v2\/types\/resume-foret-mail"}],"version-history":[{"count":0,"href":"https:\/\/foretnature.be\/en\/wp-json\/wp\/v2\/resume-foret-mail\/34542\/revisions"}],"wp:attachment":[{"href":"https:\/\/foretnature.be\/en\/wp-json\/wp\/v2\/media?parent=34542"}],"wp:term":[{"taxonomy":"category","embeddable":true,"href":"https:\/\/foretnature.be\/en\/wp-json\/wp\/v2\/categories?post=34542"}],"curies":[{"name":"wp","href":"https:\/\/api.w.org\/{rel}","templated":true}]}}