{"id":34540,"date":"2021-09-10T11:45:59","date_gmt":"2021-09-10T09:45:59","guid":{"rendered":"https:\/\/foretnature.be\/resume-foret-mail\/le-debardage-aerien-pret-a-senvoler\/"},"modified":"2021-09-10T11:45:59","modified_gmt":"2021-09-10T09:45:59","slug":"le-debardage-aerien-pret-a-senvoler","status":"publish","type":"resume-foret-mail","link":"https:\/\/foretnature.be\/en\/resume-foret-mail\/le-debardage-aerien-pret-a-senvoler\/","title":{"rendered":"Le d\u00e9bardage a\u00e9rien pr\u00eat \u00e0 s&rsquo;envoler !"},"content":{"rendered":"<p>Un dirigeable destin\u00e9 \u00e0 porter des charges lourdes devrait voir le jour en 2023. Les premiers vols se d\u00e9rouleront dans le massif des Alpes c\u00f4t\u00e9 fran\u00e7ais. Le constructeur est parvenu \u00e0 rassembler la somme n\u00e9cessaire pour consolider son projet. Trois sites situ\u00e9s en Nouvelle-Aquitaine sont \u00e0 l&rsquo;\u00e9tude pour implanter l&rsquo;usine d&rsquo;assemblage de l&rsquo;a\u00e9ronef.<br \/>\nLe vol inaugural est pr\u00e9vu en 2023 et sera suivi d&rsquo;une ann\u00e9e d&rsquo;essais et de la demande de certification aupr\u00e8s de l&rsquo;agence de s\u00e9curit\u00e9 a\u00e9rienne de l&rsquo;Union europ\u00e9enne. La premi\u00e8re machine sera destin\u00e9e au secteur forestier !<br \/>\nLe co\u00fbt global du projet s&rsquo;\u00e9l\u00e8ve \u00e0 plusieurs centaines de millions d&rsquo;euros pour le d\u00e9veloppement de technologies et la mise au point de l&rsquo;ensemble de l&rsquo;appareil.<br \/>\nC.C.\/Forestopic (2019). Transport a\u00e9rien de grumes : Flying Whales l\u00e8ve 30 millions d&rsquo;euros et consolide son projet industriel. Forestopic<\/p>","protected":false},"excerpt":{"rendered":"<p>Un dirigeable destin\u00e9 \u00e0 porter des charges lourdes devrait voir le jour en 2023. Les premiers vols se d\u00e9rouleront dans le massif des Alpes c\u00f4t\u00e9 fran\u00e7ais. Le constructeur est parvenu \u00e0 rassembler la somme n\u00e9cessaire pour consolider son projet. Trois sites situ\u00e9s en Nouvelle-Aquitaine sont \u00e0 l&rsquo;\u00e9tude pour implanter l&rsquo;usine d&rsquo;assemblage de l&rsquo;a\u00e9ronef. Le vol [&hellip;]<\/p>","protected":false},"featured_media":0,"template":"","categories":[50],"acf":[],"yoast_head":"<!-- This site is optimized with the Yoast SEO plugin v23.2 - https:\/\/yoast.com\/wordpress\/plugins\/seo\/ -->\n<title>Le d\u00e9bardage a\u00e9rien pr\u00eat \u00e0 s&#039;envoler ! - For\u00eat.Nature<\/title>\n<meta name=\"robots\" content=\"index, follow, max-snippet:-1, max-image-preview:large, max-video-preview:-1\" \/>\n<link rel=\"canonical\" href=\"https:\/\/foretnature.be\/en\/resume-foret-mail\/le-debardage-aerien-pret-a-senvoler\/\" \/>\n<meta property=\"og:locale\" content=\"en_GB\" \/>\n<meta property=\"og:type\" content=\"article\" \/>\n<meta property=\"og:title\" content=\"Le d\u00e9bardage a\u00e9rien pr\u00eat \u00e0 s&#039;envoler ! - For\u00eat.Nature\" \/>\n<meta property=\"og:description\" content=\"Un dirigeable destin\u00e9 \u00e0 porter des charges lourdes devrait voir le jour en 2023. Les premiers vols se d\u00e9rouleront dans le massif des Alpes c\u00f4t\u00e9 fran\u00e7ais. Le constructeur est parvenu \u00e0 rassembler la somme n\u00e9cessaire pour consolider son projet. Trois sites situ\u00e9s en Nouvelle-Aquitaine sont \u00e0 l&rsquo;\u00e9tude pour implanter l&rsquo;usine d&rsquo;assemblage de l&rsquo;a\u00e9ronef. Le vol [&hellip;]\" \/>\n<meta property=\"og:url\" content=\"https:\/\/foretnature.be\/en\/resume-foret-mail\/le-debardage-aerien-pret-a-senvoler\/\" \/>\n<meta property=\"og:site_name\" content=\"For\u00eat.Nature\" \/>\n<meta name=\"twitter:card\" content=\"summary_large_image\" \/>\n<meta name=\"twitter:label1\" content=\"Estimated reading time\" \/>\n\t<meta name=\"twitter:data1\" content=\"1 minute\" \/>\n<script type=\"application\/ld+json\" class=\"yoast-schema-graph\">{\"@context\":\"https:\/\/schema.org\",\"@graph\":[{\"@type\":\"WebPage\",\"@id\":\"https:\/\/foretnature.be\/en\/resume-foret-mail\/le-debardage-aerien-pret-a-senvoler\/\",\"url\":\"https:\/\/foretnature.be\/en\/resume-foret-mail\/le-debardage-aerien-pret-a-senvoler\/\",\"name\":\"Le d\u00e9bardage a\u00e9rien pr\u00eat \u00e0 s'envoler ! - For\u00eat.Nature\",\"isPartOf\":{\"@id\":\"https:\/\/foretnature.be\/#website\"},\"datePublished\":\"2021-09-10T09:45:59+00:00\",\"dateModified\":\"2021-09-10T09:45:59+00:00\",\"breadcrumb\":{\"@id\":\"https:\/\/foretnature.be\/en\/resume-foret-mail\/le-debardage-aerien-pret-a-senvoler\/#breadcrumb\"},\"inLanguage\":\"en-GB\",\"potentialAction\":[{\"@type\":\"ReadAction\",\"target\":[\"https:\/\/foretnature.be\/en\/resume-foret-mail\/le-debardage-aerien-pret-a-senvoler\/\"]}]},{\"@type\":\"BreadcrumbList\",\"@id\":\"https:\/\/foretnature.be\/en\/resume-foret-mail\/le-debardage-aerien-pret-a-senvoler\/#breadcrumb\",\"itemListElement\":[{\"@type\":\"ListItem\",\"position\":1,\"name\":\"Home\",\"item\":\"https:\/\/foretnature.be\/\"},{\"@type\":\"ListItem\",\"position\":2,\"name\":\"Le d\u00e9bardage a\u00e9rien pr\u00eat \u00e0 s&rsquo;envoler !\"}]},{\"@type\":\"WebSite\",\"@id\":\"https:\/\/foretnature.be\/#website\",\"url\":\"https:\/\/foretnature.be\/\",\"name\":\"For\u00eat.Nature\",\"description\":\"Une \u00e9quipe technique au service de la for\u00eat\",\"publisher\":{\"@id\":\"https:\/\/foretnature.be\/#organization\"},\"potentialAction\":[{\"@type\":\"SearchAction\",\"target\":{\"@type\":\"EntryPoint\",\"urlTemplate\":\"https:\/\/foretnature.be\/?s={search_term_string}\"},\"query-input\":\"required name=search_term_string\"}],\"inLanguage\":\"en-GB\"},{\"@type\":\"Organization\",\"@id\":\"https:\/\/foretnature.be\/#organization\",\"name\":\"For\u00eat.Nature\",\"url\":\"https:\/\/foretnature.be\/\",\"logo\":{\"@type\":\"ImageObject\",\"inLanguage\":\"en-GB\",\"@id\":\"https:\/\/foretnature.be\/#\/schema\/logo\/image\/\",\"url\":\"https:\/\/foretnature.be\/wp-content\/uploads\/2021\/01\/logoFOblanc.png\",\"contentUrl\":\"https:\/\/foretnature.be\/wp-content\/uploads\/2021\/01\/logoFOblanc.png\",\"width\":300,\"height\":151,\"caption\":\"For\u00eat.Nature\"},\"image\":{\"@id\":\"https:\/\/foretnature.be\/#\/schema\/logo\/image\/\"}}]}<\/script>\n<!-- \/ Yoast SEO plugin. -->","yoast_head_json":{"title":"Le d\u00e9bardage a\u00e9rien pr\u00eat \u00e0 s'envoler ! - For\u00eat.Nature","robots":{"index":"index","follow":"follow","max-snippet":"max-snippet:-1","max-image-preview":"max-image-preview:large","max-video-preview":"max-video-preview:-1"},"canonical":"https:\/\/foretnature.be\/en\/resume-foret-mail\/le-debardage-aerien-pret-a-senvoler\/","og_locale":"en_GB","og_type":"article","og_title":"Le d\u00e9bardage a\u00e9rien pr\u00eat \u00e0 s'envoler ! - For\u00eat.Nature","og_description":"Un dirigeable destin\u00e9 \u00e0 porter des charges lourdes devrait voir le jour en 2023. Les premiers vols se d\u00e9rouleront dans le massif des Alpes c\u00f4t\u00e9 fran\u00e7ais. Le constructeur est parvenu \u00e0 rassembler la somme n\u00e9cessaire pour consolider son projet. Trois sites situ\u00e9s en Nouvelle-Aquitaine sont \u00e0 l&rsquo;\u00e9tude pour implanter l&rsquo;usine d&rsquo;assemblage de l&rsquo;a\u00e9ronef. Le vol [&hellip;]","og_url":"https:\/\/foretnature.be\/en\/resume-foret-mail\/le-debardage-aerien-pret-a-senvoler\/","og_site_name":"For\u00eat.Nature","twitter_card":"summary_large_image","twitter_misc":{"Estimated reading time":"1 minute"},"schema":{"@context":"https:\/\/schema.org","@graph":[{"@type":"WebPage","@id":"https:\/\/foretnature.be\/en\/resume-foret-mail\/le-debardage-aerien-pret-a-senvoler\/","url":"https:\/\/foretnature.be\/en\/resume-foret-mail\/le-debardage-aerien-pret-a-senvoler\/","name":"Le d\u00e9bardage a\u00e9rien pr\u00eat \u00e0 s'envoler ! - For\u00eat.Nature","isPartOf":{"@id":"https:\/\/foretnature.be\/#website"},"datePublished":"2021-09-10T09:45:59+00:00","dateModified":"2021-09-10T09:45:59+00:00","breadcrumb":{"@id":"https:\/\/foretnature.be\/en\/resume-foret-mail\/le-debardage-aerien-pret-a-senvoler\/#breadcrumb"},"inLanguage":"en-GB","potentialAction":[{"@type":"ReadAction","target":["https:\/\/foretnature.be\/en\/resume-foret-mail\/le-debardage-aerien-pret-a-senvoler\/"]}]},{"@type":"BreadcrumbList","@id":"https:\/\/foretnature.be\/en\/resume-foret-mail\/le-debardage-aerien-pret-a-senvoler\/#breadcrumb","itemListElement":[{"@type":"ListItem","position":1,"name":"Home","item":"https:\/\/foretnature.be\/"},{"@type":"ListItem","position":2,"name":"Le d\u00e9bardage a\u00e9rien pr\u00eat \u00e0 s&rsquo;envoler !"}]},{"@type":"WebSite","@id":"https:\/\/foretnature.be\/#website","url":"https:\/\/foretnature.be\/","name":"For\u00eat.Nature","description":"Une \u00e9quipe technique au service de la for\u00eat","publisher":{"@id":"https:\/\/foretnature.be\/#organization"},"potentialAction":[{"@type":"SearchAction","target":{"@type":"EntryPoint","urlTemplate":"https:\/\/foretnature.be\/?s={search_term_string}"},"query-input":"required name=search_term_string"}],"inLanguage":"en-GB"},{"@type":"Organization","@id":"https:\/\/foretnature.be\/#organization","name":"For\u00eat.Nature","url":"https:\/\/foretnature.be\/","logo":{"@type":"ImageObject","inLanguage":"en-GB","@id":"https:\/\/foretnature.be\/#\/schema\/logo\/image\/","url":"https:\/\/foretnature.be\/wp-content\/uploads\/2021\/01\/logoFOblanc.png","contentUrl":"https:\/\/foretnature.be\/wp-content\/uploads\/2021\/01\/logoFOblanc.png","width":300,"height":151,"caption":"For\u00eat.Nature"},"image":{"@id":"https:\/\/foretnature.be\/#\/schema\/logo\/image\/"}}]}},"_links":{"self":[{"href":"https:\/\/foretnature.be\/en\/wp-json\/wp\/v2\/resume-foret-mail\/34540"}],"collection":[{"href":"https:\/\/foretnature.be\/en\/wp-json\/wp\/v2\/resume-foret-mail"}],"about":[{"href":"https:\/\/foretnature.be\/en\/wp-json\/wp\/v2\/types\/resume-foret-mail"}],"version-history":[{"count":0,"href":"https:\/\/foretnature.be\/en\/wp-json\/wp\/v2\/resume-foret-mail\/34540\/revisions"}],"wp:attachment":[{"href":"https:\/\/foretnature.be\/en\/wp-json\/wp\/v2\/media?parent=34540"}],"wp:term":[{"taxonomy":"category","embeddable":true,"href":"https:\/\/foretnature.be\/en\/wp-json\/wp\/v2\/categories?post=34540"}],"curies":[{"name":"wp","href":"https:\/\/api.w.org\/{rel}","templated":true}]}}