{"id":34528,"date":"2021-09-10T11:45:56","date_gmt":"2021-09-10T09:45:56","guid":{"rendered":"https:\/\/foretnature.be\/resume-foret-mail\/castors-superheros-de-biodiversite\/"},"modified":"2021-09-10T11:45:56","modified_gmt":"2021-09-10T09:45:56","slug":"castors-superheros-de-biodiversite","status":"publish","type":"resume-foret-mail","link":"https:\/\/foretnature.be\/en\/resume-foret-mail\/castors-superheros-de-biodiversite\/","title":{"rendered":"Castors : superh\u00e9ros de biodiversit\u00e9"},"content":{"rendered":"<p>Une \u00e9tude men\u00e9e dans le sud de la Su\u00e8de a d\u00e9montr\u00e9 les effets positifs de la pr\u00e9sence du castor sur la biodiversit\u00e9 des cours d\u2019eau. Ils am\u00e9liorent en effet la dynamique naturelle et cr\u00e9ent des habitats favorables \u00e0 la biodiversit\u00e9, et en particulier, \u00e0 certaines esp\u00e8ces sp\u00e9cialis\u00e9es. Le retour du castor serait-il la solution \u00e0 la chute fulgurante de la biodiversit\u00e9 des cours d\u2019eau ?<br \/>\nNaturwissenschaften, 13 novembre 2019.<\/p>","protected":false},"excerpt":{"rendered":"<p>Une \u00e9tude men\u00e9e dans le sud de la Su\u00e8de a d\u00e9montr\u00e9 les effets positifs de la pr\u00e9sence du castor sur la biodiversit\u00e9 des cours d\u2019eau. Ils am\u00e9liorent en effet la dynamique naturelle et cr\u00e9ent des habitats favorables \u00e0 la biodiversit\u00e9, et en particulier, \u00e0 certaines esp\u00e8ces sp\u00e9cialis\u00e9es. Le retour du castor serait-il la solution \u00e0 [&hellip;]<\/p>","protected":false},"featured_media":0,"template":"","categories":[50],"acf":[],"yoast_head":"<!-- This site is optimized with the Yoast SEO plugin v23.2 - https:\/\/yoast.com\/wordpress\/plugins\/seo\/ -->\n<title>Castors : superh\u00e9ros de biodiversit\u00e9 - For\u00eat.Nature<\/title>\n<meta name=\"robots\" content=\"index, follow, max-snippet:-1, max-image-preview:large, max-video-preview:-1\" \/>\n<link rel=\"canonical\" href=\"https:\/\/foretnature.be\/en\/resume-foret-mail\/castors-superheros-de-biodiversite\/\" \/>\n<meta property=\"og:locale\" content=\"en_GB\" \/>\n<meta property=\"og:type\" content=\"article\" \/>\n<meta property=\"og:title\" content=\"Castors : superh\u00e9ros de biodiversit\u00e9 - For\u00eat.Nature\" \/>\n<meta property=\"og:description\" content=\"Une \u00e9tude men\u00e9e dans le sud de la Su\u00e8de a d\u00e9montr\u00e9 les effets positifs de la pr\u00e9sence du castor sur la biodiversit\u00e9 des cours d\u2019eau. Ils am\u00e9liorent en effet la dynamique naturelle et cr\u00e9ent des habitats favorables \u00e0 la biodiversit\u00e9, et en particulier, \u00e0 certaines esp\u00e8ces sp\u00e9cialis\u00e9es. Le retour du castor serait-il la solution \u00e0 [&hellip;]\" \/>\n<meta property=\"og:url\" content=\"https:\/\/foretnature.be\/en\/resume-foret-mail\/castors-superheros-de-biodiversite\/\" \/>\n<meta property=\"og:site_name\" content=\"For\u00eat.Nature\" \/>\n<meta name=\"twitter:card\" content=\"summary_large_image\" \/>\n<script type=\"application\/ld+json\" class=\"yoast-schema-graph\">{\"@context\":\"https:\/\/schema.org\",\"@graph\":[{\"@type\":\"WebPage\",\"@id\":\"https:\/\/foretnature.be\/resume-foret-mail\/castors-superheros-de-biodiversite\/\",\"url\":\"https:\/\/foretnature.be\/resume-foret-mail\/castors-superheros-de-biodiversite\/\",\"name\":\"Castors : superh\u00e9ros de biodiversit\u00e9 - For\u00eat.Nature\",\"isPartOf\":{\"@id\":\"https:\/\/foretnature.be\/#website\"},\"datePublished\":\"2021-09-10T09:45:56+00:00\",\"dateModified\":\"2021-09-10T09:45:56+00:00\",\"breadcrumb\":{\"@id\":\"https:\/\/foretnature.be\/resume-foret-mail\/castors-superheros-de-biodiversite\/#breadcrumb\"},\"inLanguage\":\"en-GB\",\"potentialAction\":[{\"@type\":\"ReadAction\",\"target\":[\"https:\/\/foretnature.be\/resume-foret-mail\/castors-superheros-de-biodiversite\/\"]}]},{\"@type\":\"BreadcrumbList\",\"@id\":\"https:\/\/foretnature.be\/resume-foret-mail\/castors-superheros-de-biodiversite\/#breadcrumb\",\"itemListElement\":[{\"@type\":\"ListItem\",\"position\":1,\"name\":\"Home\",\"item\":\"https:\/\/foretnature.be\/\"},{\"@type\":\"ListItem\",\"position\":2,\"name\":\"Castors : superh\u00e9ros de biodiversit\u00e9\"}]},{\"@type\":\"WebSite\",\"@id\":\"https:\/\/foretnature.be\/#website\",\"url\":\"https:\/\/foretnature.be\/\",\"name\":\"For\u00eat.Nature\",\"description\":\"Une \u00e9quipe technique au service de la for\u00eat\",\"publisher\":{\"@id\":\"https:\/\/foretnature.be\/#organization\"},\"potentialAction\":[{\"@type\":\"SearchAction\",\"target\":{\"@type\":\"EntryPoint\",\"urlTemplate\":\"https:\/\/foretnature.be\/?s={search_term_string}\"},\"query-input\":\"required name=search_term_string\"}],\"inLanguage\":\"en-GB\"},{\"@type\":\"Organization\",\"@id\":\"https:\/\/foretnature.be\/#organization\",\"name\":\"For\u00eat.Nature\",\"url\":\"https:\/\/foretnature.be\/\",\"logo\":{\"@type\":\"ImageObject\",\"inLanguage\":\"en-GB\",\"@id\":\"https:\/\/foretnature.be\/#\/schema\/logo\/image\/\",\"url\":\"https:\/\/foretnature.be\/wp-content\/uploads\/2021\/01\/logoFOblanc.png\",\"contentUrl\":\"https:\/\/foretnature.be\/wp-content\/uploads\/2021\/01\/logoFOblanc.png\",\"width\":300,\"height\":151,\"caption\":\"For\u00eat.Nature\"},\"image\":{\"@id\":\"https:\/\/foretnature.be\/#\/schema\/logo\/image\/\"}}]}<\/script>\n<!-- \/ Yoast SEO plugin. -->","yoast_head_json":{"title":"Castors : superh\u00e9ros de biodiversit\u00e9 - For\u00eat.Nature","robots":{"index":"index","follow":"follow","max-snippet":"max-snippet:-1","max-image-preview":"max-image-preview:large","max-video-preview":"max-video-preview:-1"},"canonical":"https:\/\/foretnature.be\/en\/resume-foret-mail\/castors-superheros-de-biodiversite\/","og_locale":"en_GB","og_type":"article","og_title":"Castors : superh\u00e9ros de biodiversit\u00e9 - For\u00eat.Nature","og_description":"Une \u00e9tude men\u00e9e dans le sud de la Su\u00e8de a d\u00e9montr\u00e9 les effets positifs de la pr\u00e9sence du castor sur la biodiversit\u00e9 des cours d\u2019eau. Ils am\u00e9liorent en effet la dynamique naturelle et cr\u00e9ent des habitats favorables \u00e0 la biodiversit\u00e9, et en particulier, \u00e0 certaines esp\u00e8ces sp\u00e9cialis\u00e9es. Le retour du castor serait-il la solution \u00e0 [&hellip;]","og_url":"https:\/\/foretnature.be\/en\/resume-foret-mail\/castors-superheros-de-biodiversite\/","og_site_name":"For\u00eat.Nature","twitter_card":"summary_large_image","schema":{"@context":"https:\/\/schema.org","@graph":[{"@type":"WebPage","@id":"https:\/\/foretnature.be\/resume-foret-mail\/castors-superheros-de-biodiversite\/","url":"https:\/\/foretnature.be\/resume-foret-mail\/castors-superheros-de-biodiversite\/","name":"Castors : superh\u00e9ros de biodiversit\u00e9 - For\u00eat.Nature","isPartOf":{"@id":"https:\/\/foretnature.be\/#website"},"datePublished":"2021-09-10T09:45:56+00:00","dateModified":"2021-09-10T09:45:56+00:00","breadcrumb":{"@id":"https:\/\/foretnature.be\/resume-foret-mail\/castors-superheros-de-biodiversite\/#breadcrumb"},"inLanguage":"en-GB","potentialAction":[{"@type":"ReadAction","target":["https:\/\/foretnature.be\/resume-foret-mail\/castors-superheros-de-biodiversite\/"]}]},{"@type":"BreadcrumbList","@id":"https:\/\/foretnature.be\/resume-foret-mail\/castors-superheros-de-biodiversite\/#breadcrumb","itemListElement":[{"@type":"ListItem","position":1,"name":"Home","item":"https:\/\/foretnature.be\/"},{"@type":"ListItem","position":2,"name":"Castors : superh\u00e9ros de biodiversit\u00e9"}]},{"@type":"WebSite","@id":"https:\/\/foretnature.be\/#website","url":"https:\/\/foretnature.be\/","name":"For\u00eat.Nature","description":"Une \u00e9quipe technique au service de la for\u00eat","publisher":{"@id":"https:\/\/foretnature.be\/#organization"},"potentialAction":[{"@type":"SearchAction","target":{"@type":"EntryPoint","urlTemplate":"https:\/\/foretnature.be\/?s={search_term_string}"},"query-input":"required name=search_term_string"}],"inLanguage":"en-GB"},{"@type":"Organization","@id":"https:\/\/foretnature.be\/#organization","name":"For\u00eat.Nature","url":"https:\/\/foretnature.be\/","logo":{"@type":"ImageObject","inLanguage":"en-GB","@id":"https:\/\/foretnature.be\/#\/schema\/logo\/image\/","url":"https:\/\/foretnature.be\/wp-content\/uploads\/2021\/01\/logoFOblanc.png","contentUrl":"https:\/\/foretnature.be\/wp-content\/uploads\/2021\/01\/logoFOblanc.png","width":300,"height":151,"caption":"For\u00eat.Nature"},"image":{"@id":"https:\/\/foretnature.be\/#\/schema\/logo\/image\/"}}]}},"_links":{"self":[{"href":"https:\/\/foretnature.be\/en\/wp-json\/wp\/v2\/resume-foret-mail\/34528"}],"collection":[{"href":"https:\/\/foretnature.be\/en\/wp-json\/wp\/v2\/resume-foret-mail"}],"about":[{"href":"https:\/\/foretnature.be\/en\/wp-json\/wp\/v2\/types\/resume-foret-mail"}],"version-history":[{"count":0,"href":"https:\/\/foretnature.be\/en\/wp-json\/wp\/v2\/resume-foret-mail\/34528\/revisions"}],"wp:attachment":[{"href":"https:\/\/foretnature.be\/en\/wp-json\/wp\/v2\/media?parent=34528"}],"wp:term":[{"taxonomy":"category","embeddable":true,"href":"https:\/\/foretnature.be\/en\/wp-json\/wp\/v2\/categories?post=34528"}],"curies":[{"name":"wp","href":"https:\/\/api.w.org\/{rel}","templated":true}]}}