{"id":34515,"date":"2021-09-10T11:45:56","date_gmt":"2021-09-10T09:45:56","guid":{"rendered":"https:\/\/foretnature.be\/resume-foret-mail\/bientot-un-bois-communautaire-a-hennuyeres\/"},"modified":"2021-09-10T11:45:56","modified_gmt":"2021-09-10T09:45:56","slug":"bientot-un-bois-communautaire-a-hennuyeres","status":"publish","type":"resume-foret-mail","link":"https:\/\/foretnature.be\/en\/resume-foret-mail\/bientot-un-bois-communautaire-a-hennuyeres\/","title":{"rendered":"Bient\u00f4t un bois communautaire \u00e0 Hennuy\u00e8res ?"},"content":{"rendered":"<p>L\u2019ancien site industriel d\u2019extraction d\u2019argile de Hennuy\u00e8res, o\u00f9 la nature a repris ses droits, est aujourd\u2019hui une perle rare de notre patrimoine. Class\u00e9 Natura 2000 pour son grand int\u00e9r\u00eat biologique, ce territoire bois\u00e9 priv\u00e9 ne le sera plus longtemps. Un collectif s\u2019est lanc\u00e9 comme projet de racheter \u00ab Le Grand Bois \u00bb de 80 hectares de mani\u00e8re commune pour ensuite s\u2019y fixer, dans un premier temps, deux objectifs :<br \/>\n1. Diviser le bois en deux zones : une partie candidate pour r\u00e9serve naturelle, l\u2019autre partie g\u00e9r\u00e9e dans une optique de production r\u00e9fl\u00e9chie et durable valorisant le mat\u00e9riau bois.<br \/>\n2. Accueillir et informer le public sur un large \u00e9ventail de domaines (faune, flore, g\u00e9ologie, histoire, etc.)<br \/>\nEnvie d\u2019en savoir plus et de devenir coop\u00e9rateur ? legrandboiscommun.be est l\u00e0 pour r\u00e9pondre \u00e0 vos questions et vous guider dans la d\u00e9marche de participation !<br \/>\nCommuniqu\u00e9 Le Grand Bois Commun, 2019.<\/p>","protected":false},"excerpt":{"rendered":"<p>L\u2019ancien site industriel d\u2019extraction d\u2019argile de Hennuy\u00e8res, o\u00f9 la nature a repris ses droits, est aujourd\u2019hui une perle rare de notre patrimoine. Class\u00e9 Natura 2000 pour son grand int\u00e9r\u00eat biologique, ce territoire bois\u00e9 priv\u00e9 ne le sera plus longtemps. Un collectif s\u2019est lanc\u00e9 comme projet de racheter \u00ab Le Grand Bois \u00bb de 80 hectares [&hellip;]<\/p>","protected":false},"featured_media":0,"template":"","categories":[50],"acf":[],"yoast_head":"<!-- This site is optimized with the Yoast SEO plugin v23.2 - https:\/\/yoast.com\/wordpress\/plugins\/seo\/ -->\n<title>Bient\u00f4t un bois communautaire \u00e0 Hennuy\u00e8res ? - For\u00eat.Nature<\/title>\n<meta name=\"robots\" content=\"index, follow, max-snippet:-1, max-image-preview:large, max-video-preview:-1\" \/>\n<link rel=\"canonical\" href=\"https:\/\/foretnature.be\/en\/resume-foret-mail\/bientot-un-bois-communautaire-a-hennuyeres\/\" \/>\n<meta property=\"og:locale\" content=\"en_GB\" \/>\n<meta property=\"og:type\" content=\"article\" \/>\n<meta property=\"og:title\" content=\"Bient\u00f4t un bois communautaire \u00e0 Hennuy\u00e8res ? - For\u00eat.Nature\" \/>\n<meta property=\"og:description\" content=\"L\u2019ancien site industriel d\u2019extraction d\u2019argile de Hennuy\u00e8res, o\u00f9 la nature a repris ses droits, est aujourd\u2019hui une perle rare de notre patrimoine. Class\u00e9 Natura 2000 pour son grand int\u00e9r\u00eat biologique, ce territoire bois\u00e9 priv\u00e9 ne le sera plus longtemps. Un collectif s\u2019est lanc\u00e9 comme projet de racheter \u00ab Le Grand Bois \u00bb de 80 hectares [&hellip;]\" \/>\n<meta property=\"og:url\" content=\"https:\/\/foretnature.be\/en\/resume-foret-mail\/bientot-un-bois-communautaire-a-hennuyeres\/\" \/>\n<meta property=\"og:site_name\" content=\"For\u00eat.Nature\" \/>\n<meta name=\"twitter:card\" content=\"summary_large_image\" \/>\n<meta name=\"twitter:label1\" content=\"Estimated reading time\" \/>\n\t<meta name=\"twitter:data1\" content=\"1 minute\" \/>\n<script type=\"application\/ld+json\" class=\"yoast-schema-graph\">{\"@context\":\"https:\/\/schema.org\",\"@graph\":[{\"@type\":\"WebPage\",\"@id\":\"https:\/\/foretnature.be\/en\/resume-foret-mail\/bientot-un-bois-communautaire-a-hennuyeres\/\",\"url\":\"https:\/\/foretnature.be\/en\/resume-foret-mail\/bientot-un-bois-communautaire-a-hennuyeres\/\",\"name\":\"Bient\u00f4t un bois communautaire \u00e0 Hennuy\u00e8res ? - For\u00eat.Nature\",\"isPartOf\":{\"@id\":\"https:\/\/foretnature.be\/#website\"},\"datePublished\":\"2021-09-10T09:45:56+00:00\",\"dateModified\":\"2021-09-10T09:45:56+00:00\",\"breadcrumb\":{\"@id\":\"https:\/\/foretnature.be\/en\/resume-foret-mail\/bientot-un-bois-communautaire-a-hennuyeres\/#breadcrumb\"},\"inLanguage\":\"en-GB\",\"potentialAction\":[{\"@type\":\"ReadAction\",\"target\":[\"https:\/\/foretnature.be\/en\/resume-foret-mail\/bientot-un-bois-communautaire-a-hennuyeres\/\"]}]},{\"@type\":\"BreadcrumbList\",\"@id\":\"https:\/\/foretnature.be\/en\/resume-foret-mail\/bientot-un-bois-communautaire-a-hennuyeres\/#breadcrumb\",\"itemListElement\":[{\"@type\":\"ListItem\",\"position\":1,\"name\":\"Home\",\"item\":\"https:\/\/foretnature.be\/\"},{\"@type\":\"ListItem\",\"position\":2,\"name\":\"Bient\u00f4t un bois communautaire \u00e0 Hennuy\u00e8res ?\"}]},{\"@type\":\"WebSite\",\"@id\":\"https:\/\/foretnature.be\/#website\",\"url\":\"https:\/\/foretnature.be\/\",\"name\":\"For\u00eat.Nature\",\"description\":\"Une \u00e9quipe technique au service de la for\u00eat\",\"publisher\":{\"@id\":\"https:\/\/foretnature.be\/#organization\"},\"potentialAction\":[{\"@type\":\"SearchAction\",\"target\":{\"@type\":\"EntryPoint\",\"urlTemplate\":\"https:\/\/foretnature.be\/?s={search_term_string}\"},\"query-input\":\"required name=search_term_string\"}],\"inLanguage\":\"en-GB\"},{\"@type\":\"Organization\",\"@id\":\"https:\/\/foretnature.be\/#organization\",\"name\":\"For\u00eat.Nature\",\"url\":\"https:\/\/foretnature.be\/\",\"logo\":{\"@type\":\"ImageObject\",\"inLanguage\":\"en-GB\",\"@id\":\"https:\/\/foretnature.be\/#\/schema\/logo\/image\/\",\"url\":\"https:\/\/foretnature.be\/wp-content\/uploads\/2021\/01\/logoFOblanc.png\",\"contentUrl\":\"https:\/\/foretnature.be\/wp-content\/uploads\/2021\/01\/logoFOblanc.png\",\"width\":300,\"height\":151,\"caption\":\"For\u00eat.Nature\"},\"image\":{\"@id\":\"https:\/\/foretnature.be\/#\/schema\/logo\/image\/\"}}]}<\/script>\n<!-- \/ Yoast SEO plugin. -->","yoast_head_json":{"title":"Bient\u00f4t un bois communautaire \u00e0 Hennuy\u00e8res ? - For\u00eat.Nature","robots":{"index":"index","follow":"follow","max-snippet":"max-snippet:-1","max-image-preview":"max-image-preview:large","max-video-preview":"max-video-preview:-1"},"canonical":"https:\/\/foretnature.be\/en\/resume-foret-mail\/bientot-un-bois-communautaire-a-hennuyeres\/","og_locale":"en_GB","og_type":"article","og_title":"Bient\u00f4t un bois communautaire \u00e0 Hennuy\u00e8res ? - For\u00eat.Nature","og_description":"L\u2019ancien site industriel d\u2019extraction d\u2019argile de Hennuy\u00e8res, o\u00f9 la nature a repris ses droits, est aujourd\u2019hui une perle rare de notre patrimoine. Class\u00e9 Natura 2000 pour son grand int\u00e9r\u00eat biologique, ce territoire bois\u00e9 priv\u00e9 ne le sera plus longtemps. Un collectif s\u2019est lanc\u00e9 comme projet de racheter \u00ab Le Grand Bois \u00bb de 80 hectares [&hellip;]","og_url":"https:\/\/foretnature.be\/en\/resume-foret-mail\/bientot-un-bois-communautaire-a-hennuyeres\/","og_site_name":"For\u00eat.Nature","twitter_card":"summary_large_image","twitter_misc":{"Estimated reading time":"1 minute"},"schema":{"@context":"https:\/\/schema.org","@graph":[{"@type":"WebPage","@id":"https:\/\/foretnature.be\/en\/resume-foret-mail\/bientot-un-bois-communautaire-a-hennuyeres\/","url":"https:\/\/foretnature.be\/en\/resume-foret-mail\/bientot-un-bois-communautaire-a-hennuyeres\/","name":"Bient\u00f4t un bois communautaire \u00e0 Hennuy\u00e8res ? - For\u00eat.Nature","isPartOf":{"@id":"https:\/\/foretnature.be\/#website"},"datePublished":"2021-09-10T09:45:56+00:00","dateModified":"2021-09-10T09:45:56+00:00","breadcrumb":{"@id":"https:\/\/foretnature.be\/en\/resume-foret-mail\/bientot-un-bois-communautaire-a-hennuyeres\/#breadcrumb"},"inLanguage":"en-GB","potentialAction":[{"@type":"ReadAction","target":["https:\/\/foretnature.be\/en\/resume-foret-mail\/bientot-un-bois-communautaire-a-hennuyeres\/"]}]},{"@type":"BreadcrumbList","@id":"https:\/\/foretnature.be\/en\/resume-foret-mail\/bientot-un-bois-communautaire-a-hennuyeres\/#breadcrumb","itemListElement":[{"@type":"ListItem","position":1,"name":"Home","item":"https:\/\/foretnature.be\/"},{"@type":"ListItem","position":2,"name":"Bient\u00f4t un bois communautaire \u00e0 Hennuy\u00e8res ?"}]},{"@type":"WebSite","@id":"https:\/\/foretnature.be\/#website","url":"https:\/\/foretnature.be\/","name":"For\u00eat.Nature","description":"Une \u00e9quipe technique au service de la for\u00eat","publisher":{"@id":"https:\/\/foretnature.be\/#organization"},"potentialAction":[{"@type":"SearchAction","target":{"@type":"EntryPoint","urlTemplate":"https:\/\/foretnature.be\/?s={search_term_string}"},"query-input":"required name=search_term_string"}],"inLanguage":"en-GB"},{"@type":"Organization","@id":"https:\/\/foretnature.be\/#organization","name":"For\u00eat.Nature","url":"https:\/\/foretnature.be\/","logo":{"@type":"ImageObject","inLanguage":"en-GB","@id":"https:\/\/foretnature.be\/#\/schema\/logo\/image\/","url":"https:\/\/foretnature.be\/wp-content\/uploads\/2021\/01\/logoFOblanc.png","contentUrl":"https:\/\/foretnature.be\/wp-content\/uploads\/2021\/01\/logoFOblanc.png","width":300,"height":151,"caption":"For\u00eat.Nature"},"image":{"@id":"https:\/\/foretnature.be\/#\/schema\/logo\/image\/"}}]}},"_links":{"self":[{"href":"https:\/\/foretnature.be\/en\/wp-json\/wp\/v2\/resume-foret-mail\/34515"}],"collection":[{"href":"https:\/\/foretnature.be\/en\/wp-json\/wp\/v2\/resume-foret-mail"}],"about":[{"href":"https:\/\/foretnature.be\/en\/wp-json\/wp\/v2\/types\/resume-foret-mail"}],"version-history":[{"count":0,"href":"https:\/\/foretnature.be\/en\/wp-json\/wp\/v2\/resume-foret-mail\/34515\/revisions"}],"wp:attachment":[{"href":"https:\/\/foretnature.be\/en\/wp-json\/wp\/v2\/media?parent=34515"}],"wp:term":[{"taxonomy":"category","embeddable":true,"href":"https:\/\/foretnature.be\/en\/wp-json\/wp\/v2\/categories?post=34515"}],"curies":[{"name":"wp","href":"https:\/\/api.w.org\/{rel}","templated":true}]}}