{"id":34514,"date":"2021-09-10T11:45:52","date_gmt":"2021-09-10T09:45:52","guid":{"rendered":"https:\/\/foretnature.be\/resume-foret-mail\/communique-de-pro-silva-france\/"},"modified":"2021-09-10T11:45:52","modified_gmt":"2021-09-10T09:45:52","slug":"communique-de-pro-silva-france","status":"publish","type":"resume-foret-mail","link":"https:\/\/foretnature.be\/en\/resume-foret-mail\/communique-de-pro-silva-france\/","title":{"rendered":"Communiqu\u00e9 de Pro Silva France"},"content":{"rendered":"<p>En octobre dernier, le Conseil d\u2019Administration de Pro Silva France a publi\u00e9 un communiqu\u00e9 pour rappeler et r\u00e9affirmer certains points relatifs \u00e0 la gestion Pro Silva. Ce communiqu\u00e9 est arriv\u00e9 suite \u00e0 la crise sanitaire que traversent actuellement certaines for\u00eats en France et en Europe.<br \/>\nApr\u00e8s avoir confirm\u00e9 leur confiance en l\u2019avenir de la for\u00eat et en ses capacit\u00e9s \u00e0 assurer plusieurs fonctions (dont la production de bois de valeur en priorit\u00e9) dans un avenir proche et lointain, l\u2019association rappelle qu\u2019il ne faut pas nier les \u00e9volutions climatiques ainsi que notre responsabilit\u00e9 \u00e0 tous devant la n\u00e9cessit\u00e9 de r\u00e9duire notre impact carbone. Dans ce cadre, il semble \u00e9vident que certaines pratiques foresti\u00e8res actuelles ont aussi une grave responsabilit\u00e9 dans la situation dramatique actuelle que traverse la fili\u00e8re for\u00eat-bois.<br \/>\nLes principes de Pro Silva sont rappel\u00e9s : utiliser des essences adapt\u00e9es \u00e0 leur milieu, privil\u00e9gier le m\u00e9lange, la diversit\u00e9, travailler au niveau de l\u2019arbre-individu, prendre les d\u00e9cisions sur le terrain, privil\u00e9gier les interventions l\u00e9g\u00e8res et fr\u00e9quentes, collaborer positivement avec les intervenants professionnels de l\u2019exploitation, recourir le plus possible \u00e0 la r\u00e9g\u00e9n\u00e9ration naturelle sans pour autant renoncer \u00e0 la plantation (pour enrichir notamment), favoriser la biodiversit\u00e9, etc.<br \/>\nL\u2019association rappelle \u00e9galement que le r\u00f4le de Pro Silva est de nous apprendre \u00e0 observer, \u00e0 comprendre et \u00e0 accompagner les dynamiques naturelles, \u00e0 prendre les bonnes d\u00e9cisions au bon moment et au bon endroit, \u00e0 contr\u00f4ler, qualifier et quantifier les actions men\u00e9es. C\u2019est cette approche qui cr\u00e9e des peuplements stables et r\u00e9silients, condition incontournable pour une \u00e9conomie performante et sereine. Et c\u2019est cette logique, coupl\u00e9e \u00e0 l\u2019analyse de ses r\u00e9sultats, que Pro Silva promeut et d\u00e9fend, \u00e0 travers toute l\u2019Europe, depuis maintenant plus de 30 ans.<br \/>\n\u00ab Communiqu\u00e9 de presse de Pro Silva France, \u00e0 la suite de son AG annuelle du 04.10.2019. Prise de position sur un certain nombre de sujets et enjeux actuels \u00bb. Pro Silva France, octobre 2019.<\/p>","protected":false},"excerpt":{"rendered":"<p>En octobre dernier, le Conseil d\u2019Administration de Pro Silva France a publi\u00e9 un communiqu\u00e9 pour rappeler et r\u00e9affirmer certains points relatifs \u00e0 la gestion Pro Silva. Ce communiqu\u00e9 est arriv\u00e9 suite \u00e0 la crise sanitaire que traversent actuellement certaines for\u00eats en France et en Europe. Apr\u00e8s avoir confirm\u00e9 leur confiance en l\u2019avenir de la for\u00eat [&hellip;]<\/p>","protected":false},"featured_media":0,"template":"","categories":[50],"acf":[],"yoast_head":"<!-- This site is optimized with the Yoast SEO plugin v23.2 - https:\/\/yoast.com\/wordpress\/plugins\/seo\/ -->\n<title>Communiqu\u00e9 de Pro Silva France - For\u00eat.Nature<\/title>\n<meta name=\"robots\" content=\"index, follow, max-snippet:-1, max-image-preview:large, max-video-preview:-1\" \/>\n<link rel=\"canonical\" href=\"https:\/\/foretnature.be\/en\/resume-foret-mail\/communique-de-pro-silva-france\/\" \/>\n<meta property=\"og:locale\" content=\"en_GB\" \/>\n<meta property=\"og:type\" content=\"article\" \/>\n<meta property=\"og:title\" content=\"Communiqu\u00e9 de Pro Silva France - For\u00eat.Nature\" \/>\n<meta property=\"og:description\" content=\"En octobre dernier, le Conseil d\u2019Administration de Pro Silva France a publi\u00e9 un communiqu\u00e9 pour rappeler et r\u00e9affirmer certains points relatifs \u00e0 la gestion Pro Silva. Ce communiqu\u00e9 est arriv\u00e9 suite \u00e0 la crise sanitaire que traversent actuellement certaines for\u00eats en France et en Europe. Apr\u00e8s avoir confirm\u00e9 leur confiance en l\u2019avenir de la for\u00eat [&hellip;]\" \/>\n<meta property=\"og:url\" content=\"https:\/\/foretnature.be\/en\/resume-foret-mail\/communique-de-pro-silva-france\/\" \/>\n<meta property=\"og:site_name\" content=\"For\u00eat.Nature\" \/>\n<meta name=\"twitter:card\" content=\"summary_large_image\" \/>\n<meta name=\"twitter:label1\" content=\"Estimated reading time\" \/>\n\t<meta name=\"twitter:data1\" content=\"2 minutes\" \/>\n<script type=\"application\/ld+json\" class=\"yoast-schema-graph\">{\"@context\":\"https:\/\/schema.org\",\"@graph\":[{\"@type\":\"WebPage\",\"@id\":\"https:\/\/foretnature.be\/en\/resume-foret-mail\/communique-de-pro-silva-france\/\",\"url\":\"https:\/\/foretnature.be\/en\/resume-foret-mail\/communique-de-pro-silva-france\/\",\"name\":\"Communiqu\u00e9 de Pro Silva France - For\u00eat.Nature\",\"isPartOf\":{\"@id\":\"https:\/\/foretnature.be\/#website\"},\"datePublished\":\"2021-09-10T09:45:52+00:00\",\"dateModified\":\"2021-09-10T09:45:52+00:00\",\"breadcrumb\":{\"@id\":\"https:\/\/foretnature.be\/en\/resume-foret-mail\/communique-de-pro-silva-france\/#breadcrumb\"},\"inLanguage\":\"en-GB\",\"potentialAction\":[{\"@type\":\"ReadAction\",\"target\":[\"https:\/\/foretnature.be\/en\/resume-foret-mail\/communique-de-pro-silva-france\/\"]}]},{\"@type\":\"BreadcrumbList\",\"@id\":\"https:\/\/foretnature.be\/en\/resume-foret-mail\/communique-de-pro-silva-france\/#breadcrumb\",\"itemListElement\":[{\"@type\":\"ListItem\",\"position\":1,\"name\":\"Home\",\"item\":\"https:\/\/foretnature.be\/\"},{\"@type\":\"ListItem\",\"position\":2,\"name\":\"Communiqu\u00e9 de Pro Silva France\"}]},{\"@type\":\"WebSite\",\"@id\":\"https:\/\/foretnature.be\/#website\",\"url\":\"https:\/\/foretnature.be\/\",\"name\":\"For\u00eat.Nature\",\"description\":\"Une \u00e9quipe technique au service de la for\u00eat\",\"publisher\":{\"@id\":\"https:\/\/foretnature.be\/#organization\"},\"potentialAction\":[{\"@type\":\"SearchAction\",\"target\":{\"@type\":\"EntryPoint\",\"urlTemplate\":\"https:\/\/foretnature.be\/?s={search_term_string}\"},\"query-input\":\"required name=search_term_string\"}],\"inLanguage\":\"en-GB\"},{\"@type\":\"Organization\",\"@id\":\"https:\/\/foretnature.be\/#organization\",\"name\":\"For\u00eat.Nature\",\"url\":\"https:\/\/foretnature.be\/\",\"logo\":{\"@type\":\"ImageObject\",\"inLanguage\":\"en-GB\",\"@id\":\"https:\/\/foretnature.be\/#\/schema\/logo\/image\/\",\"url\":\"https:\/\/foretnature.be\/wp-content\/uploads\/2021\/01\/logoFOblanc.png\",\"contentUrl\":\"https:\/\/foretnature.be\/wp-content\/uploads\/2021\/01\/logoFOblanc.png\",\"width\":300,\"height\":151,\"caption\":\"For\u00eat.Nature\"},\"image\":{\"@id\":\"https:\/\/foretnature.be\/#\/schema\/logo\/image\/\"}}]}<\/script>\n<!-- \/ Yoast SEO plugin. -->","yoast_head_json":{"title":"Communiqu\u00e9 de Pro Silva France - For\u00eat.Nature","robots":{"index":"index","follow":"follow","max-snippet":"max-snippet:-1","max-image-preview":"max-image-preview:large","max-video-preview":"max-video-preview:-1"},"canonical":"https:\/\/foretnature.be\/en\/resume-foret-mail\/communique-de-pro-silva-france\/","og_locale":"en_GB","og_type":"article","og_title":"Communiqu\u00e9 de Pro Silva France - For\u00eat.Nature","og_description":"En octobre dernier, le Conseil d\u2019Administration de Pro Silva France a publi\u00e9 un communiqu\u00e9 pour rappeler et r\u00e9affirmer certains points relatifs \u00e0 la gestion Pro Silva. Ce communiqu\u00e9 est arriv\u00e9 suite \u00e0 la crise sanitaire que traversent actuellement certaines for\u00eats en France et en Europe. Apr\u00e8s avoir confirm\u00e9 leur confiance en l\u2019avenir de la for\u00eat [&hellip;]","og_url":"https:\/\/foretnature.be\/en\/resume-foret-mail\/communique-de-pro-silva-france\/","og_site_name":"For\u00eat.Nature","twitter_card":"summary_large_image","twitter_misc":{"Estimated reading time":"2 minutes"},"schema":{"@context":"https:\/\/schema.org","@graph":[{"@type":"WebPage","@id":"https:\/\/foretnature.be\/en\/resume-foret-mail\/communique-de-pro-silva-france\/","url":"https:\/\/foretnature.be\/en\/resume-foret-mail\/communique-de-pro-silva-france\/","name":"Communiqu\u00e9 de Pro Silva France - For\u00eat.Nature","isPartOf":{"@id":"https:\/\/foretnature.be\/#website"},"datePublished":"2021-09-10T09:45:52+00:00","dateModified":"2021-09-10T09:45:52+00:00","breadcrumb":{"@id":"https:\/\/foretnature.be\/en\/resume-foret-mail\/communique-de-pro-silva-france\/#breadcrumb"},"inLanguage":"en-GB","potentialAction":[{"@type":"ReadAction","target":["https:\/\/foretnature.be\/en\/resume-foret-mail\/communique-de-pro-silva-france\/"]}]},{"@type":"BreadcrumbList","@id":"https:\/\/foretnature.be\/en\/resume-foret-mail\/communique-de-pro-silva-france\/#breadcrumb","itemListElement":[{"@type":"ListItem","position":1,"name":"Home","item":"https:\/\/foretnature.be\/"},{"@type":"ListItem","position":2,"name":"Communiqu\u00e9 de Pro Silva France"}]},{"@type":"WebSite","@id":"https:\/\/foretnature.be\/#website","url":"https:\/\/foretnature.be\/","name":"For\u00eat.Nature","description":"Une \u00e9quipe technique au service de la for\u00eat","publisher":{"@id":"https:\/\/foretnature.be\/#organization"},"potentialAction":[{"@type":"SearchAction","target":{"@type":"EntryPoint","urlTemplate":"https:\/\/foretnature.be\/?s={search_term_string}"},"query-input":"required name=search_term_string"}],"inLanguage":"en-GB"},{"@type":"Organization","@id":"https:\/\/foretnature.be\/#organization","name":"For\u00eat.Nature","url":"https:\/\/foretnature.be\/","logo":{"@type":"ImageObject","inLanguage":"en-GB","@id":"https:\/\/foretnature.be\/#\/schema\/logo\/image\/","url":"https:\/\/foretnature.be\/wp-content\/uploads\/2021\/01\/logoFOblanc.png","contentUrl":"https:\/\/foretnature.be\/wp-content\/uploads\/2021\/01\/logoFOblanc.png","width":300,"height":151,"caption":"For\u00eat.Nature"},"image":{"@id":"https:\/\/foretnature.be\/#\/schema\/logo\/image\/"}}]}},"_links":{"self":[{"href":"https:\/\/foretnature.be\/en\/wp-json\/wp\/v2\/resume-foret-mail\/34514"}],"collection":[{"href":"https:\/\/foretnature.be\/en\/wp-json\/wp\/v2\/resume-foret-mail"}],"about":[{"href":"https:\/\/foretnature.be\/en\/wp-json\/wp\/v2\/types\/resume-foret-mail"}],"version-history":[{"count":0,"href":"https:\/\/foretnature.be\/en\/wp-json\/wp\/v2\/resume-foret-mail\/34514\/revisions"}],"wp:attachment":[{"href":"https:\/\/foretnature.be\/en\/wp-json\/wp\/v2\/media?parent=34514"}],"wp:term":[{"taxonomy":"category","embeddable":true,"href":"https:\/\/foretnature.be\/en\/wp-json\/wp\/v2\/categories?post=34514"}],"curies":[{"name":"wp","href":"https:\/\/api.w.org\/{rel}","templated":true}]}}