{"id":34512,"date":"2021-09-10T11:45:52","date_gmt":"2021-09-10T09:45:52","guid":{"rendered":"https:\/\/foretnature.be\/resume-foret-mail\/au-voleur\/"},"modified":"2021-09-10T11:45:52","modified_gmt":"2021-09-10T09:45:52","slug":"au-voleur","status":"publish","type":"resume-foret-mail","link":"https:\/\/foretnature.be\/en\/resume-foret-mail\/au-voleur\/","title":{"rendered":"Au voleur !"},"content":{"rendered":"<p>Le 11 octobre dernier, un vol de bois a \u00e9t\u00e9 d\u00e9jou\u00e9 en For\u00eat de Soignes, sur la commune d&rsquo;Auderghem. Cela fait plusieurs ann\u00e9es que les gardes forestiers soup\u00e7onnent des vols de bois au beau milieu de la h\u00eatraie cath\u00e9drale. Cette fois, les suspects ont \u00e9t\u00e9 pris sur le fait gr\u00e2ce \u00e0 la vigilance des forestiers. La police de la zone Marlow est intervenue tr\u00e8s rapidement pour interpeller les deux malfaiteurs.<br \/>\nL&rsquo;objet de la convoitise des voleurs \u00e9tait des grumes de qualit\u00e9 d\u00e9roulage pour un prix estim\u00e9 \u00e0 5 500 \u20ac.<br \/>\n\u00ab Un vol d&rsquo;arbres d\u00e9jou\u00e9 \u00bb. La Capitale, 18\/10\/2019.<\/p>","protected":false},"excerpt":{"rendered":"<p>Le 11 octobre dernier, un vol de bois a \u00e9t\u00e9 d\u00e9jou\u00e9 en For\u00eat de Soignes, sur la commune d&rsquo;Auderghem. Cela fait plusieurs ann\u00e9es que les gardes forestiers soup\u00e7onnent des vols de bois au beau milieu de la h\u00eatraie cath\u00e9drale. Cette fois, les suspects ont \u00e9t\u00e9 pris sur le fait gr\u00e2ce \u00e0 la vigilance des forestiers. [&hellip;]<\/p>","protected":false},"featured_media":0,"template":"","categories":[50],"acf":[],"yoast_head":"<!-- This site is optimized with the Yoast SEO plugin v23.2 - https:\/\/yoast.com\/wordpress\/plugins\/seo\/ -->\n<title>Au voleur ! - For\u00eat.Nature<\/title>\n<meta name=\"robots\" content=\"index, follow, max-snippet:-1, max-image-preview:large, max-video-preview:-1\" \/>\n<link rel=\"canonical\" href=\"https:\/\/foretnature.be\/en\/resume-foret-mail\/au-voleur\/\" \/>\n<meta property=\"og:locale\" content=\"en_GB\" \/>\n<meta property=\"og:type\" content=\"article\" \/>\n<meta property=\"og:title\" content=\"Au voleur ! - For\u00eat.Nature\" \/>\n<meta property=\"og:description\" content=\"Le 11 octobre dernier, un vol de bois a \u00e9t\u00e9 d\u00e9jou\u00e9 en For\u00eat de Soignes, sur la commune d&rsquo;Auderghem. Cela fait plusieurs ann\u00e9es que les gardes forestiers soup\u00e7onnent des vols de bois au beau milieu de la h\u00eatraie cath\u00e9drale. Cette fois, les suspects ont \u00e9t\u00e9 pris sur le fait gr\u00e2ce \u00e0 la vigilance des forestiers. [&hellip;]\" \/>\n<meta property=\"og:url\" content=\"https:\/\/foretnature.be\/en\/resume-foret-mail\/au-voleur\/\" \/>\n<meta property=\"og:site_name\" content=\"For\u00eat.Nature\" \/>\n<meta name=\"twitter:card\" content=\"summary_large_image\" \/>\n<meta name=\"twitter:label1\" content=\"Estimated reading time\" \/>\n\t<meta name=\"twitter:data1\" content=\"1 minute\" \/>\n<script type=\"application\/ld+json\" class=\"yoast-schema-graph\">{\"@context\":\"https:\/\/schema.org\",\"@graph\":[{\"@type\":\"WebPage\",\"@id\":\"https:\/\/foretnature.be\/resume-foret-mail\/au-voleur\/\",\"url\":\"https:\/\/foretnature.be\/resume-foret-mail\/au-voleur\/\",\"name\":\"Au voleur ! - For\u00eat.Nature\",\"isPartOf\":{\"@id\":\"https:\/\/foretnature.be\/#website\"},\"datePublished\":\"2021-09-10T09:45:52+00:00\",\"dateModified\":\"2021-09-10T09:45:52+00:00\",\"breadcrumb\":{\"@id\":\"https:\/\/foretnature.be\/resume-foret-mail\/au-voleur\/#breadcrumb\"},\"inLanguage\":\"en-GB\",\"potentialAction\":[{\"@type\":\"ReadAction\",\"target\":[\"https:\/\/foretnature.be\/resume-foret-mail\/au-voleur\/\"]}]},{\"@type\":\"BreadcrumbList\",\"@id\":\"https:\/\/foretnature.be\/resume-foret-mail\/au-voleur\/#breadcrumb\",\"itemListElement\":[{\"@type\":\"ListItem\",\"position\":1,\"name\":\"Home\",\"item\":\"https:\/\/foretnature.be\/\"},{\"@type\":\"ListItem\",\"position\":2,\"name\":\"Au voleur !\"}]},{\"@type\":\"WebSite\",\"@id\":\"https:\/\/foretnature.be\/#website\",\"url\":\"https:\/\/foretnature.be\/\",\"name\":\"For\u00eat.Nature\",\"description\":\"Une \u00e9quipe technique au service de la for\u00eat\",\"publisher\":{\"@id\":\"https:\/\/foretnature.be\/#organization\"},\"potentialAction\":[{\"@type\":\"SearchAction\",\"target\":{\"@type\":\"EntryPoint\",\"urlTemplate\":\"https:\/\/foretnature.be\/?s={search_term_string}\"},\"query-input\":\"required name=search_term_string\"}],\"inLanguage\":\"en-GB\"},{\"@type\":\"Organization\",\"@id\":\"https:\/\/foretnature.be\/#organization\",\"name\":\"For\u00eat.Nature\",\"url\":\"https:\/\/foretnature.be\/\",\"logo\":{\"@type\":\"ImageObject\",\"inLanguage\":\"en-GB\",\"@id\":\"https:\/\/foretnature.be\/#\/schema\/logo\/image\/\",\"url\":\"https:\/\/foretnature.be\/wp-content\/uploads\/2021\/01\/logoFOblanc.png\",\"contentUrl\":\"https:\/\/foretnature.be\/wp-content\/uploads\/2021\/01\/logoFOblanc.png\",\"width\":300,\"height\":151,\"caption\":\"For\u00eat.Nature\"},\"image\":{\"@id\":\"https:\/\/foretnature.be\/#\/schema\/logo\/image\/\"}}]}<\/script>\n<!-- \/ Yoast SEO plugin. -->","yoast_head_json":{"title":"Au voleur ! - For\u00eat.Nature","robots":{"index":"index","follow":"follow","max-snippet":"max-snippet:-1","max-image-preview":"max-image-preview:large","max-video-preview":"max-video-preview:-1"},"canonical":"https:\/\/foretnature.be\/en\/resume-foret-mail\/au-voleur\/","og_locale":"en_GB","og_type":"article","og_title":"Au voleur ! - For\u00eat.Nature","og_description":"Le 11 octobre dernier, un vol de bois a \u00e9t\u00e9 d\u00e9jou\u00e9 en For\u00eat de Soignes, sur la commune d&rsquo;Auderghem. Cela fait plusieurs ann\u00e9es que les gardes forestiers soup\u00e7onnent des vols de bois au beau milieu de la h\u00eatraie cath\u00e9drale. Cette fois, les suspects ont \u00e9t\u00e9 pris sur le fait gr\u00e2ce \u00e0 la vigilance des forestiers. [&hellip;]","og_url":"https:\/\/foretnature.be\/en\/resume-foret-mail\/au-voleur\/","og_site_name":"For\u00eat.Nature","twitter_card":"summary_large_image","twitter_misc":{"Estimated reading time":"1 minute"},"schema":{"@context":"https:\/\/schema.org","@graph":[{"@type":"WebPage","@id":"https:\/\/foretnature.be\/resume-foret-mail\/au-voleur\/","url":"https:\/\/foretnature.be\/resume-foret-mail\/au-voleur\/","name":"Au voleur ! - For\u00eat.Nature","isPartOf":{"@id":"https:\/\/foretnature.be\/#website"},"datePublished":"2021-09-10T09:45:52+00:00","dateModified":"2021-09-10T09:45:52+00:00","breadcrumb":{"@id":"https:\/\/foretnature.be\/resume-foret-mail\/au-voleur\/#breadcrumb"},"inLanguage":"en-GB","potentialAction":[{"@type":"ReadAction","target":["https:\/\/foretnature.be\/resume-foret-mail\/au-voleur\/"]}]},{"@type":"BreadcrumbList","@id":"https:\/\/foretnature.be\/resume-foret-mail\/au-voleur\/#breadcrumb","itemListElement":[{"@type":"ListItem","position":1,"name":"Home","item":"https:\/\/foretnature.be\/"},{"@type":"ListItem","position":2,"name":"Au voleur !"}]},{"@type":"WebSite","@id":"https:\/\/foretnature.be\/#website","url":"https:\/\/foretnature.be\/","name":"For\u00eat.Nature","description":"Une \u00e9quipe technique au service de la for\u00eat","publisher":{"@id":"https:\/\/foretnature.be\/#organization"},"potentialAction":[{"@type":"SearchAction","target":{"@type":"EntryPoint","urlTemplate":"https:\/\/foretnature.be\/?s={search_term_string}"},"query-input":"required name=search_term_string"}],"inLanguage":"en-GB"},{"@type":"Organization","@id":"https:\/\/foretnature.be\/#organization","name":"For\u00eat.Nature","url":"https:\/\/foretnature.be\/","logo":{"@type":"ImageObject","inLanguage":"en-GB","@id":"https:\/\/foretnature.be\/#\/schema\/logo\/image\/","url":"https:\/\/foretnature.be\/wp-content\/uploads\/2021\/01\/logoFOblanc.png","contentUrl":"https:\/\/foretnature.be\/wp-content\/uploads\/2021\/01\/logoFOblanc.png","width":300,"height":151,"caption":"For\u00eat.Nature"},"image":{"@id":"https:\/\/foretnature.be\/#\/schema\/logo\/image\/"}}]}},"_links":{"self":[{"href":"https:\/\/foretnature.be\/en\/wp-json\/wp\/v2\/resume-foret-mail\/34512"}],"collection":[{"href":"https:\/\/foretnature.be\/en\/wp-json\/wp\/v2\/resume-foret-mail"}],"about":[{"href":"https:\/\/foretnature.be\/en\/wp-json\/wp\/v2\/types\/resume-foret-mail"}],"version-history":[{"count":0,"href":"https:\/\/foretnature.be\/en\/wp-json\/wp\/v2\/resume-foret-mail\/34512\/revisions"}],"wp:attachment":[{"href":"https:\/\/foretnature.be\/en\/wp-json\/wp\/v2\/media?parent=34512"}],"wp:term":[{"taxonomy":"category","embeddable":true,"href":"https:\/\/foretnature.be\/en\/wp-json\/wp\/v2\/categories?post=34512"}],"curies":[{"name":"wp","href":"https:\/\/api.w.org\/{rel}","templated":true}]}}