{"id":34493,"date":"2021-09-10T11:45:49","date_gmt":"2021-09-10T09:45:49","guid":{"rendered":"https:\/\/foretnature.be\/resume-foret-mail\/la-memoire-des-arbres\/"},"modified":"2021-09-10T11:45:49","modified_gmt":"2021-09-10T09:45:49","slug":"la-memoire-des-arbres","status":"publish","type":"resume-foret-mail","link":"https:\/\/foretnature.be\/en\/resume-foret-mail\/la-memoire-des-arbres\/","title":{"rendered":"La m\u00e9moire des arbres"},"content":{"rendered":"<p>Les for\u00eats connaissent actuellement de nombreux stress. Ch\u00eanes, \u00e9pic\u00e9a, douglas, m\u00e9l\u00e8zes, toutes les essences font face \u00e0 des probl\u00e8mes importants. L&rsquo;\u00e9tude des cernes permet de retracer les \u00e9v\u00e9nements qui ont marqu\u00e9 les arbres et qui les ont amen\u00e9s petit \u00e0 petit jusqu&rsquo;\u00e0 leur mort. Gr\u00e2ce \u00e0 l&rsquo;observation des cernes il est possible de distinguer la quantit\u00e9 de bois que l&rsquo;arbre produit au printemps de celle produite en \u00e9t\u00e9. Pour aller plus loin, il est \u00e9galement possible de compter le nombre de vaisseaux conducteurs pr\u00e9sents dans le bois de printemps, \u00e9tablir la proportion qu&rsquo;ils occupent et d\u00e9terminer la possibilit\u00e9 qu&rsquo;a l&rsquo;arbre d&rsquo;acheminer l&rsquo;eau des racines jusqu&rsquo;au houppier.<br \/>\nUne fois qu&rsquo;une p\u00e9riode de stress est d\u00e9tect\u00e9e, il s&rsquo;agit d&rsquo;en conna\u00eetre la cause. Ce travail est cons\u00e9quent car il impose de collecter et d\u2019analyser un maximum de donn\u00e9es en lien avec l&rsquo;environnement de l&rsquo;arbre. Les donn\u00e9es m\u00e9t\u00e9os sont pr\u00e9cieuses et permettent de mettre en avant d&rsquo;\u00e9ventuels manques d&rsquo;eau, des p\u00e9riodes de gel\u00e9es ou encore de forts vents. En revanche, les attaques d&rsquo;insectes ou la pr\u00e9sence de maladie sont difficiles \u00e0 retracer puisqu&rsquo;elles sont peu document\u00e9es.<br \/>\nDans le cas des ch\u00eanes, les chercheurs de l&rsquo;UCLouvain ont montr\u00e9 qu&rsquo;\u00e0 partir des ann\u00e9es &rsquo;80 d\u00e9j\u00e0, ils ont donn\u00e9 des signes de faiblesse. Probablement, suite \u00e0 la s\u00e9cheresse de 1976 qui a \u00e9t\u00e9 suivie par plusieurs s\u00e9cheresses et des hivers rigoureux.<br \/>\nTous les stress suivants cet \u00e9pisode ont contribu\u00e9 au d\u00e9p\u00e9rissement des arbres affaiblis et les ont emp\u00each\u00e9s de profiter d&rsquo;une p\u00e9riode de r\u00e9pit suffisamment longue, menant \u00e0 leur mort en 2014. Dans le contexte actuel (pathog\u00e8nes, changements climatiques, pollutions, etc.) il est plus que jamais n\u00e9cessaire de veiller \u00e0 favoriser des arbres en station et de pr\u00e9f\u00e9rence plusieurs essences.<br \/>\nDaily Science. Les bois ont la m\u00e9moire du stress, 09\/07\/19.<\/p>","protected":false},"excerpt":{"rendered":"<p>Les for\u00eats connaissent actuellement de nombreux stress. Ch\u00eanes, \u00e9pic\u00e9a, douglas, m\u00e9l\u00e8zes, toutes les essences font face \u00e0 des probl\u00e8mes importants. L&rsquo;\u00e9tude des cernes permet de retracer les \u00e9v\u00e9nements qui ont marqu\u00e9 les arbres et qui les ont amen\u00e9s petit \u00e0 petit jusqu&rsquo;\u00e0 leur mort. Gr\u00e2ce \u00e0 l&rsquo;observation des cernes il est possible de distinguer la [&hellip;]<\/p>","protected":false},"featured_media":0,"template":"","categories":[50],"acf":[],"yoast_head":"<!-- This site is optimized with the Yoast SEO plugin v23.2 - https:\/\/yoast.com\/wordpress\/plugins\/seo\/ -->\n<title>La m\u00e9moire des arbres - For\u00eat.Nature<\/title>\n<meta name=\"robots\" content=\"index, follow, max-snippet:-1, max-image-preview:large, max-video-preview:-1\" \/>\n<link rel=\"canonical\" href=\"https:\/\/foretnature.be\/en\/resume-foret-mail\/la-memoire-des-arbres\/\" \/>\n<meta property=\"og:locale\" content=\"en_GB\" \/>\n<meta property=\"og:type\" content=\"article\" \/>\n<meta property=\"og:title\" content=\"La m\u00e9moire des arbres - For\u00eat.Nature\" \/>\n<meta property=\"og:description\" content=\"Les for\u00eats connaissent actuellement de nombreux stress. Ch\u00eanes, \u00e9pic\u00e9a, douglas, m\u00e9l\u00e8zes, toutes les essences font face \u00e0 des probl\u00e8mes importants. L&rsquo;\u00e9tude des cernes permet de retracer les \u00e9v\u00e9nements qui ont marqu\u00e9 les arbres et qui les ont amen\u00e9s petit \u00e0 petit jusqu&rsquo;\u00e0 leur mort. Gr\u00e2ce \u00e0 l&rsquo;observation des cernes il est possible de distinguer la [&hellip;]\" \/>\n<meta property=\"og:url\" content=\"https:\/\/foretnature.be\/en\/resume-foret-mail\/la-memoire-des-arbres\/\" \/>\n<meta property=\"og:site_name\" content=\"For\u00eat.Nature\" \/>\n<meta name=\"twitter:card\" content=\"summary_large_image\" \/>\n<meta name=\"twitter:label1\" content=\"Estimated reading time\" \/>\n\t<meta name=\"twitter:data1\" content=\"2 minutes\" \/>\n<script type=\"application\/ld+json\" class=\"yoast-schema-graph\">{\"@context\":\"https:\/\/schema.org\",\"@graph\":[{\"@type\":\"WebPage\",\"@id\":\"https:\/\/foretnature.be\/resume-foret-mail\/la-memoire-des-arbres\/\",\"url\":\"https:\/\/foretnature.be\/resume-foret-mail\/la-memoire-des-arbres\/\",\"name\":\"La m\u00e9moire des arbres - For\u00eat.Nature\",\"isPartOf\":{\"@id\":\"https:\/\/foretnature.be\/#website\"},\"datePublished\":\"2021-09-10T09:45:49+00:00\",\"dateModified\":\"2021-09-10T09:45:49+00:00\",\"breadcrumb\":{\"@id\":\"https:\/\/foretnature.be\/resume-foret-mail\/la-memoire-des-arbres\/#breadcrumb\"},\"inLanguage\":\"en-GB\",\"potentialAction\":[{\"@type\":\"ReadAction\",\"target\":[\"https:\/\/foretnature.be\/resume-foret-mail\/la-memoire-des-arbres\/\"]}]},{\"@type\":\"BreadcrumbList\",\"@id\":\"https:\/\/foretnature.be\/resume-foret-mail\/la-memoire-des-arbres\/#breadcrumb\",\"itemListElement\":[{\"@type\":\"ListItem\",\"position\":1,\"name\":\"Home\",\"item\":\"https:\/\/foretnature.be\/\"},{\"@type\":\"ListItem\",\"position\":2,\"name\":\"La m\u00e9moire des arbres\"}]},{\"@type\":\"WebSite\",\"@id\":\"https:\/\/foretnature.be\/#website\",\"url\":\"https:\/\/foretnature.be\/\",\"name\":\"For\u00eat.Nature\",\"description\":\"Une \u00e9quipe technique au service de la for\u00eat\",\"publisher\":{\"@id\":\"https:\/\/foretnature.be\/#organization\"},\"potentialAction\":[{\"@type\":\"SearchAction\",\"target\":{\"@type\":\"EntryPoint\",\"urlTemplate\":\"https:\/\/foretnature.be\/?s={search_term_string}\"},\"query-input\":\"required name=search_term_string\"}],\"inLanguage\":\"en-GB\"},{\"@type\":\"Organization\",\"@id\":\"https:\/\/foretnature.be\/#organization\",\"name\":\"For\u00eat.Nature\",\"url\":\"https:\/\/foretnature.be\/\",\"logo\":{\"@type\":\"ImageObject\",\"inLanguage\":\"en-GB\",\"@id\":\"https:\/\/foretnature.be\/#\/schema\/logo\/image\/\",\"url\":\"https:\/\/foretnature.be\/wp-content\/uploads\/2021\/01\/logoFOblanc.png\",\"contentUrl\":\"https:\/\/foretnature.be\/wp-content\/uploads\/2021\/01\/logoFOblanc.png\",\"width\":300,\"height\":151,\"caption\":\"For\u00eat.Nature\"},\"image\":{\"@id\":\"https:\/\/foretnature.be\/#\/schema\/logo\/image\/\"}}]}<\/script>\n<!-- \/ Yoast SEO plugin. -->","yoast_head_json":{"title":"La m\u00e9moire des arbres - For\u00eat.Nature","robots":{"index":"index","follow":"follow","max-snippet":"max-snippet:-1","max-image-preview":"max-image-preview:large","max-video-preview":"max-video-preview:-1"},"canonical":"https:\/\/foretnature.be\/en\/resume-foret-mail\/la-memoire-des-arbres\/","og_locale":"en_GB","og_type":"article","og_title":"La m\u00e9moire des arbres - For\u00eat.Nature","og_description":"Les for\u00eats connaissent actuellement de nombreux stress. Ch\u00eanes, \u00e9pic\u00e9a, douglas, m\u00e9l\u00e8zes, toutes les essences font face \u00e0 des probl\u00e8mes importants. L&rsquo;\u00e9tude des cernes permet de retracer les \u00e9v\u00e9nements qui ont marqu\u00e9 les arbres et qui les ont amen\u00e9s petit \u00e0 petit jusqu&rsquo;\u00e0 leur mort. Gr\u00e2ce \u00e0 l&rsquo;observation des cernes il est possible de distinguer la [&hellip;]","og_url":"https:\/\/foretnature.be\/en\/resume-foret-mail\/la-memoire-des-arbres\/","og_site_name":"For\u00eat.Nature","twitter_card":"summary_large_image","twitter_misc":{"Estimated reading time":"2 minutes"},"schema":{"@context":"https:\/\/schema.org","@graph":[{"@type":"WebPage","@id":"https:\/\/foretnature.be\/resume-foret-mail\/la-memoire-des-arbres\/","url":"https:\/\/foretnature.be\/resume-foret-mail\/la-memoire-des-arbres\/","name":"La m\u00e9moire des arbres - For\u00eat.Nature","isPartOf":{"@id":"https:\/\/foretnature.be\/#website"},"datePublished":"2021-09-10T09:45:49+00:00","dateModified":"2021-09-10T09:45:49+00:00","breadcrumb":{"@id":"https:\/\/foretnature.be\/resume-foret-mail\/la-memoire-des-arbres\/#breadcrumb"},"inLanguage":"en-GB","potentialAction":[{"@type":"ReadAction","target":["https:\/\/foretnature.be\/resume-foret-mail\/la-memoire-des-arbres\/"]}]},{"@type":"BreadcrumbList","@id":"https:\/\/foretnature.be\/resume-foret-mail\/la-memoire-des-arbres\/#breadcrumb","itemListElement":[{"@type":"ListItem","position":1,"name":"Home","item":"https:\/\/foretnature.be\/"},{"@type":"ListItem","position":2,"name":"La m\u00e9moire des arbres"}]},{"@type":"WebSite","@id":"https:\/\/foretnature.be\/#website","url":"https:\/\/foretnature.be\/","name":"For\u00eat.Nature","description":"Une \u00e9quipe technique au service de la for\u00eat","publisher":{"@id":"https:\/\/foretnature.be\/#organization"},"potentialAction":[{"@type":"SearchAction","target":{"@type":"EntryPoint","urlTemplate":"https:\/\/foretnature.be\/?s={search_term_string}"},"query-input":"required name=search_term_string"}],"inLanguage":"en-GB"},{"@type":"Organization","@id":"https:\/\/foretnature.be\/#organization","name":"For\u00eat.Nature","url":"https:\/\/foretnature.be\/","logo":{"@type":"ImageObject","inLanguage":"en-GB","@id":"https:\/\/foretnature.be\/#\/schema\/logo\/image\/","url":"https:\/\/foretnature.be\/wp-content\/uploads\/2021\/01\/logoFOblanc.png","contentUrl":"https:\/\/foretnature.be\/wp-content\/uploads\/2021\/01\/logoFOblanc.png","width":300,"height":151,"caption":"For\u00eat.Nature"},"image":{"@id":"https:\/\/foretnature.be\/#\/schema\/logo\/image\/"}}]}},"_links":{"self":[{"href":"https:\/\/foretnature.be\/en\/wp-json\/wp\/v2\/resume-foret-mail\/34493"}],"collection":[{"href":"https:\/\/foretnature.be\/en\/wp-json\/wp\/v2\/resume-foret-mail"}],"about":[{"href":"https:\/\/foretnature.be\/en\/wp-json\/wp\/v2\/types\/resume-foret-mail"}],"version-history":[{"count":0,"href":"https:\/\/foretnature.be\/en\/wp-json\/wp\/v2\/resume-foret-mail\/34493\/revisions"}],"wp:attachment":[{"href":"https:\/\/foretnature.be\/en\/wp-json\/wp\/v2\/media?parent=34493"}],"wp:term":[{"taxonomy":"category","embeddable":true,"href":"https:\/\/foretnature.be\/en\/wp-json\/wp\/v2\/categories?post=34493"}],"curies":[{"name":"wp","href":"https:\/\/api.w.org\/{rel}","templated":true}]}}