{"id":34465,"date":"2021-09-10T11:45:46","date_gmt":"2021-09-10T09:45:46","guid":{"rendered":"https:\/\/foretnature.be\/resume-foret-mail\/un-nouveau-cadre-de-mise-en-oeuvre-sur-la-notion-de-resilience-en-gestion-forestiere\/"},"modified":"2021-09-10T11:45:46","modified_gmt":"2021-09-10T09:45:46","slug":"un-nouveau-cadre-de-mise-en-oeuvre-sur-la-notion-de-resilience-en-gestion-forestiere","status":"publish","type":"resume-foret-mail","link":"https:\/\/foretnature.be\/en\/resume-foret-mail\/un-nouveau-cadre-de-mise-en-oeuvre-sur-la-notion-de-resilience-en-gestion-forestiere\/","title":{"rendered":"Un nouveau cadre de mise en \u0153uvre sur la notion de r\u00e9silience en gestion foresti\u00e8re"},"content":{"rendered":"<p>Si la balle sort difficilement de la tasse : c\u2019est r\u00e9silient. S\u2019il est facile de faire sortir la balle de la tasse : il y a un manque de r\u00e9silience.<br \/>\nSeptembre 2018, Bonn : un groupe de scientifiques s\u2019est pench\u00e9 sur la question de la mise en \u0153uvre de la r\u00e9silience dans la gestion foresti\u00e8re.<br \/>\nPremi\u00e8re \u00e9tape : la d\u00e9finition de la r\u00e9silience. Est-ce la capacit\u00e9 \u00e0 r\u00e9cup\u00e9rer d\u2019une catastrophe ? Ou la capacit\u00e9 d\u2019endurer un stress tout en restant productif ? Ces deux d\u00e9finitions sont correctes et le d\u00e9bat reste ouvert sur la d\u00e9finition exacte. Le groupe de travail d\u00e9finit la r\u00e9silience gr\u00e2ce \u00e0 la m\u00e9taphore de la balle et de la tasse (Seidl et al. 2016, Journal of Applied Ecology).<br \/>\nL\u2019objectif, dans le cadre d\u2019une gestion foresti\u00e8re, n\u2019est pas de pr\u00e9venir les perturbations \u2013 elles font d\u2019ailleurs partie de la dynamique naturelle d\u2019une for\u00eat (temp\u00eate, ravageurs, etc.) \u2013mais bien de faire en sorte de la for\u00eat r\u00e9siste bien aux perturbations, r\u00e9cup\u00e8re vite et s\u2019adapte aux nouveaux challenges \u00e0 venir.<br \/>\nDiff\u00e9rents indicateurs ont \u00e9t\u00e9 pr\u00e9sent\u00e9s. La r\u00e9sistance par exemple, on regarde la modification de la variable par rapport au stade qui pr\u00e9c\u00e8de la perturbation. Les \u00e9chelles ont \u00e9galement \u00e9t\u00e9 mises en \u00e9vidence : on ne recherche pas une m\u00eame r\u00e9silience sur 10 ans et sur 100 ans, sur 1 ha et sur 100 ha.<br \/>\nL\u2019influence que l\u2019on peut avoir sur les facteurs est \u00e9galement \u00e0 prendre en compte : par exemple, on ne peut pas intervenir facilement sur la demande en grumes d\u2019\u00e9pic\u00e9a, mais on peut jouer sur le type de sylviculture de l\u2019\u00e9pic\u00e9a.<br \/>\nLe groupe de travail devrait fournir d\u2019ici peu un cadre sur la mani\u00e8re dont la r\u00e9silience pourrait \u00eatre mise en pratique.<br \/>\nNikinmaa L. \u00ab How can we measure forest resilience? Report from a workshop in Bonn \u00bb. European Forest Institute, Resilience Blog, 19\/09\/18.<\/p>","protected":false},"excerpt":{"rendered":"<p>Si la balle sort difficilement de la tasse : c\u2019est r\u00e9silient. S\u2019il est facile de faire sortir la balle de la tasse : il y a un manque de r\u00e9silience. Septembre 2018, Bonn : un groupe de scientifiques s\u2019est pench\u00e9 sur la question de la mise en \u0153uvre de la r\u00e9silience dans la gestion foresti\u00e8re. [&hellip;]<\/p>","protected":false},"featured_media":0,"template":"","categories":[50],"acf":[],"yoast_head":"<!-- This site is optimized with the Yoast SEO plugin v23.2 - https:\/\/yoast.com\/wordpress\/plugins\/seo\/ -->\n<title>Un nouveau cadre de mise en \u0153uvre sur la notion de r\u00e9silience en gestion foresti\u00e8re - For\u00eat.Nature<\/title>\n<meta name=\"robots\" content=\"index, follow, max-snippet:-1, max-image-preview:large, max-video-preview:-1\" \/>\n<link rel=\"canonical\" href=\"https:\/\/foretnature.be\/en\/resume-foret-mail\/un-nouveau-cadre-de-mise-en-oeuvre-sur-la-notion-de-resilience-en-gestion-forestiere\/\" \/>\n<meta property=\"og:locale\" content=\"en_GB\" \/>\n<meta property=\"og:type\" content=\"article\" \/>\n<meta property=\"og:title\" content=\"Un nouveau cadre de mise en \u0153uvre sur la notion de r\u00e9silience en gestion foresti\u00e8re - For\u00eat.Nature\" \/>\n<meta property=\"og:description\" content=\"Si la balle sort difficilement de la tasse : c\u2019est r\u00e9silient. S\u2019il est facile de faire sortir la balle de la tasse : il y a un manque de r\u00e9silience. Septembre 2018, Bonn : un groupe de scientifiques s\u2019est pench\u00e9 sur la question de la mise en \u0153uvre de la r\u00e9silience dans la gestion foresti\u00e8re. [&hellip;]\" \/>\n<meta property=\"og:url\" content=\"https:\/\/foretnature.be\/en\/resume-foret-mail\/un-nouveau-cadre-de-mise-en-oeuvre-sur-la-notion-de-resilience-en-gestion-forestiere\/\" \/>\n<meta property=\"og:site_name\" content=\"For\u00eat.Nature\" \/>\n<meta name=\"twitter:card\" content=\"summary_large_image\" \/>\n<meta name=\"twitter:label1\" content=\"Estimated reading time\" \/>\n\t<meta name=\"twitter:data1\" content=\"2 minutes\" \/>\n<script type=\"application\/ld+json\" class=\"yoast-schema-graph\">{\"@context\":\"https:\/\/schema.org\",\"@graph\":[{\"@type\":\"WebPage\",\"@id\":\"https:\/\/foretnature.be\/resume-foret-mail\/un-nouveau-cadre-de-mise-en-oeuvre-sur-la-notion-de-resilience-en-gestion-forestiere\/\",\"url\":\"https:\/\/foretnature.be\/resume-foret-mail\/un-nouveau-cadre-de-mise-en-oeuvre-sur-la-notion-de-resilience-en-gestion-forestiere\/\",\"name\":\"Un nouveau cadre de mise en \u0153uvre sur la notion de r\u00e9silience en gestion foresti\u00e8re - For\u00eat.Nature\",\"isPartOf\":{\"@id\":\"https:\/\/foretnature.be\/en\/#website\"},\"datePublished\":\"2021-09-10T09:45:46+00:00\",\"dateModified\":\"2021-09-10T09:45:46+00:00\",\"breadcrumb\":{\"@id\":\"https:\/\/foretnature.be\/resume-foret-mail\/un-nouveau-cadre-de-mise-en-oeuvre-sur-la-notion-de-resilience-en-gestion-forestiere\/#breadcrumb\"},\"inLanguage\":\"en-GB\",\"potentialAction\":[{\"@type\":\"ReadAction\",\"target\":[\"https:\/\/foretnature.be\/resume-foret-mail\/un-nouveau-cadre-de-mise-en-oeuvre-sur-la-notion-de-resilience-en-gestion-forestiere\/\"]}]},{\"@type\":\"BreadcrumbList\",\"@id\":\"https:\/\/foretnature.be\/resume-foret-mail\/un-nouveau-cadre-de-mise-en-oeuvre-sur-la-notion-de-resilience-en-gestion-forestiere\/#breadcrumb\",\"itemListElement\":[{\"@type\":\"ListItem\",\"position\":1,\"name\":\"Home\",\"item\":\"https:\/\/foretnature.be\/en\/\"},{\"@type\":\"ListItem\",\"position\":2,\"name\":\"Un nouveau cadre de mise en \u0153uvre sur la notion de r\u00e9silience en gestion foresti\u00e8re\"}]},{\"@type\":\"WebSite\",\"@id\":\"https:\/\/foretnature.be\/en\/#website\",\"url\":\"https:\/\/foretnature.be\/en\/\",\"name\":\"For\u00eat.Nature\",\"description\":\"Une \u00e9quipe technique au service de la for\u00eat\",\"publisher\":{\"@id\":\"https:\/\/foretnature.be\/en\/#organization\"},\"potentialAction\":[{\"@type\":\"SearchAction\",\"target\":{\"@type\":\"EntryPoint\",\"urlTemplate\":\"https:\/\/foretnature.be\/en\/?s={search_term_string}\"},\"query-input\":\"required name=search_term_string\"}],\"inLanguage\":\"en-GB\"},{\"@type\":\"Organization\",\"@id\":\"https:\/\/foretnature.be\/en\/#organization\",\"name\":\"For\u00eat.Nature\",\"url\":\"https:\/\/foretnature.be\/en\/\",\"logo\":{\"@type\":\"ImageObject\",\"inLanguage\":\"en-GB\",\"@id\":\"https:\/\/foretnature.be\/en\/#\/schema\/logo\/image\/\",\"url\":\"https:\/\/foretnature.be\/wp-content\/uploads\/2021\/01\/logoFOblanc.png\",\"contentUrl\":\"https:\/\/foretnature.be\/wp-content\/uploads\/2021\/01\/logoFOblanc.png\",\"width\":300,\"height\":151,\"caption\":\"For\u00eat.Nature\"},\"image\":{\"@id\":\"https:\/\/foretnature.be\/en\/#\/schema\/logo\/image\/\"}}]}<\/script>\n<!-- \/ Yoast SEO plugin. -->","yoast_head_json":{"title":"Un nouveau cadre de mise en \u0153uvre sur la notion de r\u00e9silience en gestion foresti\u00e8re - For\u00eat.Nature","robots":{"index":"index","follow":"follow","max-snippet":"max-snippet:-1","max-image-preview":"max-image-preview:large","max-video-preview":"max-video-preview:-1"},"canonical":"https:\/\/foretnature.be\/en\/resume-foret-mail\/un-nouveau-cadre-de-mise-en-oeuvre-sur-la-notion-de-resilience-en-gestion-forestiere\/","og_locale":"en_GB","og_type":"article","og_title":"Un nouveau cadre de mise en \u0153uvre sur la notion de r\u00e9silience en gestion foresti\u00e8re - For\u00eat.Nature","og_description":"Si la balle sort difficilement de la tasse : c\u2019est r\u00e9silient. S\u2019il est facile de faire sortir la balle de la tasse : il y a un manque de r\u00e9silience. Septembre 2018, Bonn : un groupe de scientifiques s\u2019est pench\u00e9 sur la question de la mise en \u0153uvre de la r\u00e9silience dans la gestion foresti\u00e8re. [&hellip;]","og_url":"https:\/\/foretnature.be\/en\/resume-foret-mail\/un-nouveau-cadre-de-mise-en-oeuvre-sur-la-notion-de-resilience-en-gestion-forestiere\/","og_site_name":"For\u00eat.Nature","twitter_card":"summary_large_image","twitter_misc":{"Estimated reading time":"2 minutes"},"schema":{"@context":"https:\/\/schema.org","@graph":[{"@type":"WebPage","@id":"https:\/\/foretnature.be\/resume-foret-mail\/un-nouveau-cadre-de-mise-en-oeuvre-sur-la-notion-de-resilience-en-gestion-forestiere\/","url":"https:\/\/foretnature.be\/resume-foret-mail\/un-nouveau-cadre-de-mise-en-oeuvre-sur-la-notion-de-resilience-en-gestion-forestiere\/","name":"Un nouveau cadre de mise en \u0153uvre sur la notion de r\u00e9silience en gestion foresti\u00e8re - For\u00eat.Nature","isPartOf":{"@id":"https:\/\/foretnature.be\/en\/#website"},"datePublished":"2021-09-10T09:45:46+00:00","dateModified":"2021-09-10T09:45:46+00:00","breadcrumb":{"@id":"https:\/\/foretnature.be\/resume-foret-mail\/un-nouveau-cadre-de-mise-en-oeuvre-sur-la-notion-de-resilience-en-gestion-forestiere\/#breadcrumb"},"inLanguage":"en-GB","potentialAction":[{"@type":"ReadAction","target":["https:\/\/foretnature.be\/resume-foret-mail\/un-nouveau-cadre-de-mise-en-oeuvre-sur-la-notion-de-resilience-en-gestion-forestiere\/"]}]},{"@type":"BreadcrumbList","@id":"https:\/\/foretnature.be\/resume-foret-mail\/un-nouveau-cadre-de-mise-en-oeuvre-sur-la-notion-de-resilience-en-gestion-forestiere\/#breadcrumb","itemListElement":[{"@type":"ListItem","position":1,"name":"Home","item":"https:\/\/foretnature.be\/en\/"},{"@type":"ListItem","position":2,"name":"Un nouveau cadre de mise en \u0153uvre sur la notion de r\u00e9silience en gestion foresti\u00e8re"}]},{"@type":"WebSite","@id":"https:\/\/foretnature.be\/en\/#website","url":"https:\/\/foretnature.be\/en\/","name":"For\u00eat.Nature","description":"Une \u00e9quipe technique au service de la for\u00eat","publisher":{"@id":"https:\/\/foretnature.be\/en\/#organization"},"potentialAction":[{"@type":"SearchAction","target":{"@type":"EntryPoint","urlTemplate":"https:\/\/foretnature.be\/en\/?s={search_term_string}"},"query-input":"required name=search_term_string"}],"inLanguage":"en-GB"},{"@type":"Organization","@id":"https:\/\/foretnature.be\/en\/#organization","name":"For\u00eat.Nature","url":"https:\/\/foretnature.be\/en\/","logo":{"@type":"ImageObject","inLanguage":"en-GB","@id":"https:\/\/foretnature.be\/en\/#\/schema\/logo\/image\/","url":"https:\/\/foretnature.be\/wp-content\/uploads\/2021\/01\/logoFOblanc.png","contentUrl":"https:\/\/foretnature.be\/wp-content\/uploads\/2021\/01\/logoFOblanc.png","width":300,"height":151,"caption":"For\u00eat.Nature"},"image":{"@id":"https:\/\/foretnature.be\/en\/#\/schema\/logo\/image\/"}}]}},"_links":{"self":[{"href":"https:\/\/foretnature.be\/en\/wp-json\/wp\/v2\/resume-foret-mail\/34465"}],"collection":[{"href":"https:\/\/foretnature.be\/en\/wp-json\/wp\/v2\/resume-foret-mail"}],"about":[{"href":"https:\/\/foretnature.be\/en\/wp-json\/wp\/v2\/types\/resume-foret-mail"}],"version-history":[{"count":0,"href":"https:\/\/foretnature.be\/en\/wp-json\/wp\/v2\/resume-foret-mail\/34465\/revisions"}],"wp:attachment":[{"href":"https:\/\/foretnature.be\/en\/wp-json\/wp\/v2\/media?parent=34465"}],"wp:term":[{"taxonomy":"category","embeddable":true,"href":"https:\/\/foretnature.be\/en\/wp-json\/wp\/v2\/categories?post=34465"}],"curies":[{"name":"wp","href":"https:\/\/api.w.org\/{rel}","templated":true}]}}