{"id":34464,"date":"2021-09-10T11:45:46","date_gmt":"2021-09-10T09:45:46","guid":{"rendered":"https:\/\/foretnature.be\/resume-foret-mail\/de-nouvelles-initiatives-pour-faire-face-aux-perturbations-des-forets\/"},"modified":"2021-09-10T11:45:46","modified_gmt":"2021-09-10T09:45:46","slug":"de-nouvelles-initiatives-pour-faire-face-aux-perturbations-des-forets","status":"publish","type":"resume-foret-mail","link":"https:\/\/foretnature.be\/en\/resume-foret-mail\/de-nouvelles-initiatives-pour-faire-face-aux-perturbations-des-forets\/","title":{"rendered":"De nouvelles initiatives pour faire face aux perturbations des for\u00eats"},"content":{"rendered":"<p>Le cycle de gestion des crises. (Christoph Hartebrodt)<br \/>\nUn article paru en mai dernier sur le \u00ab Resilience Blog \u00bb de l\u2019EFI (European Forest Institute) relate les derni\u00e8res initiatives concernant les risques (sanitaires, temp\u00eates, etc.) que la for\u00eat endure aujourd\u2019hui. L\u2019auteur constate que la lecture de l\u2019actualit\u00e9 est aujourd\u2019hui une exp\u00e9rience \u00e9prouvante pour un jeune professionnel du secteur forestier, avec les vagues de chaleur et les s\u00e8cheresses, l\u2019augmentation constante des concentrations de CO\u2082 dans l\u2019atomosph\u00e8re, les invasions d&rsquo;esp\u00e8ces exotiques et les \u00e9pid\u00e9mies massives d&rsquo;insectes dans diverses r\u00e9gions d&rsquo;Europe. D&rsquo;un autre c\u00f4t\u00e9, il y a beaucoup d\u2019espoir et de nouveaut\u00e9s : la sensibilisation aux changements climatiques augmente, les innovations en mati\u00e8re de produits du bois et les mesures de conservation de la biodiversit\u00e9.<br \/>\nParmi ces initiatives, le projet SURE, g\u00e9r\u00e9 par l\u2019EFI, vise \u00e0 recueillir des exemples des meilleures mais aussi des pires pratiques \u00e0 travers l&rsquo;Europe en mati\u00e8re de gestion des risques. Partant sur le principe qu\u2019\u00e0 l&rsquo;heure actuelle, la gestion foresti\u00e8re se concentre habituellement sur la r\u00e9action \u00e0 la perturbation et sur le r\u00e9tablissement direct qui en d\u00e9coule, les priorit\u00e9s du projet sont avant tout de comprendre les risques de catastrophe, d\u2019investir dans la r\u00e9duction des risques et d\u2019am\u00e9liorer la pr\u00e9paration aux risques. De sorte \u00e0 favoriser les \u00e9changes \u00e0 travers l\u2019Europe, des ateliers et des \u00e9changes d&rsquo;experts scientifiques et praticiens sont organis\u00e9s.<br \/>\nPar exemple, le dernier atelier organis\u00e9 avec une universit\u00e9 tch\u00e8que d\u00e9but avril 2019 a notamment permis aux chercheurs tch\u00e8ques de pr\u00e9senter la technique de mesure du stress des arbres par des chiens entra\u00een\u00e9s \u00e0 sentir l&rsquo;odeur des arbres infect\u00e9s par les scolytes.<br \/>\nNikinmaa L. New winds in dealing with forest disturbances. Resilience Blog, EFI, 08\/05\/19.<\/p>","protected":false},"excerpt":{"rendered":"<p>Le cycle de gestion des crises. (Christoph Hartebrodt) Un article paru en mai dernier sur le \u00ab Resilience Blog \u00bb de l\u2019EFI (European Forest Institute) relate les derni\u00e8res initiatives concernant les risques (sanitaires, temp\u00eates, etc.) que la for\u00eat endure aujourd\u2019hui. L\u2019auteur constate que la lecture de l\u2019actualit\u00e9 est aujourd\u2019hui une exp\u00e9rience \u00e9prouvante pour un jeune [&hellip;]<\/p>","protected":false},"featured_media":0,"template":"","categories":[50],"acf":[],"yoast_head":"<!-- This site is optimized with the Yoast SEO plugin v23.2 - https:\/\/yoast.com\/wordpress\/plugins\/seo\/ -->\n<title>De nouvelles initiatives pour faire face aux perturbations des for\u00eats - For\u00eat.Nature<\/title>\n<meta name=\"robots\" content=\"index, follow, max-snippet:-1, max-image-preview:large, max-video-preview:-1\" \/>\n<link rel=\"canonical\" href=\"https:\/\/foretnature.be\/en\/resume-foret-mail\/de-nouvelles-initiatives-pour-faire-face-aux-perturbations-des-forets\/\" \/>\n<meta property=\"og:locale\" content=\"en_GB\" \/>\n<meta property=\"og:type\" content=\"article\" \/>\n<meta property=\"og:title\" content=\"De nouvelles initiatives pour faire face aux perturbations des for\u00eats - For\u00eat.Nature\" \/>\n<meta property=\"og:description\" content=\"Le cycle de gestion des crises. (Christoph Hartebrodt) Un article paru en mai dernier sur le \u00ab Resilience Blog \u00bb de l\u2019EFI (European Forest Institute) relate les derni\u00e8res initiatives concernant les risques (sanitaires, temp\u00eates, etc.) que la for\u00eat endure aujourd\u2019hui. L\u2019auteur constate que la lecture de l\u2019actualit\u00e9 est aujourd\u2019hui une exp\u00e9rience \u00e9prouvante pour un jeune [&hellip;]\" \/>\n<meta property=\"og:url\" content=\"https:\/\/foretnature.be\/en\/resume-foret-mail\/de-nouvelles-initiatives-pour-faire-face-aux-perturbations-des-forets\/\" \/>\n<meta property=\"og:site_name\" content=\"For\u00eat.Nature\" \/>\n<meta name=\"twitter:card\" content=\"summary_large_image\" \/>\n<meta name=\"twitter:label1\" content=\"Estimated reading time\" \/>\n\t<meta name=\"twitter:data1\" content=\"2 minutes\" \/>\n<script type=\"application\/ld+json\" class=\"yoast-schema-graph\">{\"@context\":\"https:\/\/schema.org\",\"@graph\":[{\"@type\":\"WebPage\",\"@id\":\"https:\/\/foretnature.be\/resume-foret-mail\/de-nouvelles-initiatives-pour-faire-face-aux-perturbations-des-forets\/\",\"url\":\"https:\/\/foretnature.be\/resume-foret-mail\/de-nouvelles-initiatives-pour-faire-face-aux-perturbations-des-forets\/\",\"name\":\"De nouvelles initiatives pour faire face aux perturbations des for\u00eats - For\u00eat.Nature\",\"isPartOf\":{\"@id\":\"https:\/\/foretnature.be\/en\/#website\"},\"datePublished\":\"2021-09-10T09:45:46+00:00\",\"dateModified\":\"2021-09-10T09:45:46+00:00\",\"breadcrumb\":{\"@id\":\"https:\/\/foretnature.be\/resume-foret-mail\/de-nouvelles-initiatives-pour-faire-face-aux-perturbations-des-forets\/#breadcrumb\"},\"inLanguage\":\"en-GB\",\"potentialAction\":[{\"@type\":\"ReadAction\",\"target\":[\"https:\/\/foretnature.be\/resume-foret-mail\/de-nouvelles-initiatives-pour-faire-face-aux-perturbations-des-forets\/\"]}]},{\"@type\":\"BreadcrumbList\",\"@id\":\"https:\/\/foretnature.be\/resume-foret-mail\/de-nouvelles-initiatives-pour-faire-face-aux-perturbations-des-forets\/#breadcrumb\",\"itemListElement\":[{\"@type\":\"ListItem\",\"position\":1,\"name\":\"Home\",\"item\":\"https:\/\/foretnature.be\/en\/\"},{\"@type\":\"ListItem\",\"position\":2,\"name\":\"De nouvelles initiatives pour faire face aux perturbations des for\u00eats\"}]},{\"@type\":\"WebSite\",\"@id\":\"https:\/\/foretnature.be\/en\/#website\",\"url\":\"https:\/\/foretnature.be\/en\/\",\"name\":\"For\u00eat.Nature\",\"description\":\"Une \u00e9quipe technique au service de la for\u00eat\",\"publisher\":{\"@id\":\"https:\/\/foretnature.be\/en\/#organization\"},\"potentialAction\":[{\"@type\":\"SearchAction\",\"target\":{\"@type\":\"EntryPoint\",\"urlTemplate\":\"https:\/\/foretnature.be\/en\/?s={search_term_string}\"},\"query-input\":\"required name=search_term_string\"}],\"inLanguage\":\"en-GB\"},{\"@type\":\"Organization\",\"@id\":\"https:\/\/foretnature.be\/en\/#organization\",\"name\":\"For\u00eat.Nature\",\"url\":\"https:\/\/foretnature.be\/en\/\",\"logo\":{\"@type\":\"ImageObject\",\"inLanguage\":\"en-GB\",\"@id\":\"https:\/\/foretnature.be\/en\/#\/schema\/logo\/image\/\",\"url\":\"https:\/\/foretnature.be\/wp-content\/uploads\/2021\/01\/logoFOblanc.png\",\"contentUrl\":\"https:\/\/foretnature.be\/wp-content\/uploads\/2021\/01\/logoFOblanc.png\",\"width\":300,\"height\":151,\"caption\":\"For\u00eat.Nature\"},\"image\":{\"@id\":\"https:\/\/foretnature.be\/en\/#\/schema\/logo\/image\/\"}}]}<\/script>\n<!-- \/ Yoast SEO plugin. -->","yoast_head_json":{"title":"De nouvelles initiatives pour faire face aux perturbations des for\u00eats - For\u00eat.Nature","robots":{"index":"index","follow":"follow","max-snippet":"max-snippet:-1","max-image-preview":"max-image-preview:large","max-video-preview":"max-video-preview:-1"},"canonical":"https:\/\/foretnature.be\/en\/resume-foret-mail\/de-nouvelles-initiatives-pour-faire-face-aux-perturbations-des-forets\/","og_locale":"en_GB","og_type":"article","og_title":"De nouvelles initiatives pour faire face aux perturbations des for\u00eats - For\u00eat.Nature","og_description":"Le cycle de gestion des crises. (Christoph Hartebrodt) Un article paru en mai dernier sur le \u00ab Resilience Blog \u00bb de l\u2019EFI (European Forest Institute) relate les derni\u00e8res initiatives concernant les risques (sanitaires, temp\u00eates, etc.) que la for\u00eat endure aujourd\u2019hui. L\u2019auteur constate que la lecture de l\u2019actualit\u00e9 est aujourd\u2019hui une exp\u00e9rience \u00e9prouvante pour un jeune [&hellip;]","og_url":"https:\/\/foretnature.be\/en\/resume-foret-mail\/de-nouvelles-initiatives-pour-faire-face-aux-perturbations-des-forets\/","og_site_name":"For\u00eat.Nature","twitter_card":"summary_large_image","twitter_misc":{"Estimated reading time":"2 minutes"},"schema":{"@context":"https:\/\/schema.org","@graph":[{"@type":"WebPage","@id":"https:\/\/foretnature.be\/resume-foret-mail\/de-nouvelles-initiatives-pour-faire-face-aux-perturbations-des-forets\/","url":"https:\/\/foretnature.be\/resume-foret-mail\/de-nouvelles-initiatives-pour-faire-face-aux-perturbations-des-forets\/","name":"De nouvelles initiatives pour faire face aux perturbations des for\u00eats - For\u00eat.Nature","isPartOf":{"@id":"https:\/\/foretnature.be\/en\/#website"},"datePublished":"2021-09-10T09:45:46+00:00","dateModified":"2021-09-10T09:45:46+00:00","breadcrumb":{"@id":"https:\/\/foretnature.be\/resume-foret-mail\/de-nouvelles-initiatives-pour-faire-face-aux-perturbations-des-forets\/#breadcrumb"},"inLanguage":"en-GB","potentialAction":[{"@type":"ReadAction","target":["https:\/\/foretnature.be\/resume-foret-mail\/de-nouvelles-initiatives-pour-faire-face-aux-perturbations-des-forets\/"]}]},{"@type":"BreadcrumbList","@id":"https:\/\/foretnature.be\/resume-foret-mail\/de-nouvelles-initiatives-pour-faire-face-aux-perturbations-des-forets\/#breadcrumb","itemListElement":[{"@type":"ListItem","position":1,"name":"Home","item":"https:\/\/foretnature.be\/en\/"},{"@type":"ListItem","position":2,"name":"De nouvelles initiatives pour faire face aux perturbations des for\u00eats"}]},{"@type":"WebSite","@id":"https:\/\/foretnature.be\/en\/#website","url":"https:\/\/foretnature.be\/en\/","name":"For\u00eat.Nature","description":"Une \u00e9quipe technique au service de la for\u00eat","publisher":{"@id":"https:\/\/foretnature.be\/en\/#organization"},"potentialAction":[{"@type":"SearchAction","target":{"@type":"EntryPoint","urlTemplate":"https:\/\/foretnature.be\/en\/?s={search_term_string}"},"query-input":"required name=search_term_string"}],"inLanguage":"en-GB"},{"@type":"Organization","@id":"https:\/\/foretnature.be\/en\/#organization","name":"For\u00eat.Nature","url":"https:\/\/foretnature.be\/en\/","logo":{"@type":"ImageObject","inLanguage":"en-GB","@id":"https:\/\/foretnature.be\/en\/#\/schema\/logo\/image\/","url":"https:\/\/foretnature.be\/wp-content\/uploads\/2021\/01\/logoFOblanc.png","contentUrl":"https:\/\/foretnature.be\/wp-content\/uploads\/2021\/01\/logoFOblanc.png","width":300,"height":151,"caption":"For\u00eat.Nature"},"image":{"@id":"https:\/\/foretnature.be\/en\/#\/schema\/logo\/image\/"}}]}},"_links":{"self":[{"href":"https:\/\/foretnature.be\/en\/wp-json\/wp\/v2\/resume-foret-mail\/34464"}],"collection":[{"href":"https:\/\/foretnature.be\/en\/wp-json\/wp\/v2\/resume-foret-mail"}],"about":[{"href":"https:\/\/foretnature.be\/en\/wp-json\/wp\/v2\/types\/resume-foret-mail"}],"version-history":[{"count":0,"href":"https:\/\/foretnature.be\/en\/wp-json\/wp\/v2\/resume-foret-mail\/34464\/revisions"}],"wp:attachment":[{"href":"https:\/\/foretnature.be\/en\/wp-json\/wp\/v2\/media?parent=34464"}],"wp:term":[{"taxonomy":"category","embeddable":true,"href":"https:\/\/foretnature.be\/en\/wp-json\/wp\/v2\/categories?post=34464"}],"curies":[{"name":"wp","href":"https:\/\/api.w.org\/{rel}","templated":true}]}}