{"id":34407,"date":"2021-09-10T11:45:36","date_gmt":"2021-09-10T09:45:36","guid":{"rendered":"https:\/\/foretnature.be\/resume-foret-mail\/les-moules-belges-se-reproduisent-a-nouveau\/"},"modified":"2021-09-10T11:45:36","modified_gmt":"2021-09-10T09:45:36","slug":"les-moules-belges-se-reproduisent-a-nouveau","status":"publish","type":"resume-foret-mail","link":"https:\/\/foretnature.be\/en\/resume-foret-mail\/les-moules-belges-se-reproduisent-a-nouveau\/","title":{"rendered":"Les moules belges se reproduisent \u00e0 nouveau"},"content":{"rendered":"<p>Voici plus de 10 ans que le \u00ab Life moule perli\u00e8re \u00bb (2002-2007) est termin\u00e9. Ce projet, qui visait la restauration de l\u2019habitat et des populations de moule perli\u00e8re dans quatre rivi\u00e8res wallonnes (la Rulles, la Vierre, la S\u00fbre et l\u2019Our), a port\u00e9 ses fruits ! Pas question, toutefois, de les p\u00eacher.<br \/>\nDans les ann\u00e9es &rsquo;50, des millions de moules perli\u00e8res peuplaient encore nos ruisseaux ardennais et fagnards, alors qu\u2019aujourd\u2019hui on n&rsquo;en d\u00e9nombre plus qu\u2019environ 2000. C\u2019est dire si l\u2019esp\u00e8ce s\u2019est rar\u00e9fi\u00e9e ! En cause : la recherche des perles au 19\u1d49 si\u00e8cle, la pollution des cours d\u2019eau, le pi\u00e9tinement par le b\u00e9tail en rivi\u00e8re, l\u2019enr\u00e9sinement et le colmatage des rivi\u00e8res. Malgr\u00e9 cela, la population wallonne restait la plus importante \u00e0 l\u2019ouest du Rhin.<br \/>\nAujourd\u2019hui, gr\u00e2ce aux actions men\u00e9es par le Life, 80 moules de moins de 15 ans ont pu \u00eatre identifi\u00e9es dans la Rulles. Apr\u00e8s des dizaines d\u2019ann\u00e9es sans reproduction chez nous, c\u2019est une r\u00e9ussite ! L\u2019am\u00e9lioration de la qualit\u00e9 de l\u2019eau, la cr\u00e9ation de r\u00e9serves naturelles, la plantation de feuillus en bord de rivi\u00e8re et l\u2019interdiction de l\u2019abreuvage du b\u00e9tail directement dans le lit des rivi\u00e8res y sont pour beaucoup. La route est encore longue pour maintenir une population importante, mais la voie est bel et bien lanc\u00e9e.<br \/>\nBodeux J.-L. Nos rarissimes moules perli\u00e8res valent bien un panda. Le Soir, 29\/11\/18.<\/p>","protected":false},"excerpt":{"rendered":"<p>Voici plus de 10 ans que le \u00ab Life moule perli\u00e8re \u00bb (2002-2007) est termin\u00e9. Ce projet, qui visait la restauration de l\u2019habitat et des populations de moule perli\u00e8re dans quatre rivi\u00e8res wallonnes (la Rulles, la Vierre, la S\u00fbre et l\u2019Our), a port\u00e9 ses fruits ! Pas question, toutefois, de les p\u00eacher. Dans les ann\u00e9es [&hellip;]<\/p>","protected":false},"featured_media":0,"template":"","categories":[50],"acf":[],"yoast_head":"<!-- This site is optimized with the Yoast SEO plugin v23.2 - https:\/\/yoast.com\/wordpress\/plugins\/seo\/ -->\n<title>Les moules belges se reproduisent \u00e0 nouveau - For\u00eat.Nature<\/title>\n<meta name=\"robots\" content=\"index, follow, max-snippet:-1, max-image-preview:large, max-video-preview:-1\" \/>\n<link rel=\"canonical\" href=\"https:\/\/foretnature.be\/en\/resume-foret-mail\/les-moules-belges-se-reproduisent-a-nouveau\/\" \/>\n<meta property=\"og:locale\" content=\"en_GB\" \/>\n<meta property=\"og:type\" content=\"article\" \/>\n<meta property=\"og:title\" content=\"Les moules belges se reproduisent \u00e0 nouveau - For\u00eat.Nature\" \/>\n<meta property=\"og:description\" content=\"Voici plus de 10 ans que le \u00ab Life moule perli\u00e8re \u00bb (2002-2007) est termin\u00e9. Ce projet, qui visait la restauration de l\u2019habitat et des populations de moule perli\u00e8re dans quatre rivi\u00e8res wallonnes (la Rulles, la Vierre, la S\u00fbre et l\u2019Our), a port\u00e9 ses fruits ! Pas question, toutefois, de les p\u00eacher. Dans les ann\u00e9es [&hellip;]\" \/>\n<meta property=\"og:url\" content=\"https:\/\/foretnature.be\/en\/resume-foret-mail\/les-moules-belges-se-reproduisent-a-nouveau\/\" \/>\n<meta property=\"og:site_name\" content=\"For\u00eat.Nature\" \/>\n<meta name=\"twitter:card\" content=\"summary_large_image\" \/>\n<meta name=\"twitter:label1\" content=\"Estimated reading time\" \/>\n\t<meta name=\"twitter:data1\" content=\"1 minute\" \/>\n<script type=\"application\/ld+json\" class=\"yoast-schema-graph\">{\"@context\":\"https:\/\/schema.org\",\"@graph\":[{\"@type\":\"WebPage\",\"@id\":\"https:\/\/foretnature.be\/en\/resume-foret-mail\/les-moules-belges-se-reproduisent-a-nouveau\/\",\"url\":\"https:\/\/foretnature.be\/en\/resume-foret-mail\/les-moules-belges-se-reproduisent-a-nouveau\/\",\"name\":\"Les moules belges se reproduisent \u00e0 nouveau - For\u00eat.Nature\",\"isPartOf\":{\"@id\":\"https:\/\/foretnature.be\/en\/#website\"},\"datePublished\":\"2021-09-10T09:45:36+00:00\",\"dateModified\":\"2021-09-10T09:45:36+00:00\",\"breadcrumb\":{\"@id\":\"https:\/\/foretnature.be\/en\/resume-foret-mail\/les-moules-belges-se-reproduisent-a-nouveau\/#breadcrumb\"},\"inLanguage\":\"en-GB\",\"potentialAction\":[{\"@type\":\"ReadAction\",\"target\":[\"https:\/\/foretnature.be\/en\/resume-foret-mail\/les-moules-belges-se-reproduisent-a-nouveau\/\"]}]},{\"@type\":\"BreadcrumbList\",\"@id\":\"https:\/\/foretnature.be\/en\/resume-foret-mail\/les-moules-belges-se-reproduisent-a-nouveau\/#breadcrumb\",\"itemListElement\":[{\"@type\":\"ListItem\",\"position\":1,\"name\":\"Home\",\"item\":\"https:\/\/foretnature.be\/en\/\"},{\"@type\":\"ListItem\",\"position\":2,\"name\":\"Les moules belges se reproduisent \u00e0 nouveau\"}]},{\"@type\":\"WebSite\",\"@id\":\"https:\/\/foretnature.be\/en\/#website\",\"url\":\"https:\/\/foretnature.be\/en\/\",\"name\":\"For\u00eat.Nature\",\"description\":\"Une \u00e9quipe technique au service de la for\u00eat\",\"publisher\":{\"@id\":\"https:\/\/foretnature.be\/en\/#organization\"},\"potentialAction\":[{\"@type\":\"SearchAction\",\"target\":{\"@type\":\"EntryPoint\",\"urlTemplate\":\"https:\/\/foretnature.be\/en\/?s={search_term_string}\"},\"query-input\":\"required name=search_term_string\"}],\"inLanguage\":\"en-GB\"},{\"@type\":\"Organization\",\"@id\":\"https:\/\/foretnature.be\/en\/#organization\",\"name\":\"For\u00eat.Nature\",\"url\":\"https:\/\/foretnature.be\/en\/\",\"logo\":{\"@type\":\"ImageObject\",\"inLanguage\":\"en-GB\",\"@id\":\"https:\/\/foretnature.be\/en\/#\/schema\/logo\/image\/\",\"url\":\"https:\/\/foretnature.be\/wp-content\/uploads\/2021\/01\/logoFOblanc.png\",\"contentUrl\":\"https:\/\/foretnature.be\/wp-content\/uploads\/2021\/01\/logoFOblanc.png\",\"width\":300,\"height\":151,\"caption\":\"For\u00eat.Nature\"},\"image\":{\"@id\":\"https:\/\/foretnature.be\/en\/#\/schema\/logo\/image\/\"}}]}<\/script>\n<!-- \/ Yoast SEO plugin. -->","yoast_head_json":{"title":"Les moules belges se reproduisent \u00e0 nouveau - For\u00eat.Nature","robots":{"index":"index","follow":"follow","max-snippet":"max-snippet:-1","max-image-preview":"max-image-preview:large","max-video-preview":"max-video-preview:-1"},"canonical":"https:\/\/foretnature.be\/en\/resume-foret-mail\/les-moules-belges-se-reproduisent-a-nouveau\/","og_locale":"en_GB","og_type":"article","og_title":"Les moules belges se reproduisent \u00e0 nouveau - For\u00eat.Nature","og_description":"Voici plus de 10 ans que le \u00ab Life moule perli\u00e8re \u00bb (2002-2007) est termin\u00e9. Ce projet, qui visait la restauration de l\u2019habitat et des populations de moule perli\u00e8re dans quatre rivi\u00e8res wallonnes (la Rulles, la Vierre, la S\u00fbre et l\u2019Our), a port\u00e9 ses fruits ! Pas question, toutefois, de les p\u00eacher. Dans les ann\u00e9es [&hellip;]","og_url":"https:\/\/foretnature.be\/en\/resume-foret-mail\/les-moules-belges-se-reproduisent-a-nouveau\/","og_site_name":"For\u00eat.Nature","twitter_card":"summary_large_image","twitter_misc":{"Estimated reading time":"1 minute"},"schema":{"@context":"https:\/\/schema.org","@graph":[{"@type":"WebPage","@id":"https:\/\/foretnature.be\/en\/resume-foret-mail\/les-moules-belges-se-reproduisent-a-nouveau\/","url":"https:\/\/foretnature.be\/en\/resume-foret-mail\/les-moules-belges-se-reproduisent-a-nouveau\/","name":"Les moules belges se reproduisent \u00e0 nouveau - For\u00eat.Nature","isPartOf":{"@id":"https:\/\/foretnature.be\/en\/#website"},"datePublished":"2021-09-10T09:45:36+00:00","dateModified":"2021-09-10T09:45:36+00:00","breadcrumb":{"@id":"https:\/\/foretnature.be\/en\/resume-foret-mail\/les-moules-belges-se-reproduisent-a-nouveau\/#breadcrumb"},"inLanguage":"en-GB","potentialAction":[{"@type":"ReadAction","target":["https:\/\/foretnature.be\/en\/resume-foret-mail\/les-moules-belges-se-reproduisent-a-nouveau\/"]}]},{"@type":"BreadcrumbList","@id":"https:\/\/foretnature.be\/en\/resume-foret-mail\/les-moules-belges-se-reproduisent-a-nouveau\/#breadcrumb","itemListElement":[{"@type":"ListItem","position":1,"name":"Home","item":"https:\/\/foretnature.be\/en\/"},{"@type":"ListItem","position":2,"name":"Les moules belges se reproduisent \u00e0 nouveau"}]},{"@type":"WebSite","@id":"https:\/\/foretnature.be\/en\/#website","url":"https:\/\/foretnature.be\/en\/","name":"For\u00eat.Nature","description":"Une \u00e9quipe technique au service de la for\u00eat","publisher":{"@id":"https:\/\/foretnature.be\/en\/#organization"},"potentialAction":[{"@type":"SearchAction","target":{"@type":"EntryPoint","urlTemplate":"https:\/\/foretnature.be\/en\/?s={search_term_string}"},"query-input":"required name=search_term_string"}],"inLanguage":"en-GB"},{"@type":"Organization","@id":"https:\/\/foretnature.be\/en\/#organization","name":"For\u00eat.Nature","url":"https:\/\/foretnature.be\/en\/","logo":{"@type":"ImageObject","inLanguage":"en-GB","@id":"https:\/\/foretnature.be\/en\/#\/schema\/logo\/image\/","url":"https:\/\/foretnature.be\/wp-content\/uploads\/2021\/01\/logoFOblanc.png","contentUrl":"https:\/\/foretnature.be\/wp-content\/uploads\/2021\/01\/logoFOblanc.png","width":300,"height":151,"caption":"For\u00eat.Nature"},"image":{"@id":"https:\/\/foretnature.be\/en\/#\/schema\/logo\/image\/"}}]}},"_links":{"self":[{"href":"https:\/\/foretnature.be\/en\/wp-json\/wp\/v2\/resume-foret-mail\/34407"}],"collection":[{"href":"https:\/\/foretnature.be\/en\/wp-json\/wp\/v2\/resume-foret-mail"}],"about":[{"href":"https:\/\/foretnature.be\/en\/wp-json\/wp\/v2\/types\/resume-foret-mail"}],"version-history":[{"count":0,"href":"https:\/\/foretnature.be\/en\/wp-json\/wp\/v2\/resume-foret-mail\/34407\/revisions"}],"wp:attachment":[{"href":"https:\/\/foretnature.be\/en\/wp-json\/wp\/v2\/media?parent=34407"}],"wp:term":[{"taxonomy":"category","embeddable":true,"href":"https:\/\/foretnature.be\/en\/wp-json\/wp\/v2\/categories?post=34407"}],"curies":[{"name":"wp","href":"https:\/\/api.w.org\/{rel}","templated":true}]}}