{"id":34375,"date":"2021-09-10T11:45:33","date_gmt":"2021-09-10T09:45:33","guid":{"rendered":"https:\/\/foretnature.be\/resume-foret-mail\/la-dynamique-de-regeneration-post-tempete\/"},"modified":"2021-09-10T11:45:33","modified_gmt":"2021-09-10T09:45:33","slug":"la-dynamique-de-regeneration-post-tempete","status":"publish","type":"resume-foret-mail","link":"https:\/\/foretnature.be\/en\/resume-foret-mail\/la-dynamique-de-regeneration-post-tempete\/","title":{"rendered":"La dynamique de r\u00e9g\u00e9n\u00e9ration post temp\u00eate"},"content":{"rendered":"<p>Une \u00e9quipe de chercheurs a \u00e9tudi\u00e9 la dynamique de r\u00e9g\u00e9n\u00e9ration d\u2019une for\u00eat apr\u00e8s temp\u00eate, dans le Sud-Est de la Pologne. Les donn\u00e9es relev\u00e9es sur la r\u00e9g\u00e9n\u00e9ration naturelle pendant l\u2019\u00e9tude concernaient :<br \/>\nD\u2019apr\u00e8s les r\u00e9sultats de cette recherche, pour laquelle les mesures ont \u00e9t\u00e9 relev\u00e9es pendant 7\u00a0ans apr\u00e8s la temp\u00eate, les individus qui \u00e9taient plus grands avant la temp\u00eate ont conserv\u00e9 leur position jusqu&rsquo;\u00e0 la fin de l&rsquo;\u00e9tude. Des esp\u00e8ces pionni\u00e8res sont apparues sporadiquement.<br \/>\nSept ans apr\u00e8s la perturbation, le peuplement analys\u00e9 \u00e9tait une mosa\u00efque de groupes d&rsquo;arbres matures qui ont surv\u00e9cu \u00e0 la perturbation et de jeunes fourr\u00e9s denses domin\u00e9s par la r\u00e9g\u00e9n\u00e9ration pr\u00e9existante.<br \/>\nLe h\u00eatre, qui \u00e9tait l&rsquo;une des esp\u00e8ces dominantes dans le peuplement avant la temp\u00eate, a perdu beaucoup d&rsquo;arbres dans la canop\u00e9e, mais a conserv\u00e9 sa supr\u00e9matie\u00a0en raison de l&rsquo;importante r\u00e9g\u00e9n\u00e9ration pr\u00e9existante lib\u00e9r\u00e9e par la perturbation.<br \/>\nLe charme a tr\u00e8s bien surv\u00e9cu \u00e0 la temp\u00eate et s&rsquo;est r\u00e9g\u00e9n\u00e9r\u00e9 dans la zone perturb\u00e9e de mani\u00e8re v\u00e9g\u00e9tative et sexu\u00e9e.<br \/>\nL&rsquo;\u00e9rable sycomore, en revanche, est beaucoup plus abondant dans la r\u00e9g\u00e9n\u00e9ration post-temp\u00eate que dans le peuplement adulte avant la temp\u00eate. C&rsquo;est pour cette esp\u00e8ce qu&rsquo;\u00a0a \u00e9t\u00e9 constat\u00e9e\u00a0la plus grande diff\u00e9rence de taille.<br \/>\nL\u2019\u00e9tude montre ainsi que la r\u00e9g\u00e9n\u00e9ration pr\u00e9existante \u00e0 la temp\u00eate a jou\u00e9 un r\u00f4le majeur dans la dynamique de renouvellement, tandis que les esp\u00e8ces pionni\u00e8res n&rsquo;\u00e9taient pr\u00e9sentes que ponctuellement.<br \/>\nSzwagrzyk, J., Maciejewski, Z., Maciejewska, E. et al. (2018). Annals of Forest Science 09\/18. 75: 80. Doi : 10.1007\/s13595-018-0765-z.<\/p>","protected":false},"excerpt":{"rendered":"<p>Une \u00e9quipe de chercheurs a \u00e9tudi\u00e9 la dynamique de r\u00e9g\u00e9n\u00e9ration d\u2019une for\u00eat apr\u00e8s temp\u00eate, dans le Sud-Est de la Pologne. Les donn\u00e9es relev\u00e9es sur la r\u00e9g\u00e9n\u00e9ration naturelle pendant l\u2019\u00e9tude concernaient : D\u2019apr\u00e8s les r\u00e9sultats de cette recherche, pour laquelle les mesures ont \u00e9t\u00e9 relev\u00e9es pendant 7\u00a0ans apr\u00e8s la temp\u00eate, les individus qui \u00e9taient plus grands [&hellip;]<\/p>","protected":false},"featured_media":0,"template":"","categories":[50],"acf":[],"yoast_head":"<!-- This site is optimized with the Yoast SEO plugin v23.2 - https:\/\/yoast.com\/wordpress\/plugins\/seo\/ -->\n<title>La dynamique de r\u00e9g\u00e9n\u00e9ration post temp\u00eate - For\u00eat.Nature<\/title>\n<meta name=\"robots\" content=\"index, follow, max-snippet:-1, max-image-preview:large, max-video-preview:-1\" \/>\n<link rel=\"canonical\" href=\"https:\/\/foretnature.be\/en\/resume-foret-mail\/la-dynamique-de-regeneration-post-tempete\/\" \/>\n<meta property=\"og:locale\" content=\"en_GB\" \/>\n<meta property=\"og:type\" content=\"article\" \/>\n<meta property=\"og:title\" content=\"La dynamique de r\u00e9g\u00e9n\u00e9ration post temp\u00eate - For\u00eat.Nature\" \/>\n<meta property=\"og:description\" content=\"Une \u00e9quipe de chercheurs a \u00e9tudi\u00e9 la dynamique de r\u00e9g\u00e9n\u00e9ration d\u2019une for\u00eat apr\u00e8s temp\u00eate, dans le Sud-Est de la Pologne. Les donn\u00e9es relev\u00e9es sur la r\u00e9g\u00e9n\u00e9ration naturelle pendant l\u2019\u00e9tude concernaient : D\u2019apr\u00e8s les r\u00e9sultats de cette recherche, pour laquelle les mesures ont \u00e9t\u00e9 relev\u00e9es pendant 7\u00a0ans apr\u00e8s la temp\u00eate, les individus qui \u00e9taient plus grands [&hellip;]\" \/>\n<meta property=\"og:url\" content=\"https:\/\/foretnature.be\/en\/resume-foret-mail\/la-dynamique-de-regeneration-post-tempete\/\" \/>\n<meta property=\"og:site_name\" content=\"For\u00eat.Nature\" \/>\n<meta name=\"twitter:card\" content=\"summary_large_image\" \/>\n<meta name=\"twitter:label1\" content=\"Estimated reading time\" \/>\n\t<meta name=\"twitter:data1\" content=\"2 minutes\" \/>\n<script type=\"application\/ld+json\" class=\"yoast-schema-graph\">{\"@context\":\"https:\/\/schema.org\",\"@graph\":[{\"@type\":\"WebPage\",\"@id\":\"https:\/\/foretnature.be\/en\/resume-foret-mail\/la-dynamique-de-regeneration-post-tempete\/\",\"url\":\"https:\/\/foretnature.be\/en\/resume-foret-mail\/la-dynamique-de-regeneration-post-tempete\/\",\"name\":\"La dynamique de r\u00e9g\u00e9n\u00e9ration post temp\u00eate - For\u00eat.Nature\",\"isPartOf\":{\"@id\":\"https:\/\/foretnature.be\/en\/#website\"},\"datePublished\":\"2021-09-10T09:45:33+00:00\",\"dateModified\":\"2021-09-10T09:45:33+00:00\",\"breadcrumb\":{\"@id\":\"https:\/\/foretnature.be\/en\/resume-foret-mail\/la-dynamique-de-regeneration-post-tempete\/#breadcrumb\"},\"inLanguage\":\"en-GB\",\"potentialAction\":[{\"@type\":\"ReadAction\",\"target\":[\"https:\/\/foretnature.be\/en\/resume-foret-mail\/la-dynamique-de-regeneration-post-tempete\/\"]}]},{\"@type\":\"BreadcrumbList\",\"@id\":\"https:\/\/foretnature.be\/en\/resume-foret-mail\/la-dynamique-de-regeneration-post-tempete\/#breadcrumb\",\"itemListElement\":[{\"@type\":\"ListItem\",\"position\":1,\"name\":\"Home\",\"item\":\"https:\/\/foretnature.be\/en\/\"},{\"@type\":\"ListItem\",\"position\":2,\"name\":\"La dynamique de r\u00e9g\u00e9n\u00e9ration post temp\u00eate\"}]},{\"@type\":\"WebSite\",\"@id\":\"https:\/\/foretnature.be\/en\/#website\",\"url\":\"https:\/\/foretnature.be\/en\/\",\"name\":\"For\u00eat.Nature\",\"description\":\"Une \u00e9quipe technique au service de la for\u00eat\",\"publisher\":{\"@id\":\"https:\/\/foretnature.be\/en\/#organization\"},\"potentialAction\":[{\"@type\":\"SearchAction\",\"target\":{\"@type\":\"EntryPoint\",\"urlTemplate\":\"https:\/\/foretnature.be\/en\/?s={search_term_string}\"},\"query-input\":\"required name=search_term_string\"}],\"inLanguage\":\"en-GB\"},{\"@type\":\"Organization\",\"@id\":\"https:\/\/foretnature.be\/en\/#organization\",\"name\":\"For\u00eat.Nature\",\"url\":\"https:\/\/foretnature.be\/en\/\",\"logo\":{\"@type\":\"ImageObject\",\"inLanguage\":\"en-GB\",\"@id\":\"https:\/\/foretnature.be\/en\/#\/schema\/logo\/image\/\",\"url\":\"https:\/\/foretnature.be\/wp-content\/uploads\/2021\/01\/logoFOblanc.png\",\"contentUrl\":\"https:\/\/foretnature.be\/wp-content\/uploads\/2021\/01\/logoFOblanc.png\",\"width\":300,\"height\":151,\"caption\":\"For\u00eat.Nature\"},\"image\":{\"@id\":\"https:\/\/foretnature.be\/en\/#\/schema\/logo\/image\/\"}}]}<\/script>\n<!-- \/ Yoast SEO plugin. -->","yoast_head_json":{"title":"La dynamique de r\u00e9g\u00e9n\u00e9ration post temp\u00eate - For\u00eat.Nature","robots":{"index":"index","follow":"follow","max-snippet":"max-snippet:-1","max-image-preview":"max-image-preview:large","max-video-preview":"max-video-preview:-1"},"canonical":"https:\/\/foretnature.be\/en\/resume-foret-mail\/la-dynamique-de-regeneration-post-tempete\/","og_locale":"en_GB","og_type":"article","og_title":"La dynamique de r\u00e9g\u00e9n\u00e9ration post temp\u00eate - For\u00eat.Nature","og_description":"Une \u00e9quipe de chercheurs a \u00e9tudi\u00e9 la dynamique de r\u00e9g\u00e9n\u00e9ration d\u2019une for\u00eat apr\u00e8s temp\u00eate, dans le Sud-Est de la Pologne. Les donn\u00e9es relev\u00e9es sur la r\u00e9g\u00e9n\u00e9ration naturelle pendant l\u2019\u00e9tude concernaient : D\u2019apr\u00e8s les r\u00e9sultats de cette recherche, pour laquelle les mesures ont \u00e9t\u00e9 relev\u00e9es pendant 7\u00a0ans apr\u00e8s la temp\u00eate, les individus qui \u00e9taient plus grands [&hellip;]","og_url":"https:\/\/foretnature.be\/en\/resume-foret-mail\/la-dynamique-de-regeneration-post-tempete\/","og_site_name":"For\u00eat.Nature","twitter_card":"summary_large_image","twitter_misc":{"Estimated reading time":"2 minutes"},"schema":{"@context":"https:\/\/schema.org","@graph":[{"@type":"WebPage","@id":"https:\/\/foretnature.be\/en\/resume-foret-mail\/la-dynamique-de-regeneration-post-tempete\/","url":"https:\/\/foretnature.be\/en\/resume-foret-mail\/la-dynamique-de-regeneration-post-tempete\/","name":"La dynamique de r\u00e9g\u00e9n\u00e9ration post temp\u00eate - For\u00eat.Nature","isPartOf":{"@id":"https:\/\/foretnature.be\/en\/#website"},"datePublished":"2021-09-10T09:45:33+00:00","dateModified":"2021-09-10T09:45:33+00:00","breadcrumb":{"@id":"https:\/\/foretnature.be\/en\/resume-foret-mail\/la-dynamique-de-regeneration-post-tempete\/#breadcrumb"},"inLanguage":"en-GB","potentialAction":[{"@type":"ReadAction","target":["https:\/\/foretnature.be\/en\/resume-foret-mail\/la-dynamique-de-regeneration-post-tempete\/"]}]},{"@type":"BreadcrumbList","@id":"https:\/\/foretnature.be\/en\/resume-foret-mail\/la-dynamique-de-regeneration-post-tempete\/#breadcrumb","itemListElement":[{"@type":"ListItem","position":1,"name":"Home","item":"https:\/\/foretnature.be\/en\/"},{"@type":"ListItem","position":2,"name":"La dynamique de r\u00e9g\u00e9n\u00e9ration post temp\u00eate"}]},{"@type":"WebSite","@id":"https:\/\/foretnature.be\/en\/#website","url":"https:\/\/foretnature.be\/en\/","name":"For\u00eat.Nature","description":"Une \u00e9quipe technique au service de la for\u00eat","publisher":{"@id":"https:\/\/foretnature.be\/en\/#organization"},"potentialAction":[{"@type":"SearchAction","target":{"@type":"EntryPoint","urlTemplate":"https:\/\/foretnature.be\/en\/?s={search_term_string}"},"query-input":"required name=search_term_string"}],"inLanguage":"en-GB"},{"@type":"Organization","@id":"https:\/\/foretnature.be\/en\/#organization","name":"For\u00eat.Nature","url":"https:\/\/foretnature.be\/en\/","logo":{"@type":"ImageObject","inLanguage":"en-GB","@id":"https:\/\/foretnature.be\/en\/#\/schema\/logo\/image\/","url":"https:\/\/foretnature.be\/wp-content\/uploads\/2021\/01\/logoFOblanc.png","contentUrl":"https:\/\/foretnature.be\/wp-content\/uploads\/2021\/01\/logoFOblanc.png","width":300,"height":151,"caption":"For\u00eat.Nature"},"image":{"@id":"https:\/\/foretnature.be\/en\/#\/schema\/logo\/image\/"}}]}},"_links":{"self":[{"href":"https:\/\/foretnature.be\/en\/wp-json\/wp\/v2\/resume-foret-mail\/34375"}],"collection":[{"href":"https:\/\/foretnature.be\/en\/wp-json\/wp\/v2\/resume-foret-mail"}],"about":[{"href":"https:\/\/foretnature.be\/en\/wp-json\/wp\/v2\/types\/resume-foret-mail"}],"version-history":[{"count":0,"href":"https:\/\/foretnature.be\/en\/wp-json\/wp\/v2\/resume-foret-mail\/34375\/revisions"}],"wp:attachment":[{"href":"https:\/\/foretnature.be\/en\/wp-json\/wp\/v2\/media?parent=34375"}],"wp:term":[{"taxonomy":"category","embeddable":true,"href":"https:\/\/foretnature.be\/en\/wp-json\/wp\/v2\/categories?post=34375"}],"curies":[{"name":"wp","href":"https:\/\/api.w.org\/{rel}","templated":true}]}}