{"id":34362,"date":"2021-09-10T11:45:29","date_gmt":"2021-09-10T09:45:29","guid":{"rendered":"https:\/\/foretnature.be\/resume-foret-mail\/barometre-economique-2e-semestre-2018\/"},"modified":"2021-09-10T11:45:29","modified_gmt":"2021-09-10T09:45:29","slug":"barometre-economique-2e-semestre-2018","status":"publish","type":"resume-foret-mail","link":"https:\/\/foretnature.be\/en\/resume-foret-mail\/barometre-economique-2e-semestre-2018\/","title":{"rendered":"Barom\u00e8tre \u00e9conomique \u2013 2e semestre 2018"},"content":{"rendered":"<p>\u00ab Chaque trimestre, l\u2019Office \u00e9conomique wallon du bois publie son barom\u00e8tre de l\u2019activit\u00e9 au sein de la fili\u00e8re bois. Il propose un tableau r\u00e9capitulatif des tendances par sous-secteur d\u2019activit\u00e9, des indications de conjoncture glan\u00e9es aupr\u00e8s des professionnels wallons, ainsi qu\u2019une s\u00e9lection de graphiques contextuels utiles pour d\u00e9crypter les \u00e9volutions constat\u00e9es et les replacer dans un contexte plus g\u00e9n\u00e9ral.<br \/>\nPoints saillants du 2e trimestre 2018 :<br \/>\nOEWB, Barom\u00e8tre \u00e9conomique, 2e semestre 2018.<\/p>","protected":false},"excerpt":{"rendered":"<p>\u00ab Chaque trimestre, l\u2019Office \u00e9conomique wallon du bois publie son barom\u00e8tre de l\u2019activit\u00e9 au sein de la fili\u00e8re bois. Il propose un tableau r\u00e9capitulatif des tendances par sous-secteur d\u2019activit\u00e9, des indications de conjoncture glan\u00e9es aupr\u00e8s des professionnels wallons, ainsi qu\u2019une s\u00e9lection de graphiques contextuels utiles pour d\u00e9crypter les \u00e9volutions constat\u00e9es et les replacer dans un [&hellip;]<\/p>","protected":false},"featured_media":0,"template":"","categories":[50],"acf":[],"yoast_head":"<!-- This site is optimized with the Yoast SEO plugin v23.2 - https:\/\/yoast.com\/wordpress\/plugins\/seo\/ -->\n<title>Barom\u00e8tre \u00e9conomique \u2013 2e semestre 2018 - For\u00eat.Nature<\/title>\n<meta name=\"robots\" content=\"index, follow, max-snippet:-1, max-image-preview:large, max-video-preview:-1\" \/>\n<link rel=\"canonical\" href=\"https:\/\/foretnature.be\/en\/resume-foret-mail\/barometre-economique-2e-semestre-2018\/\" \/>\n<meta property=\"og:locale\" content=\"en_GB\" \/>\n<meta property=\"og:type\" content=\"article\" \/>\n<meta property=\"og:title\" content=\"Barom\u00e8tre \u00e9conomique \u2013 2e semestre 2018 - For\u00eat.Nature\" \/>\n<meta property=\"og:description\" content=\"\u00ab Chaque trimestre, l\u2019Office \u00e9conomique wallon du bois publie son barom\u00e8tre de l\u2019activit\u00e9 au sein de la fili\u00e8re bois. Il propose un tableau r\u00e9capitulatif des tendances par sous-secteur d\u2019activit\u00e9, des indications de conjoncture glan\u00e9es aupr\u00e8s des professionnels wallons, ainsi qu\u2019une s\u00e9lection de graphiques contextuels utiles pour d\u00e9crypter les \u00e9volutions constat\u00e9es et les replacer dans un [&hellip;]\" \/>\n<meta property=\"og:url\" content=\"https:\/\/foretnature.be\/en\/resume-foret-mail\/barometre-economique-2e-semestre-2018\/\" \/>\n<meta property=\"og:site_name\" content=\"For\u00eat.Nature\" \/>\n<meta name=\"twitter:card\" content=\"summary_large_image\" \/>\n<script type=\"application\/ld+json\" class=\"yoast-schema-graph\">{\"@context\":\"https:\/\/schema.org\",\"@graph\":[{\"@type\":\"WebPage\",\"@id\":\"https:\/\/foretnature.be\/resume-foret-mail\/barometre-economique-2e-semestre-2018\/\",\"url\":\"https:\/\/foretnature.be\/resume-foret-mail\/barometre-economique-2e-semestre-2018\/\",\"name\":\"Barom\u00e8tre \u00e9conomique \u2013 2e semestre 2018 - For\u00eat.Nature\",\"isPartOf\":{\"@id\":\"https:\/\/foretnature.be\/#website\"},\"datePublished\":\"2021-09-10T09:45:29+00:00\",\"dateModified\":\"2021-09-10T09:45:29+00:00\",\"breadcrumb\":{\"@id\":\"https:\/\/foretnature.be\/resume-foret-mail\/barometre-economique-2e-semestre-2018\/#breadcrumb\"},\"inLanguage\":\"en-GB\",\"potentialAction\":[{\"@type\":\"ReadAction\",\"target\":[\"https:\/\/foretnature.be\/resume-foret-mail\/barometre-economique-2e-semestre-2018\/\"]}]},{\"@type\":\"BreadcrumbList\",\"@id\":\"https:\/\/foretnature.be\/resume-foret-mail\/barometre-economique-2e-semestre-2018\/#breadcrumb\",\"itemListElement\":[{\"@type\":\"ListItem\",\"position\":1,\"name\":\"Home\",\"item\":\"https:\/\/foretnature.be\/\"},{\"@type\":\"ListItem\",\"position\":2,\"name\":\"Barom\u00e8tre \u00e9conomique \u2013 2e semestre 2018\"}]},{\"@type\":\"WebSite\",\"@id\":\"https:\/\/foretnature.be\/#website\",\"url\":\"https:\/\/foretnature.be\/\",\"name\":\"For\u00eat.Nature\",\"description\":\"Une \u00e9quipe technique au service de la for\u00eat\",\"publisher\":{\"@id\":\"https:\/\/foretnature.be\/#organization\"},\"potentialAction\":[{\"@type\":\"SearchAction\",\"target\":{\"@type\":\"EntryPoint\",\"urlTemplate\":\"https:\/\/foretnature.be\/?s={search_term_string}\"},\"query-input\":\"required name=search_term_string\"}],\"inLanguage\":\"en-GB\"},{\"@type\":\"Organization\",\"@id\":\"https:\/\/foretnature.be\/#organization\",\"name\":\"For\u00eat.Nature\",\"url\":\"https:\/\/foretnature.be\/\",\"logo\":{\"@type\":\"ImageObject\",\"inLanguage\":\"en-GB\",\"@id\":\"https:\/\/foretnature.be\/#\/schema\/logo\/image\/\",\"url\":\"https:\/\/foretnature.be\/wp-content\/uploads\/2021\/01\/logoFOblanc.png\",\"contentUrl\":\"https:\/\/foretnature.be\/wp-content\/uploads\/2021\/01\/logoFOblanc.png\",\"width\":300,\"height\":151,\"caption\":\"For\u00eat.Nature\"},\"image\":{\"@id\":\"https:\/\/foretnature.be\/#\/schema\/logo\/image\/\"}}]}<\/script>\n<!-- \/ Yoast SEO plugin. -->","yoast_head_json":{"title":"Barom\u00e8tre \u00e9conomique \u2013 2e semestre 2018 - For\u00eat.Nature","robots":{"index":"index","follow":"follow","max-snippet":"max-snippet:-1","max-image-preview":"max-image-preview:large","max-video-preview":"max-video-preview:-1"},"canonical":"https:\/\/foretnature.be\/en\/resume-foret-mail\/barometre-economique-2e-semestre-2018\/","og_locale":"en_GB","og_type":"article","og_title":"Barom\u00e8tre \u00e9conomique \u2013 2e semestre 2018 - For\u00eat.Nature","og_description":"\u00ab Chaque trimestre, l\u2019Office \u00e9conomique wallon du bois publie son barom\u00e8tre de l\u2019activit\u00e9 au sein de la fili\u00e8re bois. Il propose un tableau r\u00e9capitulatif des tendances par sous-secteur d\u2019activit\u00e9, des indications de conjoncture glan\u00e9es aupr\u00e8s des professionnels wallons, ainsi qu\u2019une s\u00e9lection de graphiques contextuels utiles pour d\u00e9crypter les \u00e9volutions constat\u00e9es et les replacer dans un [&hellip;]","og_url":"https:\/\/foretnature.be\/en\/resume-foret-mail\/barometre-economique-2e-semestre-2018\/","og_site_name":"For\u00eat.Nature","twitter_card":"summary_large_image","schema":{"@context":"https:\/\/schema.org","@graph":[{"@type":"WebPage","@id":"https:\/\/foretnature.be\/resume-foret-mail\/barometre-economique-2e-semestre-2018\/","url":"https:\/\/foretnature.be\/resume-foret-mail\/barometre-economique-2e-semestre-2018\/","name":"Barom\u00e8tre \u00e9conomique \u2013 2e semestre 2018 - For\u00eat.Nature","isPartOf":{"@id":"https:\/\/foretnature.be\/#website"},"datePublished":"2021-09-10T09:45:29+00:00","dateModified":"2021-09-10T09:45:29+00:00","breadcrumb":{"@id":"https:\/\/foretnature.be\/resume-foret-mail\/barometre-economique-2e-semestre-2018\/#breadcrumb"},"inLanguage":"en-GB","potentialAction":[{"@type":"ReadAction","target":["https:\/\/foretnature.be\/resume-foret-mail\/barometre-economique-2e-semestre-2018\/"]}]},{"@type":"BreadcrumbList","@id":"https:\/\/foretnature.be\/resume-foret-mail\/barometre-economique-2e-semestre-2018\/#breadcrumb","itemListElement":[{"@type":"ListItem","position":1,"name":"Home","item":"https:\/\/foretnature.be\/"},{"@type":"ListItem","position":2,"name":"Barom\u00e8tre \u00e9conomique \u2013 2e semestre 2018"}]},{"@type":"WebSite","@id":"https:\/\/foretnature.be\/#website","url":"https:\/\/foretnature.be\/","name":"For\u00eat.Nature","description":"Une \u00e9quipe technique au service de la for\u00eat","publisher":{"@id":"https:\/\/foretnature.be\/#organization"},"potentialAction":[{"@type":"SearchAction","target":{"@type":"EntryPoint","urlTemplate":"https:\/\/foretnature.be\/?s={search_term_string}"},"query-input":"required name=search_term_string"}],"inLanguage":"en-GB"},{"@type":"Organization","@id":"https:\/\/foretnature.be\/#organization","name":"For\u00eat.Nature","url":"https:\/\/foretnature.be\/","logo":{"@type":"ImageObject","inLanguage":"en-GB","@id":"https:\/\/foretnature.be\/#\/schema\/logo\/image\/","url":"https:\/\/foretnature.be\/wp-content\/uploads\/2021\/01\/logoFOblanc.png","contentUrl":"https:\/\/foretnature.be\/wp-content\/uploads\/2021\/01\/logoFOblanc.png","width":300,"height":151,"caption":"For\u00eat.Nature"},"image":{"@id":"https:\/\/foretnature.be\/#\/schema\/logo\/image\/"}}]}},"_links":{"self":[{"href":"https:\/\/foretnature.be\/en\/wp-json\/wp\/v2\/resume-foret-mail\/34362"}],"collection":[{"href":"https:\/\/foretnature.be\/en\/wp-json\/wp\/v2\/resume-foret-mail"}],"about":[{"href":"https:\/\/foretnature.be\/en\/wp-json\/wp\/v2\/types\/resume-foret-mail"}],"version-history":[{"count":0,"href":"https:\/\/foretnature.be\/en\/wp-json\/wp\/v2\/resume-foret-mail\/34362\/revisions"}],"wp:attachment":[{"href":"https:\/\/foretnature.be\/en\/wp-json\/wp\/v2\/media?parent=34362"}],"wp:term":[{"taxonomy":"category","embeddable":true,"href":"https:\/\/foretnature.be\/en\/wp-json\/wp\/v2\/categories?post=34362"}],"curies":[{"name":"wp","href":"https:\/\/api.w.org\/{rel}","templated":true}]}}