{"id":34324,"date":"2021-09-10T11:45:22","date_gmt":"2021-09-10T09:45:22","guid":{"rendered":"https:\/\/foretnature.be\/resume-foret-mail\/portfolio-cabane-de-luxe\/"},"modified":"2021-09-10T11:45:22","modified_gmt":"2021-09-10T09:45:22","slug":"portfolio-cabane-de-luxe","status":"publish","type":"resume-foret-mail","link":"https:\/\/foretnature.be\/en\/resume-foret-mail\/portfolio-cabane-de-luxe\/","title":{"rendered":"Portfolio. Cabane de luxe"},"content":{"rendered":"<p>Les Ateliers Lavit ont con\u00e7u cette superbe cabane dans les bois, appel\u00e9e \u00ab Origin \u00bb. Cette maison absolument unique est construite autour d\u2019un ch\u00eane centenaire, \u00e0 une dizaine de m\u00e8tres du sol, dans le parc d&rsquo;un ch\u00e2teau-h\u00f4tel pr\u00e8s de Paris. Elle est \u00e9quip\u00e9e d\u2019un spa, et d\u2019une terrasse \u00e0 360\u00b0 permettant de se poser litt\u00e9ralement au centre de la for\u00eat en \u00e9t\u00e9. Une tr\u00e8s belle r\u00e9alisation, excellemment photographi\u00e9e par Marco Lavit Nicora.<br \/>\nStunning And Comfy Tree House. Fubiz<\/p>","protected":false},"excerpt":{"rendered":"<p>Les Ateliers Lavit ont con\u00e7u cette superbe cabane dans les bois, appel\u00e9e \u00ab Origin \u00bb. Cette maison absolument unique est construite autour d\u2019un ch\u00eane centenaire, \u00e0 une dizaine de m\u00e8tres du sol, dans le parc d&rsquo;un ch\u00e2teau-h\u00f4tel pr\u00e8s de Paris. Elle est \u00e9quip\u00e9e d\u2019un spa, et d\u2019une terrasse \u00e0 360\u00b0 permettant de se poser litt\u00e9ralement [&hellip;]<\/p>","protected":false},"featured_media":0,"template":"","categories":[50],"acf":[],"yoast_head":"<!-- This site is optimized with the Yoast SEO plugin v23.2 - https:\/\/yoast.com\/wordpress\/plugins\/seo\/ -->\n<title>Portfolio. Cabane de luxe - For\u00eat.Nature<\/title>\n<meta name=\"robots\" content=\"index, follow, max-snippet:-1, max-image-preview:large, max-video-preview:-1\" \/>\n<link rel=\"canonical\" href=\"https:\/\/foretnature.be\/en\/resume-foret-mail\/portfolio-cabane-de-luxe\/\" \/>\n<meta property=\"og:locale\" content=\"en_GB\" \/>\n<meta property=\"og:type\" content=\"article\" \/>\n<meta property=\"og:title\" content=\"Portfolio. Cabane de luxe - For\u00eat.Nature\" \/>\n<meta property=\"og:description\" content=\"Les Ateliers Lavit ont con\u00e7u cette superbe cabane dans les bois, appel\u00e9e \u00ab Origin \u00bb. Cette maison absolument unique est construite autour d\u2019un ch\u00eane centenaire, \u00e0 une dizaine de m\u00e8tres du sol, dans le parc d&rsquo;un ch\u00e2teau-h\u00f4tel pr\u00e8s de Paris. Elle est \u00e9quip\u00e9e d\u2019un spa, et d\u2019une terrasse \u00e0 360\u00b0 permettant de se poser litt\u00e9ralement [&hellip;]\" \/>\n<meta property=\"og:url\" content=\"https:\/\/foretnature.be\/en\/resume-foret-mail\/portfolio-cabane-de-luxe\/\" \/>\n<meta property=\"og:site_name\" content=\"For\u00eat.Nature\" \/>\n<meta name=\"twitter:card\" content=\"summary_large_image\" \/>\n<script type=\"application\/ld+json\" class=\"yoast-schema-graph\">{\"@context\":\"https:\/\/schema.org\",\"@graph\":[{\"@type\":\"WebPage\",\"@id\":\"https:\/\/foretnature.be\/resume-foret-mail\/portfolio-cabane-de-luxe\/\",\"url\":\"https:\/\/foretnature.be\/resume-foret-mail\/portfolio-cabane-de-luxe\/\",\"name\":\"Portfolio. Cabane de luxe - For\u00eat.Nature\",\"isPartOf\":{\"@id\":\"https:\/\/foretnature.be\/en\/#website\"},\"datePublished\":\"2021-09-10T09:45:22+00:00\",\"dateModified\":\"2021-09-10T09:45:22+00:00\",\"breadcrumb\":{\"@id\":\"https:\/\/foretnature.be\/resume-foret-mail\/portfolio-cabane-de-luxe\/#breadcrumb\"},\"inLanguage\":\"en-GB\",\"potentialAction\":[{\"@type\":\"ReadAction\",\"target\":[\"https:\/\/foretnature.be\/resume-foret-mail\/portfolio-cabane-de-luxe\/\"]}]},{\"@type\":\"BreadcrumbList\",\"@id\":\"https:\/\/foretnature.be\/resume-foret-mail\/portfolio-cabane-de-luxe\/#breadcrumb\",\"itemListElement\":[{\"@type\":\"ListItem\",\"position\":1,\"name\":\"Home\",\"item\":\"https:\/\/foretnature.be\/en\/\"},{\"@type\":\"ListItem\",\"position\":2,\"name\":\"Portfolio. Cabane de luxe\"}]},{\"@type\":\"WebSite\",\"@id\":\"https:\/\/foretnature.be\/en\/#website\",\"url\":\"https:\/\/foretnature.be\/en\/\",\"name\":\"For\u00eat.Nature\",\"description\":\"Une \u00e9quipe technique au service de la for\u00eat\",\"publisher\":{\"@id\":\"https:\/\/foretnature.be\/en\/#organization\"},\"potentialAction\":[{\"@type\":\"SearchAction\",\"target\":{\"@type\":\"EntryPoint\",\"urlTemplate\":\"https:\/\/foretnature.be\/en\/?s={search_term_string}\"},\"query-input\":\"required name=search_term_string\"}],\"inLanguage\":\"en-GB\"},{\"@type\":\"Organization\",\"@id\":\"https:\/\/foretnature.be\/en\/#organization\",\"name\":\"For\u00eat.Nature\",\"url\":\"https:\/\/foretnature.be\/en\/\",\"logo\":{\"@type\":\"ImageObject\",\"inLanguage\":\"en-GB\",\"@id\":\"https:\/\/foretnature.be\/en\/#\/schema\/logo\/image\/\",\"url\":\"https:\/\/foretnature.be\/wp-content\/uploads\/2021\/01\/logoFOblanc.png\",\"contentUrl\":\"https:\/\/foretnature.be\/wp-content\/uploads\/2021\/01\/logoFOblanc.png\",\"width\":300,\"height\":151,\"caption\":\"For\u00eat.Nature\"},\"image\":{\"@id\":\"https:\/\/foretnature.be\/en\/#\/schema\/logo\/image\/\"}}]}<\/script>\n<!-- \/ Yoast SEO plugin. -->","yoast_head_json":{"title":"Portfolio. Cabane de luxe - For\u00eat.Nature","robots":{"index":"index","follow":"follow","max-snippet":"max-snippet:-1","max-image-preview":"max-image-preview:large","max-video-preview":"max-video-preview:-1"},"canonical":"https:\/\/foretnature.be\/en\/resume-foret-mail\/portfolio-cabane-de-luxe\/","og_locale":"en_GB","og_type":"article","og_title":"Portfolio. Cabane de luxe - For\u00eat.Nature","og_description":"Les Ateliers Lavit ont con\u00e7u cette superbe cabane dans les bois, appel\u00e9e \u00ab Origin \u00bb. Cette maison absolument unique est construite autour d\u2019un ch\u00eane centenaire, \u00e0 une dizaine de m\u00e8tres du sol, dans le parc d&rsquo;un ch\u00e2teau-h\u00f4tel pr\u00e8s de Paris. Elle est \u00e9quip\u00e9e d\u2019un spa, et d\u2019une terrasse \u00e0 360\u00b0 permettant de se poser litt\u00e9ralement [&hellip;]","og_url":"https:\/\/foretnature.be\/en\/resume-foret-mail\/portfolio-cabane-de-luxe\/","og_site_name":"For\u00eat.Nature","twitter_card":"summary_large_image","schema":{"@context":"https:\/\/schema.org","@graph":[{"@type":"WebPage","@id":"https:\/\/foretnature.be\/resume-foret-mail\/portfolio-cabane-de-luxe\/","url":"https:\/\/foretnature.be\/resume-foret-mail\/portfolio-cabane-de-luxe\/","name":"Portfolio. Cabane de luxe - For\u00eat.Nature","isPartOf":{"@id":"https:\/\/foretnature.be\/en\/#website"},"datePublished":"2021-09-10T09:45:22+00:00","dateModified":"2021-09-10T09:45:22+00:00","breadcrumb":{"@id":"https:\/\/foretnature.be\/resume-foret-mail\/portfolio-cabane-de-luxe\/#breadcrumb"},"inLanguage":"en-GB","potentialAction":[{"@type":"ReadAction","target":["https:\/\/foretnature.be\/resume-foret-mail\/portfolio-cabane-de-luxe\/"]}]},{"@type":"BreadcrumbList","@id":"https:\/\/foretnature.be\/resume-foret-mail\/portfolio-cabane-de-luxe\/#breadcrumb","itemListElement":[{"@type":"ListItem","position":1,"name":"Home","item":"https:\/\/foretnature.be\/en\/"},{"@type":"ListItem","position":2,"name":"Portfolio. Cabane de luxe"}]},{"@type":"WebSite","@id":"https:\/\/foretnature.be\/en\/#website","url":"https:\/\/foretnature.be\/en\/","name":"For\u00eat.Nature","description":"Une \u00e9quipe technique au service de la for\u00eat","publisher":{"@id":"https:\/\/foretnature.be\/en\/#organization"},"potentialAction":[{"@type":"SearchAction","target":{"@type":"EntryPoint","urlTemplate":"https:\/\/foretnature.be\/en\/?s={search_term_string}"},"query-input":"required name=search_term_string"}],"inLanguage":"en-GB"},{"@type":"Organization","@id":"https:\/\/foretnature.be\/en\/#organization","name":"For\u00eat.Nature","url":"https:\/\/foretnature.be\/en\/","logo":{"@type":"ImageObject","inLanguage":"en-GB","@id":"https:\/\/foretnature.be\/en\/#\/schema\/logo\/image\/","url":"https:\/\/foretnature.be\/wp-content\/uploads\/2021\/01\/logoFOblanc.png","contentUrl":"https:\/\/foretnature.be\/wp-content\/uploads\/2021\/01\/logoFOblanc.png","width":300,"height":151,"caption":"For\u00eat.Nature"},"image":{"@id":"https:\/\/foretnature.be\/en\/#\/schema\/logo\/image\/"}}]}},"_links":{"self":[{"href":"https:\/\/foretnature.be\/en\/wp-json\/wp\/v2\/resume-foret-mail\/34324"}],"collection":[{"href":"https:\/\/foretnature.be\/en\/wp-json\/wp\/v2\/resume-foret-mail"}],"about":[{"href":"https:\/\/foretnature.be\/en\/wp-json\/wp\/v2\/types\/resume-foret-mail"}],"version-history":[{"count":0,"href":"https:\/\/foretnature.be\/en\/wp-json\/wp\/v2\/resume-foret-mail\/34324\/revisions"}],"wp:attachment":[{"href":"https:\/\/foretnature.be\/en\/wp-json\/wp\/v2\/media?parent=34324"}],"wp:term":[{"taxonomy":"category","embeddable":true,"href":"https:\/\/foretnature.be\/en\/wp-json\/wp\/v2\/categories?post=34324"}],"curies":[{"name":"wp","href":"https:\/\/api.w.org\/{rel}","templated":true}]}}